{"id":6900,"date":"2023-12-07T13:07:50","date_gmt":"2023-12-07T12:07:50","guid":{"rendered":"https:\/\/hsnordhausen.artemis.wpspace.me\/hsn\/?post_type=kontaktverzeichnis&#038;p=6900"},"modified":"2025-12-02T15:45:43","modified_gmt":"2025-12-02T14:45:43","slug":"borcsa-maria-prof-dr","status":"publish","type":"kontaktverzeichnis","link":"https:\/\/www.hs-nordhausen.de\/en\/kontaktverzeichnis\/b\/borcsa-maria-prof-dr\/","title":{"rendered":"Borcsa, Maria, Prof. Dr."},"content":{"rendered":"\n<div class=\"wp-block-greyd-accordion gs_J3tBFD  wp-embed-aspect-21-9 wp-has-aspect-ratio\" data-autoclose=\"true\" data-openfirst=\"false\">\n<div class=\"wp-block-greyd-accordion-item\"><button class=\"wp-block-greyd-accordion__title\" role=\"button\" type=\"button\" aria-expanded=\"false\" aria-controls=\"sect-m2ug-1\" id=\"title-m2ug-1\"><span>Herausgebert\u00e4tigkeit \/ Activities as an editor<\/span><span class=\"icon icon-normal arrow_triangle-down\" aria-hidden=\"true\"><\/span><span class=\"icon icon-active arrow_triangle-up\" aria-hidden=\"true\"><\/span><\/button><div class=\"wp-block-greyd-accordion__content\" role=\"region\" id=\"sect-m2ug-1\" aria-labelledby=\"title-m2ug-1\" hidden>\n<ul class=\"wp-block-list\">\n<li>Founding and Series Editor of the&nbsp;<em>European Familiy Therapy Association Series<\/em>, Springer International,&nbsp;<a href=\"http:\/\/www.springer.com\/series\/13797\" target=\"_blank\" rel=\"noreferrer noopener nofollow\">http:\/\/www.springer.com\/series\/13797<\/a><\/li>\n\n\n\n<li>Associate Editor of the&nbsp;<em>Encyclopedia of Couple and Family Therapy<\/em>, Springer International,&nbsp;<a href=\"https:\/\/www.springer.com\/de\/book\/9783319494234\" target=\"_blank\" rel=\"noreferrer noopener nofollow\">https:\/\/www.springer.com\/de\/book\/9783319494234<\/a><\/li>\n\n\n\n<li>International Associate Editor of the&nbsp;<em>Journal of Family Therapy<\/em>, John Wiley &amp; Sons,&nbsp;<a href=\"https:\/\/onlinelibrary.wiley.com\/journal\/14676427\" target=\"_blank\" rel=\"noreferrer noopener nofollow\">https:\/\/onlinelibrary.wiley.com\/journal\/14676427<\/a><\/li>\n\n\n\n<li>Advisory Editor&nbsp;<em>Family Process<\/em>, John Wiley &amp; Sons,&nbsp;<a href=\"https:\/\/onlinelibrary.wiley.com\/journal\/15455300\" target=\"_blank\" rel=\"noreferrer noopener nofollow\">https:\/\/onlinelibrary.wiley.com\/journal\/15455300<\/a><\/li>\n\n\n\n<li>Advisory Editor&nbsp;<em>Feedback. Journal of the Family Therapy Association of Ireland.<\/em><a href=\"http:\/\/www.familytherapyireland.com\/\" target=\"_blank\" rel=\"noreferrer noopener nofollow\">http:\/\/www.familytherapyireland.com<\/a><\/li>\n\n\n\n<li>Member Editorial Board&nbsp;<em>Contemporary Family Therapy<\/em>, Springer International,&nbsp;<a href=\"https:\/\/onlinelibrary.wiley.com\/journal\/15455300\" target=\"_blank\" rel=\"noreferrer noopener nofollow\">https:\/\/link.springer.com\/journal\/10591&nbsp;<\/a><\/li>\n\n\n\n<li>Member Editorial Board&nbsp;<em>Testing, Psychometrics, Methodology in Applied Psychology<\/em>, Cises Srl&nbsp;<a href=\"http:\/\/www.tpmap.org\/\" target=\"_blank\" rel=\"noreferrer noopener nofollow\">http:\/\/www.tpmap.org\/<\/a><\/li>\n\n\n\n<li>Mitherausgeberin der Zeitschrift&nbsp;<a href=\"http:\/\/www.thieme.de\/pid\" target=\"_blank\" rel=\"noreferrer noopener nofollow\">&#8222;PiD &#8211; Psychotherapie im Dialog&#8220;<\/a>, Stuttgart: Thieme (2007-2018)<\/li>\n\n\n\n<li>Redaktionsmitglied der Zeitschrift&nbsp;<a href=\"http:\/\/www.oeas.at\/systeme_2005\/\" target=\"_blank\" rel=\"noreferrer noopener nofollow\">&#8222;Systeme&#8220;<\/a>&nbsp;(Hg.: Systemische Gesellschaft &#8211; Deutscher Verband f\u00fcr systemische Forschung, Therapie, Supervision und Beratung e.V. (SG) &amp; \u00d6sterreichische Arbeitsgemeinschaft f\u00fcr systemische Therapie und systemische Studien (\u00d6AS)(2001-2014)<\/li>\n<\/ul>\n<\/div><\/div>\n\n\n\n<div class=\"wp-block-greyd-accordion-item\"><button class=\"wp-block-greyd-accordion__title\" role=\"button\" type=\"button\" aria-expanded=\"false\" aria-controls=\"sect-yui8-2\" id=\"title-yui8-2\"><span>Organisation von Konferenzen \/ Organisation of conferences<\/span><span class=\"icon icon-normal arrow_triangle-down\" aria-hidden=\"true\"><\/span><span class=\"icon icon-active arrow_triangle-up\" aria-hidden=\"true\"><\/span><\/button><div class=\"wp-block-greyd-accordion__content\" role=\"region\" id=\"sect-yui8-2\" aria-labelledby=\"title-yui8-2\" hidden>\n<ul class=\"wp-block-list\">\n<li>QRMH10 2025: Qualitative Research in Mental Health: Shared Journeys in a Troubled World: Interweaving Mental Health and Personal Experience; May 21-23, 2025, Budapest, Hungary. <a href=\"https:\/\/qrmh10.com\" rel=\"nofollow noopener\">https:\/\/qrmh10.com<\/a><\/li>\n\n\n\n<li>QRMH9 2023: Qualitative Research in Mental Health: Building Bridges in Times of Uncertainty: The Role of Qualitative Research in Mental Health and Well-being (Chairs: Angela Abela, Maria Borcsa, Zsuzsa Kal\u00f3 &amp; Viola Sallay); E\u00f6tv\u00f6s Lor\u00e1nd University, Budapest, Hungary&nbsp;<a href=\"https:\/\/qrmh9.com\/\" target=\"_blank\" rel=\"noreferrer noopener nofollow\">http:\/\/qrmh9.com\/<\/a><\/li>\n\n\n\n<li>QRMH8 2020: Qualitative Research in Mental Health: Trajectories Towards a New Era (Chairs: Angela Abela &amp; Maria Borcsa); University of Malta\/Online&nbsp;<\/li>\n\n\n\n<li>QRMH7 2018: Qualitative Research in Mental Health: Rising to a Global Challenge (Chairs: Maria Borcsa &amp; Sebastian Schr\u00f6er); Evangelische Hochschule Berlin, Germany<\/li>\n\n\n\n<li>EFTA 2016: Origins and Originality in Family Therapy and Systemic Practice (Chair: Maria Borcsa); Athens, Greece. &nbsp;<a href=\"https:\/\/europeanfamilytherapy.eu\/about-efta\/efta-community\/\" target=\"_blank\" rel=\"noreferrer noopener nofollow\">https:\/\/europeanfamilytherapy.eu\/about-efta\/efta-community\/<\/a><\/li>\n<\/ul>\n<\/div><\/div>\n\n\n\n<div class=\"wp-block-greyd-accordion-item\"><button class=\"wp-block-greyd-accordion__title\" role=\"button\" type=\"button\" aria-expanded=\"false\" aria-controls=\"sect-2o9o-3\" id=\"title-2o9o-3\"><span>Gutachtert\u00e4tigkeit<\/span><span class=\"icon icon-normal arrow_triangle-down\" aria-hidden=\"true\"><\/span><span class=\"icon icon-active arrow_triangle-up\" aria-hidden=\"true\"><\/span><\/button><div class=\"wp-block-greyd-accordion__content\" role=\"region\" id=\"sect-2o9o-3\" aria-labelledby=\"title-2o9o-3\" hidden>\n<ul class=\"wp-block-list\">\n<li>Wissenschaftliche Gutachterin bei dem Akkreditierungs-, Certifizierungs- und Qualit\u00e4tssicherungs-Institut ACQUIN (seit 2006)<\/li>\n\n\n\n<li>Wissenschaftliche Gutachterin beim Deutschen Akademischen Austauschdienst DAAD (seit 2010)<\/li>\n<\/ul>\n<\/div><\/div>\n<style class=\"greyd-styles\">.gs_J3tBFD .wp-block-greyd-accordion-item { --accord-title-bg-color: var(--wp--preset--color--color-13); --accord-content-padding: var(--wp--preset--spacing--30) var(--wp--preset--spacing--30) var(--wp--preset--spacing--30) var(--wp--preset--spacing--30); --accord-padding: var(--wp--preset--spacing--40) var(--wp--preset--spacing--40) var(--wp--preset--spacing--40) var(--wp--preset--spacing--40); } .gs_J3tBFD .wp-block-greyd-accordion-item:hover { --accord-title-bg-color: var(--wp--preset--color--color-33); } .gs_J3tBFD .wp-block-greyd-accordion-item :checked + * { --accord-title-bg-color: var(--wp--preset--color--color-22); } <\/style><style class=\"greyd-styles\">. { --accord-title-bg-color: var(--wp--preset--color--color-13); --accord-content-padding: var(--wp--preset--spacing--30) var(--wp--preset--spacing--30) var(--wp--preset--spacing--30) var(--wp--preset--spacing--30); --accord-padding: var(--wp--preset--spacing--40) var(--wp--preset--spacing--40) var(--wp--preset--spacing--40) var(--wp--preset--spacing--40); } .:hover { --accord-title-bg-color: var(--wp--preset--color--color-33); } .gs_J3tBFD .wp-block-greyd-accordion__title[aria-expanded=\"true\"] { --accord-title-bg-color: var(--wp--preset--color--color-22); } <\/style><\/div>\n\n\n<div  class=\"spacer_wrap wp-embed-aspect-21-9 wp-has-aspect-ratio\" aria-hidden=\"true\"><div class=\"wp-block-spacer inner-sm\" style=\"height:calc(100px * 0.4)\" aria-hidden=\"true\"><\/div><div class=\"wp-block-spacer inner-md\" style=\"height:calc(100px * 0.6)\" aria-hidden=\"true\"><\/div><div class=\"wp-block-spacer inner-lg\" style=\"height:calc(100px * 0.8)\" aria-hidden=\"true\"><\/div><div class=\"wp-block-spacer inner-xl\" style=\"height:100px\" aria-hidden=\"true\"><\/div><\/div>\n\n\n<h3 class=\"wp-block-heading wp-embed-aspect-21-9 wp-has-aspect-ratio\" id=\"h-vortrage-und-tagungsbeitrage-conference-papers-and-contributions\"><strong>Vortr\u00e4ge und Tagungsbeitr\u00e4ge\/ Conference Papers and Contributions<\/strong><\/h3>\n\n\n\n<div class=\"wp-block-greyd-accordion gs_TN6FXd  wp-embed-aspect-21-9 wp-has-aspect-ratio\" data-autoclose=\"true\" data-openfirst=\"false\" style=\"padding-top:0;padding-bottom:0\">\n<div class=\"wp-block-greyd-accordion-item\"><button class=\"wp-block-greyd-accordion__title\" role=\"button\" type=\"button\" aria-expanded=\"false\" aria-controls=\"sect-3gdm-4\" id=\"title-3gdm-4\"><span>Eingeladene Beitr\u00e4ge \/ Invited Presentations<\/span><span class=\"icon icon-normal arrow_triangle-down\" aria-hidden=\"true\"><\/span><span class=\"icon icon-active arrow_triangle-up\" aria-hidden=\"true\"><\/span><\/button><div class=\"wp-block-greyd-accordion__content\" role=\"region\" id=\"sect-3gdm-4\" aria-labelledby=\"title-3gdm-4\" hidden>\n<ul class=\"wp-block-list\">\n<li>Borcsa, M. &amp; Wetzel, D. (2025). Erinnerungspraktiken und psychische Gesundheit : Erz\u00e4hlungen von M\u00fcttern und ihren Kindern von der Flucht aus der Ukraine. Vortrag im Forschungskolloquium &#8222;Familie&#8220;; Erziehungswissenschaftliche Fakult\u00e4t, Universit\u00e4t Erfurt, 24.06.2025, Erfurt.<\/li>\n\n\n\n<li>Borcsa, M. (2024). Familles et migration 2.0. Update de la th\u00e9rapie familiale. Pr\u00e9sentation principale \u00e0 l\u2019Institut Luxembourgeois de Pens\u00e9e Syst\u00e9mique et de Th\u00e9rapie Familiale (ILPS), 08.11.2024, Luxembourg.<\/li>\n\n\n\n<li>Borcsa, M. (2023). \u201eNarrating what? I already told you that we were at the epicentre of all the evil. So, there was nothing to tell the children. They saw and heard everything.\u201d Escaping from Mariupol, Ukraine. A family systems research. Keynote presentation (online) at&nbsp;<em>IX Konferencja Psychologii Narracyjnej: &#8222;Historie, Kt\u00f3re \u0141\u0105cz\u0105, Historie, Kt\u00f3re Dziel\u0105<\/em>&#8222;, 21. \u2013 23.09.2023, Krakow, Poland.<\/li>\n\n\n\n<li>Borcsa, M. &amp; Daure, I. (2023). Mobilit\u00e9, migration, mondialisation: Nouvelles normalit\u00e9s dans le travail syst\u00e9mique. Presentation at the I<em>nternational &nbsp;Family Therapy Conference: The Road that Connects Individual and Social Resources<\/em>. 06.-08.07.2023, Assisi, Italy.&nbsp;<\/li>\n\n\n\n<li>Borcsa, M. &amp; Pomini, V. (2022). Virtual relations and systemic therapy. Towards a third-order cybernetics. Keynote presentation at the&nbsp;<em>11th Conference of the European Familiy Therapy Association: Systemic Resonances and Interferences. 07.-10.09.2022<\/em>, Ljubljana, Slovenia.<\/li>\n\n\n\n<li>Borcsa, M., Erzar, T., Toth, E. &amp; Mo\u017eina, K. (2022). Invited Round Table &#8211; To free the next generation: From genes to society &#8211; intergenerational transmission and possible resolution of trauma.&nbsp;<em>11th Conference of the European Familiy Therapy Association: Systemic Resonances And Interferences.<\/em>&nbsp;07.-10.09.2022, Ljubljana, Slovenia. &nbsp;<\/li>\n\n\n\n<li>Borcsa, Maria; Le Moign, Raymond; Simeone, Arnaud &amp; L\u00e9vy, Patrick (Mod\u00e9rateur) (2022): Table ronde &#8211; La sant\u00e9 publique au service du patient, regards crois\u00e9s.<em>&nbsp;Dialogues franco-allemands pour l\u2019Europe. Rencontre organis\u00e9e dans le cadre de la Pr\u00e9sidence fran\u00e7aise du Conseil de l&#8217;Union europ\u00e9enne en 2022.&nbsp;<\/em>11.-12.5.2022, Universit\u00e9 Lumi\u00e8re Lyon, France.<\/li>\n\n\n\n<li>Borcsa, M. (2021). Family and culture in times of globalization. Mobility, migration and virtual relations. Key note presentation at the&nbsp;<em>Inaugural Meeting of the Family and Culture Special Interest Group, World Association of Cultural Psychiatry (WACP),<\/em>&nbsp;30.9.2021 (online).<\/li>\n\n\n\n<li>Borcsa, M. (2021) Globalized families between diaspora and cosmopolitism \u2013 challenging the grand narrative of national belonging. Presentaci\u00f3n invitada XVII Congresso RELATES (Red Europea y Latinoamericana de Escuelas Systemicas):<em>&nbsp;Contarla para vivir: Narraci\u00f3n y otros enfoques en la psicoterapia relacional sist\u00e9mica<\/em>. 23.- 26.6.2021, virtual.<\/li>\n\n\n\n<li>Borcsa, M. (2019). Virtual Relations and Globalized Families. Invited dialogue: Paolo Bertrando &amp; Maria Borcsa (Chair: Valerie O\u2019Brien).&nbsp;<em>10th Conference of the European Family Therapy Association: Visible and Invisible: Bordering Change in Systemic Family Therapy<\/em>, 11.-14.9.2019, Naples, Italy.<\/li>\n\n\n\n<li>Borcsa, M. (2019). Les \u00e9crans th\u00e9rapeutiques. Journ\u00e9es d\u2019\u00e9tude et de formation R\u00e9seau &amp; Famille.&nbsp;<em>&#8222;Ados.com : le go\u00fbt du risque, jusqu\u2019o\u00f9 et comment le contenir?&#8220;<\/em>, 23.-24.5.2019, Avignon, France.<\/li>\n\n\n\n<li>Borcsa, M. (2019). Do we meet in one world? Interviewing clients and therapists about their experiences in couple therapy sessions.&nbsp;<em>Congress ISCRA \u201cRicerca Formazione, relazioni interpersonali\u201d<\/em>, 18.5.2019, Modena, Italy.<\/li>\n\n\n\n<li>Borcsa, M. (2019). Do we meet in one world? Interviewing clients and therapists about their experiences in couple therapy sessions.&nbsp;<em>Congress EFTA-TIC\/IRIS \u201cLa Ricerca in Terapia Familiare: Progetti e Risultanze a Confronto\u201d<\/em>, 17.5.2019, Milano, Italy.<\/li>\n\n\n\n<li>Borcsa, M. (2018). Globalized Families. Keynote presentation at the Bulgarian Conference in Systemic Family Therapy:&nbsp;<em>\u201c20 Years Later: Local and Global &#8211; Mutual Contexts\u201d<\/em>.15.-16.12.2018, Sofia, Bulgaria.<\/li>\n\n\n\n<li>Borcsa, M. (2018). Globalized Families. Keynote presentation at the 13\u00ba Congresso Brasileiro de Terapia Familiar<em>&nbsp;\u201cIntera\u00e7\u00e3o Entre Terapeutas, Pr\u00e1ticas e Fam\u00edlias\u201c<\/em>. 02.-04.08.2018, Rio de Janeiro, Brazil.<\/li>\n\n\n\n<li>Borcsa, M. &amp; Ochs, M. (2018). Perspectives de la recherche en th\u00e9rapie familiale. Atelier present\u00e9 au congr\u00e8s EFTA-CIM\/IAC&nbsp;<em>\u00ab&nbsp;Pratiques actuelles aves les familles&nbsp;\u00bb<\/em>. 31.05.-02.06.2018, Toulouse, France.<\/li>\n\n\n\n<li>Borcsa, M. (2017). Virtual Relations and Globalized Families \u2013 the Genogram 4.0 Interview. Keynote presentation at the Scientific Conference:<em>&nbsp;\u201cThe Family Therapy Unit of the Psychiatric Hospital of Athens: 20+3 Years &#8211; What remains, what changed?<\/em>\u201d 24.11.2017, Athens, Greece.<\/li>\n\n\n\n<li>Borcsa, M. (2017). Emotionen in der systemischen Theorie und Praxis \u2013 alles nur eine Frage der Regulation?&nbsp;<em>Vortrag auf dem 9. Hessischen Psychotherapeutentag \u201eGef\u00fchlssache \u2013 Emotionen in der Psychotherapie\u201c<\/em>. 21.-22.04.2017, Frankfurt\/Main.<\/li>\n\n\n\n<li>Borcsa, M. (2017). \u201cIt was just like really being able to observe the whole\u201d \u2013 Stimulated Recall Interviews between research and clinical intervention. Paper presented in the symposium: Doing relational research on embodiment in therapeutic dialogues (Chairs: Maria Borcsa &amp; Jaakko Seikkula).&nbsp;<em>International Systemic Research Conference \u201cLinking Systemic Research and Practice\u201d<\/em>, University of Heidelberg, 08.-11.3.2017, Heidelberg.<\/li>\n\n\n\n<li>Borcsa, M. (2016). Systemic Therapy in National Health Care Systems in Europe. Paper presented at the&nbsp;<em>Scientific Conference \u201cFamily Therapy in Latvia, Baltic States and Europe\u201d<\/em>. 19.05.2016, Riga, Latvia.<\/li>\n\n\n\n<li>Borcsa, M. (2016). Families in the context of economic and social destabilisation: A meta-modern Greek drama. Conversation with Katia Charalabaki.&nbsp;<em>23. Wissenschaftliche Jahrestagung der Systemischen Gesellschaft \u201eAlles wirkliche Leben ist Begegnung: Systemisch begegnet Wissenschaft\u201c<\/em>, 03.-05.03.2016, Dresden.<\/li>\n\n\n\n<li>Borcsa, M., Borst, U., Keupp, H., Kriz, J. &amp; Simon, F. (2016). Wer bestimmt \u00fcber die Grenzen von krank und normal? Podiumsdiskussion im Rahmen des Symposiums&nbsp;<em>\u201eDie Kraft des Zweifelns \u2013 Systemische Praxis in Zeiten \u201esicheren\u201c Wissens\u201c<\/em>. 13.-15.10.2016, Heidelberg.<\/li>\n\n\n\n<li>Borcsa, M. (2015). Training systemic therapists for the 21<sup>st<\/sup>&nbsp;century \u2013 virtual intimacies and world families in a globalized world. Keynote and workshop presented at&nbsp;<em>1<sup>st<\/sup>&nbsp;Quest International Conference in partnership with ATF-PF \u201cThe systemic couple and family psychotherapy practice and training process in the 21<sup>st<\/sup>&nbsp;century. A dialogue between classical and modern approaches, models and trends\u201d<\/em>. 02.04.2015, Cluj, Romania.<\/li>\n\n\n\n<li>Borcsa, M. (2015). Cosmopolitism as a new virtue of systemic therapists? Keynote presentation at the&nbsp;<em>International conference S.I.P.P.R &#8211; Societ\u00e0 Italiana di Psicologia e Psicoterapia Relazionale \u201cProcessi clinici tra vizi e virt\u00f9 di pazienti e terapeuti: temi universali che ricorrono in psicoterapia\u201d<\/em>. 27.-28.3.2015, Caserta, Italia.<\/li>\n\n\n\n<li>Bassoli, F. &amp; Borcsa, M. (2014). I modelli che curano tra narrativa e solution focused.&nbsp;<em>Convegno Internazionale di Societ\u00e0 Italiana di Ricerca e Terapia Sistemica (S.I.R.T.S) \u201cIl ruolo della famiglia nel trattamento dei disturbi alimentary\u201d<\/em>. 20.-21.6.2014, Misano Adriatico, Italia.<\/li>\n\n\n\n<li>Borcsa, M., Laitila, A. P\u00e4ivinen H., Holma J., Seikkula, J., Rober, P., &amp; Wahlstr\u00f6m, J. (EFTRG &#8211; European Family Therapy Research Group) (2014). Qualitative Research in Couple and Family Therapy: Multiple Perspectives on the Therapeutic Process. Joint presentation at the&nbsp;<em>1<sup>st<\/sup>&nbsp;European Conference on Systemic Research in Therapy, Education and Organisational Development \u201cLinking systemic practice and systemic research\u201d<\/em>, 06.-08.03.2014, Heidelberg.<\/li>\n\n\n\n<li>Borcsa, M. (2014). Systemic Therapy and National Health Care Systems in Europe. Keynote presentation at the&nbsp;<em>1<sup>st<\/sup>&nbsp;European Conference on Systemic Research in Therapy, Education and Organisational Development \u201cLinking systemic practice and systemic research\u201d<\/em>, 06.-08.03.2014, Heidelberg.<\/li>\n\n\n\n<li>Borcsa, M. (2013). Empowerment in der Gesundheitsf\u00f6rderung. Hauptvortrag auf dem&nbsp;<em>Fachtag \u201eEmpowerment in der Psychiatrie &#8211; Aber richtig!\u201c<\/em>&nbsp;Einblicke e.V., 22.11.2013, Altenburg.<\/li>\n\n\n\n<li>Bassler, M., Borcsa, M., Geyer, M., Lenz, A. &amp; Steffens, M. (2013). Podiumsdiskussion Depression \u2013 Familie und Arbeit.&nbsp;<em>Er\u00f6ffnungssymposium des ISRV &#8211; Institut f\u00fcr Sozialmedizin, Rehabilitationswissenschaften und Versorgungsforschung \u201eDepression \u2013 Familie und Arbeit\u201c<\/em>&nbsp;16.10.2013, Nordhausen.<\/li>\n\n\n\n<li>Borcsa, M. (2013). Depression im famili\u00e4ren Kontext. Vortrag auf dem Fachforum&nbsp;<em>\u201eLebensweltorientierte Soziale Arbeit mit psychisch kranken Menschen \u2013 vom Kindesalter bis ins Berufsleben\u201c<\/em>. Tr\u00e4gerwerk Soziale Dienste Sachsen-Anhalt, 28.6.2013, Sangerhausen.<\/li>\n\n\n\n<li>Borcsa, M. (2013). Empowerment: Engagement, Solidarit\u00e4t und Ritual &#8211; was tun gegen Angst und Ohnmacht! Vortrag im Rahmen der 63. Lindauer Psychotherapiewochen&nbsp;<em>\u201eNeuen Verunsicherungen begegnen\u201c<\/em>. 19.04.2013, Lindau.<\/li>\n\n\n\n<li>Borcsa, M. (2013). Systemische Beratung &#8211; Therapeutische Expertise f\u00fcr Soziale Arbeit im Gesundheitswesen. Vortrag auf der&nbsp;<em>Jahrestagung des Arbeitskreises der Chef\u00e4rztinnen und Chef\u00e4rzte der Kliniken f\u00fcr Psychiatrie und Psychotherapie an Allgemeinkrankenh\u00e4usern in Deutschland (ACKPA)<\/em>, 08.-10.11.2012, Nordhausen.<\/li>\n\n\n\n<li>Borcsa, M. (2013). Chair and Discussant of the Sub-Plenary: Systemic Interventions and the Medical Model: Exclusion or Integration? Speakers: Jaakko Seikkula (Finland), Jacques Miermont (France), Juan Luis Linares (Spain.)&nbsp;<em>8<sup>th<\/sup>&nbsp;Congress of the European Family Therapy Association \u201cOpportunities in a Time of Crisis: The Role of the Family\u201d<\/em>. 24.-27.10.2013, Istanbul, Turkey.<\/li>\n\n\n\n<li>Borcsa, M. (2012). Systemische Therapie: Stand(-punkte) der Kunst.&nbsp;<em>Vortrag in der Neuropsychiatrischen Fortbildung am S\u00fcdharz-Krankenhaus Nordhausen gGmbH<\/em>, Klinik f\u00fcr Neurologie, Klinik f\u00fcr Psychiatrie, Klinik f\u00fcr Kinder- und Jugendpsychiatrie, 28.03.2012, Nordhausen.<\/li>\n\n\n\n<li>Borcsa, M. (2012). Objective Hermeneutics\u2019 Sequential Analysis of Systemic\/Family Therapy. Paper presented at the international symposium&nbsp;<em>\u201cAnalyzing interactions-in-dialogue\u201d<\/em>. University of Twente, 14.02.2013, Enschede, Netherlands.<\/li>\n\n\n\n<li>Abdessalem, Y., Borcsa, M., Edelstein, C., Perez, A., Polychroni, K. &amp; Prokopiou E. (2010). Co-presenter at the symposium: Working with Transmigration and Families in 21<sup>st<\/sup>&nbsp;Century Europe.&nbsp;<em>7<sup>th<\/sup>&nbsp;Congress of the European Family Therapy Association (EFTA) \u201c60 years of family therapy, 20 years of EFTA\u2026 and after? New ways for systemic practice\u201c<\/em>, 29.-31.10.2010, Paris, France.<\/li>\n\n\n\n<li>Anderson, H., Borcsa, M., Friedrich-Hett, T., Gergen, K.J. &amp; Oestereich, C. (2010).&nbsp; Er\u00f6ffnungsforum auf der 17. Wissenschaftlichen Jahrestagung der Systemischen Gesellschaft e.V.&nbsp;<em>\u201eLebenswandel als Dialog. Soziale Konstruktionen und systemische Praxis\u201c<\/em>.&nbsp;02.-04.09.2010, Marburg.<\/li>\n\n\n\n<li>Borcsa, M. (2006). Die heilende Kraft der Sprache \u2013 von Freud\u2019s talking cure zu modernen Formen der Psychotherapie und Beratung. Vortrag im Rahmen der&nbsp;<em>Impulse-Reihe an der FH Nordhausen<\/em>. 17.01.2006, Nordhausen.<\/li>\n\n\n\n<li>Borcsa, M. (2006). Forschung an Fachhochschulen. Plenarbeitrag auf der 3. Tagung&nbsp;<em>\u201eSystemische Forschung in Therapie, P\u00e4dagogik und Organisationsentwicklung\u201c&nbsp;<\/em>der Universit\u00e4t Heidelberg. 08.-10.03.2006, Heidelberg.<\/li>\n\n\n\n<li>Borcsa, M. (2006). L\u00f6sungsorientierte systemische P\u00e4dagogik \u2013 M\u00f6glichkeiten und Grenzen. Vortrag auf der&nbsp;<em>Jahrestagung der Deutschen Gesellschaft f\u00fcr systemische P\u00e4dagogik (DGsP)<\/em>, 19.-21.05.2006, Erfurt.<\/li>\n\n\n\n<li>Borcsa, M. (2003). Identit\u00e4t als Selbstverst\u00e4ndnis: \u00dcberlegungen zu einem hermeneutischen Identit\u00e4tsbegriff anhand einer empirischen Studie \u00fcber geburtsblinde Menschen.&nbsp;<em>Gastvortrag am Humboldt-Studienzentrum f\u00fcr Philosophie an der Universit\u00e4t Ulm<\/em>; 05.02.2003, Ulm.<\/li>\n<\/ul>\n<\/div><\/div>\n\n\n\n<div class=\"wp-block-greyd-accordion-item\"><button class=\"wp-block-greyd-accordion__title\" role=\"button\" type=\"button\" aria-expanded=\"false\" aria-controls=\"sect-l5hw-5\" id=\"title-l5hw-5\"><span>Eingereichte Beitr\u00e4ge \/ Submitted and accepted papers<\/span><span class=\"icon icon-normal arrow_triangle-down\" aria-hidden=\"true\"><\/span><span class=\"icon icon-active arrow_triangle-up\" aria-hidden=\"true\"><\/span><\/button><div class=\"wp-block-greyd-accordion__content\" role=\"region\" id=\"sect-l5hw-5\" aria-labelledby=\"title-l5hw-5\" hidden>\n<ul class=\"wp-block-list\">\n<li>Borcsa, M. &amp; Pomini, V. (2025). The digitalization of systemic practice. Paper presented in the symposium: Third order cybernetics &#8211; Systemic practice goes digital (Chairs: Maria Borcsa &amp; Valeria Pomini). 8th Congress of the European Family Therapy Association (EFTA) \u201cConfluences and Controversies in Systemic Practice, Theory and Research\u201c, 27.-30.08.2025, Lyon, France.<\/li>\n\n\n\n<li>Borcsa, M. (2025). Le g\u00e9nogramme 4.0: Familles globalis\u00e9es et relations virtuelles. Paper presented in the symposium: Les g\u00e9nogrammes d\u2019aujourd\u2019hui: la clinique syst\u00e9mique en mouvement (Chair: Maria Borcsa). 8th Congress of the European Family Therapy Association (EFTA) \u201cConfluences and Controversies in Systemic Practice, Theory and Research\u201c, 27.-30.08.2025, Lyon, France.<\/li>\n\n\n\n<li>Borcsa, M., Maestre, M., Goldbeter-Merinfeld, E., Perrone, L. &amp; Daure, I. (2025). Table ronde: La supervision: une pratique sur-mesure avec style (Chair: Robert Neuburger). 8th Congress of the European Family Therapy Association (EFTA) \u201cConfluences and Controversies in Systemic Practice, Theory and Research\u201c, 27.-30.08.2025, Lyon, France.<\/li>\n\n\n\n<li>Janusz, B. &amp; Borcsa, M. (2025). Symposium: Agency in times of traumatic stress: family resources and therapeutic interventions. 8th Congress of the European Family Therapy Association (EFTA) \u201cConfluences and Controversies in Systemic Practice, Theory and Research\u201c, 27.-30.08.2025, Lyon, France.<\/li>\n\n\n\n<li>Borcsa, M. &amp; Witzel, P. (2025). \u201cGrandma gave me sweets and a piece of cake and lit a candle for me. After that, our farm was inspected by the Russian army.\u201d Paper presented in the symposium: Agency in times of traumatic stress: family resources and therapeutic interventions (Chairs: Bernadetta Janusz &amp; Maria Borcsa). 8th Congress of the European Family Therapy Association (EFTA) \u201cConfluences and Controversies in Systemic Practice, Theory and Research\u201c, 27.-30.08.2025, Lyon, France.<\/li>\n\n\n\n<li>Borcsa, M. (2025). Discussant at the symposium: Safe services and couples therapy when intimate partner violence becomes an issue (Chair: Juha Holma). 8th Congress of the European Family Therapy Association (EFTA) \u201cConfluences and Controversies in Systemic Practice, Theory and Research\u201c, 27.-30.08.2025, Lyon, France.<\/li>\n\n\n\n<li>Borcsa, M. &amp; Wetzel, D. (2025). Selective memorising in maintaining mental health. Paper presented in the Symposium: Memory practises and innovative moments: Narratives of mothers and their children escaping the war in Ukraine (Chair: Maria Borcsa). Qualitative Research in Mental Health<\/li>\n\n\n\n<li>(QRMH10):<\/li>\n\n\n\n<li>Shared Journeys in a Troubled World: Interweaving Mental Health and Personal Experience, 21.- 23.05.2025, Budapest, Hungary.<\/li>\n\n\n\n<li>Borcsa, M. &amp; Witzel, P. (2025). Self-presentations of mother-child dyads from Ukrainian war zones: A narrative positioning analysis. Paper presented in the Symposium: Memory practises and innovative moments: Narratives of mothers and their children escaping the war in Ukraine (Chair: Maria Borcsa). Qualitative Research in Mental Health (QRMH10): Shared Journeys in a Troubled World: Interweaving Mental Health and Personal Experience, 21.- 23.05.2025, Budapest, Hungary.<\/li>\n\n\n\n<li>Borcsa, M. (2024). Zum Umgang mit Risiken und Nebenwirkungen in Systemischer Therapie. Vortrag im Symposium (Chairs: Maria Borcsa &amp; Bettina Wilms): Systemische Therapie &#8211; Perspektiven der Versorgung. Kongress der Deutschen Gesellschaft f\u00fcr Psychiatrie, Psychotherapie und Psychosomatik (DGPPN):\u201cPsychische Gesundheit in Krisenzeiten\u201d, 27.-30.11.2024, Berlin, Deutschland.<\/li>\n\n\n\n<li>Borcsa, M. (2024). Mobility and migration in a globalized world. Paper presented at the 14th Conference of the European Family Therapy Association (EFTA-TIC): Systemic Training and Supervision in a Multi-Challenge World. 19.-20.10.2024, Lisbon, Portugal.<\/li>\n\n\n\n<li>Borcsa, M., &amp; Witzel, P. (2023). Memory talk as indicators of transgenerational effects after forced migration. A qualitative study in families with a history of expulsion. Paper presented at the Conference of the Working Group &#8222;Social Memory, Remembering and Forgetting&#8220; in the Sociology of Knowledge Section of the German Sociological Association (DGS) Achievements and Perspectives of Cultural and Social Memory Research, Berlin, 27. \u2013 29.09.2023.<\/li>\n\n\n\n<li>Borcsa, M. (2023). Systemische Therapie in der Versorgung \u2013 Europ\u00e4ische Perspektiven. Vortrag im Symposium: Systemische Therapie in der psychiatrisch-psychotherapeutischen Versorgung (Vorsitz: Maria Borcsa &amp; Bettina Wilms) auf dem\u00a0<em>Kongress der Deutschen Gesellschaft f\u00fcr Psychiatrie, Psychotherapie und Psychosomatik (DGPPN): &#8222;\u00d6kologische Psychiatrie und Psychotherapie&#8220;<\/em>, 29.11. &#8211; 02.12.2023, Berlin.<\/li>\n\n\n\n<li>Hoffmann, K. &amp; Borcsa, M. (2023). How does the therapeutic system use the impulses of the Reflecting Team in the further course of couple therapy? An explorative study. Paper presented at QRMH9:&nbsp;<em>Building Bridges in Times of Uncertainty: The Role of Qualitative Research in Mental Health and Well-Being<\/em>, 31.08. &#8211; 02.09.2023, Budapest, Hungary.<\/li>\n\n\n\n<li>Borcsa, M. (2023). Symposium: Family Narratives after Forced Migration \u2013 Exploring Vulnerability and Resilience.&nbsp;<em>QRMH9: Qualitative Research in Mental Health &#8211; Building Bridges in Time sof Uncertainy: The Role of Qualitative Research in Menatl Health and Well-Being<\/em>, 31.- 02.09.2023, Budapest, Hungary.<\/li>\n\n\n\n<li>Janusz, B., Landw\u00f3jtowicz, P., Wetzel, D., Borcsa, M. (2023). Transgenerational scripts of resettlement and migration. Interactional displays of memory. Paper presented in Symposium: Family narratives after forced migration \u2013 Exploring vulnerability and resilience (Chair: Maria Borcsa).&nbsp;<em>QRMH9: Building Bridges in Times of Uncertainty: The Role of Qualitative Research in Mental Health and Well-Being<\/em>, 31.8. &#8211; 02.09.2023, Budapest, Hungary.<\/li>\n\n\n\n<li>Borcsa, M. &amp; Witzel. P. (2023). Reconstructions of narrative identities after forced migration. Paper presented in Symposium: Family narratives after forced migration \u2013 Exploring vulnerability and resilience (Chair: Maria Borcsa).&nbsp;<em>QRMH9: &nbsp;Building bridges in times of uncertainty: The Role of Qualitative Research in Mental Health and Well-Being<\/em>, &nbsp;31.08. &#8211; 02.09.2023, Budapest, Hungary.<\/li>\n\n\n\n<li>Borcsa, M. (Chair and Discussant), Loriedo, C. et al. &amp; Ugazio V. (2022). Symposium: &nbsp;New perspectives on influences of families of origin on couple construction and their therapeutic use.&nbsp;<em>11th Conference of the European Familiy Therapy Association: Systemic Resonances And Interferences.<\/em>&nbsp;07.-10.09.2022, Ljubljana, Slovenia\u200b.<\/li>\n\n\n\n<li>Borcsa, M. (2022). Familles globalis\u00e9es et relations virtuelles: le g\u00e9nogramme 4.0.&nbsp;<em>14<\/em><sup><em>es<\/em><\/sup><em>&nbsp;Journ\u00e9es Francophones de Th\u00e9rapie Familiale Syst\u00e9mique de Lyon. Stabilit\u00e9: Continuit\u00e9s et Ruptures.&nbsp;<\/em>19.-21.5.2022, ENS Lyon, France<em>.<\/em><\/li>\n\n\n\n<li>Hille, J. &amp; Borcsa, M. (2021) Addressees in systemic couple therapy \u2013 The creation of a therapeutic system. Paper presented in the Relational Mind Symposium: Micro-analytic and multi-modal case studies on meaning making processes in individual and couple therapy.&nbsp;<em>QRMH8: Qualitative Research in Mental Health: Trajectories Towards a New Era.<\/em>&nbsp;9.-11.9.2021 (online).<\/li>\n\n\n\n<li>Borcsa, M., Guirgis F., Hille, J., Wetzel, D. (2021). Transgenerationale Krisenverarbeitung nach Zwangsmigration. Eine transnationale Mixed-Methods-Studie zum Wertewandel in Familien mit einer Vertreibungsgeschichte. Vortrag in der Ad-hoc-Gruppe: Mixed Methods jenseits des Methodologischen Nationalismus: Zur Erforschung von gesellschaftlichen Krisen, Dynamiken und Ordnungen in transnationalen Kontexten.&nbsp;<em>Gemeinsamer Kongress der Deutschen Gesellschaft f\u00fcr Soziologie (DGS) und der \u00d6sterreichischen Gesellschaft f\u00fcr Soziologie (\u00d6GS): &#8222;Post-Corona- Gesellschaft? Pandemie, Krise und ihre Folgen&#8220;<\/em>. 23.-25.8.2021 (online).<\/li>\n\n\n\n<li>Borcsa, M. (2019). Stimulated Recall in couple therapy: Analyzing the levels of the therapeutic system. Paper presented in the panel: Stimulated Recall Interviews in couple therapy. A research instrument and a means of therapeutic intervention (Moderation: Maria Borcsa).&nbsp;<em>Society for Psychotherapy Research, 5th joint European &amp; UK Chapters conference \u201cSeparation and Unity\u201d,<\/em>&nbsp;19.-21.9.2019, Krakow, Poland.<\/li>\n\n\n\n<li>Borcsa, M. (2019). Clients\u2019 and therapists\u2019 experiences in couple therapy sessions: Echoes of cognitions and emotions. Paper presented in the symposium: IPR as a tool of reflective insight into therapeutic process in family and couple therapy. Implications for teaching and supervision (Chair: Barbara Jozefik).&nbsp;<em>10th Conference of the European Family Therapy Association: Visible and Invisible: Bordering Change in Systemic Family Therapy<\/em>, 11.-14.9.2019, Naples, Italy.<\/li>\n\n\n\n<li>Borcsa, M. (2019). Systemic approaches in emerging technologies. On the way to e-Couple and Family Therapy (e-CFT): Where are we now and where will we go? Paper presented in the symposium: Systemic approaches in emerging technologies (Chairs: Maria Borcsa, Valeria Pomini).&nbsp;<em>10th Conference of the European Family Therapy Association: Visible and Invisible: Bordering Change in Systemic Family Therapy<\/em>, 11.-14.9.2019, Naples, Italy.<\/li>\n\n\n\n<li>Pomini, V., Borcsa, M., Saint-Mont, U., Whyte, M. (2019). Couple and family therapists\u2019 use of ICTs. Paper presented in the symposium: Systemic approaches in emerging technologies (Chairs: Maria Borcsa, Valeria Pomini).&nbsp;<em>10th Conference of the European Family Therapy Association: Visible and Invisible: Bordering Change in Systemic Family Therapy<\/em>, 11.-14.9.2019, Naples, Italy.<\/li>\n\n\n\n<li>Vall, B., Laitila, A., Borcsa, M. (2019). Stimulated Recall Interviews: How can the research interview contribute to new therapeutic practices? Paper presented in the symposium: Relational Mind II: Evolving interplay of agents, methods, and collaborative relationships (Chair: Virpi-Liisa Kykyri).&nbsp;<em>10th Conference of the European Family Therapy Association: Visible and Invisible: Bordering Change in Systemic Family Therapy<\/em>, 11.-14.9.2019, Naples, Italy.<\/li>\n\n\n\n<li>Borcsa, M. (2019). Interpersonal Process Recall in systemic therapy: Interviewing clients and therapists about their experiences in couple therapy sessions. Paper presented in panel: A systemic approach in using Interpersonal Process Recall: from positivist legacy to constructionist future (Panel organizer: Maria Borcsa).&nbsp;<em>50th SPR International Annual Meeting. The Future of Psychotherapy Research: Building on our 50 Year Legacy<\/em>, 3.-6.7.2019, Buenos Aires, Argentina<\/li>\n\n\n\n<li>Borcsa, M., Holma, J., Laitila, A, P\u00e4ivinen, H., &amp; Vall, B. (2018). Symposium: Relational Mind. Combining qualitative research, physiological responses and Stimulated Recall Interviews in couple therapy.&nbsp;<em>QRMH7: Qualitative Research in Mental Health: Rising to a Global Challenge<\/em>, Berlin, 20.-22.9.2018.<\/li>\n\n\n\n<li>Borcsa, M., Gale, J. &amp; Janusz, B. (2018). Symposium: An invitation to a second-order observation: Interpersonal Process Recall in systemic therapy.&nbsp;<em>QRMH7: Qualitative Research in Mental Health: Rising to a Global Challenge<\/em>, Berlin, 20.-22.9.2018.<\/li>\n\n\n\n<li>Borcsa, M. (2017). Access to family and systemic therapy in different European countries \u2013 chances and risks. Paper presented at the symposium:&nbsp;<em>Finding access to people who need us, but who don&#8217;t think they do&#8230;. WPA XVII World Congress of Psychiatry<\/em>, 8.-12.10.2017, Berlin, Germany.<\/li>\n\n\n\n<li>Borcsa, M. (2017). Bridging research and clinical intervention: Stimulated Recall Interviews as creation of meaning in the personal, couple and therapeutic system. Paper presented at the symposium: Relational Mind: Doing relational research on embodiment and experience in couple therapy.<em>&nbsp;4<sup>th<\/sup>&nbsp;Joint Conference UK and European Chapters \u201cPsychotherapy Practice and Research: Finding the common ground\u201d<\/em>; Society&nbsp;for&nbsp;Psychotherapy&nbsp;Research (SPR), 20.-22.9.2017, Oxford, UK.<\/li>\n\n\n\n<li>Borcsa, M. (2017). The Genogram 4.0 Interview. Paper presented at the \u201c,<em>39<sup>th<\/sup>&nbsp;AFTA Annual Meeting &amp; Open Conference \u201eInnovative Family Therapy &#8211; Today and Tomorrow &#8220; 31.05.-04.06.2017<\/em>, Philadelphia, PA, USA.<\/li>\n\n\n\n<li>Tseliou, E. &amp; Borcsa, M. (2016). Convener at the Symposium: Discursive research approaches: Inviting researchers and family therapists into dialogue: Participants: Anderson, H., Sutherland, O., Seikkula, J., Ugazio, V.&nbsp;<em>9<sup>th<\/sup>&nbsp;Conference of the European Family Therapy Association. \u201cOrigins and Originality in Family Therapy and Systemic Practice\u201d<\/em>, 28.09.-01.10.2016, Athens, Greece.<\/li>\n\n\n\n<li>Borcsa, M. (2016). Organizer of the Panel: A global perspective: How do family therapy associations all over the world respond to existential challenges: terrorism, war, refugee crisis?&nbsp;<em>9<sup>th<\/sup>&nbsp;Conference of the European Family Therapy Association \u201cOrigins and Originality in Family Therapy and Systemic Practice\u201d<\/em>, 28.09.-01.10.2016, Athens, Greece.<\/li>\n\n\n\n<li>Borcsa, M, Hille, J., Karampa, T. &amp; Vall. B. (2016). Stimulated Recall Interviews: Bridging research and clinical practice. Paper presented at&nbsp;<em>9<sup>th<\/sup>&nbsp;Conference of the European Family Therapy Association \u201cOrigins and Originality in Family Therapy and Systemic Practice\u201d<\/em>, 28.09.-01.10.2016, Athens, Greece.<\/li>\n\n\n\n<li>Borcsa, M. &amp; Pomini, V. (2016). Convener at the Symposium: Virtual relationships and systemic practices in the digital era.&nbsp;<em>9<sup>th<\/sup>&nbsp;Conference of the European Family Therapy Association. \u201cOrigins and Originality in Family Therapy and Systemic Practice\u201d<\/em>, 28.09.-01.10.2016, Athens, Greece.<\/li>\n\n\n\n<li>Borcsa, M. (2016). Research perspectives in couple therapy: Discursive qualitative methods. Paper presented at&nbsp;<em>38<sup>th<\/sup>&nbsp;Annual Meeting &amp; Open Conference of the American Family TherapyAcademy\u201cCreating a Context for Change in Couple and Family Life: Collaboration in Clinical Practice\u201d<\/em>, 22.-25.06.2016, Denver, CO, USA.<\/li>\n\n\n\n<li>Borcsa, M., Naraskeviciute, E. &amp; Sools, A. (2016). Responding to a paradoxical task: Imagine a desired future without employment. Paper presented at the Symposium<em>: Future Stories as resources in times of unemployment. 6<sup>th<\/sup>&nbsp;International Conference Qualitative Research on Mental Health (QRMH6) \u201cTowards relational perspectives in mental health research\u201d<\/em>, 25.-27.05.2016, Chania, Greece.<\/li>\n\n\n\n<li>Borcsa, M. (2015). Family Therapy Research. Paper presented at the Interest Group of the American Family Therapy Academy (AFTA),&nbsp;<em>37<sup>th<\/sup>&nbsp;Annual Meeting &amp; 4<sup>th<\/sup>&nbsp;Open Conference \u201cGlobal Ecologies &#8211; Connections among Self, Families, Communities and Cultures\u201d<\/em>, 03.-06.06.2015, Vancouver, WA, USA.<\/li>\n\n\n\n<li>Borcsa, M. (2014). Introducing Objective Hermeneutics in Systemic Therapy Research. Paper presented at the Symposium: The couple therapy of Victoria and Alfonso \u2013 different readings afford multiple perspectives.<em>&nbsp;5<sup>th<\/sup>&nbsp;International Conference Qualitative Research on Mental Health (QRMH5) \u201cPracticing mental health: Qualitative approaches to investigating services and interventions\u201d<\/em>, 02.-04.09.2014 Chania, Greece.<\/li>\n\n\n\n<li>Kykyri, V.-L. &amp; Borcsa, M. (2014). Panel Organizer and Discussant: Relational Mind: Combining observations of participants\u2019 autonomic nervous system responses, non-verbal interaction, conversation, and inner dialogue in two important moments within a couple therapy session.&nbsp;<em>5<sup>th<\/sup>&nbsp;International Conference Qualitative Research on Mental Health (QRMH5) \u201cPracticing mental health: Qualitative approaches to investigating services and interventions\u201d<\/em>, 02.-04.09.2014 Chania, Greece.&nbsp;<\/li>\n\n\n\n<li>Borcsa, M. (2014). Panel Organizer, Moderator and Presenter: Qualitative Research in Systemic Therapy Practice.&nbsp;<em>45<sup>th&nbsp;<\/sup>International&nbsp;Annual&nbsp;Meeting of the Society&nbsp;for&nbsp;Psychotherapy&nbsp;Research (SPR)<\/em>, 25.-28.06.2014, Copenhagen,&nbsp;Denmark.<\/li>\n\n\n\n<li>Seikkula, J., Avdi E., Borcsa M., Fellin, L., Ugazio V. &amp; Wahlstr\u00f6m, J. (2013). Family therapy as embodied dance of therapists and family. The Relational Mind Project. Presentation at the&nbsp;<em>8<sup>th<\/sup>&nbsp;Congress of the European Family Therapy Association \u201cOpportunities in a Time of Crisis: The Role of the Family\u201d<\/em>, 24.-27.10.2013, Istanbul, Turkey.<\/li>\n\n\n\n<li>Borcsa, M. (2013). Introducing Objective Hermeneutics into Systemic Therapy Research. Presentation at the&nbsp;<em>Symposium: Seven authors in search of a couple: a multiple reading of the same therapy. 8<sup>th<\/sup>&nbsp;Congress of the European Family Therapy Association \u201cOpportunities in a Time of Crisis: The Role of the Family\u201d<\/em>, 24.-27.10.2013, Istanbul, Turkey.<\/li>\n\n\n\n<li>Borcsa, M. (2012). The construction of interpersonal phenomena during a therapy session with a couple. Presentation at the Symposium&nbsp;<em>\u201cAnalyzing dialogues in couples therapy\u201d. The 4<sup>th<\/sup>Qualitative Research on Mental Health Conference (QRMH4) \u201cExploring the Meaning of Meaning in Mental Health Research\u201d<\/em>, 03.-05.07.2012, Nottingham, Great Britain.<\/li>\n\n\n\n<li>Avdi, E.,&nbsp;Borcsa, M., Fellin, L. Holma, J., Laitaila, A., Rautiainen, E.-L., Rober, P., Salgado, J. Seikkula, J. , Ugazio, V. &amp; Wahlstr\u00f6m, J. (2011). Exploring dialogue in couples\u2019 therapy: An exchange of voices.&nbsp;<em>1<sup>st<\/sup>&nbsp;International Congress on Dialogical Practices<\/em>, 22.-24.11.11, Helsinki, Finland.<\/li>\n\n\n\n<li>Borcsa, M., Fries, N. &amp; Tucek, L. (2010). Drei deutsche ERASMUS-Hochschulen berichten \u00fcber ihre \u201eErfolgsmodelle\u201c. Vortrag auf der<em>&nbsp;ERASMUS-Regionaltagung des DAAD (Deutscher Akademischer Austausch Dienst) \u201eDie soziale Dimension in der ERASMUS-Mobilit\u00e4t\u201c<\/em>, 16.-17.09.2010, Humboldt-Universit\u00e4t, Berlin.<\/li>\n\n\n\n<li>Borcsa, M. (2009). Systemische Strategien als Ans\u00e4tze f\u00fcr die F\u00f6rderung von Gerechtigkeit in und f\u00fcr Familien. Vortrag auf der&nbsp;<em>Jubil\u00e4umstagung der Deutschen Gesellschaft f\u00fcr Soziale Arbeit (DGSA) \u201eZwanzig Jahre Profilierung der Wissenschaft Sozialer Arbeit. Ein Blick zur\u00fcck \u2013 ein Blick nach vorn\u201c<\/em>, 27.- 28.11.2009, M\u00fcnchen.<\/li>\n\n\n\n<li>Borcsa, M., Klar, S. Ludewig, K &amp; Reithmayr, F. (2008). Mensch im System.&nbsp;<em>Forum auf der 15. Wissenschaftlichen Jahrestagung der Systemischen Gesellschaft \u201eHinter den Spiegeln\u201c<\/em>, 18.-19.04.2008, Berlin.<\/li>\n\n\n\n<li>Borcsa, M. (2008). Systemische Forschungsf\u00f6rderung durch SG und DGSF. Der Forschungspreis und andere Wege. Podiumsdiskussion auf der 4. Tagung&nbsp;<em>\u201eSystemische Forschung in Therapie, P\u00e4dagogik und Organisationsentwicklung\u201c&nbsp;<\/em>der Universit\u00e4t und des Universit\u00e4tsklinikums Heidelberg, 05.-07.03.2008, Heidelberg.<\/li>\n\n\n\n<li>Borcsa, M. (2007). Chair at the Symposium: Creating Space For Open Dialogue In Early Psychosis. Participants:&nbsp; Val Jackson &amp; Jaakko Seikkula.&nbsp;<em>6<sup>th<\/sup>&nbsp;Congress of the European Family Therapy Association \u201cBeyond Oppositions: Individuals, Families, Communities\u201d<\/em>, 04.-06.10.2007, Glasgow, Great Britain.<\/li>\n\n\n\n<li>Borcsa, M. et al. (2006). Systemische Kompetenz &#8211; Schl\u00fcsselqualifikation professioneller Sozialer Arbeit. Podiumsdiskussion (Ko-Organisation und Teilnahme) auf der&nbsp;<em>18. Weltkonferenz f\u00fcr Soziale Arbeit \u201eSoziale Balance in einer Welt der Ungleichheit\u201c<\/em>, 30.07.-03.08.2006, M\u00fcnchen.<\/li>\n\n\n\n<li>Borcsa, M. (2004). Chair at the Symposia: (1) Family Models: Participants: M. Markova &amp; A. Trencheva (BG); H. Hanks (GB); (2) Systemic Assessment: Participants: J. de Mol &amp; A. Buysee (B); J. Katajam\u00e4ki, P. V\u00e4livaara &amp; J. Aaltonen (FIN).&nbsp;<em>5<sup>th<\/sup>&nbsp;European Congress for Family Therapy and Systemic Practice \u201cCreating futures. Systemic Dialogues across Europe\u201d<\/em>&nbsp;29.09.-02.10.2004, Berlin.<\/li>\n\n\n\n<li>Borcsa, M. (2003). Integrating Qualitative Research Methods in Everyday Practice: Using microanalysis of videotaped sessions as basis for efficient interventions. Presentation at the Annual Conference of AFT &#8211;&nbsp;<em>Association of Family Therapy and Systemic Practice in the UK<\/em>, 31.10.-02.11.2003 in Nottingham, Great Britain.<\/li>\n\n\n\n<li>Borcsa, M. (2002).&nbsp;\u201eFamilientherapie\u201c in den Massenmedien: eine Strukturanalyse. Vortrag bei der&nbsp;<em>2. Wissenschaftlichen Jahrestagung der Deutschen Gesellschaft f\u00fcr Systemische Therapie und Familientherapie<\/em>, 02.-05.10.2002, Freiburg i.Br.<\/li>\n\n\n\n<li>Borcsa, M. (2002). Selbstthematisierung als Alterit\u00e4t: Identit\u00e4tskonstruktionen blinder Menschen aus drei Generationen. Vortrag beim<em>&nbsp;Internationalen Kongress \u201ePsychologische Konstruktionen \u2013 Politiken der Erkenntnis\u201c der Neuen Gesellschaft f\u00fcr Psychologie &amp; Arbeitsbereich Subjektforschung und Kritische Psychologie der Freien Universit\u00e4t Berlin<\/em>, 19.-22.02.2002, Berlin.<\/li>\n\n\n\n<li>Borcsa M. (1999). (Massen-)Kommunikation und die Selbstverortung in Identit\u00e4t und Alterit\u00e4t: Geburtsblindheit im Medienzeitalter. Vortrag bei der&nbsp;<em>Workshoptagung \u201eMassenmedien und Alterit\u00e4t\u201c des SFB 541<\/em>, 02.-03.07.1999, Universit\u00e4t Freiburg i.Br.<\/li>\n\n\n\n<li>Borcsa, M. (1999). Die Funktion der Massenmedien als intermedi\u00e4re Sinnstiftungsagenturen. Explikation am Fall von Blindheit und Mediennutzung. Vortrag auf der<em>&nbsp;Arbeitstagung der Fachgruppe \u201eRezeptionsforschung\u201c der Deutschen Gesellschaft f\u00fcr Publizistik<\/em>, 22.-23.01.1999,&nbsp;LMU M\u00fcnchen.<\/li>\n\n\n\n<li>Charlton, M. &amp;&nbsp;Borcsa, M. (1997). Thematische Voreingenommenheit, Involvement und Formen der Identifikation. Diskussion eines Modells f\u00fcr das aktive Zuschauerhandeln anhand eines empirischen Beispiels. Vortrag auf der&nbsp;<em>Tagung des Sonderforschungsbereiches 321 \u201eScience meets Fiction\u201c<\/em>, 30.11.-02.12.1995, Universit\u00e4t Freiburg i.Br.<\/li>\n\n\n\n<li>Charlton, M. &amp; Borcsa, M. (1995). Kognitive, emotionale und soziale Bedingungen der Rezeption von audiovisuellen Gewaltdarstellungen. Vortrag auf der medienpsychologischen Fachtagung<em>&nbsp;\u201eDie sozio-emotionale Dimension beim Umgang mit Bildschirmmedien\u201c<\/em>, 02.-04.04.1995, K\u00f6ln.<\/li>\n\n\n\n<li>Borcsa, M. (1994). \u00d6ffentliche Partnerschaft(en): Zur \u201aFamilientherapie\u2018 im Rundfunk. Poster pr\u00e4sentiert bei der 1. Europ\u00e4ischen Fachtagung zur Familienforschung<em>&nbsp;\u201eFamilie und Familienprobleme im Wandel\u201c<\/em>, 03.-05.10.1994, Universit\u00e4t Bamberg.<\/li>\n<\/ul>\n<\/div><\/div>\n\n\n\n<div class=\"wp-block-greyd-accordion-item\"><button class=\"wp-block-greyd-accordion__title\" role=\"button\" type=\"button\" aria-expanded=\"false\" aria-controls=\"sect-pkgp-6\" id=\"title-pkgp-6\"><span>Konferenz-Workshops \/ Workshops at conferences<\/span><span class=\"icon icon-normal arrow_triangle-down\" aria-hidden=\"true\"><\/span><span class=\"icon icon-active arrow_triangle-up\" aria-hidden=\"true\"><\/span><\/button><div class=\"wp-block-greyd-accordion__content\" role=\"region\" id=\"sect-pkgp-6\" aria-labelledby=\"title-pkgp-6\" hidden>\n<ul class=\"wp-block-list\">\n<li>Borcsa, M. (2016). Reflexionserweiterungen \u2013 Globalisierte Familien und das Genogramm 4.0. Workshop im Rahmen des Symposions&nbsp;<em>\u201eDie Kraft des Zweifelns \u2013 Systemische Praxis in Zeiten \u201esicheren\u201c Wissens\u201c<\/em>, 13.-15.10.2016, Heidelberg.<\/li>\n\n\n\n<li>Borcsa, M. (2008). Wie verbessern wir Positionierung und Qualit\u00e4t systemischer Lehre und Forschung im deutschen Sprachraum? Leitung des Strategieworkshops auf der 4. Tagung&nbsp;<em>\u201eSystemische Forschung in Therapie, P\u00e4dagogik und Organisationsentwicklung\u201c<\/em>&nbsp;der Universit\u00e4t und des Universit\u00e4tsklinikums Heidelberg, 05.-07.03.2008, Heidelberg.<\/li>\n\n\n\n<li>Borcsa, M. (2005). Zwischen Tabuisierung und Tyrannei der Intimit\u00e4t: Geheimnisse in Familien und in der Familientherapie. Workshop auf der Jahrestagung der Systemischen Gesellschaft&nbsp;<em>\u201eZwischen Handwerk und Kunst &#8211; die Vielfalt systemischen Arbeitens\u201c<\/em>, 29.-30.04.2005, Halle.<\/li>\n\n\n\n<li>Borcsa, M. &amp; Schreier, I. (2003). Frauen in Leitungspositionen. Workshop auf der&nbsp;<em>2. Wissenschaftlichen Jahrestagung der Deutschen Gesellschaft f\u00fcr Systemische Therapie und Familientherapie<\/em>, 02.-05.10.2002, Freiburg i.Br.<\/li>\n<\/ul>\n<\/div><\/div>\n<style class=\"greyd-styles\">.gs_TN6FXd .wp-block-greyd-accordion-item { --accord-title-bg-color: var(--wp--preset--color--color-13); --accord-padding: var(--wp--preset--spacing--40) var(--wp--preset--spacing--40) var(--wp--preset--spacing--40) var(--wp--preset--spacing--40); } .gs_TN6FXd .wp-block-greyd-accordion-item:hover { --accord-title-bg-color: var(--wp--preset--color--color-33); } .gs_TN6FXd .wp-block-greyd-accordion-item :checked + * { --accord-title-bg-color: var(--wp--preset--color--color-22); } <\/style><style class=\"greyd-styles\">. { --accord-title-bg-color: var(--wp--preset--color--color-13); --accord-padding: var(--wp--preset--spacing--40) var(--wp--preset--spacing--40) var(--wp--preset--spacing--40) var(--wp--preset--spacing--40); } .:hover { --accord-title-bg-color: var(--wp--preset--color--color-33); } .gs_TN6FXd .wp-block-greyd-accordion__title[aria-expanded=\"true\"] { --accord-title-bg-color: var(--wp--preset--color--color-22); } <\/style><\/div>\n\n\n<div  class=\"spacer_wrap wp-embed-aspect-21-9 wp-has-aspect-ratio\" aria-hidden=\"true\"><div class=\"wp-block-spacer inner-sm\" style=\"height:calc(100px * 0.4)\" aria-hidden=\"true\"><\/div><div class=\"wp-block-spacer inner-md\" style=\"height:calc(100px * 0.6)\" aria-hidden=\"true\"><\/div><div class=\"wp-block-spacer inner-lg\" style=\"height:calc(100px * 0.8)\" aria-hidden=\"true\"><\/div><div class=\"wp-block-spacer inner-xl\" style=\"height:100px\" aria-hidden=\"true\"><\/div><\/div>\n\n<div  class=\"row_wrap\">\n<div class=\"wp-block-columns row_xxl wp-embed-aspect-21-9 wp-has-aspect-ratio is-layout-flex wp-container-core-columns-is-layout-9d6595d7 wp-block-columns-is-layout-flex\">\n<div class=\"wp-block-column col-12 has-background is-layout-flow wp-block-column-is-layout-flow\" style=\"background-color:#d8e1e8;padding-top:var(--wp--preset--spacing--30);padding-right:var(--wp--preset--spacing--50);padding-bottom:var(--wp--preset--spacing--30);padding-left:var(--wp--preset--spacing--50);flex-basis:100%\">\n<h2 class=\"wp-block-heading\" id=\"h-podcast-systemische-therapie\">Podcast Systemische Therapie<\/h2>\n\n\n\n<h3 class=\"wp-block-heading\">Systemische Therapie: Ist doch die Familie schuld?<\/h3>\n\n\n\n<p class=\"gs_q8IzoB\">01. Oktober 2023<\/p>\n\n\n\n<div class=\"wp-block-group is-vertical is-content-justification-left is-layout-flex wp-container-core-group-is-layout-0d4b66b7 wp-block-group-is-layout-flex\">\n<figure id=\"greyd-69f20e8a92954\" class=\"wp-block-embed is-type-rich is-provider-spotify wp-block-embed-spotify wp-embed-aspect-21-9 wp-has-aspect-ratio wp-container-content-9cfa9a5a\"><div class=\"wp-block-embed__wrapper\">\n <div class=\"brlbs-cmpnt-container brlbs-cmpnt-content-blocker brlbs-cmpnt-with-individual-styles\" data-borlabs-cookie-content-blocker-id=\"spotify\" data-borlabs-cookie-content=\"PGlmcmFtZSB0aXRsZT0iU3BvdGlmeSBFbWJlZDogU3lzdGVtaXNjaGUgVGhlcmFwaWU6IElzdCBkb2NoIGRpZSBGYW1pbGllIHNjaHVsZD8iIHN0eWxlPSJib3JkZXItcmFkaXVzOiAxMnB4IiB3aWR0aD0iMTAwJSIgaGVpZ2h0PSIxNTIiIGZyYW1lYm9yZGVyPSIwIiBhbGxvd2Z1bGxzY3JlZW4gYWxsb3c9ImF1dG9wbGF5OyBjbGlwYm9hcmQtd3JpdGU7IGVuY3J5cHRlZC1tZWRpYTsgZnVsbHNjcmVlbjsgcGljdHVyZS1pbi1waWN0dXJlIiBsb2FkaW5nPSJsYXp5IiBzcmM9Imh0dHBzOi8vb3Blbi5zcG90aWZ5LmNvbS9lbWJlZC9lcGlzb2RlLzR4M3c4SHJFSnpMbEk0TVdnWDVwbXM\/c2k9ZTUwODBiZTZlNjkzNGQ2YyZ1dG1fc291cmNlPW9lbWJlZCI+PC9pZnJhbWU+\"><div class=\"brlbs-cmpnt-cb-preset-b brlbs-cmpnt-cb-spotify\"> <div class=\"brlbs-cmpnt-cb-thumbnail\" style=\"background-image: url('https:\/\/www.hs-nordhausen.de\/wp-content\/uploads\/borlabs-cookie\/8\/brlbs-cb-spotify-main.png')\"><\/div> <div class=\"brlbs-cmpnt-cb-main\"> <div class=\"brlbs-cmpnt-cb-content\"> <p class=\"brlbs-cmpnt-cb-description\">You are currently viewing a placeholder content from <strong>Spotify<\/strong>. To access the actual content, click the button below. Please note that doing so will share data with third-party providers.<\/p> <a class=\"brlbs-cmpnt-cb-provider-toggle\" href=\"#\" data-borlabs-cookie-show-provider-information role=\"button\">More Information<\/a> <\/div> <div class=\"brlbs-cmpnt-cb-buttons\"> <a class=\"brlbs-cmpnt-cb-btn\" href=\"#\" data-borlabs-cookie-unblock role=\"button\">Unblock content<\/a> <a class=\"brlbs-cmpnt-cb-btn\" href=\"#\" data-borlabs-cookie-accept-service role=\"button\" style=\"display: none\">Accept required service and unblock content<\/a> <\/div> <\/div> <\/div><\/div>\n<\/div><\/figure>\n\n\n\n<div class=\"wp-block-greyd-buttons alignleft\" style=\"padding-top:0;padding-bottom:0\">\n<a href=\"https:\/\/psychetoday.podigee.io\/9-systemische-therapie\" class=\"link is-style-link-prim gs_oqykSB big\" rel=\"nofollow noopener\">Zur Podcast-Folge auf Psyche Today<\/a>\n<\/div>\n<\/div>\n<\/div>\n<\/div>\n<\/div>\n\n<div  class=\"spacer_wrap wp-embed-aspect-21-9 wp-has-aspect-ratio\" aria-hidden=\"true\"><div class=\"wp-block-spacer inner-sm\" style=\"height:calc(100px * 0.4)\" aria-hidden=\"true\"><\/div><div class=\"wp-block-spacer inner-md\" style=\"height:calc(100px * 0.6)\" aria-hidden=\"true\"><\/div><div class=\"wp-block-spacer inner-lg\" style=\"height:calc(100px * 0.8)\" aria-hidden=\"true\"><\/div><div class=\"wp-block-spacer inner-xl\" style=\"height:100px\" aria-hidden=\"true\"><\/div><\/div>\n\n\n<h2 class=\"wp-block-heading\" id=\"h-projektskizzen\">Projektskizzen<\/h2>\n\n\n<div class=\"wp-block-downloadlist-list\"><ul class=\"downloadlist-list wp-block-downloadlist-list iconset-bootstrap\">\n<li class=\"attachment-25684 file_application file_pdf \"><a href=\"https:\/\/www.hs-nordhausen.de\/wp-content\/uploads\/sites\/8\/2023\/12\/POLGER_I_Projektskizze.pdf\" rel=\"nofollow\" download>Transgenerationale Effekte auf Familien nach Zwangsmigration. Teilprojekt I<\/a> (354 KB)<br>Was l\u00e4sst sich aus Geschichte(n) lernen?<\/li>\n<li class=\"attachment-25685 file_application file_pdf \"><a href=\"https:\/\/www.hs-nordhausen.de\/wp-content\/uploads\/sites\/8\/2023\/12\/POLGER_II_Projektskizze.pdf\" rel=\"nofollow\" download>Transgenerationale Effekte auf Familien nach Zwangsmigration.Teilprojekt II<\/a> (230 KB)<br>Resilienz f\u00f6rdernde Narrationen<\/li>\n<li class=\"attachment-25686 file_application file_pdf \"><a href=\"https:\/\/www.hs-nordhausen.de\/wp-content\/uploads\/sites\/8\/2023\/12\/Relational-Mind_190617_Borcsa_Webseite_FP_Beschreibung_1_.pdf\" rel=\"nofollow\" download>Relational Mind in Events of Change in Multiactor Therapeutic Dialogues &#8211; Relationales Selbst und Momente der therapeutischen Ver\u00e4nderung in systemischer Paartherapie<\/a> (536 KB)<br>Das internationale Forschungsprojekt besch\u00e4ftigt sich mit der Interaktion von Paaren und TherapeutInnen innerhalb einer Paartherapie. Teilnehmende des Forschungsprojektes sind KlientInnen, die Behandlung in Anspruch nehmen, als auch die TherapeutInnen, die f\u00fcr diese Paartherapien verantwortlich sind.<\/li>\n<li class=\"attachment-25683 file_application file_pdf \"><a href=\"https:\/\/www.hs-nordhausen.de\/wp-content\/uploads\/sites\/8\/2023\/12\/Internetdarstellung_Borcsa_SCORE.pdf\" rel=\"nofollow\" download>Wirksamkeitsmessung systemisch-familientherapeutischer Behandlung<\/a> (46 KB)<br>Das &#8222;SCORE 15&#8220;-Projekt<\/li>\n<li class=\"attachment-25682 file_application file_pdf \"><a href=\"https:\/\/www.hs-nordhausen.de\/wp-content\/uploads\/sites\/8\/2023\/12\/FP36_Analyse_Behandlg-bedingg.pdf\" rel=\"nofollow\" download>Vom Fachkrankenhaus zur psychiatrischen Abteilung: Eine Analyse der Bewertung ver\u00e4nderter Behandlungsbedingungen durch Patienten, deren Angeh\u00f6rige und durch Mitarbeiter des S\u00fcdharz-Krankenhauses Nordhausen<\/a> (24 KB)<br>Vom Fachkrankenhaus zur psychiatrischen Abteilung: Eine Analyse der Bewertung ver\u00e4nderter Behandlungsbedingungen durch Patienten, deren Angeh\u00f6rige und durch Mitarbeiter des S\u00fcdharz-Krankenhauses Nordhausen<\/li>\n<li class=\"attachment-25681 file_application file_pdf \"><a href=\"https:\/\/www.hs-nordhausen.de\/wp-content\/uploads\/sites\/8\/2023\/12\/FP35_Jugendhilfe.pdf\" rel=\"nofollow\" download>Wissenschaftliche Begleitung des Projektes &quot;Verbesserung der Kooperation zwischen Jugendhilfe und Kinder- und Jugendpsychiatrie&quot;<\/a> (23 KB)<\/li>\n<\/ul><\/div>\n\n\n\n<p><\/p>\n","protected":false},"author":2,"parent":26099,"menu_order":0,"template":"","meta":{"_piecal_is_recurring":false,"_piecal_recurring_interval":1,"_piecal_recurring_frequency":"","_piecal_recurring_exact_position":false,"_piecal_recurring_end":"","_piecal_color":"","_piecal_text_color":"","_piecal_global_color_master":false,"_piecal_rsets":"[]","_piecal_is_event":false,"_piecal_start_date":"","_piecal_end_date":"","_piecal_is_allday":false,"greyd_block_editor_preview":[],"pgc_sgb_lightbox_settings":""},"kontaktverzeichnis_category":[521],"kontaktverzeichnis_tag":[],"kontaktverzeichnis_bereich":[733],"kontaktverzeichnis_position":[695],"kontaktverzeichnis_sortierung":[2347],"kontaktverzeichnis_position-2nd":[],"cluster":[3229],"studiengangsleitung":[],"kontakt-zuordnung":[1794],"projekt":[1862],"studienbereich":[807],"institut-oder-einric":[680],"stg-zuordnung":[646,645],"fachbereich":[591],"wf_kontaktverzeichnis_folders":[],"ppma_author":[1402],"class_list":["post-6900","kontaktverzeichnis","type-kontaktverzeichnis","status-publish","hentry","kontaktverzeichnis_category-person","kontaktverzeichnis_bereich-n-a","kontaktverzeichnis_position-professorin","kontaktverzeichnis_sortierung-b","cluster-sozialwesen-und-gesundheit","kontakt-zuordnung-borcsa","projekt-anzeigen","studienbereich-gesundheits-und-sozialwesen","institut-oder-einric-isrv-institut-fuer-sozialmedizin","stg-zuordnung-hp","stg-zuordnung-gus","fachbereich-fb-wirtschafts-und-sozialwissenschaften"],"publishpress_future_action":{"enabled":false,"date":"2026-05-06 15:58:34","action":"change-status","newStatus":"draft","terms":[],"taxonomy":"kontaktverzeichnis_category","extraData":[]},"publishpress_future_workflow_manual_trigger":{"enabledWorkflows":[]},"_links":{"self":[{"href":"https:\/\/www.hs-nordhausen.de\/en\/wp-json\/wp\/v2\/kontaktverzeichnis\/6900","targetHints":{"allow":["GET"]}}],"collection":[{"href":"https:\/\/www.hs-nordhausen.de\/en\/wp-json\/wp\/v2\/kontaktverzeichnis"}],"about":[{"href":"https:\/\/www.hs-nordhausen.de\/en\/wp-json\/wp\/v2\/types\/kontaktverzeichnis"}],"author":[{"embeddable":true,"href":"https:\/\/www.hs-nordhausen.de\/en\/wp-json\/wp\/v2\/users\/2"}],"up":[{"embeddable":true,"href":"https:\/\/www.hs-nordhausen.de\/en\/wp-json\/wp\/v2\/kontaktverzeichnis\/26099"}],"wp:attachment":[{"href":"https:\/\/www.hs-nordhausen.de\/en\/wp-json\/wp\/v2\/media?parent=6900"}],"wp:term":[{"taxonomy":"kontaktverzeichnis_category","embeddable":true,"href":"https:\/\/www.hs-nordhausen.de\/en\/wp-json\/wp\/v2\/kontaktverzeichnis_category?post=6900"},{"taxonomy":"kontaktverzeichnis_tag","embeddable":true,"href":"https:\/\/www.hs-nordhausen.de\/en\/wp-json\/wp\/v2\/kontaktverzeichnis_tag?post=6900"},{"taxonomy":"kontaktverzeichnis_bereich","embeddable":true,"href":"https:\/\/www.hs-nordhausen.de\/en\/wp-json\/wp\/v2\/kontaktverzeichnis_bereich?post=6900"},{"taxonomy":"kontaktverzeichnis_position","embeddable":true,"href":"https:\/\/www.hs-nordhausen.de\/en\/wp-json\/wp\/v2\/kontaktverzeichnis_position?post=6900"},{"taxonomy":"kontaktverzeichnis_sortierung","embeddable":true,"href":"https:\/\/www.hs-nordhausen.de\/en\/wp-json\/wp\/v2\/kontaktverzeichnis_sortierung?post=6900"},{"taxonomy":"kontaktverzeichnis_position-2nd","embeddable":true,"href":"https:\/\/www.hs-nordhausen.de\/en\/wp-json\/wp\/v2\/kontaktverzeichnis_position-2nd?post=6900"},{"taxonomy":"cluster","embeddable":true,"href":"https:\/\/www.hs-nordhausen.de\/en\/wp-json\/wp\/v2\/cluster?post=6900"},{"taxonomy":"studiengangsleitung","embeddable":true,"href":"https:\/\/www.hs-nordhausen.de\/en\/wp-json\/wp\/v2\/studiengangsleitung?post=6900"},{"taxonomy":"kontakt-zuordnung","embeddable":true,"href":"https:\/\/www.hs-nordhausen.de\/en\/wp-json\/wp\/v2\/kontakt-zuordnung?post=6900"},{"taxonomy":"projekt","embeddable":true,"href":"https:\/\/www.hs-nordhausen.de\/en\/wp-json\/wp\/v2\/projekt?post=6900"},{"taxonomy":"studienbereich","embeddable":true,"href":"https:\/\/www.hs-nordhausen.de\/en\/wp-json\/wp\/v2\/studienbereich?post=6900"},{"taxonomy":"institut-oder-einric","embeddable":true,"href":"https:\/\/www.hs-nordhausen.de\/en\/wp-json\/wp\/v2\/institut-oder-einric?post=6900"},{"taxonomy":"stg-zuordnung","embeddable":true,"href":"https:\/\/www.hs-nordhausen.de\/en\/wp-json\/wp\/v2\/stg-zuordnung?post=6900"},{"taxonomy":"fachbereich","embeddable":true,"href":"https:\/\/www.hs-nordhausen.de\/en\/wp-json\/wp\/v2\/fachbereich?post=6900"},{"taxonomy":"wf_kontaktverzeichnis_folders","embeddable":true,"href":"https:\/\/www.hs-nordhausen.de\/en\/wp-json\/wp\/v2\/wf_kontaktverzeichnis_folders?post=6900"},{"taxonomy":"author","embeddable":true,"href":"https:\/\/www.hs-nordhausen.de\/en\/wp-json\/wp\/v2\/ppma_author?post=6900"}],"curies":[{"name":"wp","href":"https:\/\/api.w.org\/{rel}","templated":true}]}}