{"id":17913,"date":"2024-08-20T15:07:57","date_gmt":"2024-08-20T13:07:57","guid":{"rendered":"https:\/\/hsnordhausen.artemis.wpspace.me\/hsn\/forschung\/isrv-institut-fuer-sozialmedizin-rehabilitationswissenschaften-und-versorgungsforschung\/kompetenzzentren\/kompetenzzentrum-fruehe-kindheit-2\/"},"modified":"2025-10-17T12:36:47","modified_gmt":"2025-10-17T10:36:47","slug":"isrv-krw-2","status":"publish","type":"page","link":"https:\/\/www.hs-nordhausen.de\/en\/forschung\/isrv-institut-fuer-sozialmedizin-rehabilitationswissenschaften-und-versorgungsforschung\/isrv-krw\/","title":{"rendered":"KRW - Competence Centre for Rehabilitation Science"},"content":{"rendered":"<div  class=\"spacer_wrap \" aria-hidden=\"true\"><div class=\"wp-block-spacer inner-sm\" style=\"height:calc(2em * 0.4)\" aria-hidden=\"true\"><\/div><div class=\"wp-block-spacer inner-md\" style=\"height:calc(2em * 0.6)\" aria-hidden=\"true\"><\/div><div class=\"wp-block-spacer inner-lg\" style=\"height:calc(2em * 0.8)\" aria-hidden=\"true\"><\/div><div class=\"wp-block-spacer inner-xl\" style=\"height:2em\" aria-hidden=\"true\"><\/div><\/div>\n\n\n<nav aria-label=\"breadcrumbs\" class=\"rank-math-breadcrumb\"><p><span class=\"last\">Home<\/span><\/p><\/nav>\n\n\n<div  class=\"spacer_wrap \" aria-hidden=\"true\"><div class=\"wp-block-spacer inner-sm\" style=\"height:calc(2em * 0.4)\" aria-hidden=\"true\"><\/div><div class=\"wp-block-spacer inner-md\" style=\"height:calc(2em * 0.6)\" aria-hidden=\"true\"><\/div><div class=\"wp-block-spacer inner-lg\" style=\"height:calc(2em * 0.8)\" aria-hidden=\"true\"><\/div><div class=\"wp-block-spacer inner-xl\" style=\"height:2em\" aria-hidden=\"true\"><\/div><\/div>\n\n\n<div id=\"greyd-69f2d579e2461\" class=\"wp-block-greyd-box aligncenter gs_H5cLJW greyd-content-box gs_H5cLJW\">\n<div class=\"wp-block-group hidden-xs is-content-justification-center is-nowrap is-layout-flex wp-container-core-group-is-layout-5228e7ad wp-block-group-is-layout-flex gs_nOiOoy group_wrap\" style=\"padding-top:var(--wp--preset--spacing--30);padding-right:var(--wp--preset--spacing--30);padding-bottom:var(--wp--preset--spacing--30);padding-left:var(--wp--preset--spacing--30)\"><figure style=\"padding-right:var(--wp--preset--spacing--50);padding-bottom:0;padding-left:var(--wp--preset--spacing--50);\" class=\"wp-block-image greyd-image   gs_0Nd0Ek\"><img decoding=\"async\" src=\"https:\/\/www.hs-nordhausen.de\/wp-content\/uploads\/sites\/8\/2024\/06\/Logo-ISRV.svg\" class=\"wp-image-14762\" alt=\"Logo ISRV - Institut f\u00fcr Sozialmedizin, Rehabilitationswissenschaften und Versorgungsforschung\" title=\"\"><\/figure>\n\n\n<h1 class=\"wp-block-heading gs_EyWWQM\" id=\"h-post-titel\"><span data-tag=\"title\" data-params=\"\" class=\"is-tag\">Post Titel<\/span><\/h1>\n<\/div>\n\n\n\n<div class=\"wp-block-group hidden-lg hidden-md hidden-sm is-vertical is-content-justification-center is-layout-flex wp-container-core-group-is-layout-4a04943e wp-block-group-is-layout-flex\" style=\"padding-top:0;padding-right:var(--wp--preset--spacing--30);padding-bottom:0;padding-left:var(--wp--preset--spacing--30)\"><figure style=\"padding-right:var(--wp--preset--spacing--50);\" class=\"wp-block-image greyd-image   gs_QbzMF0\"><img decoding=\"async\" src=\"https:\/\/www.hs-nordhausen.de\/wp-content\/uploads\/sites\/8\/2024\/06\/Logo-ISRV.svg\" class=\"wp-image-14762\" alt=\"Logo ISRV - Institut f\u00fcr Sozialmedizin, Rehabilitationswissenschaften und Versorgungsforschung\" title=\"\"><\/figure>\n\n\n<h1 class=\"wp-block-heading gs_Hv7Xq7\" id=\"h-post-titel-0\"><span data-tag=\"title\" data-params=\"\" class=\"is-tag\">Post Titel<\/span><\/h1>\n<\/div>\n<\/div>\n\n\n\n<div class=\"wp-block-group is-content-justification-space-between is-nowrap is-layout-flex wp-container-core-group-is-layout-0dfbf163 wp-block-group-is-layout-flex gs_kAWPzr group_wrap\">\n<hr style='  height: 4px !important;   ' class=\"wp-block-separator has-text-color has-color-11-color has-alpha-channel-opacity has-color-11-background-color has-background is-style-wide\"\/>\n<\/div>\n\n\n\n<div class=\"wp-block-greyd-box aligncenter gs_KCEkg6 greyd-content-box gs_KCEkg6 flex-justify-center  is-position-sticky\" id=\"sticky-btn\"><nav data-anchoractive=\"{&quot;start&quot;:&quot;0%&quot;,&quot;end&quot;:&quot;100%&quot;,&quot;multiple&quot;:&quot;closest&quot;,&quot;none&quot;:&quot;closest&quot;,&quot;enable&quot;:true}\" class=\"is-anchor-active-style gs_HgDI4L is-responsive items-justified-center open-on-hover-click wp-block-navigation is-content-justification-center is-layout-flex wp-container-core-navigation-is-layout-5590e8cb wp-block-navigation-is-layout-flex\" aria-label=\"ISRV 1\" \n\t\t data-wp-interactive=\"core\/navigation\" data-wp-context='{\"overlayOpenedBy\":{\"click\":false,\"hover\":false,\"focus\":false},\"type\":\"overlay\",\"roleAttribute\":\"\",\"ariaLabel\":\"Menu\"}'><button aria-haspopup=\"dialog\" aria-label=\"Open menu\" class=\"wp-block-navigation__responsive-container-open\" \n\t\t\t\tdata-wp-on--click=\"actions.openMenuOnClick\"\n\t\t\t\tdata-wp-on--keydown=\"actions.handleMenuKeydown\"\n\t\t\t><svg width=\"24\" height=\"24\" xmlns=\"http:\/\/www.w3.org\/2000\/svg\" viewBox=\"0 0 24 24\"><path d=\"M5 5v1.5h14V5H5z\"><\/path><path d=\"M5 12.8h14v-1.5H5v1.5z\"><\/path><path d=\"M5 19h14v-1.5H5V19z\"><\/path><\/svg><\/button>\n\t\t\t\t<div class=\"wp-block-navigation__responsive-container\"  id=\"modal-1\" \n\t\t\t\tdata-wp-class--has-modal-open=\"state.isMenuOpen\"\n\t\t\t\tdata-wp-class--is-menu-open=\"state.isMenuOpen\"\n\t\t\t\tdata-wp-watch=\"callbacks.initMenu\"\n\t\t\t\tdata-wp-on--keydown=\"actions.handleMenuKeydown\"\n\t\t\t\tdata-wp-on--focusout=\"actions.handleMenuFocusout\"\n\t\t\t\ttabindex=\"-1\"\n\t\t\t>\n\t\t\t\t\t<div class=\"wp-block-navigation__responsive-close\" tabindex=\"-1\">\n\t\t\t\t\t\t<div class=\"wp-block-navigation__responsive-dialog\" \n\t\t\t\tdata-wp-bind--aria-modal=\"state.ariaModal\"\n\t\t\t\tdata-wp-bind--aria-label=\"state.ariaLabel\"\n\t\t\t\tdata-wp-bind--role=\"state.roleAttribute\"\n\t\t\t>\n\t\t\t\t\t\t\t<button aria-label=\"Close menu\" class=\"wp-block-navigation__responsive-container-close\" \n\t\t\t\tdata-wp-on--click=\"actions.closeMenuOnClick\"\n\t\t\t><svg xmlns=\"http:\/\/www.w3.org\/2000\/svg\" viewBox=\"0 0 24 24\" width=\"24\" height=\"24\" aria-hidden=\"true\" focusable=\"false\"><path d=\"m13.06 12 6.47-6.47-1.06-1.06L12 10.94 5.53 4.47 4.47 5.53 10.94 12l-6.47 6.47 1.06 1.06L12 13.06l6.47 6.47 1.06-1.06L13.06 12Z\"><\/path><\/svg><\/button>\n\t\t\t\t\t\t\t<div class=\"wp-block-navigation__responsive-container-content\" \n\t\t\t\tdata-wp-watch=\"callbacks.focusFirstElement\"\n\t\t\t id=\"modal-1-content\">\n\t\t\t\t\t\t\t\t<ul class=\"wp-block-navigation__container is-responsive items-justified-center open-on-hover-click wp-block-navigation\"><li class=\"gs_8JqIef  wp-block-navigation-item wp-block-navigation-link\"><a class=\"wp-block-navigation-item__content\"  href=\"https:\/\/www.hs-nordhausen.de\/forschung\/isrv-institut-fuer-sozialmedizin-rehabilitationswissenschaften-und-versorgungsforschung\/\"><span class=\"wp-block-navigation-item__label\"><strong>ISRV<\/strong><\/span><\/a><\/li><li data-wp-context=\"{ &quot;submenuOpenedBy&quot;: { &quot;click&quot;: false, &quot;hover&quot;: false, &quot;focus&quot;: false }, &quot;type&quot;: &quot;submenu&quot;, &quot;modal&quot;: null, &quot;previousFocus&quot;: null }\" data-wp-interactive=\"core\/navigation\" data-wp-on--focusout=\"actions.handleMenuFocusout\" data-wp-on--keydown=\"actions.handleMenuKeydown\" data-wp-on--mouseenter=\"actions.openMenuOnHover\" data-wp-on--mouseleave=\"actions.closeMenuOnHover\" data-wp-watch=\"callbacks.initMenu\" tabindex=\"-1\" class=\"gs_pR1IYZ wp-block-navigation-item has-child open-on-hover-click wp-block-navigation-submenu\"><a class=\"wp-block-navigation-item__content\"><span class=\"wp-block-navigation-item__label\">Kompetenzzentren<\/span><\/a><button data-wp-bind--aria-expanded=\"state.isMenuOpen\" data-wp-on--click=\"actions.toggleMenuOnClick\" aria-label=\"Kompetenzzentren submenu\" class=\"wp-block-navigation__submenu-icon wp-block-navigation-submenu__toggle\" ><svg xmlns=\"http:\/\/www.w3.org\/2000\/svg\" width=\"12\" height=\"12\" viewBox=\"0 0 12 12\" fill=\"none\" aria-hidden=\"true\" focusable=\"false\"><path d=\"M1.50002 4L6.00002 8L10.5 4\" stroke-width=\"1.5\"><\/path><\/svg><\/button><ul data-wp-on--focus=\"actions.openMenuOnFocus\" class=\"wp-block-navigation__submenu-container wp-block-navigation-submenu\"><li class=\"gs_Tglk50  wp-block-navigation-item wp-block-navigation-link\"><a class=\"wp-block-navigation-item__content\"  href=\"https:\/\/www.hs-nordhausen.de\/forschung\/isrv-institut-fuer-sozialmedizin-rehabilitationswissenschaften-und-versorgungsforschung\/isrv-kfk\/\"><span class=\"wp-block-navigation-item__label\">KFK \u2013 Kompetenzzentrum Fr\u00fche Kindheit<\/span><\/a><\/li><li class=\"gs_38cVuS  wp-block-navigation-item wp-block-navigation-link\"><a class=\"wp-block-navigation-item__content\"  href=\"https:\/\/www.hs-nordhausen.de\/forschung\/isrv-institut-fuer-sozialmedizin-rehabilitationswissenschaften-und-versorgungsforschung\/isrv-kig\/\"><span class=\"wp-block-navigation-item__label\">KIG \u2013 Kompetenzzentrum Intersektionalit\u00e4t und Gesundheit<\/span><\/a><\/li><li class=\"gs_2Gn6wE  wp-block-navigation-item wp-block-navigation-link\"><a class=\"wp-block-navigation-item__content\"  href=\"https:\/\/www.hs-nordhausen.de\/forschung\/isrv-institut-fuer-sozialmedizin-rehabilitationswissenschaften-und-versorgungsforschung\/isrv-krw\/\"><span class=\"wp-block-navigation-item__label\">KRW \u2013 Kompetenzzentrum Rehabilitationswissenschaft<\/span><\/a><\/li><\/ul><\/li><li class=\"gs_FaRBbj  wp-block-navigation-item wp-block-navigation-link\"><a class=\"wp-block-navigation-item__content\"  href=\"https:\/\/www.hs-nordhausen.de\/forschung\/isrv-institut-fuer-sozialmedizin-rehabilitationswissenschaften-und-versorgungsforschung\/mitglieder\/\"><span class=\"wp-block-navigation-item__label\">Mitglieder<\/span><\/a><\/li><li data-wp-context=\"{ &quot;submenuOpenedBy&quot;: { &quot;click&quot;: false, &quot;hover&quot;: false, &quot;focus&quot;: false }, &quot;type&quot;: &quot;submenu&quot;, &quot;modal&quot;: null, &quot;previousFocus&quot;: null }\" data-wp-interactive=\"core\/navigation\" data-wp-on--focusout=\"actions.handleMenuFocusout\" data-wp-on--keydown=\"actions.handleMenuKeydown\" data-wp-on--mouseenter=\"actions.openMenuOnHover\" data-wp-on--mouseleave=\"actions.closeMenuOnHover\" data-wp-watch=\"callbacks.initMenu\" tabindex=\"-1\" class=\"gs_yyIyxp wp-block-navigation-item has-child open-on-hover-click wp-block-navigation-submenu\"><a class=\"wp-block-navigation-item__content\" href=\"https:\/\/www.hs-nordhausen.de\/forschung\/isrv-institut-fuer-sozialmedizin-rehabilitationswissenschaften-und-versorgungsforschung\/forschung-und-lehre\/\"><span class=\"wp-block-navigation-item__label\">Forschung und Lehre<\/span><\/a><button data-wp-bind--aria-expanded=\"state.isMenuOpen\" data-wp-on--click=\"actions.toggleMenuOnClick\" aria-label=\"Forschung und Lehre submenu\" class=\"wp-block-navigation__submenu-icon wp-block-navigation-submenu__toggle\" ><svg xmlns=\"http:\/\/www.w3.org\/2000\/svg\" width=\"12\" height=\"12\" viewBox=\"0 0 12 12\" fill=\"none\" aria-hidden=\"true\" focusable=\"false\"><path d=\"M1.50002 4L6.00002 8L10.5 4\" stroke-width=\"1.5\"><\/path><\/svg><\/button><ul data-wp-on--focus=\"actions.openMenuOnFocus\" class=\"wp-block-navigation__submenu-container wp-block-navigation-submenu\"><li class=\" wp-block-navigation-item wp-block-navigation-link\"><a class=\"wp-block-navigation-item__content\"  href=\"https:\/\/www.hs-nordhausen.de\/forschung\/isrv-institut-fuer-sozialmedizin-rehabilitationswissenschaften-und-versorgungsforschung\/studierendenforschung-und-abschlussarbeiten\/\"><span class=\"wp-block-navigation-item__label\">Studierendenforschung und Abschlussarbeiten<\/span><\/a><\/li><\/ul><\/li><li class=\"gs_1LdHDP  wp-block-navigation-item wp-block-navigation-link\"><a class=\"wp-block-navigation-item__content\"  href=\"https:\/\/www.hs-nordhausen.de\/forschung\/isrv-institut-fuer-sozialmedizin-rehabilitationswissenschaften-und-versorgungsforschung\/publikationen-isrv\/\"><span class=\"wp-block-navigation-item__label\">Publikationen<\/span><\/a><\/li><\/ul>\n\t\t\t\t\t\t\t<\/div>\n\t\t\t\t\t\t<\/div>\n\t\t\t\t\t<\/div>\n\t\t\t\t<\/div><\/nav><\/div>\n\n\n<div  class=\"row_wrap\">\n<div class=\"wp-block-columns row_xxxl is-layout-flex wp-container-core-columns-is-layout-9d6595d7 wp-block-columns-is-layout-flex\">\n<div class=\"wp-block-column col-12 is-layout-flow wp-block-column-is-layout-flow\" style=\"flex-basis:50%;width:50%\"><div  class=\"gs_63Lygt row_wrap\">\n<div class=\"wp-block-columns row_xxl is-layout-flex wp-container-core-columns-is-layout-9d6595d7 wp-block-columns-is-layout-flex\">\n<div class=\"wp-block-column col-12 col-md-8 is-layout-flow wp-block-column-is-layout-flow\">\n<p>Aufgrund des demographischen Wandels und damit einhergehend zunehmenden H\u00e4ufigkeit von chronischen Erkrankungen steht die medizinische Rehabilitation vor gro\u00dfen Herausforderungen hinsichtlich Pr\u00e4vention und verbesserten Versorgungsangeboten mit weiterentwickelten Behandlungskonzepten. Zur Bew\u00e4ltigung dieser Aufgaben bedarf es intensivierter interdisziplin\u00e4rer Forschung \u2013 sowohl unter Einbeziehung grundlagenwissenschaftlicher Fragestellungen als auch hinsichtlich klinischer Erprobung innovativer Therapieformen.<\/p>\n\n\n\n<p>Das Kompetenzzentrum Rehabilitationswissenschaften m\u00f6chte hierzu seinen Beitrag leisten, was neben laufenden Forschungsprojekten auch Aktivit\u00e4ten wie Organisation und Moderation von wissenschaftlichen Symposien beziehungsweise \u00f6ffentlichkeitswirksamen Veranstaltungen zu relevanten Themen der medizinischen Rehabilitation beinhaltet.&nbsp;&nbsp;<\/p>\n\n\n\n<div class=\"wp-block-group is-content-justification-center is-nowrap is-layout-flex wp-container-core-group-is-layout-e1a27aa3 wp-block-group-is-layout-flex\" style=\"padding-top:var(--wp--preset--spacing--50);padding-bottom:var(--wp--preset--spacing--50)\"><figure style=\"\" class=\"wp-block-image greyd-image   gs_SEKd8H\"><img decoding=\"async\" width=\"640\" height=\"514\" src=\"https:\/\/www.hs-nordhausen.de\/wp-content\/uploads\/sites\/8\/2024\/08\/csm_ISRV_Kompetenzzentrum_RW_DE_cb1ed0ea37.png\" class=\"wp-image-17919\" alt=\"csm_ISRV_Kompetenzzentrum_RW_DE_cb1ed0ea37\" srcset=\"https:\/\/www.hs-nordhausen.de\/wp-content\/uploads\/sites\/8\/2024\/08\/csm_ISRV_Kompetenzzentrum_RW_DE_cb1ed0ea37.png 640w, https:\/\/www.hs-nordhausen.de\/wp-content\/uploads\/sites\/8\/2024\/08\/csm_ISRV_Kompetenzzentrum_RW_DE_cb1ed0ea37-300x241.png 300w, https:\/\/www.hs-nordhausen.de\/wp-content\/uploads\/sites\/8\/2024\/08\/csm_ISRV_Kompetenzzentrum_RW_DE_cb1ed0ea37-150x120.png 150w, https:\/\/www.hs-nordhausen.de\/wp-content\/uploads\/sites\/8\/2024\/08\/csm_ISRV_Kompetenzzentrum_RW_DE_cb1ed0ea37-15x12.png 15w, https:\/\/www.hs-nordhausen.de\/wp-content\/uploads\/sites\/8\/2024\/08\/csm_ISRV_Kompetenzzentrum_RW_DE_cb1ed0ea37-24x19.png 24w\" sizes=\"(max-width: 640px) 100vw, 640px\" title=\"\"><\/figure><\/div>\n\n\n\n<div id=\"greyd-69f2d579ed7b6\" class=\"wp-block-greyd-box gs_DI2rT3 greyd-content-box gs_DI2rT3\">\n<div class=\"wp-block-greyd-tabs  gs_yV41Zl is-style-chips\" data-transition=\"horizontal\" style=\"padding-top:var(--wp--preset--spacing--50);padding-right:var(--wp--preset--spacing--30);padding-bottom:var(--wp--preset--spacing--50);padding-left:var(--wp--preset--spacing--30)\"><div class=\"tabs\" role=\"tablist\"><button  class=\"greyd_tab is-active \" aria-selected=\"true\" type=\"button\" role=\"tab\" aria-controls=\"tabpanel_zth0\" id=\"tab_zth0\">\n\t\t\t\n\t\t\t<span>Mitglieder \/<br>Kooperationspartner*innen<\/span>\n\t\t\t<span  class=\"icon icon-normal \" aria-hidden=\"true\"><\/span>\n\t\t<span  class=\"icon icon-active \" aria-hidden=\"true\"><\/span>\n\t\t<\/button><button  class=\"greyd_tab  \" aria-selected=\"false\" type=\"button\" role=\"tab\" aria-controls=\"tabpanel_76ba\" id=\"tab_76ba\" tabindex=\"-1\">\n\t\t\t\n\t\t\t<span>Aktuelle Projekte<\/span>\n\t\t\t<span  class=\"icon icon-normal \" aria-hidden=\"true\"><\/span>\n\t\t<span  class=\"icon icon-active \" aria-hidden=\"true\"><\/span>\n\t\t<\/button><button  class=\"greyd_tab  \" aria-selected=\"false\" type=\"button\" role=\"tab\" aria-controls=\"tabpanel_glfx\" id=\"tab_glfx\" tabindex=\"-1\">\n\t\t\t\n\t\t\t<span>Symposien \/<br>Diskussionsforen<\/span>\n\t\t\t<span  class=\"icon icon-normal \" aria-hidden=\"true\"><\/span>\n\t\t<span  class=\"icon icon-active \" aria-hidden=\"true\"><\/span>\n\t\t<\/button><button  class=\"greyd_tab  \" aria-selected=\"false\" type=\"button\" role=\"tab\" aria-controls=\"tabpanel_28y0\" id=\"tab_28y0\" tabindex=\"-1\">\n\t\t\t\n\t\t\t<span>Hintergrund<\/span>\n\t\t\t<span  class=\"icon icon-normal \" aria-hidden=\"true\"><\/span>\n\t\t<span  class=\"icon icon-active \" aria-hidden=\"true\"><\/span>\n\t\t<\/button><\/div><style class=\"greyd-styles\">.gs_yV41Zl .greyd_tab { background: linear-gradient(44deg,rgb(197,103,9) 0%,rgb(137,74,6) 100%) !important; color: var(--wp--preset--color--color-23) !important; border-top: 1px solid var(--wp--preset--color--color-13) !important; border-right: 1px solid var(--wp--preset--color--color-13) !important; border-bottom: 1px solid var(--wp--preset--color--color-13) !important; border-left: 1px solid var(--wp--preset--color--color-13) !important; } .gs_yV41Zl .greyd_tab:hover { border-top: 1px solid var(--wp--preset--color--color-13) !important; border-right: 1px solid var(--wp--preset--color--color-13) !important; border-bottom: 1px solid var(--wp--preset--color--color-13) !important; border-left: 1px solid var(--wp--preset--color--color-13) !important; } .gs_yV41Zl .greyd_tab.is-active { border-top: 1px solid #fcb900 !important; border-right: 1px solid #fcb900 !important; border-bottom: 1px solid #fcb900 !important; border-left: 1px solid #fcb900 !important; } <\/style><div class=\"panels\">\n<div id=\"tabpanel_zth0\" class=\"panel\" role=\"tabpanel\" aria-labelledby=\"tab_zth0\" tabindex=\"0\">\n<h2 class=\"wp-block-heading\" id=\"h-mitglieder\">Mitglieder<\/h2>\n\n\n\n<div id=\"greyd-69f2d579e99bd\" class=\"wp-block-greyd-box gs_mgGSu2 greyd-content-box gs_mgGSu2\">\n<h3 class=\"wp-block-heading\" id=\"h-prof-dr-med-habil-markus-s-bassler\"><span class=\"is-button link\" data-type=\"link\" data-params=\"{&quot;url&quot;:&quot;https:\/\/www.hs-nordhausen.de\/kontaktverzeichnis\/bassler-prof-dr-markus\/&quot;,&quot;id&quot;:11800,&quot;title&quot;:&quot;Bassler, Prof. Dr. Markus&quot;,&quot;type&quot;:&quot;kontaktverzeichnis&quot;,&quot;kind&quot;:&quot;post-type&quot;}\"><strong>Prof. Dr. med. habil. Markus S. Bassler<\/strong><\/span><\/h3>\n\n\n\n<div id=\"greyd-69f2d579e996c\" class=\"wp-block-greyd-box gs_sjt9mT greyd-content-box gs_sjt9mT has-text-color\">\n<h4 class=\"wp-block-heading\" id=\"h-forschungsschwerpunkte-prof-dr-med-habil-bassler\">Forschungsschwerpunkte Prof. Dr. med. habil. Bassler<\/h4>\n\n\n\n<ul class=\"wp-block-list\">\n<li>Station\u00e4re Psychotherapie<\/li>\n\n\n\n<li>psychosomatische Rehabilitation<\/li>\n\n\n\n<li>st\u00f6rungsspezifische Psychotherapie (Schwerpunkt: Angstst\u00f6rungen)<\/li>\n\n\n\n<li>Spiritualit\u00e4t und Psychotherapie, Psychoanalyse und Religion<\/li>\n\n\n\n<li>Interkulturelle Psychosomatische Medizin (China)<\/li>\n<\/ul>\n<\/div>\n<\/div>\n\n\n\n<div id=\"greyd-69f2d579e9ba7\" class=\"wp-block-greyd-box gs_Ouss1f greyd-content-box gs_Ouss1f\">\n<h3 class=\"wp-block-heading\" id=\"h-prof-dr-med-andreas-seidel\"><span class=\"is-button link\" data-type=\"link\" data-params=\"{&quot;url&quot;:&quot;https:\/\/www.hs-nordhausen.de\/kontaktverzeichnis\/seidel-andreas-prof-dr\/&quot;,&quot;id&quot;:7352,&quot;title&quot;:&quot;Seidel, Andreas, Prof. Dr.&quot;,&quot;type&quot;:&quot;kontaktverzeichnis&quot;,&quot;kind&quot;:&quot;post-type&quot;}\"><strong>Prof. Dr. med. Andreas Seidel<\/strong><\/span><\/h3>\n\n\n\n<div id=\"greyd-69f2d579e9b65\" class=\"wp-block-greyd-box gs_0t2DFQ greyd-content-box gs_0t2DFQ has-text-color\">\n<h4 class=\"wp-block-heading\" id=\"h-forschungsschwerpunkte-prof-dr-med-seidel\">Forschungsschwerpunkte Prof. Dr. med. Seidel<\/h4>\n\n\n\n<ul class=\"wp-block-list\">\n<li>chronische Erkrankungen und Behinderung<\/li>\n\n\n\n<li>ICF<\/li>\n\n\n\n<li>psychische St\u00f6rungen insb. Autismus, ADHS, Depressionen<\/li>\n\n\n\n<li>Kindesentwicklung und Entwicklungsst\u00f6rungen<\/li>\n\n\n\n<li>Fr\u00fchf\u00f6rderung<\/li>\n<\/ul>\n<\/div>\n<\/div>\n\n\n\n<hr style='  width: 100% !important; height: 1rem !important; border-radius: 0px !important;   background-color:#f4a755;' class=\"wp-block-separator has-text-color has-alpha-channel-opacity has-background is-style-bar\" style=\"background-color:#f4a755;color:#f4a755\"\/>\n\n\n\n<div class=\"wp-block-group has-color-13-background-color has-background gs_1L00hU group_wrap\" style=\"padding-top:var(--wp--preset--spacing--20);padding-right:var(--wp--preset--spacing--50);padding-bottom:var(--wp--preset--spacing--30);padding-left:var(--wp--preset--spacing--50)\"><div class=\"wp-block-group__inner-container is-layout-constrained wp-container-core-group-is-layout-e94b752c wp-block-group-is-layout-constrained\">\n<h2 class=\"wp-block-heading\" id=\"h-kooperationspartner-innen\">Kooperationspartner:innen<\/h2>\n\n\n\n<ul class=\"wp-block-list\">\n<li><strong>Prof. Dr. med. Kurt Fritzsche<\/strong><br>Klinik f\u00fcr Psychosomatische Medizin und Psychotherapie der Universit\u00e4t Freiburg<\/li>\n\n\n\n<li><strong>Prof. Dr. med. Matthias Karst<\/strong><br>Schmerzambulanz, Medizinische Hochschule Hannover<\/li>\n\n\n\n<li><strong>Prof. Dr. phil. Axel Kobelt-P\u00f6nicke<\/strong><br>Institut f\u00fcr Psychologie, Abt. Klinische Psychologie und Psychotherapie, Universit\u00e4t Hildesheim<\/li>\n\n\n\n<li><strong>Prof. Dr. med. Volker K\u00f6llner<\/strong><br>Psychosomatische Rehabilitationsklinik Seehof der Deutschen Rentenversicherung Bund, Berlin<\/li>\n\n\n\n<li><strong>Dr. phil. R\u00fcdiger N\u00fcbling<\/strong><br>Gesellschaft f\u00fcr Qualit\u00e4t im Gesundheitswesen, Karlsruhe<\/li>\n<\/ul>\n<\/div><\/div>\n<\/div>\n\n\n\n<div id=\"tabpanel_76ba\" class=\"panel\" role=\"tabpanel\" aria-labelledby=\"tab_76ba\" tabindex=\"0\">\n<div class=\"wp-block-query is-layout-flow wp-block-query-is-layout-flow\"><div id='post-results-69f2d579ea083'  class=\"greyd-posts-slider wp-block-post-template js\" data-currentpage=\"1\" data-query-id=\"1\" data-height=\"max\"><div class='query-pages-wrapper results_wrapper' data-ppp='3'><div class='query-page result_wrapper is-current' data-page='1'><article class='query-post wp-block-post post-19384 forschungsprojekt type-forschungsprojekt status-publish hentry forschungsprojekt_category-angezeigte-projekte forschungsprojekt_category-laufende-projekte forschungsgebiet-n-a kontakt-zuordnung-borcsa projekt-n-a studienbereich-gesundheits-und-sozialwesen institut-oder-einric-isrv-institut-fuer-sozialmedizin institut-oder-einric-krw fachbereich-fb-wirtschafts-und-sozialwissenschaften search_result' data-post='19384'data-title='transgenerationale effekte auf familien nach zwangsmigration resilienz frdernde narrationen teil 2'data-date='2024-09-04 14:48:31'data-postviews='2133'data-index='1'>\n<div id=\"greyd-69f2d579eb87c\" class=\"wp-block-greyd-box gs_uPgRye greyd-content-box gs_uPgRye\">\n<h3 class=\"wp-block-heading\" id=\"h-post-titel-0\" style=\"padding-right:0;padding-left:0\"><span data-tag=\"title\" data-params=\"{&quot;isLink&quot;:true}\" class=\"is-tag\">Post Titel<\/span><\/h3>\n\n\n\n<p class=\"gs_f3I26M\"><strong>Forschungsfrage \/ Projektgegenstand:<\/strong> <span data-tag=\"f-frage\" data-params=\"&quot;&quot;\" class=\"is-tag\">Forschungsfrage<\/span><\/p>\n\n\n\n<div id=\"greyd-69f2d579eb838\" class=\"wp-block-greyd-box gs_sIJtr0 greyd-content-box gs_sIJtr0\">\n<div class=\"wp-block-group is-layout-flex wp-block-group-is-layout-flex\">\n<p><strong>Projektleitung:<\/strong><\/p>\n\n\n\n<p><span data-tag=\"p-leitung\" data-params=\"\" class=\"is-tag\">Projektleitung<\/span><\/p>\n<\/div>\n\n\n\n\n\n<div class=\"wp-block-group is-layout-flex wp-block-group-is-layout-flex\">\n<p><strong>Laufzeit:<\/strong><\/p>\n\n\n\n<p><span data-tag=\"p-laufzeit\" data-params=\"&quot;&quot;\" class=\"is-tag\">Laufzeit<\/span><\/p>\n<\/div>\n<\/div>\n<\/div>\n<\/article><article class='query-post wp-block-post post-19383 forschungsprojekt type-forschungsprojekt status-publish hentry forschungsprojekt_category-angezeigte-projekte forschungsprojekt_category-laufende-projekte forschungsgebiet-n-a kontakt-zuordnung-borcsa projekt-n-a studienbereich-gesundheits-und-sozialwesen institut-oder-einric-isrv-institut-fuer-sozialmedizin institut-oder-einric-krw fachbereich-fb-wirtschafts-und-sozialwissenschaften search_result' data-post='19383'data-title='transgenerationale effekte auf familien nach zwangsmigration was lsst sich aus geschichten lernen teil 1'data-date='2024-09-04 14:43:04'data-postviews='2225'data-index='2'>\n<div id=\"greyd-69f2d579ec101\" class=\"wp-block-greyd-box gs_uPgRye greyd-content-box gs_uPgRye\">\n<h3 class=\"wp-block-heading\" id=\"h-post-titel-0\" style=\"padding-right:0;padding-left:0\"><span data-tag=\"title\" data-params=\"{&quot;isLink&quot;:true}\" class=\"is-tag\">Post Titel<\/span><\/h3>\n\n\n\n<p class=\"gs_f3I26M\"><strong>Forschungsfrage \/ Projektgegenstand:<\/strong> <span data-tag=\"f-frage\" data-params=\"&quot;&quot;\" class=\"is-tag\">Forschungsfrage<\/span><\/p>\n\n\n\n<div id=\"greyd-69f2d579ec0df\" class=\"wp-block-greyd-box gs_sIJtr0 greyd-content-box gs_sIJtr0\">\n<div class=\"wp-block-group is-layout-flex wp-block-group-is-layout-flex\">\n<p><strong>Projektleitung:<\/strong><\/p>\n\n\n\n<p><span data-tag=\"p-leitung\" data-params=\"\" class=\"is-tag\">Projektleitung<\/span><\/p>\n<\/div>\n\n\n\n\n<div class=\"wp-block-group is-layout-flex wp-block-group-is-layout-flex\">\n<p><strong>Projektmitarbeit:<\/strong><\/p>\n\n\n\n<p><span data-tag=\"p-mitarbeitende\" data-params=\"&quot;&quot;\" class=\"is-tag\">Mitarbeitende<\/span><\/p>\n<\/div>\n\n\n\n\n<div class=\"wp-block-group is-layout-flex wp-block-group-is-layout-flex\">\n<p><strong>Laufzeit:<\/strong><\/p>\n\n\n\n<p><span data-tag=\"p-laufzeit\" data-params=\"&quot;&quot;\" class=\"is-tag\">Laufzeit<\/span><\/p>\n<\/div>\n<\/div>\n<\/div>\n<\/article><article class='query-post wp-block-post post-19379 forschungsprojekt type-forschungsprojekt status-publish hentry forschungsprojekt_category-angezeigte-projekte forschungsprojekt_category-laufende-projekte forschungsgebiet-n-a kontakt-zuordnung-bassler projekt-mbor-prime studienbereich-gesundheits-und-sozialwesen institut-oder-einric-isrv-institut-fuer-sozialmedizin institut-oder-einric-krw fachbereich-fb-wirtschafts-und-sozialwissenschaften search_result' data-post='19379'data-title='implementierung von praxisempfehlungen fr die medizinischberuflich orientierte rehabilitation'data-date='2024-09-04 14:33:21'data-postviews='2156'data-index='3'>\n<div id=\"greyd-69f2d579ec957\" class=\"wp-block-greyd-box gs_uPgRye greyd-content-box gs_uPgRye\">\n<h3 class=\"wp-block-heading\" id=\"h-post-titel-0\" style=\"padding-right:0;padding-left:0\"><span data-tag=\"title\" data-params=\"{&quot;isLink&quot;:true}\" class=\"is-tag\">Post Titel<\/span><\/h3>\n\n\n\n<p class=\"gs_f3I26M\"><strong>Forschungsfrage \/ Projektgegenstand:<\/strong> <span data-tag=\"f-frage\" data-params=\"&quot;&quot;\" class=\"is-tag\">Forschungsfrage<\/span><\/p>\n\n\n\n<div id=\"greyd-69f2d579ec935\" class=\"wp-block-greyd-box gs_sIJtr0 greyd-content-box gs_sIJtr0\">\n<div class=\"wp-block-group is-layout-flex wp-block-group-is-layout-flex\">\n<p><strong>Projektleitung:<\/strong><\/p>\n\n\n\n<p><span data-tag=\"p-leitung\" data-params=\"\" class=\"is-tag\">Projektleitung<\/span><\/p>\n<\/div>\n\n\n\n\n<div class=\"wp-block-group is-layout-flex wp-block-group-is-layout-flex\">\n<p><strong>Projektmitarbeit:<\/strong><\/p>\n\n\n\n<p><span data-tag=\"p-mitarbeitende\" data-params=\"&quot;&quot;\" class=\"is-tag\">Mitarbeitende<\/span><\/p>\n<\/div>\n\n\n\n\n<div class=\"wp-block-group is-layout-flex wp-block-group-is-layout-flex\">\n<p><strong>Laufzeit:<\/strong><\/p>\n\n\n\n<p><span data-tag=\"p-laufzeit\" data-params=\"&quot;&quot;\" class=\"is-tag\">Laufzeit<\/span><\/p>\n<\/div>\n<\/div>\n<\/div>\n<\/article><article class='query-post wp-block-post post-18946 forschungsprojekt type-forschungsprojekt status-publish hentry forschungsprojekt_category-1769 forschungsprojekt_category-abgeschlossene-projekte forschungsprojekt_category-angezeigte-projekte forschungsgebiet-n-a kontakt-zuordnung-bassler projekt-n-a studienbereich-gesundheits-und-sozialwesen institut-oder-einric-isrv-institut-fuer-sozialmedizin institut-oder-einric-krw fachbereich-fb-wirtschafts-und-sozialwissenschaften search_result' data-post='18946'data-title='effekt von biomediatoren auf verlauf und ergebnis von interdisziplinrer orthopdischpsychosomatischer rehabilitation von chronischen multilokulren schmerzsyndromen'data-date='2024-09-02 14:58:25'data-postviews='2196'data-index='4'>\n<div id=\"greyd-69f2d579ed1ab\" class=\"wp-block-greyd-box gs_uPgRye greyd-content-box gs_uPgRye\">\n<h3 class=\"wp-block-heading\" id=\"h-post-titel-0\" style=\"padding-right:0;padding-left:0\"><span data-tag=\"title\" data-params=\"{&quot;isLink&quot;:true}\" class=\"is-tag\">Post Titel<\/span><\/h3>\n\n\n\n<p class=\"gs_f3I26M\"><strong>Forschungsfrage \/ Projektgegenstand:<\/strong> <span data-tag=\"f-frage\" data-params=\"&quot;&quot;\" class=\"is-tag\">Forschungsfrage<\/span><\/p>\n\n\n\n<div id=\"greyd-69f2d579ed18a\" class=\"wp-block-greyd-box gs_sIJtr0 greyd-content-box gs_sIJtr0\">\n<div class=\"wp-block-group is-layout-flex wp-block-group-is-layout-flex\">\n<p><strong>Projektleitung:<\/strong><\/p>\n\n\n\n<p><span data-tag=\"p-leitung\" data-params=\"\" class=\"is-tag\">Projektleitung<\/span><\/p>\n<\/div>\n\n\n\n\n\n<div class=\"wp-block-group is-layout-flex wp-block-group-is-layout-flex\">\n<p><strong>Laufzeit:<\/strong><\/p>\n\n\n\n<p><span data-tag=\"p-laufzeit\" data-params=\"&quot;&quot;\" class=\"is-tag\">Laufzeit<\/span><\/p>\n<\/div>\n<\/div>\n<\/div>\n<\/article><\/div><\/div><\/div><div class='loading_spinner_wrapper' style='display:none;'>\n\t\t\t<div class='loading_spinner'>\n\t\t\t\t<div><\/div> <div><\/div> <div><\/div> <div><\/div>\n\t\t\t<\/div>\n\t\t<\/div><\/div>\n<\/div>\n\n\n\n<div id=\"tabpanel_glfx\" class=\"panel\" role=\"tabpanel\" aria-labelledby=\"tab_glfx\" tabindex=\"0\">\n<h3 class=\"wp-block-heading\" id=\"h-organisation-und-moderation-von-symposien-und-diskussionsforen\"><strong>Organisation und Moderation von Symposien und Diskussionsforen<\/strong><\/h3>\n\n\n\n<ul class=\"wp-block-list\">\n<li><strong>Bassler<\/strong>&nbsp;M, K\u00f6llner V (2014): Reha-Therapiestandards Depressive St\u00f6rungen: Ergebnisse und Ver\u00e4nderungsbedarf aus Sicht der DGPPR. 24. Rehabilitationswissenschaftliches Kolloquium. Karlsruhe, 12.3.2014.<\/li>\n\n\n\n<li>K\u00f6llner V,&nbsp;<strong>Bassler<\/strong>&nbsp;M (2014): Satellitensymposium: Psychosomatik und Arbeitswelt. 22. Jahrestagung der DGPM-DKPM: \u201eModerne Zeiten \u2500 Antworten der Psychosomatik und Psychotherapie\u201c. Berlin, 28.3.2014.<\/li>\n\n\n\n<li><strong>Bassler<\/strong>&nbsp;M, K\u00f6llner V (2015): Prozessqualit\u00e4t in der psychosomatischen Rehabilitation. 25. Rehabilitationswissenschaftliches Kolloquium. Augsburg, 16.3.2015.<\/li>\n\n\n\n<li><strong>Bassler<\/strong>&nbsp;M, K\u00f6llner V (2015): Symposium: Konzepte in der psychosomatischen Rehabilitation. 23. Jahrestagung der DGPM-DKPM: \u201ePsycho-Somatik \u2013 Dialog statt Dualismus\u201c. Berlin, 27.3.2015.<\/li>\n\n\n\n<li><strong>Bassler<\/strong>&nbsp;M, K\u00f6llner V (2016): Forschung in der psychosomatischen Rehabilitation Ist-Situation und k\u00fcnftige Perspektiven? 25. Rehabilitationswissenschaftliches Kolloquium. Aachen, 29.2.2016.<\/li>\n\n\n\n<li><strong>Bassler<\/strong>&nbsp;M, K\u00f6llner V (2016): Testpsychologische Assessments in der psychosomatischen Rehabilitation.25. Rehabilitationswissenschaftliches Kolloquium. Aachen, 1.3.2016.<\/li>\n\n\n\n<li><strong>Bassler<\/strong>&nbsp;M, Grulke N (2016): Konzepte in der psychosomatischen Rehabilitation. Therapieforschung in der Reha. 24. Jahrestagung der DGPM-DKPM: \u201eBeziehung und Gesundheit, Fortschritte in der Psycho-somatischen Medizin&#8220;. Potsdam, 18.3.2016.<\/li>\n\n\n\n<li><strong>Bassler<\/strong>&nbsp;M (2016): Workshop: Concepts of Inpatient Psychotherapy. Academic Conference of Mental Health Association. Xi\u00b4an (China), 3.7.2016.<\/li>\n\n\n\n<li><strong>Bassler<\/strong>&nbsp;M, Kobelt A (2017): Symposium: Beschwerdevalidierung in der Begutachtung und in der Rehabilitation. 26. Rehabilitationswissenschaftliches Kolloquium. Frankfurt, 21.3.2017.<\/li>\n\n\n\n<li><strong>Bassler<\/strong>&nbsp;M, K\u00f6llner V (2017): Bedeutung von Kontextfaktoren f\u00fcr die psychosomatische Rehabilitation \u2013 eine aktuelle Positionsbestimmung. 26. Rehabilitationswissenschaftliches Kolloquium. Frankfurt, 22.3.2017.<\/li>\n\n\n\n<li><strong>Bassler&nbsp;<\/strong>M, K\u00f6llner V (2017): \u201eState-of-the-Art\u201c-Symposium: Psychosomatische Rehabilitation. 25. Jahrestagung der DGPM-DKPM: \u201ePsyche-Soma. Mensch-System&#8220;. Berlin, 23.3.2017.<\/li>\n\n\n\n<li><strong>Bassler<\/strong>&nbsp;M, K\u00f6llner V (2018): MBOR in der Psychosomatik \u2013 brauchen wir andere Konzepte als in der somatischen Rehabilitation? 27. Rehabilitationswissenschaftliches Kolloquium. Frankfurt, 27.22018.<\/li>\n\n\n\n<li><strong>Bassler<\/strong>&nbsp;M, K\u00f6llner V (2018): Symposium: Neue Indikationsfelder f\u00fcr die psychosomatische Rehabilitation. 27. Rehabilitations-wissenschaftliches Kolloquium. Frankfurt, 27.22018.<\/li>\n\n\n\n<li><strong>Bassler<\/strong>&nbsp;M, Linden M (2018: Symposium: Verbitterungsemotionen bei k\u00f6rperlichen Erkrankungen. 26. Jahrestagung der DGPM-DKPM \u201cPsychosomatik als Perspektive\u201d. Berlin, 22.3.2018.<\/li>\n\n\n\n<li><strong>Bassler<\/strong>&nbsp;M, K\u00f6llner V (1919): Symposium: Effects and Perspectives of Psychosomatic Rehabilitation. 15th Congress of the European Forum for Research in Rehabilitation. Berlin, 16.4.2019.&nbsp;<\/li>\n\n\n\n<li><strong>Bassler<\/strong>&nbsp;M, K\u00f6llner V (2019): Probleme der sozialmedizinischen Begutachtung in der psychosomatischen Rehabilitation \u2013 in Kooperation mit der DGPPR. 28. Rehabilitationswissenschaftliches Kolloquium. Berlin, 16.4.2019.<\/li>\n\n\n\n<li><strong>Bassler<\/strong>&nbsp;M, K\u00f6llner V (2019): Rehabilitandenbefragungen als Qualit\u00e4tsindikator in der psychosomatischen Rehabilitation \u2013 eine Positionsbestimmung. 28. Rehabilitationswissen-schaftliches Kolloquium. Berlin, 17.4.2019.<\/li>\n\n\n\n<li><strong>Bassler<\/strong>&nbsp;M, K\u00f6llner V (2022): Psychosomatische Rehabilitation bei Post-COVID-Syndrom: Behandlungskonzepte, erste Ergebnisse, Perspektiven. 31. Rehabilitationswissenschaftliches Kolloquium. M\u00fcnster, 7.3.2022.<\/li>\n\n\n\n<li><strong>Bassler<\/strong>&nbsp;M, Gutenbrunner C (2022): Welche Herausforderungen hat die Rehabilitation in den n\u00e4chsten Jahren zu bew\u00e4ltigen?&nbsp;&nbsp; 31. Rehabilitationswissenschaftliches Kolloquium. M\u00fcnster, 8.3.2022.<\/li>\n\n\n\n<li><strong>Bassler<\/strong>&nbsp;M (2022): Organisation und Moderation von Expertenmeeting: Long-\/Post-COVID. Berlin, 12.10.2022.<\/li>\n\n\n\n<li><strong>Bassler<\/strong>&nbsp;M, Krause S (2023): Medizinische Rehabilitation von Patient:innen mit Post-COVIDSyndrom \u2013 was hat sich bew\u00e4hrt, was ist zu verbessern? 32. Rehabilitationswissenschaftliches Kolloquium. Hannover, 20.2.2023.<\/li>\n\n\n\n<li><strong>Bassler<\/strong>&nbsp;M, Gutenbrunner C (2023): Rehabilitation in der Ukraine \u2013 Unterst\u00fctzungsprojekte und Partnerschaften? 32. Rehabilitationswissenschaftliches Kolloquium. Hannover, 21.2.2023.<\/li>\n\n\n\n<li><strong>Bassler<\/strong>&nbsp;M, Dreinh\u00f6fer K, Gutenbrunner C (2023): Rehabilitative Versorgungsl\u00fccken in Deutschland \u2013 ein Update. 32. Rehabilitationswissenschaftliches Kolloquium. Hannover, 22.2.2023.<\/li>\n\n\n\n<li><strong>Bassler<\/strong>&nbsp;M (2023): Symposium: Betriebliches Eingliederungsmanagement in Deutschland &#8211; Chancen und Risiken. Jahrestagung Deutsche Gesellschaft f\u00fcr Arbeitsmedizin und Umweltmedizin (DGAUM). Jena, 17.3.2023.<\/li>\n<\/ul>\n<\/div>\n\n\n\n<div id=\"tabpanel_28y0\" class=\"panel\" role=\"tabpanel\" aria-labelledby=\"tab_28y0\" tabindex=\"0\">\n<h3 class=\"wp-block-heading\" id=\"h-wissenschaftliche-hintergrunde\"><strong>Wissenschaftliche Hintergr\u00fcnde<\/strong><\/h3>\n\n\n\n<p>Die medizinische Rehabilitation wird in Deutschland in station\u00e4rer oder ambulanter Form beziehungsweise auch in Kombination beider Modalit\u00e4ten durchgef\u00fchrt. Die Rehabilitation, nach den Richtlinien der Gesetzlichen Rentenversicherung, hat dabei das Ziel Versicherte nach akuten oder bei chronischen Erkrankungen wieder eine Teilhabe am Erwerbsleben zu erm\u00f6glichen. F\u00fcr diesen Zweck steht ein differenziertes Spektrum von rehabilitativen Angeboten zur Verf\u00fcgung, was je nach Indikation von multimodaler station\u00e4rer oder ambulanter Rehabilitation bis hin zu speziellen beruflichen F\u00f6rderma\u00dfnahmen reichen kann. Oberstes Prinzip ist dabei, vor der Gew\u00e4hrung einer Rente zun\u00e4chst zu versuchen, eine bereits eingetretene oder drohende Beeintr\u00e4chtigung der Erwerbsf\u00e4higkeit zu beseitigen oder so weit zu lindern, dass ein vorzeitiges Ausscheiden aus dem Erwerbsleben verhindert oder aufgeschoben werden kann (\u201eReha vor Rente\u201c).<\/p>\n\n\n\n<p>Wegen der besonderen medizinischen wie auch gesundheits\u00f6konomischen Tragweite von chronischen Erkrankungen gewinnen Pr\u00e4vention und medizinische Rehabilitation f\u00fcr eine effiziente Gesundheitsversorgung zunehmend an Bedeutung. Bei den Prozessen, die f\u00fcr die Entstehung und Aufrechterhaltung chronischer Erkrankungen ma\u00dfgeblich sind, haben psychische beziehungsweise psychosomatische Faktoren nachweislich einen gro\u00dfen Anteil, weshalb sich speziell die psychosomatische Rehabilitation zu einer tragenden S\u00e4ule der psychosozialen Versorgung in Deutschland entwickelt hat.<\/p>\n\n\n\n<p>Die medizinische Rehabilitation geh\u00f6rt in Deutschland zu den bestuntersuchten medizinischen Versorgungsbereichen, wozu neben den Qualit\u00e4tssicherungsprogrammen der Deutschen Rentenversicherung auch die enge Zusammenarbeit der Rehabilitationseinrichtungen mit regionalen beziehungsweise \u00fcberregionalen Forschungsverb\u00fcnden ma\u00dfgeblich ihren Anteil hat. In umfangreichen j\u00e4hrlich erscheinenden Publikationen, die einer breiten (Fach-) \u00d6ffentlichkeit kostenfrei zug\u00e4nglich sind (z. B. \u00fcber verschiedene Internetportale der Deutschen Rentenversicherung Bund), werden alle wesentlichen Leistungs- und Versorgungsdaten der Deutschen Rentenversicherung dargestellt.<\/p>\n\n\n\n<p>Im Jahr 2021 f\u00fchrte die Deutsche Rentenversicherung insgesamt 1.018.129 medizinische Rehabilitationen durch. Davon entfielen speziell auf die station\u00e4re psychosomatische Rehabilitation 140.921 und auf die ambulante psychosomatische Rehabilitation 9 262 F\u00e4lle. Dabei stellen die affektiven St\u00f6rungen mit rund 56 % die h\u00e4ufigste Erstdiagnose dar, gefolgt von den neurotischen, Belastungs- und somatoformen St\u00f6rungen mit 31 %. Im gleichen Zeitraum wurden insgesamt 165.824 Erwerbsminderungsrenten ausbezahlt, anteilig davon rund 41,5% wegen psychischer beziehungsweise psychosomatischer Erkrankungen.<\/p>\n<\/div>\n<\/div><style class=\"greyd-styles\">.gs_yV41Zl.wp-block-greyd-tabs { --tabs-align-tabs: center; --tabs-content-align: flex-start; --tabs-content-radius: 12px; --tabs-content-padding: 0 0 0 0; } <\/style><\/div>\n<\/div>\n<\/div>\n\n\n\n<div class=\"wp-block-column col-12 col-md-3 offset-md-1 is-layout-flow wp-block-column-is-layout-flow\" style=\"flex-basis:33.33%;width:33.33%\">\n<div id=\"greyd-69f2d579f0b90\" class=\"wp-block-greyd-box gs_kSuX8n greyd-content-box gs_kSuX8n  is-position-sticky\">\n<h3 class=\"wp-block-heading\" id=\"h-kontakt\">Kontakt<\/h3>\n\n\n\n<div class=\"wp-block-query is-layout-flow wp-block-query-is-layout-flow\"><div id='post-results-69f2d579ed8f8'  class=\"greyd-posts-slider wp-block-post-template js\" data-currentpage=\"1\" data-query-id=\"2\" data-height=\"max\"><div class='query-pages-wrapper results_wrapper' data-ppp='4'><div class='query-page result_wrapper is-current' data-page='1'><article class='query-post wp-block-post post-11800 kontaktverzeichnis type-kontaktverzeichnis status-publish hentry kontaktverzeichnis_category-person kontaktverzeichnis_tag-ansprechperson kontaktverzeichnis_tag-ansprechperson-institut kontaktverzeichnis_bereich-n-a kontaktverzeichnis_position-professor kontaktverzeichnis_position-seniorprofessur kontaktverzeichnis_sortierung-b cluster-_n-a kontakt-zuordnung-bassler projekt-mbor-p projekt-mbor-prime studienbereich-gesundheits-und-sozialwesen institut-oder-einric-isrv-institut-fuer-sozialmedizin institut-oder-einric-krw stg-zuordnung-gus fachbereich-fb-wirtschafts-und-sozialwissenschaften search_result' data-post='11800'data-title='bassler markus prof dr'data-date='2024-05-22 12:07:22'data-postviews='2658'data-index='1'>\n<div id=\"greyd-69f2d579eed1c\" class=\"wp-block-greyd-box aligncenter dyn gs_LvI53R greyd-content-box gs_LvI53R flex-justify-flex-start\">\n<div id=\"greyd-69f2d579ee6f7\" class=\"wp-block-greyd-box aligncenter dyn gs_nVZwZR greyd-content-box gs_nVZwZR flex-justify-flex-start\">\n<div class=\"wp-block-group is-horizontal is-content-justification-space-between is-nowrap is-layout-flex wp-container-core-group-is-layout-b493c794 wp-block-group-is-layout-flex gs_EAw9o9 group_wrap\"><\/div>\n<\/div>\n\n\n\n<div class=\"wp-block-group is-nowrap is-layout-flex wp-container-core-group-is-layout-ad2f72ca wp-block-group-is-layout-flex\">\n<h3 class=\"wp-block-heading has-text-align-center is-style-rounded dyn has-color-21-color has-text-color has-link-color wp-elements-8128e4425b68c2f278dd4d4562766019 gs_ms6cea\" id=\"name\" style=\"font-style:normal;font-weight:600\"><span class=\"is-button link\" data-type=\"dynamic\" data-params=\"{&quot;tag&quot;:&quot;post&quot;}\"><span data-tag=\"bezeichnung-abteilung\" data-params=\"\" class=\"is-tag\">Bezeichnung der Abteilung<\/span><span data-tag=\"titel\" data-params=\"\" class=\"is-tag\">Titel (Prof.\/Dr.\/&#8230;)<\/span> <span data-tag=\"vorname\" data-params=\"\" class=\"is-tag\">Vorname<\/span> <span data-tag=\"nachname\" data-params=\"\" class=\"is-tag\">Nachname<\/span><\/span><\/h3>\n<\/div>\n\n\n\n\n\n\n\n<hr id=\"greyd-69f2d579eebaf\" style='  border-style: dotted !important; opacity: 100% !important; height: 1px !important;   ' class=\"wp-block-separator has-text-color has-color-22-color has-alpha-channel-opacity has-color-22-background-color has-background is-style-wide\"\/>\n\n\n\n<ul id=\"list_69f2d579eec82\" class=\"wp-block-greyd-list\" style=\"padding-top:var(--wp--preset--spacing--50);padding-bottom:0\">\n<li><span class=\"list_icon icon_profile\" aria-hidden=\"true\"><\/span><span class=\"list_content\"><p><span class=\"is-button link\" data-type=\"dynamic\" data-params=\"{&quot;tag&quot;:&quot;post&quot;}\">Profil<\/span><\/p><\/span><\/li>\n\n\n\n<li><span class=\"list_icon icon_phone\" aria-hidden=\"true\"><\/span><span class=\"list_content\"><p><span data-tag=\"telefon\" data-params=\"\" class=\"is-tag\">Telefon<\/span><\/p><\/span><\/li>\n\n\n\n<li><span class=\"list_icon icon_search_alt\" aria-hidden=\"true\"><\/span><span class=\"list_content\"><p><span data-tag=\"fax\" data-params=\"\" class=\"is-tag\">Fax<\/span><\/p><\/span><\/li>\n\n\n\n<li><span class=\"list_icon icon_mail\" aria-hidden=\"true\"><\/span><span class=\"list_content\"><p><span data-tag=\"e-mail\" data-params=\"\" class=\"is-tag\">E-Mail<\/span><\/p><\/span><\/li>\n\n\n\n<li><span class=\"list_icon icon_house\" aria-hidden=\"true\"><\/span><span class=\"list_content\"><p><span data-tag=\"buero\" data-params=\"&quot;&quot;\" class=\"is-tag\">B\u00fcro<\/span><\/p><\/span><\/li>\n<\/ul>\n<\/div>\n<\/article><\/div><\/div><\/div><div class='loading_spinner_wrapper' style='display:none;'>\n\t\t\t<div class='loading_spinner'>\n\t\t\t\t<div><\/div> <div><\/div> <div><\/div> <div><\/div>\n\t\t\t<\/div>\n\t\t<\/div><\/div>\n\n\n\n<div id=\"page-list-box\" class=\"wp-block-greyd-box hidden-lg hidden-md hidden-sm hidden-xs gs_gsuUAh greyd-content-box gs_gsuUAh\">\n<h3 class=\"wp-block-heading\">Weitere Informationen<\/h3>\n\n\n<div class=\"wp-block-template-part\">\n<p>[subpages depth=&#8220;1&#8243; sort_order=&#8220;desc&#8220;  sort_order=&#8220;desc&#8220;]<\/p>\n<\/div>\n\n\n<hr class=\"wp-block-separator has-text-color has-color-22-color has-alpha-channel-opacity has-color-22-background-color has-background is-style-wide\"\/>\n\n\n<div class=\"wp-block-template-part\">\n<p>[siblings depth=&#8220;1&#8243; exclude=&#8220;current&#8220;]<\/p>\n<\/div><\/div>\n<\/div>\n<\/div>\n<\/div>\n<\/div><\/div>\n<\/div>\n<\/div>","protected":false},"excerpt":{"rendered":"<p>Aufgrund des demographischen Wandels und damit einhergehend zunehmenden H\u00e4ufigkeit von chronischen Erkrankungen steht die medizinische Rehabilitation vor gro\u00dfen Herausforderungen hinsichtlich Pr\u00e4vention und verbesserten Versorgungsangeboten mit weiterentwickelten Behandlungskonzepten. Zur Bew\u00e4ltigung dieser Aufgaben bedarf es intensivierter interdisziplin\u00e4rer Forschung \u2013 sowohl unter Einbeziehung grundlagenwissenschaftlicher Fragestellungen als auch hinsichtlich klinischer Erprobung innovativer Therapieformen. Das Kompetenzzentrum Rehabilitationswissenschaften m\u00f6chte hierzu seinen [&hellip;]<\/p>\n","protected":false},"author":1,"featured_media":0,"parent":3674,"menu_order":0,"comment_status":"closed","ping_status":"closed","template":"","meta":{"_piecal_is_recurring":false,"_piecal_recurring_interval":1,"_piecal_recurring_frequency":"","_piecal_recurring_exact_position":false,"_piecal_recurring_end":"","_piecal_color":"","_piecal_text_color":"","_piecal_global_color_master":false,"_piecal_rsets":"[]","_piecal_is_event":false,"_piecal_start_date":"","_piecal_end_date":"","_piecal_is_allday":false,"greyd_block_editor_preview":[],"pgc_sgb_lightbox_settings":"","footnotes":"[]"},"page_category":[1645],"page_tag":[],"page_redaktion":[],"zielgruppen":[],"kontakt-zuordnung":[],"institut-oder-einric":[680,1652],"stg-zuordnung":[696],"fachbereich":[591],"wf_page_folders":[1322],"ppma_author":[1400],"class_list":["post-17913","page","type-page","status-publish","hentry","page_category-isrv","institut-oder-einric-isrv-institut-fuer-sozialmedizin","institut-oder-einric-krw","stg-zuordnung-n-a","fachbereich-fb-wirtschafts-und-sozialwissenschaften"],"publishpress_future_action":{"enabled":false,"date":"2026-05-07 06:07:21","action":"change-status","newStatus":"draft","terms":[],"taxonomy":"page_category","extraData":[]},"publishpress_future_workflow_manual_trigger":{"enabledWorkflows":[]},"_links":{"self":[{"href":"https:\/\/www.hs-nordhausen.de\/en\/wp-json\/wp\/v2\/pages\/17913","targetHints":{"allow":["GET"]}}],"collection":[{"href":"https:\/\/www.hs-nordhausen.de\/en\/wp-json\/wp\/v2\/pages"}],"about":[{"href":"https:\/\/www.hs-nordhausen.de\/en\/wp-json\/wp\/v2\/types\/page"}],"author":[{"embeddable":true,"href":"https:\/\/www.hs-nordhausen.de\/en\/wp-json\/wp\/v2\/users\/1"}],"replies":[{"embeddable":true,"href":"https:\/\/www.hs-nordhausen.de\/en\/wp-json\/wp\/v2\/comments?post=17913"}],"version-history":[{"count":3,"href":"https:\/\/www.hs-nordhausen.de\/en\/wp-json\/wp\/v2\/pages\/17913\/revisions"}],"predecessor-version":[{"id":36462,"href":"https:\/\/www.hs-nordhausen.de\/en\/wp-json\/wp\/v2\/pages\/17913\/revisions\/36462"}],"up":[{"embeddable":true,"href":"https:\/\/www.hs-nordhausen.de\/en\/wp-json\/wp\/v2\/pages\/3674"}],"wp:attachment":[{"href":"https:\/\/www.hs-nordhausen.de\/en\/wp-json\/wp\/v2\/media?parent=17913"}],"wp:term":[{"taxonomy":"page_category","embeddable":true,"href":"https:\/\/www.hs-nordhausen.de\/en\/wp-json\/wp\/v2\/page_category?post=17913"},{"taxonomy":"page_tag","embeddable":true,"href":"https:\/\/www.hs-nordhausen.de\/en\/wp-json\/wp\/v2\/page_tag?post=17913"},{"taxonomy":"page_redaktion","embeddable":true,"href":"https:\/\/www.hs-nordhausen.de\/en\/wp-json\/wp\/v2\/page_redaktion?post=17913"},{"taxonomy":"zielgruppen","embeddable":true,"href":"https:\/\/www.hs-nordhausen.de\/en\/wp-json\/wp\/v2\/zielgruppen?post=17913"},{"taxonomy":"kontakt-zuordnung","embeddable":true,"href":"https:\/\/www.hs-nordhausen.de\/en\/wp-json\/wp\/v2\/kontakt-zuordnung?post=17913"},{"taxonomy":"institut-oder-einric","embeddable":true,"href":"https:\/\/www.hs-nordhausen.de\/en\/wp-json\/wp\/v2\/institut-oder-einric?post=17913"},{"taxonomy":"stg-zuordnung","embeddable":true,"href":"https:\/\/www.hs-nordhausen.de\/en\/wp-json\/wp\/v2\/stg-zuordnung?post=17913"},{"taxonomy":"fachbereich","embeddable":true,"href":"https:\/\/www.hs-nordhausen.de\/en\/wp-json\/wp\/v2\/fachbereich?post=17913"},{"taxonomy":"wf_page_folders","embeddable":true,"href":"https:\/\/www.hs-nordhausen.de\/en\/wp-json\/wp\/v2\/wf_page_folders?post=17913"},{"taxonomy":"author","embeddable":true,"href":"https:\/\/www.hs-nordhausen.de\/en\/wp-json\/wp\/v2\/ppma_author?post=17913"}],"curies":[{"name":"wp","href":"https:\/\/api.w.org\/{rel}","templated":true}]}}