{"id":19535,"date":"2024-09-06T08:36:36","date_gmt":"2024-09-06T06:36:36","guid":{"rendered":"https:\/\/hsnordhausen.artemis.wpspace.me\/hsn\/?page_id=19535"},"modified":"2026-03-31T14:15:21","modified_gmt":"2026-03-31T12:15:21","slug":"publications-isrv-2","status":"publish","type":"page","link":"https:\/\/www.hs-nordhausen.de\/en\/forschung\/isrv-institut-fuer-sozialmedizin-rehabilitationswissenschaften-und-versorgungsforschung\/publikationen-isrv\/","title":{"rendered":"Publications ISRV"},"content":{"rendered":"<div  class=\"spacer_wrap \" aria-hidden=\"true\"><div class=\"wp-block-spacer inner-sm\" style=\"height:calc(2em * 0.4)\" aria-hidden=\"true\"><\/div><div class=\"wp-block-spacer inner-md\" style=\"height:calc(2em * 0.6)\" aria-hidden=\"true\"><\/div><div class=\"wp-block-spacer inner-lg\" style=\"height:calc(2em * 0.8)\" aria-hidden=\"true\"><\/div><div class=\"wp-block-spacer inner-xl\" style=\"height:2em\" aria-hidden=\"true\"><\/div><\/div>\n\n\n<nav aria-label=\"breadcrumbs\" class=\"rank-math-breadcrumb\"><p><span class=\"last\">Home<\/span><\/p><\/nav>\n\n\n<div  class=\"spacer_wrap \" aria-hidden=\"true\"><div class=\"wp-block-spacer inner-sm\" style=\"height:calc(2em * 0.4)\" aria-hidden=\"true\"><\/div><div class=\"wp-block-spacer inner-md\" style=\"height:calc(2em * 0.6)\" aria-hidden=\"true\"><\/div><div class=\"wp-block-spacer inner-lg\" style=\"height:calc(2em * 0.8)\" aria-hidden=\"true\"><\/div><div class=\"wp-block-spacer inner-xl\" style=\"height:2em\" aria-hidden=\"true\"><\/div><\/div>\n\n\n<div id=\"greyd-69f2d3d822d83\" class=\"wp-block-greyd-box aligncenter gs_H5cLJW greyd-content-box gs_H5cLJW\">\n<div class=\"wp-block-group hidden-xs is-content-justification-center is-nowrap is-layout-flex wp-container-core-group-is-layout-5228e7ad wp-block-group-is-layout-flex gs_nOiOoy group_wrap\" style=\"padding-top:var(--wp--preset--spacing--30);padding-right:var(--wp--preset--spacing--30);padding-bottom:var(--wp--preset--spacing--30);padding-left:var(--wp--preset--spacing--30)\"><figure style=\"padding-right:var(--wp--preset--spacing--50);padding-bottom:0;padding-left:var(--wp--preset--spacing--50);\" class=\"wp-block-image greyd-image   gs_0Nd0Ek\"><img decoding=\"async\" src=\"https:\/\/www.hs-nordhausen.de\/wp-content\/uploads\/sites\/8\/2024\/06\/Logo-ISRV.svg\" class=\"wp-image-14762\" alt=\"Logo ISRV - Institut f\u00fcr Sozialmedizin, Rehabilitationswissenschaften und Versorgungsforschung\" title=\"\"><\/figure>\n\n\n<h1 class=\"wp-block-heading gs_EyWWQM\" id=\"h-post-titel\"><span data-tag=\"title\" data-params=\"\" class=\"is-tag\">Post Titel<\/span><\/h1>\n<\/div>\n\n\n\n<div class=\"wp-block-group hidden-lg hidden-md hidden-sm is-vertical is-content-justification-center is-layout-flex wp-container-core-group-is-layout-4a04943e wp-block-group-is-layout-flex\" style=\"padding-top:0;padding-right:var(--wp--preset--spacing--30);padding-bottom:0;padding-left:var(--wp--preset--spacing--30)\"><figure style=\"padding-right:var(--wp--preset--spacing--50);\" class=\"wp-block-image greyd-image   gs_QbzMF0\"><img decoding=\"async\" src=\"https:\/\/www.hs-nordhausen.de\/wp-content\/uploads\/sites\/8\/2024\/06\/Logo-ISRV.svg\" class=\"wp-image-14762\" alt=\"Logo ISRV - Institut f\u00fcr Sozialmedizin, Rehabilitationswissenschaften und Versorgungsforschung\" title=\"\"><\/figure>\n\n\n<h1 class=\"wp-block-heading gs_Hv7Xq7\" id=\"h-post-titel-0\"><span data-tag=\"title\" data-params=\"\" class=\"is-tag\">Post Titel<\/span><\/h1>\n<\/div>\n<\/div>\n\n\n\n<div class=\"wp-block-group is-content-justification-space-between is-nowrap is-layout-flex wp-container-core-group-is-layout-0dfbf163 wp-block-group-is-layout-flex gs_kAWPzr group_wrap\">\n<hr style='  height: 4px !important;   ' class=\"wp-block-separator has-text-color has-color-11-color has-alpha-channel-opacity has-color-11-background-color has-background is-style-wide\"\/>\n<\/div>\n\n\n\n<div class=\"wp-block-greyd-box aligncenter gs_KCEkg6 greyd-content-box gs_KCEkg6 flex-justify-center  is-position-sticky\" id=\"sticky-btn\"><nav data-anchoractive=\"{&quot;start&quot;:&quot;0%&quot;,&quot;end&quot;:&quot;100%&quot;,&quot;multiple&quot;:&quot;closest&quot;,&quot;none&quot;:&quot;closest&quot;,&quot;enable&quot;:true}\" class=\"is-anchor-active-style gs_HgDI4L is-responsive items-justified-center open-on-hover-click wp-block-navigation is-content-justification-center is-layout-flex wp-container-core-navigation-is-layout-5590e8cb wp-block-navigation-is-layout-flex\" aria-label=\"ISRV 1\" \n\t\t data-wp-interactive=\"core\/navigation\" data-wp-context='{\"overlayOpenedBy\":{\"click\":false,\"hover\":false,\"focus\":false},\"type\":\"overlay\",\"roleAttribute\":\"\",\"ariaLabel\":\"Menu\"}'><button aria-haspopup=\"dialog\" aria-label=\"Open menu\" class=\"wp-block-navigation__responsive-container-open\" \n\t\t\t\tdata-wp-on--click=\"actions.openMenuOnClick\"\n\t\t\t\tdata-wp-on--keydown=\"actions.handleMenuKeydown\"\n\t\t\t><svg width=\"24\" height=\"24\" xmlns=\"http:\/\/www.w3.org\/2000\/svg\" viewBox=\"0 0 24 24\"><path d=\"M5 5v1.5h14V5H5z\"><\/path><path d=\"M5 12.8h14v-1.5H5v1.5z\"><\/path><path d=\"M5 19h14v-1.5H5V19z\"><\/path><\/svg><\/button>\n\t\t\t\t<div class=\"wp-block-navigation__responsive-container\"  id=\"modal-1\" \n\t\t\t\tdata-wp-class--has-modal-open=\"state.isMenuOpen\"\n\t\t\t\tdata-wp-class--is-menu-open=\"state.isMenuOpen\"\n\t\t\t\tdata-wp-watch=\"callbacks.initMenu\"\n\t\t\t\tdata-wp-on--keydown=\"actions.handleMenuKeydown\"\n\t\t\t\tdata-wp-on--focusout=\"actions.handleMenuFocusout\"\n\t\t\t\ttabindex=\"-1\"\n\t\t\t>\n\t\t\t\t\t<div class=\"wp-block-navigation__responsive-close\" tabindex=\"-1\">\n\t\t\t\t\t\t<div class=\"wp-block-navigation__responsive-dialog\" \n\t\t\t\tdata-wp-bind--aria-modal=\"state.ariaModal\"\n\t\t\t\tdata-wp-bind--aria-label=\"state.ariaLabel\"\n\t\t\t\tdata-wp-bind--role=\"state.roleAttribute\"\n\t\t\t>\n\t\t\t\t\t\t\t<button aria-label=\"Close menu\" class=\"wp-block-navigation__responsive-container-close\" \n\t\t\t\tdata-wp-on--click=\"actions.closeMenuOnClick\"\n\t\t\t><svg xmlns=\"http:\/\/www.w3.org\/2000\/svg\" viewBox=\"0 0 24 24\" width=\"24\" height=\"24\" aria-hidden=\"true\" focusable=\"false\"><path d=\"m13.06 12 6.47-6.47-1.06-1.06L12 10.94 5.53 4.47 4.47 5.53 10.94 12l-6.47 6.47 1.06 1.06L12 13.06l6.47 6.47 1.06-1.06L13.06 12Z\"><\/path><\/svg><\/button>\n\t\t\t\t\t\t\t<div class=\"wp-block-navigation__responsive-container-content\" \n\t\t\t\tdata-wp-watch=\"callbacks.focusFirstElement\"\n\t\t\t id=\"modal-1-content\">\n\t\t\t\t\t\t\t\t<ul class=\"wp-block-navigation__container is-responsive items-justified-center open-on-hover-click wp-block-navigation\"><li class=\"gs_8JqIef  wp-block-navigation-item wp-block-navigation-link\"><a class=\"wp-block-navigation-item__content\"  href=\"https:\/\/www.hs-nordhausen.de\/forschung\/isrv-institut-fuer-sozialmedizin-rehabilitationswissenschaften-und-versorgungsforschung\/\"><span class=\"wp-block-navigation-item__label\"><strong>ISRV<\/strong><\/span><\/a><\/li><li data-wp-context=\"{ &quot;submenuOpenedBy&quot;: { &quot;click&quot;: false, &quot;hover&quot;: false, &quot;focus&quot;: false }, &quot;type&quot;: &quot;submenu&quot;, &quot;modal&quot;: null, &quot;previousFocus&quot;: null }\" data-wp-interactive=\"core\/navigation\" data-wp-on--focusout=\"actions.handleMenuFocusout\" data-wp-on--keydown=\"actions.handleMenuKeydown\" data-wp-on--mouseenter=\"actions.openMenuOnHover\" data-wp-on--mouseleave=\"actions.closeMenuOnHover\" data-wp-watch=\"callbacks.initMenu\" tabindex=\"-1\" class=\"gs_pR1IYZ wp-block-navigation-item has-child open-on-hover-click wp-block-navigation-submenu\"><a class=\"wp-block-navigation-item__content\"><span class=\"wp-block-navigation-item__label\">Kompetenzzentren<\/span><\/a><button data-wp-bind--aria-expanded=\"state.isMenuOpen\" data-wp-on--click=\"actions.toggleMenuOnClick\" aria-label=\"Kompetenzzentren submenu\" class=\"wp-block-navigation__submenu-icon wp-block-navigation-submenu__toggle\" ><svg xmlns=\"http:\/\/www.w3.org\/2000\/svg\" width=\"12\" height=\"12\" viewBox=\"0 0 12 12\" fill=\"none\" aria-hidden=\"true\" focusable=\"false\"><path d=\"M1.50002 4L6.00002 8L10.5 4\" stroke-width=\"1.5\"><\/path><\/svg><\/button><ul data-wp-on--focus=\"actions.openMenuOnFocus\" class=\"wp-block-navigation__submenu-container wp-block-navigation-submenu\"><li class=\"gs_Tglk50  wp-block-navigation-item wp-block-navigation-link\"><a class=\"wp-block-navigation-item__content\"  href=\"https:\/\/www.hs-nordhausen.de\/forschung\/isrv-institut-fuer-sozialmedizin-rehabilitationswissenschaften-und-versorgungsforschung\/isrv-kfk\/\"><span class=\"wp-block-navigation-item__label\">KFK \u2013 Kompetenzzentrum Fr\u00fche Kindheit<\/span><\/a><\/li><li class=\"gs_38cVuS  wp-block-navigation-item wp-block-navigation-link\"><a class=\"wp-block-navigation-item__content\"  href=\"https:\/\/www.hs-nordhausen.de\/forschung\/isrv-institut-fuer-sozialmedizin-rehabilitationswissenschaften-und-versorgungsforschung\/isrv-kig\/\"><span class=\"wp-block-navigation-item__label\">KIG \u2013 Kompetenzzentrum Intersektionalit\u00e4t und Gesundheit<\/span><\/a><\/li><li class=\"gs_2Gn6wE  wp-block-navigation-item wp-block-navigation-link\"><a class=\"wp-block-navigation-item__content\"  href=\"https:\/\/www.hs-nordhausen.de\/forschung\/isrv-institut-fuer-sozialmedizin-rehabilitationswissenschaften-und-versorgungsforschung\/isrv-krw\/\"><span class=\"wp-block-navigation-item__label\">KRW \u2013 Kompetenzzentrum Rehabilitationswissenschaft<\/span><\/a><\/li><\/ul><\/li><li class=\"gs_FaRBbj  wp-block-navigation-item wp-block-navigation-link\"><a class=\"wp-block-navigation-item__content\"  href=\"https:\/\/www.hs-nordhausen.de\/forschung\/isrv-institut-fuer-sozialmedizin-rehabilitationswissenschaften-und-versorgungsforschung\/mitglieder\/\"><span class=\"wp-block-navigation-item__label\">Mitglieder<\/span><\/a><\/li><li data-wp-context=\"{ &quot;submenuOpenedBy&quot;: { &quot;click&quot;: false, &quot;hover&quot;: false, &quot;focus&quot;: false }, &quot;type&quot;: &quot;submenu&quot;, &quot;modal&quot;: null, &quot;previousFocus&quot;: null }\" data-wp-interactive=\"core\/navigation\" data-wp-on--focusout=\"actions.handleMenuFocusout\" data-wp-on--keydown=\"actions.handleMenuKeydown\" data-wp-on--mouseenter=\"actions.openMenuOnHover\" data-wp-on--mouseleave=\"actions.closeMenuOnHover\" data-wp-watch=\"callbacks.initMenu\" tabindex=\"-1\" class=\"gs_yyIyxp wp-block-navigation-item has-child open-on-hover-click wp-block-navigation-submenu\"><a class=\"wp-block-navigation-item__content\" href=\"https:\/\/www.hs-nordhausen.de\/forschung\/isrv-institut-fuer-sozialmedizin-rehabilitationswissenschaften-und-versorgungsforschung\/forschung-und-lehre\/\"><span class=\"wp-block-navigation-item__label\">Forschung und Lehre<\/span><\/a><button data-wp-bind--aria-expanded=\"state.isMenuOpen\" data-wp-on--click=\"actions.toggleMenuOnClick\" aria-label=\"Forschung und Lehre submenu\" class=\"wp-block-navigation__submenu-icon wp-block-navigation-submenu__toggle\" ><svg xmlns=\"http:\/\/www.w3.org\/2000\/svg\" width=\"12\" height=\"12\" viewBox=\"0 0 12 12\" fill=\"none\" aria-hidden=\"true\" focusable=\"false\"><path d=\"M1.50002 4L6.00002 8L10.5 4\" stroke-width=\"1.5\"><\/path><\/svg><\/button><ul data-wp-on--focus=\"actions.openMenuOnFocus\" class=\"wp-block-navigation__submenu-container wp-block-navigation-submenu\"><li class=\" wp-block-navigation-item wp-block-navigation-link\"><a class=\"wp-block-navigation-item__content\"  href=\"https:\/\/www.hs-nordhausen.de\/forschung\/isrv-institut-fuer-sozialmedizin-rehabilitationswissenschaften-und-versorgungsforschung\/studierendenforschung-und-abschlussarbeiten\/\"><span class=\"wp-block-navigation-item__label\">Studierendenforschung und Abschlussarbeiten<\/span><\/a><\/li><\/ul><\/li><li class=\"gs_1LdHDP  wp-block-navigation-item wp-block-navigation-link\"><a class=\"wp-block-navigation-item__content\"  href=\"https:\/\/www.hs-nordhausen.de\/forschung\/isrv-institut-fuer-sozialmedizin-rehabilitationswissenschaften-und-versorgungsforschung\/publikationen-isrv\/\"><span class=\"wp-block-navigation-item__label\">Publikationen<\/span><\/a><\/li><\/ul>\n\t\t\t\t\t\t\t<\/div>\n\t\t\t\t\t\t<\/div>\n\t\t\t\t\t<\/div>\n\t\t\t\t<\/div><\/nav><\/div>\n\n\n<div  class=\"row_wrap\">\n<div class=\"wp-block-columns row_xxl is-layout-flex wp-container-core-columns-is-layout-9d6595d7 wp-block-columns-is-layout-flex\">\n<div class=\"wp-block-column col-12 col-sm-12 col-md-8 col-lg-8 is-layout-flow wp-block-column-is-layout-flow\" style=\"flex-basis:66.66%;width:66.66%\">\n<div class=\"wp-block-group\" style=\"padding-top:var(--wp--preset--spacing--50);padding-bottom:var(--wp--preset--spacing--50)\"><div class=\"wp-block-group__inner-container is-layout-constrained wp-block-group-is-layout-constrained\">\n<div class=\"wp-block-rank-math-toc-block\" id=\"rank-math-toc\"><h2>Inhalt<\/h2><nav><ul><li><a href=\"#h-monografien-buchbeitrage-zeitschriften-artikel\">Monografien, Buchbeitr\u00e4ge, Zeitschriften(-artikel)<\/a><\/li><li><a href=\"#h-jahresberichte-des-isrv\">Jahresberichte des ISRV<\/a><\/li><li><a href=\"#h-flyer-und-prasentationen\">Flyer und Pr\u00e4sentationen<\/a><\/li><li><a href=\"#h-tagungsbande-zu-den-symposien-des-isrv\">Tagungsb\u00e4nde zu den Symposien des ISRV<\/a><\/li><li><a href=\"#sessions-der-icf-anwender-innen-konferenz\">Sessions der ICF-Anwender(innen)konferenz<\/a><ul><\/ul><\/li><\/ul><\/nav><\/div>\n<\/div><\/div>\n\n\n\n<h2 class=\"wp-block-heading\" id=\"h-monografien-buchbeitrage-zeitschriften-artikel\">Monografien, Buchbeitr\u00e4ge, Zeitschriften(-artikel)<\/h2>\n\n\n\n<div class=\"wp-block-greyd-accordion gs_pH7rgn\" data-autoclose=\"true\" data-openfirst=\"false\" style=\"padding-top:var(--wp--preset--spacing--50);padding-bottom:var(--wp--preset--spacing--50)\">\n<div id=\"2025\" class=\"wp-block-greyd-accordion-item\"><button class=\"wp-block-greyd-accordion__title\" role=\"button\" type=\"button\" aria-expanded=\"false\" aria-controls=\"sect-bdiw-2\" id=\"title-bdiw-2\"><span>2025<\/span><span class=\"icon icon-normal arrow_triangle-down\" aria-hidden=\"true\"><\/span><span class=\"icon icon-active arrow_triangle-up\" aria-hidden=\"true\"><\/span><\/button><div class=\"wp-block-greyd-accordion__content\" role=\"region\" id=\"sect-bdiw-2\" aria-labelledby=\"title-bdiw-2\" hidden>\n<h4 class=\"wp-block-heading\" id=\"buchbeitrage\"><strong>BUCHBEITR\u00c4GE<\/strong><\/h4>\n\n\n\n<ul class=\"wp-block-list\">\n<li>Banaschak H, <strong>Bassler M<\/strong>, Budde A, Fauser D, Fleck M, Koch B, K\u00f6llner V, Markus M, Rosbiegal F, Bethge M (2025): Gesundheits\u00f6konomische Evaluation der medizinisch-beruflich orientierten Rehabilitation in der Psychosomatik. DRV-Schriften, Band 131. Berlin (in Druck).<\/li>\n\n\n\n<li>Schulder S, Banaschak B, Roder J, Freytag S, <strong>Bassler M<\/strong>, Budde A, K\u00f6llner V, Fleck M, Koch B, Rosbiegal F, Bethge M (2025): Praxisempfehlungen f\u00fcr die medizinisch-beruflich orientierte Rehabilitation in psychosomatischen Rehabilitationseinrichtungen \u2013 Ergebnisse eines Delphi-Prozesses. DRV-Schriften, Band 131. Berlin (in Druck).<\/li>\n\n\n\n<li>Banaschak H, <strong>Bassler M<\/strong>, Budde A, Fauser D, Fleck M, Koch B, K\u00f6llner V, Markus M, Rosbiegal F, Bethge M (2025): Medizinisch-beruflich orientierte Rehabilitation in der Psychosomatik \u2013 Intention-to-treat-Analyse einer randomisierten kontrollierten Multicenterstudie 12 Monate nach Rehabilitationsende. DRV-Schriften, Band 131. Berlin (in Druck).<\/li>\n\n\n\n<li><strong>Bassler M<\/strong>, K\u00f6llner V (2025): Psychosomatische Rehabilitation. In: Kruse J, K\u00f6llner V, Weidner K, Jansen PL, Zipfel S (Hrsg.): Uexk\u00fcll. Psychosomatische Medizin. Theoretische Modelle und klinische Praxis. 9. Aufl. Elsevier, Verlag Urban und Fischer, M\u00fcnchen (S. 512-520).<\/li>\n\n\n\n<li><strong>Bassler M<\/strong> (2025): ICF. In: Kruse J, K\u00f6llner V, Weidner K, Jansen PL, Zipfel S (Hrsg.): Uexk\u00fcll. Psychosomatische Medizin. Theoretische Modelle und klinische Praxis. 9. Aufl. Elsevier, Verlag Urban und Fischer, M\u00fcnchen (S.283-288).<\/li>\n<\/ul>\n<\/div><\/div>\n\n\n\n<div id=\"2024\" class=\"wp-block-greyd-accordion-item\"><button class=\"wp-block-greyd-accordion__title\" role=\"button\" type=\"button\" aria-expanded=\"false\" aria-controls=\"sect-chvk-3\" id=\"title-chvk-3\"><span>2024<\/span><span class=\"icon icon-normal arrow_triangle-down\" aria-hidden=\"true\"><\/span><span class=\"icon icon-active arrow_triangle-up\" aria-hidden=\"true\"><\/span><\/button><div class=\"wp-block-greyd-accordion__content\" role=\"region\" id=\"sect-chvk-3\" aria-labelledby=\"title-chvk-3\" hidden>\n<div class=\"wp-block-group\" style=\"padding-top:0;padding-bottom:var(--wp--preset--spacing--30)\"><div class=\"wp-block-group__inner-container is-layout-constrained wp-block-group-is-layout-constrained\">\n<h4 class=\"wp-block-heading\" id=\"h-monografien\"><strong>MONOGRAFIEN<\/strong><\/h4>\n\n\n\n<ul class=\"wp-block-list\">\n<li>Strikker, F.,&nbsp;<strong>Bergknapp, A.<\/strong>, Holtschmidt, I., Moscho, CC. &amp; Stenzel, S.(2024): Coaching und Change im Blickpunkt BAND IV. Impulse aus der Coaching-Forschung -Unternehmenskultur, Mentalisierung und virtuelles Coaching. Hannover: ibidem Verlag.<\/li>\n\n\n\n<li><strong>Borcsa, M.<\/strong>&nbsp;&amp; Wilms, B. (Hg.) (2024): Systemische Therapie. Anwendungsbereiche in der psychiatrisch-psychotherapeutischen Versorgung.&nbsp;Stuttgart: Kohlhammer.&nbsp;<\/li>\n\n\n\n<li>Dawal B. (2024): Kinder mit (senso-)motorischen Beeintr\u00e4chtigungen &#8211; Aufgaben und M\u00f6glichkeiten der Interdisziplin\u00e4ren Fr\u00fchf\u00f6rderung. Herausgeber: Wei\u00df, H.,&nbsp;<strong>Seidel, A.<\/strong>: Verlag Kohlhammer.<\/li>\n\n\n\n<li><strong>Brzank, PJ.<\/strong>, Bl\u00e4ttner, B., Hahn, D. (Hrsg.) (2024): Praxishandbuch Interpersonelle Gewalt und Public Health. Weinheim Basel: Beltz Juventa Verlag.<\/li>\n\n\n\n<li>Sohns A.,&nbsp;<strong>Seidel, A.<\/strong>, Urbanek, J., Schulz, D., Neurath, A-L., Simon, L., B\u00fchrmann, T., Trombach, B., B\u00fchrmann, J., &amp; Willeke, I.: Modellprojekt \u201eInklusive Fr\u00fchf\u00f6rderung im Landkreis G\u00f6ttingen\u201c. Abschlussbericht der Phase I, 319 S. (im Druck)<\/li>\n\n\n\n<li><strong>Sohns A.<\/strong>, Seidel, A., Urbanek, J., Schulz, D., Neurath, A-L., Simon, L., B\u00fchrmann, T., Trombach, B., B\u00fchrmann, J., &amp; Willeke, I.: Modellprojekt \u201eInklusive Fr\u00fchf\u00f6rderung im Landkreis G\u00f6ttingen\u201c. Abschlussbericht der Phase I, 319 S. (im Druck)<\/li>\n\n\n\n<li>Sohns A., Seidel, A.,&nbsp;<strong>Urbanek, J.,<\/strong>&nbsp;Schulz, D., Neurath, A-L., Simon, L., B\u00fchrmann, T., Trombach, B., B\u00fchrmann, J., &amp; Willeke, I.: Modellprojekt \u201eInklusive Fr\u00fchf\u00f6rderung im Landkreis G\u00f6ttingen\u201c. Abschlussbericht der Phase I, 319 S. (im Druck)<\/li>\n<\/ul>\n<\/div><\/div>\n\n\n\n<div class=\"wp-block-group\" style=\"padding-top:var(--wp--preset--spacing--30);padding-bottom:var(--wp--preset--spacing--30)\"><div class=\"wp-block-group__inner-container is-layout-constrained wp-block-group-is-layout-constrained\">\n<h4 class=\"wp-block-heading\" id=\"h-buchbeitrage\"><strong>BUCHBEITR\u00c4GE<\/strong><\/h4>\n\n\n\n<ul class=\"wp-block-list\">\n<li><strong>Bergknapp, A.<\/strong>&nbsp;(2024): Laudatio zur Masterarbeit Mirijam Besel. In: Strikker, F., Bergknapp, A., Holtschmidt, I., Moscho, C. &amp; Stenzel, S. (Hrsg.): Coaching und Change im Blickpunkt BAND IV<strong>.&nbsp;<\/strong>Impulse aus der Coaching-Forschung -Unternehmenskultur, Mentalisierung und virtuelles Coaching. Hannover: ibidem Verlag, S. 169 &#8211; 172.<\/li>\n\n\n\n<li><strong>Bergknapp, A.<\/strong>, Strikker, F. &amp; Stenzel, S. (2024): Geliebte Geschwister oder neidvolle Koexistenz? Business Coaching zwischen Wissenschaft und Praxis. In: Strikker, F., Bergknapp, A.,m Holtschmidt, I., Moscho, C. &amp; Stenzel, S. (Hrsg.): Coaching und Change im Blickpunkt BAND IV. Impulse aus der Coaching-Forschung -Unternehmenskultur, Mentalisierung und virtuelles Coaching. Hannover: ibidem Verlag, S. 173 &#8211; 180.<\/li>\n\n\n\n<li><strong>Brzank, PJ.<\/strong>, Hahn, D. (2024): Editorial. In: Brzank PJ, Bl\u00e4ttner B, Hahn D (Hrsg.) (2024): Praxishandbuch Interpersonelle Gewalt und Public Health. Weinheim Basel: Beltz Juventa Verlag.<\/li>\n\n\n\n<li><strong>Brzank, PJ.<\/strong>, (2024): Die Public-Health-Perspektive auf (interpersonelle) Gewalt. In: Brzank, PJ., Bl\u00e4ttner, B., Hahn, D. (Hrsg.) (2024): Praxishandbuch Interpersonelle Gewalt und Public Health. Weinheim Basel: Beltz Juventa Verlag, S. 21 \u2013 44.<\/li>\n\n\n\n<li><strong>Brzank, PJ.<\/strong>, Nowak, M., Jepsen, D., Winter, K., Engelhardt, M., Schneider, N., Pfeifer, M., Seeberg, J., Ulrich, H-S. (im Erscheinen): Ungewollte Schwangerschaften im Kontext von Partnergewalt: Ergebnisse aus der ELSA-Studie zur Partnerschaftssituation und Bedarfe an Schwangerschaftsberatung. In: Lohner, EM., B\u00f6hm, M., Bomert, C., Krolzik-Matthei, K. (Hg.): Ungewollt Schwangere beraten &#8211; Theoretische, empirische und praktische Perspektiven. Gie\u00dfen: Psychosozial Verlag.<\/li>\n\n\n\n<li>R\u00f6h, D. &amp;&nbsp;<strong>Spindler, C.<\/strong>&nbsp;(2024): Soziale Diagnostik und Gesamt- bzw. Teilhabeplanung. In: Sektion Klinische Sozialarbeit (Hrsg.): Handbuch Klinische Sozialarbeit. Beltz Juventa. S. 177-181.<\/li>\n\n\n\n<li>Korte, A.,&nbsp;<strong>Siegel, S.<\/strong>&nbsp;(2024): Geschlechtsinkongruenz und Geschlechtsdysphorie. In: Berger, van Elst (Hg.) Lehrbuch Psychiatrie und Psychosomatik. Elsevier, S. 977 \u2013 994.<\/li>\n<\/ul>\n<\/div><\/div>\n\n\n\n<div class=\"wp-block-group\" style=\"padding-top:var(--wp--preset--spacing--30);padding-bottom:var(--wp--preset--spacing--30)\"><div class=\"wp-block-group__inner-container is-layout-constrained wp-block-group-is-layout-constrained\">\n<h4 class=\"wp-block-heading\" id=\"h-zeitschriften-artikel\"><strong>ZEITSCHRIFTEN (-ARTIKEL)<\/strong><\/h4>\n\n\n\n<ul class=\"wp-block-list\">\n<li><strong>Borbe, C.<\/strong>, Gabriel, N., Montz-Schiller, S. (2024): Hochschulsozialarbeit. Studierende im Fokus der Sozialen Arbeit. In: Soziale Arbeit [online]. 73(3), S.\u202f82\u201388. ISSN\u202f2942-3406.<\/li>\n\n\n\n<li>Jepsen, D., Healy, KV., Bernard, M., Markert, J., &amp;&nbsp;<strong>Brzank, PJ.<\/strong>&nbsp;(2024): Patterns of sexual risk behaviors and sexuality-related risk factors among young adults in Germany &#8211; Implications for prevention and therapy. Eingereicht beim Archives of Sexual Behavior, Springer Nature.<\/li>\n\n\n\n<li>Buller, AM., Ferrari, G., Bleile, A., Feder, GS.,&nbsp;<strong>Brzank, PJ.<\/strong>&nbsp;&amp; Bacchus, LJ. (2024): Health professionals Responding to MEn for Safety (HERMES): evaluation of a pilot sexual health intervention for gay, bisexual and other men who have sex with men experiencing domestic violence and abuse. Im Reviewprozess.<\/li>\n\n\n\n<li>Borbe, C.,&nbsp;<strong>Gabriel, N.<\/strong>, Montz-Schiller, S. (2024): Hochschulsozialarbeit. Studierende im Fokus der Sozialen Arbeit. In: Soziale Arbeit [online]. 73(3), S.\u202f82\u201388. ISSN\u202f2942-3406.<\/li>\n\n\n\n<li><strong>Kenkmann, A.<\/strong>&nbsp;&amp; Ghanem, C. (2024): \u201aSuccessful Ageing\u2019 Needs a Future: Older Incarcerated Adults\u2019 Views on Ageing in Prison.&nbsp;<em>Journal of Ageing and Longevity 4(2),<\/em>72-82.&nbsp;<a href=\"https:\/\/doi.org\/10.3390\/jal4020006\" target=\"_blank\" rel=\"noreferrer noopener nofollow\">https:\/\/doi.org\/10.3390\/jal4020006&nbsp;<\/a><\/li>\n\n\n\n<li>B\u00f6lte, S., Alehagen, L., Black, M. H., Hasslinger, J., Wessman, E., Remn\u00e9lius, K.L., Marschik, P.B., D\u2019Arcy, E.,&nbsp;<strong>Seidel, A.<\/strong>, Girdler, S. &amp; Zander. E.(2024): Assessment of Functioning in ADHD according to WHO Standards: The First Revision of the ICF Core Sets using a Delphi-like method. Developmental Medicine &amp; Child Neurology 2024;&nbsp;<a href=\"http:\/\/doi.org\/10.1111\/dmcn.15865\" target=\"_blank\" rel=\"noreferrer noopener nofollow\">http:\/\/doi.org\/10.1111\/dmcn.15865<\/a>&nbsp;&nbsp;<\/li>\n\n\n\n<li>B\u00f6lte, S., Alehagen, L., Black, M. H., Hasslinger, J., Wessman, E., Lundin Remn\u00e9lius, K., Marschik, P. B., D\u2019Arcy, E., Crowson, S., Freeth, M.,&nbsp;<strong>Seidel, A.<\/strong>, Girdler, S., &amp; Zander, E. (2024): The Gestalt of functioning in autism revisited: First revision of the International Classification of Functioning, Disability and Health Core Sets. Autism.&nbsp;<a href=\"https:\/\/doi.org\/10.1177\/13623613241228896\" target=\"_blank\" rel=\"noreferrer noopener nofollow\">https:\/\/doi.org\/10.1177\/13623613241228896<\/a>&nbsp;&nbsp;<\/li>\n\n\n\n<li><strong>Spindler, C.<\/strong>&nbsp;(2024): Menschen(ge)recht(e) Arbeit. In: Institut f\u00fcr Demokratie und Zivilgesellschaft (Hg.). Wissen schafft Demokratie. Schwerpunkt Behindernde Gesellschaft, Band 15. Jena, 116-131.<\/li>\n\n\n\n<li><strong>Schramme, S.<\/strong>&nbsp;(2024): \u201eNothing about us \u2013 without us\u201c. Wie Erfahrungen mit Inklusion Partizipation und politischen Aktivismus f\u00f6rdern. In: Institut f\u00fcr Demokratie und Zivilgesellschaft (Hg.). Wissen schafft Demokratie. Schwerpunkt Behindernde Gesellschaft, Band 15. Jena, 168\u2013179.<\/li>\n\n\n\n<li><strong>Schramme, S.<\/strong>&nbsp;(2024): Inklusive P\u00e4dagogik und Intersektionalit\u00e4t: Warum Demokratie- und Inklusionsentwicklung intersektional zusammen gedacht werden m\u00fcssen. In: Bosse, I., M\u00fcller, K. &amp; Nu\u00dfbaumer, D. (Hrsg.): Internationale und demokratische Perspektiven auf Inklusion und Chancengerechtigkeit. Bad Heilbrunn: Verlag Julius Klinkhardt, S. 211-217.<\/li>\n\n\n\n<li><strong>Sohns, A.<\/strong>&nbsp;(2024): Fr\u00fchf\u00f6rderung. In: Lochner, B., Rehklau, C. &amp; &nbsp;Ri\u00dfmann, M. (Th\u00fcringer Institut f\u00fcr Kindheitsp\u00e4dagogik). Lexikon der Kindheitsp\u00e4dagogik (2. Auflage). Carl-Link-Verlag (im Druck).<\/li>\n\n\n\n<li>Egen C, Busche, T, Bethge M,&nbsp;<strong>Bassler M<\/strong>, Gutenbrunner C (2024): Ist das Konstrukt der Rehabilitationsf\u00e4higkeit in seiner Anwendung durch DRV und GKV ausgrenzend? Ein &nbsp;Diskussionsbeitrag. Die Rehabilitation 63 (2): 74-77. doi: 10.1055\/a-2263-2627.<\/li>\n\n\n\n<li>Egen C, Busche, T, Bethge M,&nbsp;<strong>Bassler M<\/strong>, Gutenbrunner C (2024): Ist das Konstrukt der Rehabilitationsf\u00e4higkeit in seiner Anwendung durch DRV und GKV ausgrenzend? Ein Diskussionsbeitrag. Recht und Praxis der Rehabilitation 3:5-9.<\/li>\n<\/ul>\n<\/div><\/div>\n<\/div><\/div>\n\n\n\n<div id=\"2023\" class=\"wp-block-greyd-accordion-item\"><button class=\"wp-block-greyd-accordion__title\" role=\"button\" type=\"button\" aria-expanded=\"false\" aria-controls=\"sect-y97p-4\" id=\"title-y97p-4\"><span>2023<\/span><span class=\"icon icon-normal arrow_triangle-down\" aria-hidden=\"true\"><\/span><span class=\"icon icon-active arrow_triangle-up\" aria-hidden=\"true\"><\/span><\/button><div class=\"wp-block-greyd-accordion__content\" role=\"region\" id=\"sect-y97p-4\" aria-labelledby=\"title-y97p-4\" hidden>\n<div class=\"wp-block-group\" style=\"padding-top:0;padding-bottom:var(--wp--preset--spacing--30)\"><div class=\"wp-block-group__inner-container is-layout-constrained wp-block-group-is-layout-constrained\">\n<h4 class=\"wp-block-heading\" id=\"h-monografien-0\"><strong>MONOGRAFIEN<\/strong><\/h4>\n\n\n\n<ul class=\"wp-block-list\">\n<li>Schmalbach, I., Schmalbach, B., Kalkbrenner, A.,&nbsp;<strong>Bassler, M.<\/strong>, Hinz, A. &amp; Petrowski, K. (2023): Psychometric properties of the job anxiety scale. Front. Psychol. 14:1020596.&nbsp;<a href=\"https:\/\/www.frontiersin.org\/journals\/psychology\/articles\/10.3389\/fpsyg.2023.1020596\/full\" target=\"_blank\" rel=\"noreferrer noopener nofollow\">doi: 10.3389\/fpsyg.2023.1020596<\/a>.<\/li>\n\n\n\n<li><strong>Bergknapp, A.<\/strong>&nbsp;(2023): Rezension zu Karin Kiesele: \u00dcberraschend anders fragen. Praxishandbuch f\u00fcr professionelle Kommunikation. Junfermann Verlag GmbH (Paderborn) 2022.&nbsp;<a href=\"https:\/\/www.socialnet.de\/rezensionen\/30197.php?key=NDM4NzgyNz\" target=\"_blank\" rel=\"noreferrer noopener nofollow\">www.socialnet.de\/rezensionen\/30197.php<\/a><\/li>\n\n\n\n<li><strong>Borcsa, M.<\/strong>&nbsp;&amp; Daure, I. (2023): Mobilit\u00e9s et migrations. Repenser l&#8217;approche syst\u00e9mique \u00e0 l&#8217;heure de la mondialisation. Paris: ESF.<\/li>\n\n\n\n<li>Malek M., Nickel I. &amp;&nbsp;<strong>Seidel A.<\/strong>&nbsp;(2023): Praxishandbuch ICF in der Pflege. Hogrefe Verlag.<\/li>\n\n\n\n<li>Simon L., K\u00fchl J. (2023): Interdisziplin\u00e4re Zusammenarbeit und inklusive Fr\u00fchf\u00f6rderung. Herausgeber: Wei\u00df H.,&nbsp;<strong>Seidel A.<\/strong>, Verlag Kohlhammer.<\/li>\n<\/ul>\n<\/div><\/div>\n\n\n\n<div class=\"wp-block-group\" style=\"padding-top:var(--wp--preset--spacing--30);padding-bottom:var(--wp--preset--spacing--30)\"><div class=\"wp-block-group__inner-container is-layout-constrained wp-block-group-is-layout-constrained\">\n<h4 class=\"wp-block-heading\" id=\"h-buchbeitrage-0\"><strong>BUCHBEITR\u00c4GE<\/strong><\/h4>\n\n\n\n<ul class=\"wp-block-list\">\n<li><strong>Borbe, C.<\/strong>&nbsp;&nbsp;&amp; Harth, P. (2023): Service Learning und Professionalit\u00e4t &#8211; Chancen und Herausforderungen f\u00fcr die Soziale Arbeit. In: G\u00f6rtler, Michael; Taube, Gabriel; Thielemann, Nurdin (Hrsg.): Soziale Arbeit und Professionalit\u00e4t: Reflexionen zwischen Theorie, Lehre und Praxis. Verlag Barbara Budrich GmbH (Opladen, Berlin, Toronto), 227-240.<\/li>\n\n\n\n<li><strong>Borcsa, M.<\/strong>&nbsp;(2023): Familles mondialis\u00e9es: une lecture syst\u00e9mique. In Borcsa, M. &amp; Daure, I. Mobilit\u00e9s et migrations. Repenser l&#8217;approche syst\u00e9mique \u00e0 l&#8217;heure de la mondialisation. Paris: ESF, 13 \u2013 21.<\/li>\n\n\n\n<li><strong>Borcsa, M.<\/strong>&nbsp;&amp; Winkler, C. (2023): Red\u00e9finir les diff\u00e9rences : la transculturalit\u00e9 comme vision pour la th\u00e9rapie de couple. In Borcsa, M. &amp; Daure, I. Mobilit\u00e9s et migrations. Repenser l&#8217;approche syst\u00e9mique \u00e0 l&#8217;heure de la mondialisation, Paris: ESF, 33 \u2013 41.<\/li>\n\n\n\n<li><strong>Borcsa, M.<\/strong>&nbsp;&amp; Wetzel, D. (2023): Transmission familiale entre ambivalence et r\u00e9silience: le travail interg\u00e9n\u00e9rationnel de m\u00e9moire apr\u00e8s une migration forc\u00e9e. In Borcsa, M. &amp; Daure, I. Mobilit\u00e9s et migrations. Repenser l&#8217;approche syst\u00e9mique \u00e0 l&#8217;heure de la mondialisation. Paris: ESF, 107 \u2013 115.<\/li>\n\n\n\n<li><strong><em>Borcsa, M.<\/em><\/strong><em>&nbsp;&amp; Winkler, C. (2023):&nbsp;<\/em>\u00abWhat if you said this in English?\u00bb Le multilinguisme comme ressource dans le processus th\u00e9rapeutique. In Borcsa, M. &amp; Daure, I. Mobilit\u00e9s et migrations. Repenser l&#8217;approche syst\u00e9mique \u00e0 l&#8217;heure de la mondialisation, Paris: ESF, 125 \u2013 133.<\/li>\n\n\n\n<li><strong><em>Borcsa, M.<\/em><\/strong><em>,&nbsp;<\/em>Pantelidou, S. &amp; Pomini, V. (2023): Multidisciplinarit\u00e9 et approche sociopsychiatrique : la supervision syst\u00e9mique avec les familles multiculturelles \u00e0 probl\u00e8mes multiples. In Borcsa, M. &amp; Daure, I.Mobilit\u00e9s et migrations. Repenser l&#8217;approche syst\u00e9mique \u00e0 l&#8217;heure de la mondialisation. Paris: ESF, 147 \u2013 157.<\/li>\n\n\n\n<li><strong>Seidel, A.<\/strong>&nbsp;(2023): \u00c4rztliche Aufgaben in der Elternarbeit. In: Wilken, Jeltsch-Schudel (Hrsg.) Elternarbeit und Behinderung: Partizipation &#8211; Kooperation &#8211; Inklusion, Verlag Kohlhammer, 2. Auflage, S. 97 &#8211; 110.<\/li>\n\n\n\n<li>Schellbach S. &amp;&nbsp;<strong>Seidel A.<\/strong>&nbsp;(2023): Fr\u00fchf\u00f6rderung und Elternberatung: Eine (heil-)p\u00e4dagogische und teilhabeorientierte Perspektive. In: Lindmeier, Sallat, Ehrenberg: Sprache und Kommunikation bei Autismus. Verlag Kohlhammer, S. 75 &#8211; 90.<\/li>\n\n\n\n<li><strong>Sauerwein, M.<\/strong>&nbsp;&amp; Schipolowski, S. (2023). Ganztags- und Halbtagsschulen &#8211; (k)ein Unterschied? In B. Hopmann (Hrsg.), Edition soziale Arbeit. Soziale Arbeit im schulischen Kontext: Zust\u00e4ndigkeit, Macht und Professionalisierung in multiprofessionellen Kooperationen (1. Aufl.). Juventa Verlag ein Imprint der Julius Beltz GmbH &amp; Co. KG, 67 \u2013 85.<\/li>\n<\/ul>\n<\/div><\/div>\n\n\n\n<div class=\"wp-block-group\" style=\"padding-top:var(--wp--preset--spacing--30);padding-bottom:var(--wp--preset--spacing--30)\"><div class=\"wp-block-group__inner-container is-layout-constrained wp-block-group-is-layout-constrained\">\n<h4 class=\"wp-block-heading\" id=\"h-zeitschriften-artikel-0\"><strong>ZEITSCHRIFTEN (-ARTIKEL)<\/strong><\/h4>\n\n\n\n<ul class=\"wp-block-list\">\n<li>Zhang, Y., Shi, L., Wei, J., Hartmann, A., Leonhar,t R.,&nbsp;<strong>Bassler, M.<\/strong>&nbsp;&amp; Fritzsche, K. (2023) Training in psychosomatic medicine and psychotherapy for medical doctors in China &#8211; a field report. BMC Medical Education, Front. Med. 10:1119505.&nbsp;<a href=\"https:\/\/www.frontiersin.org\/journals\/medicine\/articles\/10.3389\/fmed.2023.1119505\/full\" target=\"_blank\" rel=\"noreferrer noopener nofollow\">doi: 10.3389\/fmed.2023.1119505<\/a>.<\/li>\n\n\n\n<li>Kleineberg-Massuthe, H., Papst, L.,&nbsp;<strong>Bassler, M.<\/strong>&nbsp;&amp; K\u00f6llner, V. (2023): Milieu-specific differences in symptom severity and treatment outcome in psychosomatic rehabilitation in Germany. Front. Psychiatry 14:1198146.&nbsp;<a href=\"https:\/\/www.frontiersin.org\/journals\/psychiatry\/articles\/10.3389\/fpsyt.2023.1198146\/full\" target=\"_blank\" rel=\"noreferrer noopener nofollow\">doi: 10.3389\/fpsyt.2023.1198146<\/a>.<\/li>\n\n\n\n<li>Kleineberg-Massuthe, H., Papst, L.,&nbsp;<strong>Bassler, M.<\/strong>&nbsp;&amp; K\u00f6llner, V. (2023):&nbsp; Der Einfluss des sozialen Milieus auf das sozialmedizinische Outcome und die Reha-Zufriedenheit nach Psychosomatischer Rehabilitation. PsMR 36 (1), S. 29-44.<\/li>\n\n\n\n<li>Schmalbach, I., Schmalbach, B., Kalkbrenner, A.,&nbsp;<strong>Bassler M<\/strong>, Hinz, A., Petrowski, K. (2023): Psychometric properties of the job anxiety scale. Front. Psychol. 14:1020596.&nbsp;<a href=\"https:\/\/www.frontiersin.org\/journals\/psychology\/articles\/10.3389\/fpsyg.2023.1020596\/full\" target=\"_blank\" rel=\"noreferrer noopener nofollow\">doi: 10.3389\/fpsyg.2023.1020596<\/a>.<\/li>\n\n\n\n<li>Markus, M.,&nbsp;<strong>Bassler, M.<\/strong>, Gabriel, N., Budde, A., Chrysanthou, S., K\u00e4fer, M., Lambrecht, A., Rosbiega,l F. &amp; Bethge, M. (2023): Medizinisch-beruflich orientierte Rehabilitation in der Psychosomatik \u2013 Ergebnisse einer randomisierten kontrollierten Studie am Ende der Rehabilitation. DRV-Schriften, Band 128. Berlin, S. 40-43.<\/li>\n\n\n\n<li>Jepsen, D., Healy, KV., Bernard, M., Marker,t J. &amp;&nbsp;<strong>Brzank, PJ<\/strong>, (2023): Patterns of sexual risk behaviour among young adults. European Journal of Public Health, 33 (2), S. 2671 \u2013 2688.<\/li>\n\n\n\n<li>Schuck, JM. &amp;&nbsp;<strong>Brzank, PJ.<\/strong>&nbsp;(2023): M\u00e4nnlichkeit als Aufgabe der Sozialen Arbeit am Beispiel der Incels. In: Soziale Arbeit, 72:10, S. 371 \u2013 377.&nbsp;<a href=\"https:\/\/www.nomos-elibrary.de\/10.5771\/0490-1606-2023-10\/soziale-arbeit-jahrgang-72-2023-heft-10?page=1\" target=\"_blank\" rel=\"noreferrer noopener nofollow\">doi.org\/10.5771\/0490-1606-2023-10-371<\/a><\/li>\n\n\n\n<li>Siegel, S., Schramme, S. &amp;&nbsp;<strong>Brzank, P.<\/strong>&nbsp;(2023): Quo vadis, Intersektionalit\u00e4t und Gesundheit? In der Theorie ist die Theorie n\u00e4her an der Praxis als in der Praxis. In: Stadtpunkte THEMA. Informationen zur Gesundheitsf\u00f6rderung. Ausgabe 02. Dezember 2023, S. 6 \u2013 9.<\/li>\n\n\n\n<li>Ghanem, C., &amp;&nbsp;<strong>Kenkmann, A.<\/strong>&nbsp;(2023):&nbsp; &#8222;Ich muss st\u00e4ndig beweisen, dass ich noch brauchbar bin&#8220; &#8211; Zur sozialen Lebenswirklichkeit \u00e4lterer Menschen in Haft. Rechtspsychologie, 9(2), 193-211.&nbsp;<a href=\"https:\/\/doi.org\/10.5771\/2365-1083-2023-2-2\" target=\"_blank\" rel=\"noreferrer noopener nofollow\">https:\/\/doi.org\/10.5771\/2365-1083-2023-2-2<\/a>.<\/li>\n\n\n\n<li><strong>Kenkmann, A.<\/strong>, Ghanem, C., Erhard, S. (2023): The Fragmented Picture of Social Care for Older People in German Prisons. Journal of Aging and Social Policy.&nbsp;<a href=\"https:\/\/doi.org\/10.1080\/08959420.2022.2031701\" target=\"_blank\" rel=\"noreferrer noopener nofollow\">https:\/\/doi.org\/10.1080\/08959420.2022.2031701<\/a><\/li>\n\n\n\n<li><strong>Sauerwein, M.<\/strong>, L\u00fcnenschlo\u00df, J. &amp; Kellner, J. (2023): Bed\u00fcrfnisse von Kindern im Ganztag.&nbsp;<em>Soziale Arbeit<\/em>,&nbsp;<em>72<\/em>(3), 82\u201391.&nbsp;<a href=\"https:\/\/doi.org\/10.5771\/0490-1606-2023-3-82\" target=\"_blank\" rel=\"noreferrer noopener nofollow\">https:\/\/doi.org\/10.5771\/0490-1606-2023-3-82<\/a><\/li>\n\n\n\n<li>Danner, A., Bock, F., Rohde, D., Gra\u00dfhoff, G., Idel, T.-S. &amp;&nbsp;<strong>Sauerwein, M.<\/strong>&nbsp;(2023): Laien als Akteure im Ganztag.&nbsp;<em>Soziale Passagen.&nbsp;<\/em>Vorab-Onlinepublikation.&nbsp;<a href=\"https:\/\/doi.org\/10.1007\/s12592-023-00443-x\" target=\"_blank\" rel=\"noreferrer noopener nofollow\">https:\/\/doi.org\/10.1007\/s12592-023-00443-x<\/a><\/li>\n\n\n\n<li>Siegel, S.,&nbsp;<strong>Schramme, S.<\/strong>&nbsp;&amp; Brzank, P. (2023): Quo vadis, Intersektionalit\u00e4t und Gesundheit? In der Theorie ist die Theorie n\u00e4her an der Praxis als in der Praxis. In: Stadtpunkte THEMA. Informationen zur Gesundheitsf\u00f6rderung. Ausgabe 02. Dezember 2023, S. 6 \u2013 9.<\/li>\n\n\n\n<li><strong>Schramme, S.<\/strong>&nbsp;(2023): Die Bedeutung rechter Wahlerfolge f\u00fcr Vielfalt, Chancengleichheit und Inklusion. In: Th\u00fcringer Zeitschrift der Bildungsgewerkschaft Dezember 2023, S. 8.<\/li>\n\n\n\n<li><strong>Schramme, S.<\/strong>&nbsp;(2023): Behinderung und Geschlecht: Entwicklungen und Befunde f\u00fcr eine Inklusive P\u00e4dagogik. In: Forum Erziehungshilfe. Beltz Juventa: Weinheim. 29. Jg., Heft 3, S. 152-154.&nbsp;<a href=\"https:\/\/www.beltz.de\/fachmedien\/sozialpaedagogik_soziale_arbeit\/zeitschriften\/forum_erziehungshilfe.html?tx_beltz_journal%5Baction%5D=article&amp;tx_beltz_journal%5Barticle%5D=51564&amp;cHash=0b544cdebcd343968e04be31899df026\" target=\"_blank\" rel=\"noreferrer noopener nofollow\">https:\/\/doi.org\/10.3262\/FOE2303152<\/a><\/li>\n\n\n\n<li>Rosenberger R. &amp;&nbsp;<strong>Seidel A.<\/strong>&nbsp;(2023): Die Lese-Rechtschreibst\u00f6rung im bio-psycho-sozialen Modell der ICF \u2013 eine qualitative Untersuchung; Neurop\u00e4diatrie 2023: 22, S. 59 \u2013 65.<\/li>\n\n\n\n<li><strong>Siegel, S.<\/strong>&nbsp;(2023): Geschlechtliche Vielfalt aus (sozial-)medizinischer Sicht. Diversit\u00e4t bedingt Differenzierung. In: Die Berufliche Rehabilitation, Heft 2\/2023.<\/li>\n\n\n\n<li><strong>Siegel, S.<\/strong>, Schramme, S. &amp; Brzank, P. (2023): Quo vadis, Intersektionalit\u00e4t und Gesundheit? In der Theorie ist die Theorie n\u00e4her an der Praxis als in der Praxis. In: Stadtpunkte THEMA. Informationen zur Gesundheitsf\u00f6rderung. Ausgabe 02. Dezember 2023, S. 6 \u2013 9.<\/li>\n\n\n\n<li><strong>Sohns, A.<\/strong>&nbsp;(2023): \u201eInklusive Fr\u00fchf\u00f6rderung\u201c, in: Fr\u00fchf\u00f6rderung Interdisziplin\u00e4r 4\/2023, S. 193-195.<\/li>\n\n\n\n<li><strong>Sohns, A.<\/strong>&nbsp;(2023): Inklusive Jugendhilfe: Neue Wege in der Fr\u00fchf\u00f6rderung. In: Auf dem Weg zur Inklusiven Jugendhilfe, Themenheft des \u201eArchiv f\u00fcr Wissenschaft und Praxis der Sozialen Arbeit\u201c 3\/2023. Deutscher Verein f\u00fcr \u00f6ffentliche und private F\u00fcrsorge. 10 S.<\/li>\n\n\n\n<li>Weymann, T., Achenbach, J., Guevarad, JE.,&nbsp;<strong>Bassler, M.<\/strong>, Karst, M. &amp; Lambrecht, A. (2023):&nbsp; EMG measured reaction time as a predictor of invalid symptom report in psychosomatic patients. Clin Neuropsychol, 2023, Nov 2, S. 1 &#8211; 17.&nbsp;<a href=\"https:\/\/www.tandfonline.com\/doi\/full\/10.1080\/13854046.2023.2276480\" rel=\"noreferrer noopener nofollow\">doi: 10.1080\/13854046.2023.2276480<\/a>.<\/li>\n<\/ul>\n<\/div><\/div>\n\n\n\n<h4 class=\"wp-block-heading\" id=\"forschungsbericht\" style=\"text-transform:uppercase\"><strong>Forschungsbericht<\/strong><\/h4>\n\n\n\n<ul class=\"wp-block-list\">\n<li><strong>Bassler M.<\/strong>, Gutenbrunner C, Karst M, Lichtinghagen R, Webering C, Gabriel N, Kessemeier F (2023): Abschlussbericht &#8222;Effekt von Biomediatoren auf Verlauf und Ergebnis von inter-disziplin\u00e4rer orthop\u00e4disch-psychosomatischer Rehabilitation von chronischen multilokul\u00e4ren Schmerzsyndromen&#8220;. Nordhausen, Institut f\u00fcr Sozialmedizin, Rehabilitationswissenschaften und Versorgungsforschung (S. 1-80).<\/li>\n<\/ul>\n<\/div><\/div>\n\n\n\n<div id=\"2022\" class=\"wp-block-greyd-accordion-item\"><button class=\"wp-block-greyd-accordion__title\" role=\"button\" type=\"button\" aria-expanded=\"false\" aria-controls=\"sect-i9a8-5\" id=\"title-i9a8-5\"><span>2022<\/span><span class=\"icon icon-normal arrow_triangle-down\" aria-hidden=\"true\"><\/span><span class=\"icon icon-active arrow_triangle-up\" aria-hidden=\"true\"><\/span><\/button><div class=\"wp-block-greyd-accordion__content\" role=\"region\" id=\"sect-i9a8-5\" aria-labelledby=\"title-i9a8-5\" hidden>\n<div class=\"wp-block-group\" style=\"padding-top:0;padding-bottom:var(--wp--preset--spacing--30)\"><div class=\"wp-block-group__inner-container is-layout-constrained wp-block-group-is-layout-constrained\">\n<h4 class=\"wp-block-heading\" id=\"h-monografien-1\"><strong>MONOGRAFIEN<\/strong><\/h4>\n\n\n\n<ul class=\"wp-block-list\">\n<li>Jakob, P.,&nbsp;<strong>Borcsa, M.<\/strong>, Olthof, J. &amp; von Schlippe, A. (Hg.) (2022): Handbuch Narrative Praxis, G\u00f6ttingen: Vandenhoeck &amp; Ruprecht.<\/li>\n\n\n\n<li>Daure, I. &amp;&nbsp;<strong>Borcsa, M.<\/strong>&nbsp;(a cura di) (2022): II Genogramma nella pratica sistemica contemporanea. Sviluppi e prospettive. Milano: Franco Angeli.<\/li>\n<\/ul>\n<\/div><\/div>\n\n\n\n<div class=\"wp-block-group\" style=\"padding-top:var(--wp--preset--spacing--30);padding-bottom:var(--wp--preset--spacing--30)\"><div class=\"wp-block-group__inner-container is-layout-constrained wp-block-group-is-layout-constrained\">\n<h4 class=\"wp-block-heading\" id=\"h-buchbeitrage-1\"><strong>BUCHBEITR\u00c4GE<\/strong><\/h4>\n\n\n\n<ul class=\"wp-block-list\">\n<li>Hille, J., Katarzyna Gdowska, M. K., &amp;&nbsp;<strong>Borcsa, M.<\/strong>&nbsp;(2022): \u201eJa, denn ich lebe generell schon jetzt ein sesshaftes Leben\u201c &#8211; Ambiguit\u00e4t(en) in Erz\u00e4hlungen von Familien mit einer Vertreibungsgeschichte. In P. Jakob, M. Borcsa, J. Olthof, &amp; A. von Schlippe, Handbuch Narrative Praxis, Vandenhoeck &amp; Ruprecht, 468 \u2013 481.<\/li>\n\n\n\n<li><strong>Borcsa, M<\/strong>. &amp; Hille, J. (2022): Il Genogramma 4.0: famiglie globalizzate e relazioni virtuali. In Daure, I. &amp; Borcsa, M. (a cura di) II Genogramma nella pratica sistemica contemporanea. Sviluppi e prospettive, Milano: Franco Angeli, 127 \u2013 139.<\/li>\n\n\n\n<li>Hille, J., Gdowska, K., Kansy, M. &amp;&nbsp;<strong>Borcsa, M<\/strong>. (2022): \u201eJa, denn ich lebe generell schon jetzt ein sesshaftes Leben\u201c &#8211; Ambiguit\u00e4t(en) in Erz\u00e4hlungen von Familien mit einer Vertreibungsgeschichte. In P. Jakob, M. Borcsa, J. Olthof, &amp; A. von Schlippe (Hg.).&nbsp;Handbuch Narrative Praxis. Vandenhoeck &amp; Ruprecht, 468 \u2013 481.<\/li>\n\n\n\n<li><strong>Borcsa, M.<\/strong>, Skyba, D., Hille, J. &amp; Dathe, C. (2022): Das didaktische System als bilanzierendes System \u2013 L\u00f6sungsorientierte Beratung lehren und pr\u00fcfen. In Lindemann, H. &amp; Trumpa, S. (Hg.). Hochschullehre &#8211; systemisch? Theoretische und praktische Impulse f\u00fcr Didaktik und Methodik. G\u00f6ttingen: Vandenhoeck &amp; Ruprecht, 235-246.<\/li>\n\n\n\n<li><strong>Schramme, S.<\/strong>&nbsp;(2022): Queer Studies als Perspektive der Inklusiven P\u00e4dagogik. In: Kasten, Anna &amp; Pangritz, Johanna (Hrsg.) Feminismen in der Sozialen Arbeit. Weinheim: Beltz Juventa, 355-371.<br>&nbsp;<\/li>\n<\/ul>\n<\/div><\/div>\n\n\n\n<div class=\"wp-block-group\" style=\"padding-top:var(--wp--preset--spacing--30);padding-bottom:var(--wp--preset--spacing--30)\"><div class=\"wp-block-group__inner-container is-layout-constrained wp-block-group-is-layout-constrained\">\n<h4 class=\"wp-block-heading\" id=\"h-zeitschriften-artikel-1\"><strong>ZEITSCHRIFTEN (-ARTIKEL)<\/strong><\/h4>\n\n\n\n<ul class=\"wp-block-list\">\n<li>Zhang, Y., Shi, L., Wei, J., Hartmann, A., Leonhart, R.,&nbsp;<strong>Bassler, M.<\/strong>&nbsp;&amp; Fritzsche, K. (2022): Perceived professional development of Chinese psychotherapy trainees: a pilot study. Research in Psychotherapy: Psychopathology, Process and Outcome, 25(2): 229-238.<\/li>\n\n\n\n<li><strong>Bassler, M.<\/strong>&nbsp;(2022): Arbeitsf\u00e4higkeit und sozial medizinische Begutachtung bei Fatigue-Syndromen. Arbeitsmed sozialmed umweltmed&nbsp; 57: 546-549.<\/li>\n\n\n\n<li>Kleineberg-Massuthe, H., Papst, L.,&nbsp;<strong>Bassler, M.&nbsp;<\/strong>&amp; &nbsp;K\u00f6llner, V. (2022): Sozialmedizinisches Outcome und Reha-Zufriedenheit bei sozialen Milieus in der Psychosomatischen Rehabilitation. DRV-Schriften, Band 126. Berlin, 206-207.<\/li>\n\n\n\n<li><strong>Borcsa, M.<\/strong>&nbsp;(2022): Les effets des technologies d&#8217;information et de communication sur les relations de couple. Le Journal des Psychologues, Mai 2022, N\u00b0397, 16-19.<\/li>\n\n\n\n<li>Domes, M. &amp;&nbsp;<strong>Spindler, C.<\/strong>&nbsp;(2022): Digitale Lehre \u2013 Verbindungen zwischen Theorie und Praxis. In: Soziale Arbeit. Zeitschrift f\u00fcr soziale und sozialverwandte Gebiete 4\/74, 122-131.<\/li>\n<\/ul>\n<\/div><\/div>\n<\/div><\/div>\n\n\n\n<div id=\"2021\" class=\"wp-block-greyd-accordion-item\"><button class=\"wp-block-greyd-accordion__title\" role=\"button\" type=\"button\" aria-expanded=\"false\" aria-controls=\"sect-ijx7-6\" id=\"title-ijx7-6\"><span>2021<\/span><span class=\"icon icon-normal arrow_triangle-down\" aria-hidden=\"true\"><\/span><span class=\"icon icon-active arrow_triangle-up\" aria-hidden=\"true\"><\/span><\/button><div class=\"wp-block-greyd-accordion__content\" role=\"region\" id=\"sect-ijx7-6\" aria-labelledby=\"title-ijx7-6\" hidden>\n<div class=\"wp-block-group\" style=\"padding-top:0;padding-bottom:var(--wp--preset--spacing--30)\"><div class=\"wp-block-group__inner-container is-layout-constrained wp-block-group-is-layout-constrained\">\n<h4 class=\"wp-block-heading\" id=\"h-monografien-2\"><strong>MONOGRAFIEN<\/strong><\/h4>\n\n\n\n<ul class=\"wp-block-list\">\n<li><strong>Borcsa, M.<\/strong>; Willig, C. (Eds.) (2021): Qualitative Research Methods in Mental Health. Innovative and Collaborative Approaches. Cham, CH: Springer International.<\/li>\n\n\n\n<li>Treml, J.; Linde, K., Engel, C.; Glaesmer, H.; Hinz, A.;&nbsp;<strong>Luck, T.<\/strong>; Riedel-Heller, S., Sander, C., Kersting, A. (2021): Loss and grief in elderly people: Results from the LIFE-Adult-Study. Death Studies. (IF 1.361)<\/li>\n\n\n\n<li><strong>Seidel, A.<\/strong>&nbsp;&amp; Schneider, S. (2021). Praxishandbuch ICF-orientierte Bedarfsermittlung (2. Auflage). BELTZ Juventa.&nbsp;<\/li>\n\n\n\n<li><strong>Seidel, A.<\/strong>, Steinborn, P. &amp; Schneider, S. (2021). Praxishandbuch Autismus &#8211; ICF-orientierte Bedarfsermittlung (2. Auflage). BELTZ Juventa.<\/li>\n\n\n\n<li><strong>Seidel, A.<\/strong>&nbsp;(2021). Entwicklungsp\u00e4diatrie in der Interdisziplin\u00e4ren Fr\u00fchf\u00f6rderung, Kohlhammer.<\/li>\n<\/ul>\n<\/div><\/div>\n\n\n\n<div class=\"wp-block-group\" style=\"padding-top:var(--wp--preset--spacing--30);padding-bottom:var(--wp--preset--spacing--30)\"><div class=\"wp-block-group__inner-container is-layout-constrained wp-block-group-is-layout-constrained\">\n<h4 class=\"wp-block-heading\" id=\"h-buchbeitrage-2\"><strong>BUCHBEITR\u00c4GE<\/strong><\/h4>\n\n\n\n<ul class=\"wp-block-list\">\n<li><strong>Borcsa, M.<\/strong>, Willig, C. &amp; Schr\u00f6er-Werner, S. (2021). Introduction: Qualitativ Research in Mental Health \u2013 Innovation and Collaboration. In Borcsa, M. &amp; Willig, C. (Eds.)&nbsp;Qualitative Research Methods in Mental Health. Innovative and Collaborative Approaches&nbsp;(pp. 1-11). Cham, CH: Springer International.<\/li>\n\n\n\n<li><strong>Borcsa, M.<\/strong>&nbsp;&amp; Janusz, B. (2021). Interpersonal Process Recall in Systemic Research: Investigating Couple Therapists\u2018 Personal and Professional Selves. In Borcsa, M. &amp; Willig, C. (Eds.)&nbsp;Qualitative Research Methods in Mental Health. Innovative and Collaborative Approaches&nbsp;(pp. 167-191). Cham, CH: Springer International.<\/li>\n\n\n\n<li>Willig, C. &amp;&nbsp;<strong>Borcsa, M.<\/strong>&nbsp;(2021). Conclusion: Qualitative Research in Mental Health: Reflections on Research Questions, Methods and Knowledge. In Borcsa, M. &amp; Willig, C. (Eds.)&nbsp;Qualitative Research Methods in Mental Health. Innovative and Collaborative Approaches&nbsp;(pp. 251-261). Cham, CH: Springer International.<\/li>\n\n\n\n<li><strong>Gemeinhardt, E<\/strong>. (2021): Achtsamkeit und achtsamkeitsbasierte Kontaktarbeit mit \u00c4lteren als Potential und Ressource f\u00fcr die psychische Widerstandsf\u00e4higkeit im Alter. In: Steinhausen; Staats, M. (Hrsg.), Resilienz im Alter. Weinheim: Beltz, 121-133.<\/li>\n\n\n\n<li><strong>Spindler, C.<\/strong>&nbsp;(2021). Die Ethik der Datenstr\u00f6me: Technische Entwicklung und resultierende soziale, p\u00e4dagogische und gesellschaftliche Fragestellungen. In:U.Breuer &amp; D. Genske (Hrsg.):Ethik in den Ingenieurwissenschaften. Eine Ann\u00e4herung, S. 191-234. Wiesbaden: Springer.<\/li>\n<\/ul>\n<\/div><\/div>\n\n\n\n<div class=\"wp-block-group\" style=\"padding-top:var(--wp--preset--spacing--30);padding-bottom:var(--wp--preset--spacing--30)\"><div class=\"wp-block-group__inner-container is-layout-constrained wp-block-group-is-layout-constrained\">\n<h4 class=\"wp-block-heading\" id=\"h-zeitschriften-artikel-2\"><strong>ZEITSCHRIFTEN(-ARTIKEL)<\/strong><\/h4>\n\n\n\n<ul class=\"wp-block-list\">\n<li><strong>Markus, M.<\/strong>, Gabriel, N., Bassler, M., &amp; Bethge, M. (2021, Peer-Review): Work-related medical rehabilitation in patients with mental disorders: the protocol of a randomized controlled trial (WMR-P, DRKS00023175). BMC Psychiatry 2021 21, 225-238.<\/li>\n\n\n\n<li>Henn, J., Kessemeier, F., Kobelt-P\u00f6nicke, A.,&nbsp;<strong>Bassler, M.<\/strong>, Schmidt, J. &amp; N\u00fcbling, R. (2021, Peer-Review).&nbsp; Psychosomatische Rehabilitation bei Patientinnen und Patienten mit Renten\u00fcberlegungen: Reha-Erfolg und therapeutische Beziehung. PPmP. doi: 10.1055\/a-1303-4861.<\/li>\n\n\n\n<li>Gutenbrunner, C.,&nbsp;<strong>Bassler, M.<\/strong>, Egen, C., Hoffmann. W. &amp; Meyer-Olson, D. (2021, Peer-Review). Wissenschaftlich-Medizinische Allianz f\u00fcr Rehabilitation (WMAR). Physikalische Medizin Rehabilitationsmedizin Kurortmedizin 2021; 31 (online), 8-9.<\/li>\n\n\n\n<li>Kleineberg-Massuthe, H., Papst, L.,&nbsp;<strong>Bassler, M.<\/strong>, Pfeiffer, W. &amp; K\u00f6llner, V. (2021). Gesundheitliche Ungleichheit in der Psychosomatischen Rehabilitation: Analyse von Symptombelastung und Behandlungsergebnissen anhand des sozialen Milieus. DRV-Schriften, Band 123. Berlin, 136-139.<\/li>\n\n\n\n<li>Kessemeier, F., Bablok, I.,&nbsp;<strong>Bassler, M.<\/strong>, N\u00fcbling, R. &amp; Kobelt-P\u00f6nicke, A. (2021). Welchen Einfluss haben Schmerzst\u00f6rungen auf den Reha-Erfolg in der psychosomatischen Rehabilitation?. DRV-Schriften, Band 123. Berlin, 143-145.<\/li>\n\n\n\n<li>Miriam, M., Gabriel, N.,&nbsp;<strong>Bassler, M.<\/strong>&nbsp;&amp; Bethge, M. (2021). Medizinisch-beruflich orientierte Rehabilitation in der Psychosomatik \u2013 Studienprotokoll einer randomisierten kontrollierten Multicenterstudie. DRV-Schriften, Band 123. Berlin, 270-272.<\/li>\n\n\n\n<li><strong>Bergknapp, A.<\/strong>&nbsp;(2021): Der Azubi-Coach: Theoretische Rahmung eines Projekts zur F\u00f6rderung sozialer Kompetenzen in regionalen Ausbildungsbetrieben des Handwerks,&nbsp;<a href=\"https:\/\/doi.org\/10.22032\/dbt.47969\" target=\"_blank\" rel=\"noreferrer noopener nofollow\">doi.org\/10.22032\/dbt.47969<\/a><\/li>\n\n\n\n<li><strong>Borcsa, M.<\/strong>&nbsp;(2021): Digitalisierung als therapeutische Ressource in transnationalen Familienbeziehungen. Psychotherapie im Dialog, 22, (1), 81-84.<\/li>\n\n\n\n<li><strong>Borcsa, M.;<\/strong>&nbsp;Pomini, V.; Saint-Mont, U. (2021): Digital systemic practices in Europe: a survey before the Covid-19 pandemic. Journal of Family Therapy, 43 (1), 4-26.&nbsp;<a href=\"https:\/\/doi.org\/10.1111\/1467-6427.12308\" target=\"_blank\" rel=\"noreferrer noopener nofollow\">https:\/\/doi.org\/10.1111\/1467-6427.12308<\/a><\/li>\n\n\n\n<li><strong>Borcsa, M.<\/strong>&nbsp;&amp; Pomini, V. (2021). Las pr\u00e1cticas digitales en psicoterapia sist\u00e9mica: tendencias, ventajas y dificultades. In: Manfrida, G., Albertini, V., &amp; Eisenberg, E. (Eds.).&nbsp;Psicoterapia online. Recursos tecnologicos en la clinica psicologica&nbsp;(pp. 49-71). Madrid: Ediciones Morata.<\/li>\n\n\n\n<li><strong>Borcsa, M.<\/strong>, Hille, J., Skyba, D. &amp; Dathe, C. (2021). The Pedagogical System as an Assessment System \u2013 Teaching and Evaluating Solution-Focused Counselling in a University Context.&nbsp;Feedback. Journal of the Family Therapy Association of Ireland. Special Issue: Training and Education in Family Therapy and Systemic Practice.&nbsp;Summer 2021, 5-16.<\/li>\n\n\n\n<li><strong>Borcsa, M.<\/strong>, Pomini, V. &amp; Saint-Mont, U. (2021).&nbsp;Digital systemic practices in Europe: a survey before the Covid-19 pandemic.&nbsp;Journal of Family Therapy, 43 (1), 4-26.&nbsp;&nbsp;<\/li>\n\n\n\n<li><strong>Borcsa, M.<\/strong>&nbsp;(2021). Digitalisierung als therapeutische Ressource in transnationalen Familienbeziehungen.&nbsp;Psychotherapie im Dialog, 22, (1), 81-84.<\/li>\n\n\n\n<li><strong>Luck, T<\/strong>.; Luck-Sikorski, C. (2021): Die Lebenszeitpr\u00e4valenz von Schuldgef\u00fchlen in der deutschen Erwachsenenbev\u00f6lkerung \u2013 Ergebnisse einer bundesweiten telefonischen Bev\u00f6lkerungsbefragung. Psychiatrische Praxis, 48(4), 208-215. (IF 1.723)<\/li>\n\n\n\n<li><strong>Luck, T.<\/strong>; Luck-Sikorski, C. (2021): Feelings of guilt in the general adult population: prevalence, intensity and association with depression. Psychology, Health &amp; Medicine. 2020 Dec 9, 1-11. [Epub ahead of print]. (IF 1.706)<\/li>\n\n\n\n<li>Rodriguez, F. S.; Huhn, S.; Vega, W. A.; Aranda, M. P.; Schroeter, M. L.; Engel, C.; Baber, R.; Burkhardt, R.; L\u00f6ffler, M.; Thiery, J., Villringer, A.;&nbsp;<strong>Luck, T.<\/strong>; Riedel-Heller, S.; Witte, V. (2021): Do high mental demands at work protect cognitive health in old age via hippocampal volume? Results from a community sample. Frontiers in Aging Neuroscience, 12, 622321. (IF 4.362)<\/li>\n\n\n\n<li>Treml, J., Linde, K., Engel, C., Glaesmer, H., Hinz, A.,&nbsp;<strong>Luck, T.<\/strong>, Riedel-Heller, S., Sander, C. &amp; Kersting, A. (2021). Loss and grief in elderly people: Results from the LIFE-Adult-Study. Death Studies. 2020 Sep 25. [Epub ahead of print]. (IF 1.361)<\/li>\n\n\n\n<li><strong>Luck, T.<\/strong>&nbsp;&amp; Luck-Sikorski, C. (2021). Die Lebenszeitpr\u00e4valenz von Schuldgef\u00fchlen in der deutschen Erwachsenenbev\u00f6lkerung \u2013 Ergebnisse einer bundesweiten telefonischen Bev\u00f6lkerungsbefragung. Psychiatrische Praxis, 48(04), 208-215. DOI: 10.1055\/a-1310-1860<\/li>\n\n\n\n<li>Opp, J., Stehr, T.,&nbsp;<strong>Saint-Mont, U.<\/strong>&nbsp;&amp;&nbsp;<strong>Seidel, A.<\/strong>&nbsp;(2021). Eindosieren von Methylphenidat mit Placebokontrolle. Kinder\u00e4rztliche Praxis, 1\/2021, 26-29.<\/li>\n\n\n\n<li>Neumann, K., Arnold, B., Baumann, A., Bohr, C., Euler, H.A., Fischbach, T., Hausschild, J., Heinrich, D., Keilmann, A., K\u00f6hler, C., Kr\u00e4gloh-Mann, I., Kummer, P., Mathmann, P., Noterdaeme, M., Plontke, S., Schliewenz, R., Schmid, R., Schmitz-Salue, C., Schr\u00f6der, M.,&nbsp;<strong>Seidel, A.<\/strong>, Wichmann, J. &amp; Kiese-Himmel, C. (2021). Neue Terminologie f\u00fcr Sprachentwicklungsst\u00f6rungen? Monatsschrift Kinderheilkunde, 9\/2021, 837-842<\/li>\n\n\n\n<li><strong>Seidel, A.<\/strong>, Steinborn, P. &amp; Schneider, S. (2021). Die ICF als gemeinsame Sprache und Werkzeug f\u00fcr die Erstellung von F\u00f6rder- und Therapiepl\u00e4nen f\u00fcr Menschen mit Autismus-Spektrum-St\u00f6rung. Sonderp\u00e4dagogische F\u00f6rderung heute, 4\/2021, 373-384.<\/li>\n\n\n\n<li>Wei\u00df, H. &amp;&nbsp;<strong>Seidel, A.<\/strong>&nbsp;(2021). Die ICF im Kontext von Bildung und F\u00f6rderung. Sonderp\u00e4dagogische F\u00f6rderung 4\/2021.<\/li>\n\n\n\n<li>Riethig, M. &amp;&nbsp;<strong>Sohns, A.<\/strong>&nbsp;(2021). Inklusive Fr\u00fchf\u00f6rderung im Landkreis G\u00f6ttingen. In: Der Landkreis, 6\/2021, 359-362.<\/li>\n\n\n\n<li>R\u00f6h, D., D\u00fczg\u00fcn-Stuttner, G., Giertz, K., Hansj\u00fcrgens, R.,&nbsp;<strong>Spindler, C.<\/strong>&nbsp;&amp; Christoph, W. (2021). Rehabilitation und Teilhabe \u2013 nicht ohne die Expertise der Klinischen Sozialarbeit. ARCHIV f\u00fcr Wissenschaft und Praxis der Sozialen Arbeit. Soziale Arbeit im Gesundheitswesen: Aufgaben und Potentiale 2\/2021, 16-27.<\/li>\n<\/ul>\n<\/div><\/div>\n<\/div><\/div>\n\n\n\n<div id=\"2020\" class=\"wp-block-greyd-accordion-item\"><button class=\"wp-block-greyd-accordion__title\" role=\"button\" type=\"button\" aria-expanded=\"false\" aria-controls=\"sect-ajly-7\" id=\"title-ajly-7\"><span>2020<\/span><span class=\"icon icon-normal arrow_triangle-down\" aria-hidden=\"true\"><\/span><span class=\"icon icon-active arrow_triangle-up\" aria-hidden=\"true\"><\/span><\/button><div class=\"wp-block-greyd-accordion__content\" role=\"region\" id=\"sect-ajly-7\" aria-labelledby=\"title-ajly-7\" hidden>\n<div class=\"wp-block-group\" style=\"padding-top:0;padding-bottom:var(--wp--preset--spacing--30)\"><div class=\"wp-block-group__inner-container is-layout-constrained wp-block-group-is-layout-constrained\">\n<h4 class=\"wp-block-heading\" id=\"h-monografien-3\"><strong>MONOGRAFIEN<\/strong><\/h4>\n\n\n\n<ul class=\"wp-block-list\">\n<li>K\u00f6llner, V.;&nbsp;<strong>Bassler, M.&nbsp;<\/strong>(Hrsg.) (2020): Praxishandbuch Psychosomatische Medizin in der Rehabilitation. Elsevier-Verlag, M\u00fcnchen.&nbsp;<\/li>\n\n\n\n<li>Linden, M.; B\u00fclau, N.; Kessemeier, F.; Kobelt-P\u00f6nicke, A.;&nbsp;<strong>Bassler, M.<\/strong>&nbsp;(2020): Humiliation and Injustice: Most Frequent and Most Hurting Stressors in Psychosomatic Patients. Psychological Disorders and Research.<\/li>\n\n\n\n<li><strong>Luck, T.<\/strong>; Luck-Sikorski, C. (2020): Die Lebenszeitpr\u00e4valenz von Schuldgef\u00fchlen in der deutschen Erwach-senenbev\u00f6lkerung \u2013 Ergebnisse einer bundesweiten telefonischen Bev\u00f6lkerungsbefragung. Psychiatrische Praxis.<\/li>\n\n\n\n<li>Ochs, M.;&nbsp;<strong>Borcsa, M.<\/strong>; Schweitzer, J. (Eds.) (2020): Linking Systemic Research and Practice \u2013Innovations in Paradigms, Strategies and Methods (EFTA Book Series, Volume 4). Cham, CH: Springer International.<\/li>\n\n\n\n<li>Daure, I.;&nbsp;<strong>Borcsa, M.<\/strong>&nbsp;(dir.) (2020): Les g\u00e9nogrammes d\u2019aujourd\u2019hui : La clinique syst\u00e9mique en mouvement. Paris : ESF sciences humaines.<\/li>\n\n\n\n<li>Ochs, M.;&nbsp;<strong>Borcsa, M.<\/strong>; Schweitzer, J. (Eds.) (2020). Systemic Research in Individual, Couple, and Family Therapy and Counseling (EFTA Book Series, Volume 4). Cham, CH: Springer International.<\/li>\n\n\n\n<li><strong>Saint-Mont, U.<\/strong>&nbsp;(2020): Induction: A Logical Analysis. In: Foundations of Science. The official Journal of the Association for Foundations of Science, Language and Cognition. Springer. Onlinever\u00f6ffentlichung 08.07.2020.<\/li>\n\n\n\n<li><strong>Sohns, A.<\/strong>&nbsp;(2020): Fr\u00fchf\u00f6rderung \u2013 Ein Hilfesystem im Wandel, 2. Auflage, Kohlhammer-Verlag.<\/li>\n<\/ul>\n<\/div><\/div>\n\n\n\n<div class=\"wp-block-group\" style=\"padding-top:var(--wp--preset--spacing--30);padding-bottom:var(--wp--preset--spacing--30)\"><div class=\"wp-block-group__inner-container is-layout-constrained wp-block-group-is-layout-constrained\">\n<h4 class=\"wp-block-heading\" id=\"h-buchbeitrage-3\"><strong>BUCHBEITR\u00c4GE<\/strong><\/h4>\n\n\n\n<ul class=\"wp-block-list\">\n<li><strong>Bassler, M.&nbsp;<\/strong>(2020): Angstst\u00f6rungen. In: K\u00f6llner, V.; Bassler, M. (Hrsg.) (2020): Praxishandbuch Psychosomatische Medizin in der Rehabilitation. Elsevier-Verlag, M\u00fcnchen, 226-235.<\/li>\n\n\n\n<li><strong>Bassler, M.<\/strong>&nbsp;(2020): Entlassung und Rehanachsorge. In: K\u00f6llner, V.; Bassler, M. (Hrsg.) (2020): Praxishand-buch Psychosomatische Medizin in der Rehabilitation. Elsevier-Verlag, M\u00fcnchen, 179-182.<\/li>\n\n\n\n<li><strong>Bassler, M.&nbsp;<\/strong>(2020): Manifestes und latentes Rentenbegehren. In: K\u00f6llner, V.; Bassler, M. (Hrsg.) (2020): Praxishandbuch Psychosomatische Medizin in der Rehabilitation. Elsevier-Verlag, M\u00fcnchen, 228-333.<\/li>\n\n\n\n<li><strong>Bassler, M.<\/strong>&nbsp;(2020): St\u00f6rungsspezifische Diagnostik in der psychosomatischen Rehabilitation. In: K\u00f6llner, V.; Bassler, M. (Hrsg.) (2020): Praxishandbuch Psychosomatische Medizin in der Rehabilitation. Elsevier-Verlag, M\u00fcnchen, 52-58.<\/li>\n\n\n\n<li><strong>Bassler, M.<\/strong>; K\u00f6llner, V. (2020): Einf\u00fchrung in die psychosomatische Rehabilitation. In: K\u00f6llner, V.; Bassler, M (Hrsg.) (2020): Praxishandbuch Psychosomatische Medizin in der Rehabilitation. Elsevier-Verlag, M\u00fcnchen 1-5.<\/li>\n\n\n\n<li><strong>Bassler, M.<\/strong>; Linden M. (2020): Angstkrankheiten. In: Senf, W.; Broda, M. (Hrsg.): Praxis der Psychotherapie. Ein integratives Lehrbuch. Vollst\u00e4ndig \u00fcberarbeite Auflage. Thieme-Verlag, Stuttgart, New York, 436-462.<\/li>\n\n\n\n<li>K\u00f6llner, V.;&nbsp;<strong>Bassler, M.<\/strong>&nbsp;(2020): Ausblick: Psychosomatische Rehabilitation 2030.&nbsp; In: K\u00f6llner V., <strong>Bassler M.<\/strong> (Hrsg.) (2020): Praxishandbuch Psychosomatische Medizin in der Rehabilitation. Elsevier-Verlag, M\u00fcnchen, 439-443.<\/li>\n\n\n\n<li>K\u00f6llner, V.;&nbsp;<strong>Bassler, M.<\/strong>&nbsp;(2020): Psychotherapie in der psychosomatischen Rehabilitation. In: K\u00f6llner, V.; Bassler, M. (Hrsg.) (2020): Praxishandbuch Psychosomatische Medizin in der Rehabilitation. Elsevier-Verlag, M\u00fcnchen, 72-81.<\/li>\n\n\n\n<li>K\u00f6llner, V.,&nbsp;<strong>Bassler, M.<\/strong>&nbsp;(2020): Therapeutisches Milieu. In: K\u00f6llner V., <strong>Bassler M.<\/strong> (Hrsg.) (2020): Praxis-handbuch Psychosomatische Medizin in der Rehabilitation. Elsevier-Verlag, M\u00fcnchen, 144-151.<\/li>\n\n\n\n<li>N\u00fcbling, R.; Schmidt, J.;&nbsp;<strong>Bassler, M.<\/strong>; Schultz, H. (2020): Evaluation psychosomatischer Rehabilitation. In: K\u00f6llner V., <strong>Bassler M.<\/strong> (Hrsg.) (2020): Praxishandbuch Psychosomatische Medizin in der Rehabilitation. Elsevier-Verlag, M\u00fcnchen, 425-437.<\/li>\n\n\n\n<li>R\u00fcddel, H.;&nbsp;<strong>Bassler, M.<\/strong>, K\u00f6llner, V. (2020): Geschichte der psychosomatischen Rehabilitation. In: K\u00f6llner V., <strong>Bassler M.<\/strong> (Hrsg.) (2020): Praxishandbuch Psychosomatische Medizin in der Rehabilitation. Elsevier-Verlag, M\u00fcnchen, 10-14.<\/li>\n\n\n\n<li><strong>Borbe, C.<\/strong>&nbsp;(2020): Konzept der Praxisintegration und -begleitung. In: Debiel, S.; Lamp, F.; Escher, K.; Spindler, C.: Fachdidaktik Soziale Arbeit \u2013 Fachwissenschaftliche und lehrpraktische Zug\u00e4nge zur Vermittlung von Disziplin und Profession. Verlag Barbara Budrich: Leverkusen.<\/li>\n\n\n\n<li>Nyman-Salonen, P.; Vall, B.; Laitila, A.;&nbsp;<strong>Borcsa, M.<\/strong>; Karvonen, A.; Kykyri, V-L.; Kaartinen, J.; Penttonen, M.; Tsatsishvili, V.; Seikkula, J. (2020). Significant moments in a couple therapy session: Towards the integration of different modalities of analysis. In Ochs, M., Borcsa, M. &amp; Schweitzer, J. (Eds.): Systemic Research in Individual, Couple and Family Therapy and Counseling (EFTA Book Series, Volume 4). Cham, CH: Springer International, pp. 55-73.<\/li>\n\n\n\n<li><strong>Borcsa, M.<\/strong>;&nbsp;<strong>Hille, J.<\/strong>&nbsp;(2020): Le g\u00e9nogramme 4.0 : familles globalis\u00e9es et relations virtuelles. Dans: Daure, I.; Borcsa, M. (dir.): Les g\u00e9nogrammes d\u2019aujourd\u2019hui : La clinique syst\u00e9mique en mouvement. Paris : ESF sciences humaines, p. 173-184.<\/li>\n\n\n\n<li><strong>Borcsa, M.<\/strong>; Nikendei, C. (2020): Psychotherapie nach Flucht und Vertreibung. In: Senf, W.; Broda, M.; Voos, D.; Neher, M. (Hrsg.): Praxis der Psychotherapie. Ein integratives Lehrbuch, Stuttgart: Thieme, 695-700.<\/li>\n\n\n\n<li><strong>Borcsa, M.<\/strong>; Pomini, V. (2020): La diffusione delle pratiche digitali nella psicoterapia sistemica: lo stato dell&#8217;arte in Europa e oltre. In: Manfrida, G. Albertini, V.; Eisenberg, E. (ed.): La clinica e il web.Risorse tecnologiche e comunicazione psicoterepeutica online. Milano: FrancoAngeli. pp. 37-60.<\/li>\n\n\n\n<li><strong>Borcsa, M.,<\/strong>&nbsp;Lebow J.L., Singh, R., Larner, G.; Messent, P. (2020): Publication in Family Therapy Journals: Family Process, Journal of Family Therapy, and Australian and New Zealand Journal of Family Therapy \u2013 A Discussion with Editors. In: Ochs, M., Borcsa, M.; Schweitzer, J. (Eds.): Systemic Research in Individual, Couple and Family Therapy and Counseling (EFTA Book Series, Volume 4). Cham, CH: Springer International, pp. 417-430.<\/li>\n\n\n\n<li><strong>Brzank, P. J.<\/strong>&nbsp;(2020): Gesundheitliche Folgen von (h\u00e4uslicher) Gewalt gegen Frauen [Fachtext in der Lerneinheit \u201eFolgen h\u00e4uslicher Gewalt\u201c des Online-Kurses \u201eSchutz und Hilfe bei h\u00e4uslicher Gewalt \u2013 Ein interdisziplin\u00e4rer Online-Kurs\u201c]. Klinik f\u00fcr Kinder- und Jugendpsychiatrie\/Psychotherapie, Universit\u00e4tsklinikum Ulm.<\/li>\n\n\n\n<li>R\u00f6h, D.;&nbsp;<strong>Spindler, C.<\/strong>&nbsp;(2020): Soziale Diagnostik in der Eingliederungshilfe. In: Buttner, P.; Gahleitner, S. B.; Hochuli Freund U.; R\u00f6h, D. (Hrsg.): Soziale Diagnostik in den Handlungsfeldern der sozialen Arbeit. Berlin: Deutscher Verein, 84-111.<\/li>\n\n\n\n<li><strong>Spindler, C.<\/strong>&nbsp;(2020): Lehrkonzept: Grundbegriffe und Konzepte in der Sozialen Arbeit. In: Debiel, S.; Lamp, F.; Escher, K.: Spindler, C. (Hrsg.): Fachdidaktik Sozialer Arbeit. Fachwissenschaftliche und lehrpraktische Zug\u00e4nge. Schriftenreihe der Deutschen Gesellschaft f\u00fcr Soziale Arbeit (DGSA) zur Theorie, Forschung und Praxis in der Sozialen Arbeit. Band 20. Opladen, Berlin, Toronto: Verlag Barbara Budrich, 111-126.<\/li>\n\n\n\n<li>Debiel, S.; Escher, K.; Lamp, F.;&nbsp;<strong>Spindler, C.<\/strong>&nbsp;(2020): Soziale Arbeit in der Lehre &#8211; Ein (hochschul-)didaktisches Wechselspiel theoriebezogener und praxisintegrierender Professionalisierungsprozesse. In: Debiel, S.; Lamp, F.; Escher, K.; Spindler, C. (Hrsg.): Fachdidaktik Sozialer Arbeit. Fachwissenschaftliche und lehrpraktische Zug\u00e4nge. Schriftenreihe der Deutschen Gesellschaft f\u00fcr Soziale Arbeit (DGSA) zur Theorie, Forschung und Praxis in der Sozialen Arbeit. Band 20. Opladen, Berlin, Toronto: Verlag Barbara Budrich. 11-18.<\/li>\n<\/ul>\n<\/div><\/div>\n\n\n\n<div class=\"wp-block-group\" style=\"padding-top:var(--wp--preset--spacing--30);padding-bottom:var(--wp--preset--spacing--30)\"><div class=\"wp-block-group__inner-container is-layout-constrained wp-block-group-is-layout-constrained\">\n<h4 class=\"wp-block-heading\" id=\"h-zeitschriften-artikel-3\"><strong>ZEITSCHRIFTEN(-ARTIKEL)<\/strong><\/h4>\n\n\n\n<ul class=\"wp-block-list\">\n<li>N\u00fcbling, R.; Henn, J.; Kaiser, U.; Schmidt, J.;&nbsp;<strong>Bassler, M.&nbsp;<\/strong>(2020): Zur Validit\u00e4t subjektiver Patientenangaben: Anmerkungen zur Beschwerdenvalidierung. Zeitschrift f\u00fcr Psychiatrie Psychologie und Psychotherapie 68, 81-95.<\/li>\n\n\n\n<li><strong>Bergknapp, A.<\/strong>&nbsp;(2020): Aktuelle Herausforderungen an das Personalmanagement in sozialwirtschaftlichen Organisationen. Zeitschrift f\u00fcr Sozialmanagement 2020, 18, 2, 11-24.<\/li>\n\n\n\n<li><strong>Bergknapp, A.<\/strong>&nbsp;(2020): REVT und systemisches Coaching. Gemeinsamkeiten und Unterschiede. Zeitschrift f\u00fcr Rational-Emotive &amp; Kognitive Verhaltenstherapie. Doppelausgabe 2019\/2020, 30\/31, 7-32.<\/li>\n\n\n\n<li>Dehmel, J.;&nbsp;<strong>Borcsa, M.<\/strong>&nbsp;(2020). Therapiebeziehung zu Kindern und Jugendlichen. Welchen Einfluss hat die therapeutische Vertiefungsrichtung auf die Beziehungskonzepte angehender und praktizierender PsychotherapeutInnen? Psychotherapeutenjournal, 2, 106-113.<\/li>\n\n\n\n<li>Hajek, A.; Brettschneider, C.; Eisele, M.; Kaduszkiewicz, H.; Mamone, S.; Wiese, B.; Weyerer, S.; Werle, J.; Fuchs, A.; Pentzek, M.; Stein, J.;&nbsp;<strong>Luck, T.<\/strong>; Weeg, D.; M\u00f6sch, E.; Heser, K.; Wagner, M.; Scherer, M.; Maier, W.; Riedel-Heller, S. G.; K\u00f6nig, H.-H.; AgeCoDe and AgeQualiDe Study Group (2020): Correlates of hospita-lization among the oldest old: results of the AgeCoDe-AgeQualiDe prospective cohort study. Aging Clinical and Experimental Research, 32(7), 1295-1301.<\/li>\n\n\n\n<li>Kynast, J.; Quinque, E. M.; Polyakova, M.;&nbsp;<strong>Luck, T.<\/strong>; Riedel-Heller, S. G.; Baron-Cohen, S.; Hinz, A.; Witte, A. V.; Sacher, J.; Villringer, A.; Schroeter, M. L. (2020); Mindreading From the Eyes Declines With Aging &#8211; Evidence From 1,603 Subjects. Frontiers in Aging Neuroscience. 2020, 12.<\/li>\n\n\n\n<li><strong>Luck, T.<\/strong>; Pabst, A.; Roehr, S.; Wiese, B.; Eisele, M.; Heser, K.; Weeg, D.; Fuchs, A.; Brettschneider, C.; Werle, J.; Mamone, S.; van den Bussche, H.; Bickel, H.; Pentzek, M.; Koenig, H.-H.; Weyerer, S.; Maier, W.; Scherer, M.; Wagner, M.; Riedel-Heller, S. G. (2020): Determinants of incident dementia in different old age groups: results of the prospective AgeCoDe\/AgeQualiDe study. International Psychogeriatrics, 32(5), 645-659.<\/li>\n\n\n\n<li><strong>Luck, T.<\/strong>; Luck-Sikorski, C. (2020): Feelings of guilt in the general adult population: prevalence, intensity and association with depression. Psychology, Health &amp; Medicine. 1-11.<\/li>\n\n\n\n<li><strong>Saint-Mont, U.<\/strong>&nbsp;(2020): Tinnitus: An Abstract View Emphasizing Signal, Noise, and Their Discrimination. In: International Tinnitus Journal. 2020;24(1), 7-14.<\/li>\n\n\n\n<li><strong>Sohns, A.<\/strong>; Simon, L. (2020): Fr\u00fchf\u00f6rderung als Teil der Fr\u00fchen Hilfen, In: Fr\u00fche Hilfen Aktuell 4\/2020, 3.<\/li>\n<\/ul>\n<\/div><\/div>\n<\/div><\/div>\n\n\n\n<div id=\"2019\" class=\"wp-block-greyd-accordion-item\"><button class=\"wp-block-greyd-accordion__title\" role=\"button\" type=\"button\" aria-expanded=\"false\" aria-controls=\"sect-pcjz-8\" id=\"title-pcjz-8\"><span>2019<\/span><span class=\"icon icon-normal arrow_triangle-down\" aria-hidden=\"true\"><\/span><span class=\"icon icon-active arrow_triangle-up\" aria-hidden=\"true\"><\/span><\/button><div class=\"wp-block-greyd-accordion__content\" role=\"region\" id=\"sect-pcjz-8\" aria-labelledby=\"title-pcjz-8\" hidden>\n<div class=\"wp-block-group\" style=\"padding-top:0;padding-bottom:var(--wp--preset--spacing--30)\"><div class=\"wp-block-group__inner-container is-layout-constrained wp-block-group-is-layout-constrained\">\n<h4 class=\"wp-block-heading\" id=\"h-monografien-4\"><strong>MONOGRAFIEN<\/strong><\/h4>\n\n\n\n<ul class=\"wp-block-list\">\n<li><strong>Borcsa, M.<\/strong>&nbsp;(2019): Globalisierte Familien. Mobilit\u00e4t und Mediatisierung im 21. Jahrhundert. G\u00f6ttingen: Vandenhoeck &amp; Ruprecht.<\/li>\n<\/ul>\n<\/div><\/div>\n\n\n\n<div class=\"wp-block-group\" style=\"padding-top:var(--wp--preset--spacing--30);padding-bottom:var(--wp--preset--spacing--30)\"><div class=\"wp-block-group__inner-container is-layout-constrained wp-block-group-is-layout-constrained\">\n<h4 class=\"wp-block-heading\" id=\"h-buchbeitrage-4\"><strong>BUCHBEITR\u00c4GE<\/strong><\/h4>\n\n\n\n<ul class=\"wp-block-list\">\n<li><strong>Borcsa, M.<\/strong>&nbsp;(2019): Das Infragestellen des Selbstverst\u00e4ndlichen &#8211; wenn das Fremde in den Blick ger\u00e4t. In: Rufer, M.; Fl\u00fcckiger, Ch. (Hrsg.): Essentials der Psychotherapie. Praxis und Forschung im Diskurs. Bern, Ch: Hogrefe, 125-130.<\/li>\n\n\n\n<li><strong>Borcsa, M.<\/strong>; Charalambakis, K. (2019): Thesi- Antithesis- Synthesized: Oia Enarcteria Omilia gia the Demiurge Dialogs. sto: Charalambakis, K.&nbsp;(epim.). Analects Psythotherapy Kai Political. ekd. Korontzi, Athena. sel. 208-217.<\/li>\n\n\n\n<li><strong>Borcsa, M.<\/strong>; Charalambakis, K. (2019): Oikogeneies so Place Economics Kai Koinonikis Apostatherization: Ein Metamonterno Elliniko Drama. sto: Charalambakis, K. (epim) Analects Psythotherapy Kai Political. ekd. Korontzi, Athena. sel. 177-189.<\/li>\n\n\n\n<li><strong>Borcsa, M.<\/strong>&nbsp;(2019): Lieber Friedrich&#8230;.In: Schenkel, E.; Hamouda, F. (Hrsg.): 101 Briefe an Friedrich Nietzsche zu seinem 175. Geburtstag. Leipzig: Edition Hamouda, 326-328.<\/li>\n\n\n\n<li><strong>Sohns, A.<\/strong>;&nbsp;<strong>Schaumberg, T.<\/strong>&nbsp;(2019): Das Bundesteilhabegesetz als Rechtsgrundlage der Fr\u00fchf\u00f6rderung \u2013 ein Einblick in wesentliche Ver\u00e4nderungen. 259 \u2013 268.<\/li>\n\n\n\n<li><strong>Sohns, A.<\/strong>; Klein, E. (2019): Fr\u00fchf\u00f6rderung ist bunt \u2013 was die Fr\u00fchf\u00f6rderung in Hessen zusammenh\u00e4lt. 336 \u2013 343.<\/li>\n<\/ul>\n<\/div><\/div>\n\n\n\n<div class=\"wp-block-group\" style=\"padding-top:var(--wp--preset--spacing--30);padding-bottom:var(--wp--preset--spacing--30)\"><div class=\"wp-block-group__inner-container is-layout-constrained wp-block-group-is-layout-constrained\">\n<h4 class=\"wp-block-heading\" id=\"h-zeitschriften-artikel-4\"><strong>ZEITSCHRIFTEN(-ARTIKEL)<\/strong><\/h4>\n\n\n\n<ul class=\"wp-block-list\">\n<li>Kessemeier, F.;&nbsp;<strong>Bassler, M.<\/strong>; Petermann, F.; Kobelt, A. (2019): Welche PatientInnen sind mit dem Ergebnis ihrer sozialmedizinischen Leistungsbeurteilung nicht einverstanden und welche Behandlung brauchen sie? Phys Rehab Kur Med 58 (06), 323-331.<\/li>\n\n\n\n<li>Kessemeier, F.;&nbsp;<strong>Bassler, M.<\/strong>; Petermann, F.; Kobelt-P\u00f6nicke A. (2019): Therapeutische Allianz und Reha-bilitationszufriedenheit von Menschen mit Migrationshintergrund in der psychosomatischen Rehabi-litation. Phys Rehab Kur Med 29 (05), 267-281.<\/li>\n\n\n\n<li><strong>Bergknapp, A.<\/strong>&nbsp;(2019): REVT und systemisches Coaching. Gemeinsamkeiten und Unterschiede. In: D. Schwartz (Hrsg.): Zeitschrift f\u00fcr Rational-Emotive &amp; Kognitive Verhaltenstherapie (ZREKVT). Doppelausgabe 2019\/2020, 30\/31, 7-32.<\/li>\n\n\n\n<li><strong>Borcsa, M.<\/strong>; K\u00f6llner, V.; Schauenburg (Hrsg.) (2019): Traumafolgest\u00f6rungen. Psychotherapie im Dialog (PID), 20 (2).<\/li>\n\n\n\n<li>L\u00f6ffler, E.M.; Klevermann, N.; Taube, V.;&nbsp;<strong>Hille, J<\/strong>.; Fritz, F. (2019): \u201eGemeinsam Strukturen schaffen, um zu gestalten\u2026\u201d URL:&nbsp;<a href=\"http:\/\/www.blog.dgsa.de\/gemeinsam-strukturen-schaffen-um-zu-gestalten-dot-dot-dot\" target=\"_blank\" rel=\"noreferrer noopener nofollow\">www.blog.dgsa.de\/gemeinsam-strukturen-schaffen-um-zu-gestalten-dot-dot-dot<\/a><\/li>\n\n\n\n<li>Beyer, F.; Garc\u00eda-Garc\u00eda, I.; Heinrich, M.; Schroeter, M. L.; Sacher, J.;&nbsp;<strong>Luck, T.<\/strong>; Riedel-Heller, S. G.; Stumvoll, M.; Villringer, A.; Witte, A. V. (2019): Neuroanatomical correlates of food addiction symp-toms and body mass index in the general population. Human Brain Mapping, 40(9), 2747-2758.<\/li>\n\n\n\n<li>Golchert, J.; Roehr, S.;&nbsp;<strong>Luck, T.<\/strong>; Wagner, M.; Fuchs, A.; Wiese, B.; van den Bussche, H.; Brettschneider, C.; Werle, J.; Bickel, H.; Pentzek, M.; Oey, A.; Eisele, M.; K\u00f6nig, H.-H.; Weyerer, S.; M\u00f6sch, E.; Maier, W.; Scherer, M.; Heser, K.; Riedel-Heller, S. G. (2019): Women Outperform Men in Verbal Epi-sodic Memory Even in Oldest-Old Age: 13-Year Longitudinal Results of the AgeCoDe\/AgeQualiDe Stu-dy. Journal of Alzheimer\u2019s Disease, 69(3), 857-869.<\/li>\n\n\n\n<li>Hinz, A.;&nbsp;<strong>Luck, T.<\/strong>; Riedel-Heller, S. G.; Herzberg, P. Y.; Rolffs, C.; Wirkner, K.; Engel, C. (2019): Olfacto-ry dysfunction: properties of the Sniffin&#8216; Sticks Screening 12 test and associations with quality of life. European Archives of Oto-rhino-laryngology, 276(2), 389-395.<\/li>\n\n\n\n<li>Kleineidam, L.; Thoma, M. V.; Maercker, A.; Bickel, H.; M\u00f6sch, E.; Hajek, A.; K\u00f6nig, H.-H.; Eisele, M.; Mallon, T.;&nbsp;<strong>Luck, T.<\/strong>; R\u00f6hr, S.; Weyerer, S.; Werle, J.; Pentzek, M.; Fuchs, A.; Wiese, B.; Mamone, S.; Scherer, M.; Maier, W.; Riedel-Heller, S.; Wagner, M. (2019): What is Successful Aging? A Psychomet-ric Validation Study of Different Definitions. The Gerontologist, 59(4), 738-748.<\/li>\n\n\n\n<li>Roehr, S.; Riedel-Heller, S. G.; Kaduszkiewicz, H.; Wagner, M.; Fuchs, A.; van der Leeden, C.; Wiese, B.; Werle, J.; Bickel, H.; K\u00f6nig, H.-H.; Wolfsgruber, S.; Pentzek, M.; Weeg, D.; Mamone, S.; Weyerer, S.; Brettschneider, C.; Maier, W.; Scherer, M.; Jessen, F.;&nbsp;<strong>Luck, T.&nbsp;<\/strong>(2019): Is function in instrumental activities of daily living a useful feature in predicting Alzheimer&#8217;s disease dementia in subjective cogni-tive decline? International Journal of Geriatric Psychiatry, 34(1), 193-203.<\/li>\n\n\n\n<li>Stanikova, D.;&nbsp;<strong>Luck, T.<\/strong>; Pabst, A.; Bae, Y. J.; Hinz, A.; Glaesmer, H.; Stanik, J.; Sacher, J.; Engel, C.; En-zenbach, C.; Wirkner, K.; Ceglarek, U.; Thiery, J.; Kratzsch, J.; Riedel-Heller, S. G. (2019): Associations Between Anxiety, Body Mass Index, and Sex Hormones in Women. Frontiers in Psychiatry, 10, 479.<\/li>\n\n\n\n<li>Stanikova, D.; Zsido, R. G.;&nbsp;<strong>Luck, T.<\/strong>; Pabst, A.; Enzenbach, C.; Bae, Y. J.; Thiery, J.; Ceglarek, U.; Engel, C.; Wirkner, K.; Stanik, J.; Kratzsch, J.; Villringer, A.; Riedel-Heller, S. G.; Sacher, J. (2019): Testosterone imbalance may link depression and increased body weight in premenopausal women. Translational Psychiatry, 9(1), 160.<\/li>\n\n\n\n<li>Yahiaoui-Doktor, M.;&nbsp;<strong>Luck, T.<\/strong>; Riedel-Heller, S. G.; Loeffler, M.; Wirkner, K.; Engel, C. (2019): Olfacto-ry function is associated with cognitive performance: results from the population-based LIFE-Adult-Study. Alzheimer&#8217;s Research &amp; Therapy, 11(1), 43.<\/li>\n\n\n\n<li>Z\u00fclke, A.;&nbsp;<strong>Luck, T.<\/strong>; Pabst, A.; Hoffmann, W.; Thyrian, J. R.; Gensichen, J.; Kaduszkiewicz, H.; K\u00f6nig, H. Haefeli, W. E.; Czock, D.; Wiese, B.; Frese, T.; R\u00f6hr, S.; Riedel-Heller, S. G. (2019): AgeWell.de \u2013 study protocol of a pragmatic multi-center cluster-randomized controlled prevention trial against cognitive decline in older primary care patients. BMC Geriatrics, 19(1), 203.<\/li>\n\n\n\n<li><strong>Sohns, A.<\/strong>; Wei\u00df H. (2019): Interdisziplin\u00e4re Fr\u00fchf\u00f6rderung und Fr\u00fche Hilfen. 81 \u2013 94.<\/li>\n<\/ul>\n<\/div><\/div>\n<\/div><\/div>\n\n\n\n<div id=\"2018\" class=\"wp-block-greyd-accordion-item\"><button class=\"wp-block-greyd-accordion__title\" role=\"button\" type=\"button\" aria-expanded=\"false\" aria-controls=\"sect-vgy4-9\" id=\"title-vgy4-9\"><span>2018<\/span><span class=\"icon icon-normal arrow_triangle-down\" aria-hidden=\"true\"><\/span><span class=\"icon icon-active arrow_triangle-up\" aria-hidden=\"true\"><\/span><\/button><div class=\"wp-block-greyd-accordion__content\" role=\"region\" id=\"sect-vgy4-9\" aria-labelledby=\"title-vgy4-9\" hidden>\n<div class=\"wp-block-group\" style=\"padding-top:0;padding-bottom:var(--wp--preset--spacing--30)\"><div class=\"wp-block-group__inner-container is-layout-constrained wp-block-group-is-layout-constrained\">\n<h4 class=\"wp-block-heading\" id=\"h-monografien-5\"><strong>MONOGRAFIEN<\/strong><\/h4>\n\n\n\n<ul class=\"wp-block-list\">\n<li><strong>Borbe, C.<\/strong>&nbsp;(2018): The new health in the village. A participation project fostering resilience in rural areas, e-book, open access.<\/li>\n\n\n\n<li>Korontzis, D.,&nbsp;<strong>Borcsa, M. C<\/strong>haralambakis, K. (ekd.); Monada oikogeneiakis therapy: Psychiatric nosokomeiou attikhs. Anamniseis &amp; Anastochasmoi. Istories systemic psychotherapeias. Athena: Ekdosis Korontzis.<\/li>\n\n\n\n<li><strong>Gebhard, B.<\/strong>;&nbsp;<strong>Seidel, A.<\/strong>;&nbsp;<strong>Sohns, A.<\/strong>;&nbsp;<strong>M\u00f6ller-Dreischer, S.<\/strong>&nbsp;(Hrsg.): Fr\u00fchf\u00f6rderung wirkt &#8211; von Anfang an. Stuttgart: Kohlhammer, 2018.<\/li>\n\n\n\n<li><strong>Seidel, A.<\/strong>;&nbsp;<strong>Schaumberg, T.<\/strong>&nbsp;(2018): ABC Teilhabe \u2013 Praktische Tipps und Ratschl\u00e4ge zur Teilhabe. BSK Bundesverband Selbsthilfe K\u00f6rperbehinderter e.V., 2018.<\/li>\n\n\n\n<li><strong>Sohns, A.<\/strong>; Klein, E. (2018): Fr\u00fchf\u00f6rderung ist bunt \u2013 Der hessische Weg in der Fr\u00fchf\u00f6rderung. Stuttgart: Kohlhammer.<\/li>\n\n\n\n<li><strong>Sohns, A.<\/strong>;&nbsp;<strong>Schaumberg, T.<\/strong>&nbsp;(2018): Rechtsgrundlagen der Fr\u00fchf\u00f6rderung. Stuttgart: Kohlhammer.<\/li>\n\n\n\n<li><strong>Sohns, A.<\/strong>; Wei\u00df, H. (2018): Fr\u00fchf\u00f6rderung und Fr\u00fche Hilfen. Stuttgart: Kohlhammer.<\/li>\n\n\n\n<li><strong>Steffens M.&nbsp;<\/strong>(2018): Rezension. Grabe, M. (2017): Wie funktioniert Psychotherapie? Ein Buch aus der Praxis f\u00fcr alle, die es wissen wollen. Stuttgart: Schattauer.<\/li>\n<\/ul>\n<\/div><\/div>\n\n\n\n<div class=\"wp-block-group\" style=\"padding-top:var(--wp--preset--spacing--30);padding-bottom:var(--wp--preset--spacing--30)\"><div class=\"wp-block-group__inner-container is-layout-constrained wp-block-group-is-layout-constrained\">\n<h4 class=\"wp-block-heading\" id=\"h-buchbeitrage-5\"><strong>BUCHBEITR\u00c4GE<\/strong><\/h4>\n\n\n\n<ul class=\"wp-block-list\">\n<li><strong>Borcsa, M.<\/strong>; Pomini, V. (2018). Couple and Family Therapy in the Digital Era. In: Lebow, J., Chambers, A. &amp; Breunlin, D.C. (Eds.): Encyclopedia of Couple and Family Therapy. Springer International.<\/li>\n\n\n\n<li><strong>Gebhard, B.<\/strong>; Hintz, A.-M.; Irmler, M. (2018): Wirksamkeit von Ma\u00dfnahmen im Rahmen der Fr\u00fchf\u00f6rderung evaluieren &#8211; Chancen und Herausforderungen kontrollierter Einzelfallstudien. In: Gebhard, B., Seidel, A., Sohns, A., M\u00f6ller-Dreischer, S. (Hrsg.): Fr\u00fchf\u00f6rderung wirkt &#8211; von Anfang an. Stuttgart: Kohlhammer, 2018, 121-131.<\/li>\n\n\n\n<li>Espinosa, A.; Hern\u00e1ndez-Olasagarre, B.; Moreno-Grau, S.; Kleineidam, L.; Heilmann-Heimbach, S.; Hern\u00e1ndez, I.; Wolfsgruber, S.; Wagner, H.; Rosende-Roca, M.; Maule\u00f3n, A.; Vargas, L.; Lafuente, A.; Rodr\u00edguez-G\u00f3mez, O.; Abdelnour, C.; Gil, S., Marqui\u00e9, M.; Santos-Santos, M. A.; Sanabria, \u00c1.; Ortega, G.; Mont\u00e9-Rubio, G.; P\u00e9rez, A.; Ibarria, M.; Ruiz, S.; Kornhuber, J.; Peters, O.; Fr\u00f6lich, L.; H\u00fcll, M.; Wiltfang, J.;&nbsp;<strong>Luck, T.<\/strong>; Riedel-Heller, S.; Montrreal, L.; Ca\u00f1abate, P.; Moreno, M.; Preckler, S.; Aguilera, N.; de Rojas, I.; Orella-na, A.; Alegret, M.; Valero, S.; N\u00f6then, M. M.; Wagner, M.; Jessen, F.; T\u00e1rraga, L.; Boada, M.; Ram\u00edrez; A., Ruiz, A. (2018): Exploring Genetic Associations of Alzheimer&#8217;s Disease Loci With Mild Cognitive Impairment Neurocognitive Endophenotypes. Frontiers in Aging Neuroscience 10, 340.<\/li>\n\n\n\n<li>Hauth, R.; Jaeschke, S.;&nbsp;<strong>Steffens, M.<\/strong>&nbsp;(2018): Zur psychiatrisch-psychotherapeutischen Gesundheitsversorgung gefl\u00fcchteter Menschen mit unklarer Bleibeperspektive &#8211; am Beispiel von Rheinhessen. In: Bensch, S.; Greening, M.; W\u00fcstenbecker, M. (Hrsg.): Migration. Herausforderungen f\u00fcr das Gesundheitssystem. Sankt Ottilien: EOS-Verlag.<\/li>\n<\/ul>\n<\/div><\/div>\n\n\n\n<div class=\"wp-block-group\" style=\"padding-top:var(--wp--preset--spacing--30);padding-bottom:var(--wp--preset--spacing--30)\"><div class=\"wp-block-group__inner-container is-layout-constrained wp-block-group-is-layout-constrained\">\n<h4 class=\"wp-block-heading\" id=\"h-zeitschriften-artikel-5\"><strong>ZEITSCHRIFTEN(-ARTIKEL)<\/strong><\/h4>\n\n\n\n<ul class=\"wp-block-list\">\n<li>H\u00fclsing, P.;&nbsp;<strong>Bassler, M.<\/strong>; L\u00f6we, B.; Koch, S.; Toussaint, A. (2018): Validity and sensitivity to change of the Somatic Symptom Disorder\u2013B Criteria Scale (SSD-12) in a clinical population.. General Hospital Psychiatry, 55, 20-26.<\/li>\n\n\n\n<li>Kessemeier, F.; Petermann, F.; St\u00f6ckler, C.;&nbsp;<strong>Bassler, M.<\/strong>; Pfeiffer, W.; Kobelt, A. (2018): F\u00f6rderung berufsbezogener Ziele in der psychosomatischen Rehabilitation durch Mentales Kontrastieren und Wenn-Dann-Pl\u00e4ne. Zeitschrift f\u00fcr Klinische Psychologie und Psychotherapie, 47, 89-100.<\/li>\n\n\n\n<li>Kessemeier, F.; St\u00f6ckler, S.; Petermann, F., Pfeiffer; W.;&nbsp;<strong>Bassler, M.<\/strong>; Kobelt, A. (2018):&nbsp; Die Bedeutung von Arbeitsmotivation f\u00fcr den Reha-Erfolg. Die Rehabilitation, 57(4), 256-264.<\/li>\n\n\n\n<li>N\u00fcbling, R.; Schmidt, J.; Kriz, D.; Kobelt, A.;&nbsp;<strong>Bassler, M.&nbsp;<\/strong>(2018): Routine-Assessment Psychosomatik (RAP) \u2013 Konzept, Implementierung und Ergebnisse eines Dokumenta-tionssystems f\u00fcr die psychosomatische Rehabilitation.&nbsp; Pr\u00e4vention und Rehabilitation, 30(3), 1-15.<\/li>\n\n\n\n<li>Pfeiffer, W.;&nbsp;<strong>Bassler, M.&nbsp;<\/strong>(2018): Die Rolle von Therapiestandards und Prozessoptimie-rung in der Organisationsentwicklung der psychosomatischen Rehabilitation. \u00b7 Praxis Klinische Verhaltensmedizin und Rehabilitation, 103, 251-264.<\/li>\n\n\n\n<li>St\u00f6ckler, C.; Kessemeier, F.; Petermann, F.;&nbsp;<strong>Bassler, M.<\/strong>; Pfeiffer, W.; Kobelt, A. (2018): Diagnostik von Arbeitsmotivationen in der psychosomatischen Rehabilitation. Praxis Klinische Verhaltensmedizin und Rehabilitation, 101, 5-13.<\/li>\n\n\n\n<li>Tseliou, E.;&nbsp;<strong>Borcsa, M.<\/strong>&nbsp;(2018): Discursive Methodologies for Couple and Family Therapy Research. Editorial to Special Section. Journal for Marital and Family Therapy.&nbsp;&nbsp;<a href=\"https:\/\/doi.org\/10.1111\/jmft.12308\" target=\"_blank\" rel=\"noreferrer noopener nofollow\">doi.org\/10.1111\/jmft.12308<\/a><\/li>\n\n\n\n<li>Tseliou, E.;&nbsp;<strong>Borcsa, M.<\/strong>&nbsp;(Eds.) (2018): Special Section: Discursive Methodologies for Couple and Family Therapy Research. Journal for Marital and Family Therapy, 44 (2). URL:&nbsp;<a href=\"https:\/\/www.dgsa.de\/fileadmin\/Dokumente\/Newsletter\/Newsletter_2_2018.pdf\" target=\"_blank\" rel=\"noreferrer noopener nofollow\">www.dgsa.de\/fileadmin\/Dokumente\/Newsletter\/Newsletter_2_2018.pdf<\/a><\/li>\n\n\n\n<li>Vall, B.; Laitila, A.;&nbsp;<strong>Borcsa, M.<\/strong>; Kykyri, V.L.; Karvonen, A.; Kaartinen, J.; Penttonen, M.; Seikkula, J. (2018): Entrevistas de recuerdo estimulado: c\u00f3mo la entrevista de investigaci\u00f3n puede contribuir a nuevas pr\u00e1cticas terap\u00e9uticas? Revista Argentina de Cl\u00ednica Psicol\u00f3gica Vol. XXVII, N\u00b02, 274-283.&nbsp;<a href=\"https:\/\/doi.org\/10.24205\/03276716.2018.1068\" target=\"_blank\" rel=\"noreferrer noopener nofollow\">doi.org\/10.24205\/03276716.2018.1068<\/a><\/li>\n\n\n\n<li>Vall, B.; Laitila, A.;&nbsp;<strong>Borcsa, M.<\/strong>; Kykyri, V.L.; Karvonen, A.; Kaartinen, J.; Penttonen, M.; Seikkula, J. (2018): Stimulated Recall Interviews: How can the research interview contribute to new therapeutic practices? Revista Argentina de Clinica Psicologica. Vol. XXVII, N\u00b02, 284-293.&nbsp;<a href=\"https:\/\/doi.org\/10.24205\/03276716.2018.1068\" target=\"_blank\" rel=\"noreferrer noopener nofollow\">doi.org\/10.24205\/03276716.2018.1068<\/a><\/li>\n\n\n\n<li>Broda, M.;&nbsp;<strong>Borcsa, M.<\/strong>&nbsp;(Hrsg.) (2018): Emotionen. Psychotherapie im Dialog, 19 (1).<\/li>\n\n\n\n<li><strong>Hille, J.<\/strong>&nbsp;(2018): \u201eDen Wald vor lauter B\u00e4umen&#8230;\u201c &#8211; systemischer Umgang mit Sichtweisen. Zeitschrift f\u00fcr systemische Therapie und Beratung, Jg. 36 (3), 111-117.<\/li>\n\n\n\n<li><strong>Hille, J.<\/strong>; Kasten, A. (2018): Demokratie und Soziale Arbeit: Teilhabe, Solidarit\u00e4t und b\u00fcrgerschaftliche Identifikation in einer pluralen Gesellschaft. Tagungsbericht zur Jahrestagung der DGSA am 27. und 28. April 2018, Hochschule fu?r Angewandte Wissenschaften Hamburg. In: Newsletter der DGSA 2\/2018, 29-31.<\/li>\n\n\n\n<li><strong>Luck, T.<\/strong>; Roer, S.; Rodriguez, F. S.; Schroeter, M. L.; Witte, A. V.; Hinz, A.; Mehnert, A.; Engel, C.; Loeffler, M.; Thiery, J.; Villringer, A.; Riedel-Heller, S. G. (2018): Memory-related subjective cognitive symptoms in the adult population: Prevalence and associ-ated factors \u2013 Results of the LIFE-Adult-Study. BMC Psychology, 6(1), 23.<\/li>\n\n\n\n<li>Pohontsch, N. J.; L\u00f6ffler, A.;&nbsp;<strong>Luck, T.<\/strong>; Heser, K.; Parker, D.; Haenisch, B.; Riedel-Heller, S. G.; Jessen, F.; Scherer, M. (2018): Informal caregivers\u2019 perspectives on health of and (potentially inappropriate) medication for (relatively) independent oldest-old people \u2013 A qualitative interview study. BMC Geriatrics 18, 169.<\/li>\n\n\n\n<li>Roehr, S.; Pabst, A.;&nbsp;<strong>Luck, T.<\/strong>; Riedel-Heller, S. G. (2018): Is dementia incidence decli-ning in high-income countries? A systematic review and meta-analysis. Clinical Epi-demiology, 10, 1233-1247.<\/li>\n\n\n\n<li>Roehr, S.; Riedel-Heller, S. G.; Kaduszkiewicz, H.; Wagner, M.; Fuchs, A.; van der Leeden, C.; Wiese, B.; Werle, J.; Bickel, H.; K\u00f6nig, H.-H.; Wolfsgruber, S.; Pentzek, M.; Weeg, D.; Mamone, S.; Weyerer, S.; Brettschneider, C.; Maier, W.; Scherer, M.; Jessen, F.;&nbsp;<strong>Luck, T.<\/strong>&nbsp;(2018): Is function in instrumental activities of daily living a useful feature in predic-ting Alzheimer&#8217;s disease dementia in subjective cognitive decline? International Journal of Geriatric Psychiatry 2018 Oct 24.<\/li>\n<\/ul>\n<\/div><\/div>\n<\/div><\/div>\n\n\n\n<div id=\"2017\" class=\"wp-block-greyd-accordion-item\"><button class=\"wp-block-greyd-accordion__title\" role=\"button\" type=\"button\" aria-expanded=\"false\" aria-controls=\"sect-bkmd-10\" id=\"title-bkmd-10\"><span>2017<\/span><span class=\"icon icon-normal arrow_triangle-down\" aria-hidden=\"true\"><\/span><span class=\"icon icon-active arrow_triangle-up\" aria-hidden=\"true\"><\/span><\/button><div class=\"wp-block-greyd-accordion__content\" role=\"region\" id=\"sect-bkmd-10\" aria-labelledby=\"title-bkmd-10\" hidden>\n<div class=\"wp-block-group\" style=\"padding-top:0;padding-bottom:var(--wp--preset--spacing--30)\"><div class=\"wp-block-group__inner-container is-layout-constrained wp-block-group-is-layout-constrained\">\n<h4 class=\"wp-block-heading\" id=\"h-monografien-6\"><strong>MONOGRAFIEN<\/strong><\/h4>\n\n\n\n<ul class=\"wp-block-list\">\n<li><strong>Borcsa, M.<\/strong>; Nikendei, C. (Hrsg.) (2017): Psychotherapie nach Flucht und Vertreibung. Eine praxisorientierte und interprofessionelle Perspektive auf die Hilfe f\u00fcr Fl\u00fcchtlinge. Stuttgart: Thieme.<\/li>\n\n\n\n<li><strong>M\u00f6ller-Dreischer, S.<\/strong>; Kuhlenkamp, S. (2017): Netzwerk INFamilie Dortmund \u2013 Implementierung, Strukturen, Perspektiven. Ergebnisse der wissenschaftlichen Begleitung. Dortmund.<\/li>\n\n\n\n<li>B\u00f6ttiger, W.;&nbsp;<strong>Schaumberg, T.<\/strong>; Langer, C. (2017): Sozialleistungen f\u00fcr Asylsuchende und Fl\u00fcchtlinge. Sozialrecht und Ausl\u00e4nderrecht auf einen Blick. K\u00f6ln: Luchterhand.<\/li>\n\n\n\n<li>B\u00f6ttiger, W.;&nbsp;<strong>Schaumberg, T.<\/strong>; Langer, C. (Hrsg.) (2017): Sozialleistungen f\u00fcr Asylsuchende und Fl\u00fcchtlinge. Sozialrecht und Ausl\u00e4nderrecht auf einen Blick (1. Aufl.). K\u00f6ln: Hermann-Luchterhand-Verlag.<\/li>\n<\/ul>\n<\/div><\/div>\n\n\n\n<div class=\"wp-block-group\" style=\"padding-top:var(--wp--preset--spacing--30);padding-bottom:var(--wp--preset--spacing--30)\"><div class=\"wp-block-group__inner-container is-layout-constrained wp-block-group-is-layout-constrained\">\n<h4 class=\"wp-block-heading\" id=\"h-buchbeitrage-6\"><strong>BUCHBEITR\u00c4GE<\/strong><\/h4>\n\n\n\n<ul class=\"wp-block-list\">\n<li><strong>Borcsa, M.&nbsp;<\/strong>(2017): European Family Therapy Association. In: Lebow, J., Chambers, A. &amp; Breunlin, D.C. (Eds.) Encyclopedia of Couple and Family Therapy. Springer International.&nbsp;<a href=\"https:\/\/doi.org\/10.1007\/978-3-319-15877-8_613-3\" target=\"_blank\" rel=\"noreferrer noopener nofollow\">doi.org\/10.1007\/978-3-319-15877-8_613-3<\/a><\/li>\n\n\n\n<li><strong>Borcsa, M.&nbsp;<\/strong>(2017): Familien: In Borcsa, M. &amp; Nikendei, C. (Hg.) Psychotherapie nach Flucht und Vertreibung. Eine praxisorientierte und interprofessionelle Perspektive auf die Hilfe f\u00fcr Fl\u00fcchtlinge. Stuttgart: Thieme, 142-150.<\/li>\n\n\n\n<li>Bulgay, B.;&nbsp;<strong>Borcsa, M.&nbsp;<\/strong>(2017): Selbstf\u00fcrsorge und Supervision. In Borcsa, M. &amp; Nikendei, C. (Hg.) Psychotherapie nach Flucht und Vertreibung. Eine praxisorientierte und interprofessionelle Perspektive auf die Hilfe f\u00fcr Fl\u00fcchtlinge. Stuttgart: Thieme, 181-187.<\/li>\n\n\n\n<li><strong>Gebhard, B<\/strong>.; Schr\u00f6ter, A. (2017): Inklusion einmal anders: Ergebnisse eines 4-j\u00e4hrigen gemeinsamen Lernens an einer F\u00f6rderschule mit dem F\u00f6rderschwerpunkt k\u00f6rperliche und motorische Entwicklung. Zeitschrift f\u00fcr Heilp\u00e4dagogik, 68, 554\u2013569.<\/li>\n\n\n\n<li><strong>Gebhard, B.<\/strong>; Seyda, M. (2017): Chronisch erkrankte Sch\u00fclerinnen und Sch\u00fcler im in-klusiven Schulsport. In: Giese, M. &amp; Weigelt, L. (Eds.): Edition Schulsport: Band 34. Inklusiver Sport- und Bewegungsunterricht: Theorie und Praxis aus Sicht der F\u00f6rder-schwerpunkte. Aachen: Meyer &amp; Meyer Verlag, 268\u2013298.<\/li>\n\n\n\n<li>Irmler, M.;&nbsp;<strong>Gebhard, B.<\/strong>&nbsp;(2017): Selbstkonzeptentwicklung bei Jungen mit Duchenne Muskeldystrophie. Vierteljahresschrift f\u00fcr Heilp\u00e4dagogik und ihre Nachbargebiete, 86 (1), 56\u201369.<\/li>\n\n\n\n<li><strong>M\u00f6ller-Dreischer, S.<\/strong>&nbsp;(2017): Was zeichnet die Kinderstuben nach dem Dortmunder Modell aus? Zentrale Ergebnisse der wissenschaftlichen Begleitung. In: RuhrFutur (Hrsg.): Qualit\u00e4tshandbuch Kinderstuben. Essen.<\/li>\n\n\n\n<li><strong>M\u00f6ller-Dreischer, S.<\/strong>&nbsp;(2017): Zum Verh\u00e4ltnis von Diversity und Inklusion in der Elementarp\u00e4dagogik. In: K\u00e4gi, S.; M\u00fcller, J.; Wustmann, C. (Hrsg.): Diversity im Feld der P\u00e4dagogik der Kindheit. Weinheim: Juventa.<\/li>\n\n\n\n<li>Hauth, R.; Jaeschke, S.;&nbsp;<strong>Steffens, M.&nbsp;<\/strong>(2018): Zur psychiatrisch-psychotherapeutischen Gesundheitsversorgung gefl\u00fcchteter Menschen mit unsicherem Asylstatus &#8211; am Beispiel von Rheinhessen. In: W\u00fcstenbecker, M.; Bensch, S. &amp; Greening, M. (Hrsg.). Migration. Chancen und Herausforderungen in der gesundheitlichen Versorgung. Sankt Ottilien: EOS-Verlag.<\/li>\n\n\n\n<li><strong>Schaumberg, T.<\/strong>;&nbsp;<strong>Seidel, A.<\/strong>&nbsp;(2017): Der Behinderungsbegriff des Bundesteilhabegesetzes \u2013 ein \u00fcberfl\u00fcssiger Paradigmenwechsel? (Teil 1). In: SGb. Die Sozialgerichtsbarkeit, 64. Jg., 10\/2017, 572-579.<\/li>\n\n\n\n<li><strong>Schaumberg, T.; Seidel, A.&nbsp;<\/strong>(2017): Der Behinderungsbegriff des Bundesteilhabegeset-zes \u2013 ein \u00fcberfl\u00fcssiger Paradigmenwechsel? (Teil 2). In: SGb. Die Sozialgerichtsbarkeit, 64. Jg., 11\/2017, 618-625.<\/li>\n<\/ul>\n<\/div><\/div>\n\n\n\n<div class=\"wp-block-group\" style=\"padding-top:var(--wp--preset--spacing--30);padding-bottom:var(--wp--preset--spacing--30)\"><div class=\"wp-block-group__inner-container is-layout-constrained wp-block-group-is-layout-constrained\">\n<h4 class=\"wp-block-heading\" id=\"h-zeitschriften-artikel-6\"><strong>ZEITSCHRIFTEN(-ARTIKEL)<\/strong><\/h4>\n\n\n\n<ul class=\"wp-block-list\">\n<li>Kessemeier, F.; De Vries, U.; St\u00f6ckler, C.; Kobelt, A.; Petermann, F.; Walter, F.;&nbsp;<strong>Bassler, M.&nbsp;<\/strong>(2017): Wie beeinflusst Mobbing im Beruf Arbeitsmotivation und die psychische Gesundheit?: Eine Studie mit psychosomatischen Rehabilitanden. Zeitschrift f\u00fcr Psychiatrie Psychologie und Psychotherapie, 65(4), 241-249.<\/li>\n\n\n\n<li>Kessemeier, F.; St\u00f6ckler, S.; Petermann, F.; Pfeiffer, W.;&nbsp;<strong>Bassler, M.<\/strong>; Kobelt, A. (2017): Psychometrische Eigenschaften der Readiness for Return to Work Scale f\u00fcr Patienten in der psychosomatischen Rehabilitation. Phys Med Rehab Kuror, 27(06), 335-347.<\/li>\n\n\n\n<li>Kessemeier, F.; St\u00f6ckler, S.; Petermann, F.; Pfeiffer, W.;&nbsp;<strong>Bassler, M.<\/strong>; Kobelt, A. (2017): Die Bedeutung von Arbeitsmotivation f\u00fcr den Reha-Erfolg. Die Rehabilitation.<\/li>\n\n\n\n<li>N\u00fcbling, R.; Kraft, M.; Reuter J.; Kriz, D.; Lutz, W.; Schmidt, J.; Wittmann, W.;&nbsp;<strong>Bassler, M.&nbsp;<\/strong>(2017): Psychometrische \u00dcberpr\u00fcfung des Helping Alliance Questionnaire (HAQ) in unterschiedlichen Behandlungssettings. Psychother Psych Med, 67, 465\u2013476.<\/li>\n\n\n\n<li><strong>Borcsa, M.<\/strong>; Pomini, V. (2017): Virtual Relationships and Systemic Practices in the Digital Era. Contemporary Family Therapy, 39 (4), S. 239-248.<\/li>\n\n\n\n<li><strong>Borcsa, M.<\/strong>; Pomini, V. (Eds.) (2017): Special Issue: Virtual Relationships and Systemic Practices in the Digital Era. Contemporary Family Therapy, 39 (4).<\/li>\n\n\n\n<li><strong>Borcsa, M.<\/strong>; Wiegand-Grefe, S. (Hrsg.) (2017): Adoleszenz. Psychotherapie im Dialog, 18 (2).<\/li>\n\n\n\n<li>B\u00f6ttiger, W.;&nbsp;<strong>Schaumberg, T.<\/strong>; Langer, C. (Hrsg.) (2017): Sozialleistungen f\u00fcr Asylsuchende und Fl\u00fcchtlinge. Sozialrecht und Ausl\u00e4nderrecht auf einen Blick (1. Aufl.). K\u00f6ln: Hermann-Luchterhand-Verlag.<\/li>\n\n\n\n<li><strong>Schaumberg, T<\/strong>. (2017): Gefl\u00fcchtete ausl\u00e4ndische Kinder und Jugendliche in der Rehabilitation \u2013 Fr\u00fchf\u00f6rderung als Chance (Rechtliche Grundlagen der Fr\u00fchf\u00f6rderung). RP Reha, 4\/2017.<\/li>\n\n\n\n<li><strong>Steffens, M.<\/strong>;&nbsp;<strong>Borbe, C.<\/strong>; Bomke, P. (2017): Gesunde Gemeinden, starke Gesellschaft: Die Pfalz macht sich \/ dich stark. Die Welt, 09. M\u00e4rz 2017. www.sozialeverantwortung.info\/inklusion\/gesunde-gemeinden-starke-gesellschaft-die-pfalz-macht-sich-dich-stark<\/li>\n<\/ul>\n<\/div><\/div>\n<\/div><\/div>\n\n\n\n<div id=\"2016\" class=\"wp-block-greyd-accordion-item\"><button class=\"wp-block-greyd-accordion__title\" role=\"button\" type=\"button\" aria-expanded=\"false\" aria-controls=\"sect-twf3-11\" id=\"title-twf3-11\"><span>2016<\/span><span class=\"icon icon-normal arrow_triangle-down\" aria-hidden=\"true\"><\/span><span class=\"icon icon-active arrow_triangle-up\" aria-hidden=\"true\"><\/span><\/button><div class=\"wp-block-greyd-accordion__content\" role=\"region\" id=\"sect-twf3-11\" aria-labelledby=\"title-twf3-11\" hidden>\n<div class=\"wp-block-group\" style=\"padding-top:0;padding-bottom:var(--wp--preset--spacing--30)\"><div class=\"wp-block-group__inner-container is-layout-constrained wp-block-group-is-layout-constrained\">\n<h4 class=\"wp-block-heading\" id=\"h-monografien-7\"><strong>MONOGRAFIEN<\/strong><\/h4>\n\n\n\n<ul class=\"wp-block-list\">\n<li><strong>Borbe, C<\/strong>.;&nbsp;<strong>M\u00f6ller-Dreischer, S<\/strong>.;&nbsp;<strong>Seidel, A.<\/strong>&nbsp;(2016): Inklusion? Was? Wie? Perspektiven auf einen komplexen Gegenstand. Frankfurt: Referenz-Verlag.<\/li>\n\n\n\n<li><strong>Borcsa, M.<\/strong>&nbsp;&amp; Rober, P. (Eds.) (2016). Research Perspectives in Couple Therapy. Discursive Qualitative Methods. Cham, CH: Springer International.<\/li>\n\n\n\n<li><strong>Borcsa, M.<\/strong>&nbsp;&amp; Stratton, P. (Eds.) (2016). Origins and Originality in Family Therapy and Systemic Practice (EFTA Book Series Volume 1). Cham, CH: Springer International.<\/li>\n\n\n\n<li><strong>Gebhard, B.<\/strong>;&nbsp;<strong>Seidel, A<\/strong>.;&nbsp;<strong>Sohns, A<\/strong>.;&nbsp;<strong>M\u00f6ller-Dreischer, S.<\/strong>&nbsp;(Hrsg.) (2016): Fr\u00fchf\u00f6rderung mittendrin \u2013 in Familie und Gesellschaft. Stuttgart: Kohlhammer.<\/li>\n\n\n\n<li><strong>Schaumberg, T.<\/strong>&nbsp;(2016): Integration in Arbeit, In: W. B\u00f6ttiger, T. Schaumberg, C. Langer (Hrsg.) (2017): Sozialleistungen f\u00fcr Asylsuchende und Fl\u00fcchtlinge. Sozialrecht und Ausl\u00e4nderrecht auf einen Blick (1. Aufl.). K\u00f6ln: Hermann-Luchterhand \u2013Verlag.<\/li>\n\n\n\n<li><strong>Sohns, A.<\/strong>&nbsp;(Hrsg.) (2016): \u201eEffizienz der Fr\u00fchf\u00f6rderung\u201c, Kongressband des gleichnamigen Kongresses an der Medical School Berlin. Hamburg: HPB University Press.<\/li>\n\n\n\n<li><strong>Sohns, A.<\/strong>&nbsp;(Hrsg.); Pretis, M. (2016): \u201eLehrbuch Transdisziplin\u00e4re Fr\u00fchf\u00f6rderung\u201c. Hamburg: HPB University Press.<\/li>\n<\/ul>\n<\/div><\/div>\n\n\n\n<div class=\"wp-block-group\" style=\"padding-top:var(--wp--preset--spacing--30);padding-bottom:var(--wp--preset--spacing--30)\"><div class=\"wp-block-group__inner-container is-layout-constrained wp-block-group-is-layout-constrained\">\n<h4 class=\"wp-block-heading\" id=\"h-buchbeitrage-7\"><strong>BUCHBEITR\u00c4GE<\/strong><\/h4>\n\n\n\n<ul class=\"wp-block-list\">\n<li><strong>Bassler, M.<\/strong>&nbsp;(2016): M\u00f6glichkeiten der psychosomatischen Rehabilitation. In: GK. Kahl und L. Winter (Hrsg.): Arbeitsplatzbezogene Psychotherapie: Intervention, Pr\u00e4vention und Rehabilitation. Mit einem Therapiemanual. Stuttgart (in Druck): Kohlhammer-Verlag.<\/li>\n\n\n\n<li><strong>Bassler, M.<\/strong>&nbsp;(2016): Vorwort. In: M. Steffens, C. Borbe und V. Jendricke (Hrsg.): Familie und psychische Gesundheit \u2013 Anspruch und Wirklichkeit. Frankfurt: Referenz-Verlag, 10-12.<\/li>\n\n\n\n<li><strong>Bassler, M.<\/strong>&nbsp;&amp; K\u00f6llner, V. (2016): Psychosomatische Rehabilitation. In: K. K\u00f6hle, W. Herzog, P. Joraschky, J. Kruse, W. Langewitz und W. S\u00f6llner (Hrsg.): Uexk\u00fcll. Psychosomatische Medizin. Theoretische Modelle und klinische Praxis (8. Aufl.). M\u00fcnchen (in Druck): Elsevier, Verlag Urban und Fischer.<\/li>\n\n\n\n<li><strong>Borcsa, M.<\/strong>&nbsp;&amp; Rober, P. (2016). About Complexity, Difference, and Process: Towards Integration and Temporary Closure. In M. Borcsa &amp; P. Rober (Eds.) Research Perspectives in Couple Therapy. Discursive Qualitative Methods (pp. 167-172). Cham, CH: Springer International.<\/li>\n\n\n\n<li><strong>Borcsa, M.<\/strong>&nbsp;(2016): Latent Meaning Structures in Couple Relations: Introducing Objective Hermeneutics into Systemic Therapy Research. In M. Borcsa &amp; P. Rober (Eds.) Research Perspectives in Couple Therapy. Discursive Qualitative Methods (pp. 105-123). Cham, CH: Springer International.<\/li>\n\n\n\n<li><strong>Borcsa, M.<\/strong>&nbsp;&amp; Hille, J. (2016): Diagnostik in der Systemischen Paar- und Familientherapie. In: R.D. Stieglitz &amp; H.J. Freyberger (Hg.) Diagnostik in der Psychotherapie (S. 86-99). Stuttgart: Kohlhammer.<\/li>\n\n\n\n<li><strong>Borcsa, M.<\/strong>&nbsp;&amp;&nbsp;<strong>Hille, J.<\/strong>&nbsp;(2016): Virtual Relations and Globalized Families \u2013 the Genogram 4.0 Interview. In M. Borcsa &amp; P. Stratton (Eds.) Origins and Originality in Family Therapy and Systemic Practice (pp. 215-234). Cham, CH: Springer International.<\/li>\n\n\n\n<li><strong>Borcsa, M. &amp;<\/strong>&nbsp;Stratton, P. (2016). Innovations in Family Therapy and Systemic Practice. In M. Borcsa &amp; P. Stratton (Eds.) Origins and Originality in Family Therapy and Systemic Practice. (pp. 235-245). Cham, CH: Springer International.<\/li>\n\n\n\n<li><strong>Borcsa, M.<\/strong>&nbsp;&amp; Stratton, P. (2016): From Origins and Originality \u2013 Family Therapy and the European Idea. In M. Borcsa &amp; P. Stratton (Eds.) Origins and Originality in Family Therapy and Systemic Practice. (pp. 1-10). Cham, CH: Springer International.<\/li>\n\n\n\n<li>Rober, P. &amp;&nbsp;<strong>Borcsa, M.<\/strong>&nbsp;(2016): The Challenge: Tailoring Qualitative Process Research Methods for the Study of Marital and Family Therapeutic Sessions. In M. Borcsa &amp; P. Rober (Eds.) Research Perspectives in Couple Therapy. Discursive Qualitative Methods (pp. 1-9). Cham, CH: Springer International.<\/li>\n\n\n\n<li><strong>Gebhard, B<\/strong>. &amp; Seyda, M. (2016): Chronisch erkrankte Sch\u00fclerinnen und Sch\u00fcler im inklusiven Schulsport. In: M. Giese und L. Weigelt (Hrsg.): Inklusiver Sport- und Bewegungsunterricht. Theorie und Praxis aus der Perspektive der F\u00f6rderschwerpunkte. Aachen: Meyer&amp;Meyer Edition Schulsport.<\/li>\n\n\n\n<li>Irmler, M.&amp;&nbsp;<strong>Gebhard, B.<\/strong>&nbsp;(2016): Psychomotorische Entwicklungsf\u00f6rderung und Familienbegleitung f\u00fcr Kinder mit chronischen und progredienten Erkrankungen. In: B.&nbsp;<strong>Gebhard, A. Seidel, A. Sohns, S. M\u00f6ller-Dreischer<\/strong>&nbsp;(Hrsg.): Fr\u00fchf\u00f6rderung mittendrin \u2013 in Familie und Gesellschaft. Stuttgart: Kohlhammer, S.305-316Urschitz, M.S.;&nbsp;<strong>Gebhard, B<\/strong>.; Philippi, H.; Bock, F. de (2016): Partizipation und Bildung als Endpunkte in der p\u00e4diatrischen Versorgungsforschung. In: Kinder- und Jugendmedizin (3), S. 206-217.<\/li>\n\n\n\n<li><strong>Jendricke, V.; Borbe, C.; Steffens, M.<\/strong>&nbsp;(2016): Familie und psychische Gesundheit \u2013 eine Hinf\u00fchrung. In: M. Steffens, C. Borbe, V. Jendricke (Hrsg.) Familie und psychische Gesundheit &#8211; Anspruch und Wirklichkeit. Frankfurt a. M.: Referenz Verlag<\/li>\n\n\n\n<li><strong>M\u00f6ller-Dreischer, S.<\/strong>&nbsp;(2016): Inklusion aus Sicht der Inklusiven P\u00e4dagogik. In: C. Borbe, A. Seidel, S. M\u00f6ller-Dreischer (Hrsg.): Inklusion! Was? Wie? Perspektiven auf einen komplexen Gegenstand.&nbsp;Frankfurt a.M.: Referenz-Verlag, 33-43.<\/li>\n\n\n\n<li><strong>M\u00f6ller-Dreischer, S.<\/strong>&nbsp;(2016): U?berlegungen zu einer Fo?rderdiagnostik im Kontext inklusiver Pa?dagogik. In: K. Glasmachers und I. Kamski: Schule umfassend denken. Ver\u00e4nderungsprozesse in Schulen aktiv gestalten. K\u00f6ln: Carl Link.<\/li>\n\n\n\n<li><strong>M\u00f6ller-Dreischer, S.<\/strong>&nbsp;(2016): Zum Verha?ltnis von Diversity und Inklusion in der Elementarpa?dagogik. In: S. K\u00e4gi, J. M\u00fcller, C. Wustmann (Hrsg.): Diversity in elementarpa?dagogischen Arbeitsfeldern. Weinheim: Juventa.<\/li>\n\n\n\n<li>Simon, L.;&nbsp;<strong>Seidel, A.<\/strong>&nbsp;(2016): Implementierung der ICF in der Fr\u00fchf\u00f6rderung in Deutschland \u2013 Aus- und Fortbildungsaspekte. In: Fr\u00fchf\u00f6rderung interdisziplin\u00e4r 35, 3, 138-145.<\/li>\n\n\n\n<li><strong>Sohns, A.<\/strong>; Caby, A. (2016): &#8222;Fr\u00fchf\u00f6rderung im p\u00e4dagogisch-medizinischen Spannungsfeld \u2013 Vorurteile im Streitgespr\u00e4ch&#8220;. In: A. Seidel; B. Gebhardt, A. Sohns, S. M\u00f6ller-Dreischer:&nbsp; Fr\u00fchf\u00f6rderung mittendrin \u2013 in Familie und Gesellschaft. Stuttgart: Kohlhammer-Verlag.<\/li>\n\n\n\n<li><strong>Steffens, M.<\/strong>&nbsp;(2016): Vorwort Was? Inklusion! Wie. In: C. Borbe, S. M\u00f6ller-Dreischer, A. Seidel (Hrsg.) Inklusion! Was? Wie? Perspektiven auf einen komplexen Gegenstand. Frankfurt a. M.: Referenz Verlag.<\/li>\n<\/ul>\n<\/div><\/div>\n\n\n\n<div class=\"wp-block-group\" style=\"padding-top:var(--wp--preset--spacing--30);padding-bottom:var(--wp--preset--spacing--30)\"><div class=\"wp-block-group__inner-container is-layout-constrained wp-block-group-is-layout-constrained\">\n<h4 class=\"wp-block-heading\" id=\"h-zeitschriften-artikel-7\"><strong>ZEITSCHRIFTEN(-ARTIKEL)<\/strong><\/h4>\n\n\n\n<ul class=\"wp-block-list\">\n<li><strong>Bassler, M.<\/strong>&nbsp;(2016): Laufendes Rentenverfahren und Psychotherapie \u2013 Aspekte der Beziehungsgestaltung. In:&nbsp; PiD \u2013 Psychotherapie im Dialog 17 (02), S.&nbsp; 74-77. DOI: 10.1055\/s-0042-103852<\/li>\n\n\n\n<li>Kaminski, A.;&nbsp;<strong>Bassler, M.<\/strong>; Pfeiffer, W.; Kobelt, A. (2016): Wie valide ist die Diagnostik in der psychosomatischen Rehabilitation? In: Zeitschrift f\u00fcr Psychiatrie, Psychologie und Psychotherapie 64, 181-186. DOI: 10.1024\/1661-4747\/a000277<\/li>\n\n\n\n<li>Schauenburg, H., Wiegand-Grefe, S. &amp;&nbsp;<strong>Borcsa, M.<\/strong>&nbsp;(Hrg.) (2016): Bindung. Psychotherapie im Dialog, 17 (3).<\/li>\n\n\n\n<li><strong>Borcsa, M.<\/strong>&nbsp;(2016): Systemische (Familien-)Therapie und staatliche Gesundheitssysteme in Europa. Ein \u00dcberblick. Familiendynamik, 41 (1), 24-33.<\/li>\n\n\n\n<li><strong>Borcsa, M.<\/strong>, Charalabaki, K.; Theodoraki, K. (2016): Familien im Kontext von wirtschaftlicher und sozialer Destabilisierung: Ein metamodernes griechisches Drama. Systeme 30 (1), 88-99.<\/li>\n\n\n\n<li><strong>Borcsa, M.<\/strong>; &nbsp;Charalabaki, K. (2016): Thesis, Antithesis, Synthesis: An opening speech to create dialogue. Systemic Thinking &amp; Psychotherapy &#8211; The Hellenic Systemic Thinking and Family Therapy Association (HESTAFTA) Electronic Journal, issue 9.&nbsp;<a href=\"http:\/\/www.hestafta.org\/index.php?option=com_content&amp;view=category&amp;layout=blog&amp;id=35&amp;Itemid=105\" target=\"_blank\" rel=\"noreferrer noopener nofollow\">http:\/\/www.hestafta.org\/index.php?option=com_content&amp;view=category&amp;layout=blog&amp;id=35&amp;Itemid=105<\/a><\/li>\n\n\n\n<li><strong>Borcsa, M.;<\/strong>&nbsp;Charalabaki, K. (2016): Families in a Context of Economic and Social Destabilization: A Meta-Modern Greek Drama. Systemic Thinking &amp; Psychotherapy -The Hellenic Systemic Thinking and Family Therapy Association (HESTAFTA) Electronic Journal, issue 8.&nbsp; &nbsp;&nbsp;&nbsp;&nbsp;&nbsp;&nbsp;&nbsp;&nbsp;&nbsp;<br><a href=\"http:\/\/www.hestafta.org\/index.php?option=com_content&amp;view=category&amp;layout=blog&amp;id=33&amp;Itemid=105\" target=\"_blank\" rel=\"noreferrer noopener nofollow\">http:\/\/www.hestafta.org\/index.php?option=com_content&amp;view=category&amp;layout=blog&amp;id=33&amp;Itemid=105<\/a><\/li>\n\n\n\n<li>Fink, A.;&nbsp;<strong>Gebhard, B<\/strong>.; Erdwiens, S.; Haddenhorst, L.; Nowak, S. (2016, i. Dr.): Reliability of the German version of the Children\u2019s Assessment of Participation and Enjoyment (CAPE) and Preferences for Activities of Children (PAC). In: Child: Care, health and development. DOI: 10.1111\/cch.12360<\/li>\n\n\n\n<li>Bock, F. de; Fink, A.;&nbsp;<strong>Gebhard, B.<\/strong>; Philippi, H.; Seidel, A. (2016): Participation in Neuropediatric Care. In: Neuropediatrics 47 (S 01). DOI: 10.1055\/s-0036-1583752.<\/li>\n\n\n\n<li><strong>Seidel, A.<\/strong>&nbsp;(2016) Heidelberger Gespr\u00e4ch \u2013 Bericht von der 28. Fortbildungstagung f\u00fcr \u00c4rzte und Juristen aus den Bereichen Sozialmedizin und Sozialrecht, ASR Anwalt\/Anw\u00e4ltin im Sozialrecht, 1 (18), 1-15.<\/li>\n\n\n\n<li><strong>Seidel, A.<\/strong>&nbsp;(2016): Inklusion aus medizinischer\/sozialp\u00e4diatrischer Sicht: die ICF als hilfreiches Werkzeug? In: INKLUwas? Referenz-Verlag.<\/li>\n\n\n\n<li><strong>Seidel, A.<\/strong>; Simon, L. (2016): Wie kann Kontextorientierung in der Fr\u00fchf\u00f6rderung gelingen? In: Fr\u00fchf\u00f6rderung mittendrin in Familie und Gesellschaft. Kohlhammer Verlag<\/li>\n\n\n\n<li><strong>Sohns, A.<\/strong>&nbsp;(2016): \u201eFr\u00fchf\u00f6rderung als Komplexleistung&#8220;. In: Fr\u00fchf\u00f6rderung Interdisziplin\u00e4r. M\u00fcnchen\/Basel: Ernst Reinhard-Verlag.<\/li>\n\n\n\n<li><strong>Sohns, A.<\/strong>;&nbsp;<strong>Lamschus, K.<\/strong>&nbsp;(2016): &#8222;Rahmenbedingungen der Fr\u00fchf\u00f6rderstellen in Th\u00fcringen&#8220;. In: Familie und Psychische Gesundheit \u2013 Anspruch und Wirklichkeit. Frankfurt\/M. :Referenz-Verlag.<\/li>\n\n\n\n<li><strong>Sohns, A.<\/strong>; Lamschus, K. (im Druck, 2016): &#8222;Rahmenbedingungen der Fr\u00fchf\u00f6rderstellen in Th\u00fcringen&#8220;. In: Familie und Psychische Gesundheit \u2013 Anspruch und Wirklichkeit. Frankfurt\/M.:Referenz-Verlag.<\/li>\n\n\n\n<li><strong>Steffens, M.<\/strong>&nbsp;(2016): Arbeit und psychische Gesundheit. Arbeitsplatzbezogene psychische Belastungen &#8211; Ans\u00e4tze zur Selbsthilfe. Nachtvorlesung, Gesundheitsnetz. Allgemeine Zeitung, Alzey.<\/li>\n\n\n\n<li><strong>Steffens, M.<\/strong>&nbsp;(2016): Arbeitsbezogene psychische Belastungen und deren Folgen. M\u00f6glichkeiten der Pr\u00e4vention und Rehabilitation. Fachtagung DEGEMED (Deutsche Gesellschaft f\u00fcr Medizinische Rehabilitation) und DBfK (Deutscher Berufsverband f\u00fcr Pflegeberufe): Resilienz in der Pflege, Kassel.<\/li>\n\n\n\n<li><strong>Steffens, M.<\/strong>&nbsp;(2016): Patienten mit Suchterkrankungen. Hands on. Vom Symptom zur Diagnose in Neurologie, Psychiatrie, Psychotherapie und Psychosomatik, Alzey.<\/li>\n<\/ul>\n<\/div><\/div>\n<\/div><\/div>\n<style class=\"greyd-styles\">.gs_pH7rgn .wp-block-greyd-accordion-item { --accord-title-bg-color: var(--wp--preset--color--color-13); } .gs_pH7rgn .wp-block-greyd-accordion-item:hover { --accord-title-bg-color: var(--wp--preset--color--color-33); } .gs_pH7rgn .wp-block-greyd-accordion-item :checked + * { --accord-title-bg-color: var(--wp--preset--color--color-22); } .gs_pH7rgn .wp-block-greyd-accordion-item .wp-block-greyd-accordion__content { border-top: 1px solid var(--wp--preset--color--color-33); border-right: 1px solid var(--wp--preset--color--color-33); border-bottom: 1px solid var(--wp--preset--color--color-33); border-left: 1px solid var(--wp--preset--color--color-33); } <\/style><style class=\"greyd-styles\">. { --accord-title-bg-color: var(--wp--preset--color--color-13); } .:hover { --accord-title-bg-color: var(--wp--preset--color--color-33); } .gs_pH7rgn .wp-block-greyd-accordion__title[aria-expanded=\"true\"] { --accord-title-bg-color: var(--wp--preset--color--color-22); } .gs_pH7rgn .wp-block-greyd-accordion__title[aria-expanded=\"true\"] .wp-block-greyd-accordion__content { border-top: 1px solid var(--wp--preset--color--color-33); border-right: 1px solid var(--wp--preset--color--color-33); border-bottom: 1px solid var(--wp--preset--color--color-33); border-left: 1px solid var(--wp--preset--color--color-33); } <\/style><\/div>\n\n\n\n<h2 class=\"wp-block-heading\" id=\"h-jahresberichte-des-isrv\">Jahresberichte des ISRV<\/h2>\n\n\n<div  class=\"row_wrap\">\n<div class=\"wp-block-columns row_xxl is-layout-flex wp-container-core-columns-is-layout-9d6595d7 wp-block-columns-is-layout-flex\">\n<div class=\"wp-block-column col-12 col-sm-auto is-layout-flow wp-block-column-is-layout-flow\" style=\"flex-basis:50%;width:50%\">\n<div id=\"greyd-69f2d3d83074f\" class=\"wp-block-greyd-box gs_rB0eJU greyd-content-box gs_rB0eJU\"><div class=\"wp-block-downloadlist-list\"><ul class=\"downloadlist-list wp-block-downloadlist-list iconset-fontawesome\">\n<li class=\"attachment-33574 file_application file_pdf \"><a href=\"https:\/\/www.hs-nordhausen.de\/wp-content\/uploads\/sites\/8\/2025\/06\/ISRV_Jahresbericht_2024.pdf\" rel=\"nofollow\" download>Jahresbericht 2024<\/a> (2 MB)<\/li>\n<li class=\"attachment-32129 file_application file_pdf \"><a href=\"https:\/\/www.hs-nordhausen.de\/wp-content\/uploads\/sites\/8\/2025\/05\/ISRV_Jahresbericht_2023.pdf\" rel=\"nofollow\" download>Jahresbericht 2023<\/a> (1 MB)<\/li>\n<li class=\"attachment-19557 file_application file_pdf \"><a href=\"https:\/\/www.hs-nordhausen.de\/wp-content\/uploads\/sites\/8\/2024\/09\/Jahresbericht_2022.pdf\" rel=\"nofollow\" download>Jahresbericht 2022<\/a> (888 KB)<\/li>\n<li class=\"attachment-19556 file_application file_pdf \"><a href=\"https:\/\/www.hs-nordhausen.de\/wp-content\/uploads\/sites\/8\/2024\/09\/Jahresbericht_2021.pdf\" rel=\"nofollow\" download>Jahresbericht 2021<\/a> (1 MB)<\/li>\n<li class=\"attachment-19555 file_application file_pdf \"><a href=\"https:\/\/www.hs-nordhausen.de\/wp-content\/uploads\/sites\/8\/2024\/09\/Jahresbericht_2020.pdf\" rel=\"nofollow\" download>Jahresbericht 2020<\/a> (2 MB)<\/li>\n<li class=\"attachment-19554 file_application file_pdf \"><a href=\"https:\/\/www.hs-nordhausen.de\/wp-content\/uploads\/sites\/8\/2024\/09\/Jahresbericht_2019.pdf\" rel=\"nofollow\" download>Jahresbericht 2019<\/a> (2 MB)<\/li>\n<li class=\"attachment-19553 file_application file_pdf \"><a href=\"https:\/\/www.hs-nordhausen.de\/wp-content\/uploads\/sites\/8\/2024\/09\/Jahresbericht_2018.pdf\" rel=\"nofollow\" download>Jahresbericht 2018<\/a> (776 KB)<\/li>\n<li class=\"attachment-19552 file_application file_pdf \"><a href=\"https:\/\/www.hs-nordhausen.de\/wp-content\/uploads\/sites\/8\/2024\/09\/Jahresbericht_2017.pdf\" rel=\"nofollow\" download>Jahresbericht 2017<\/a> (636 KB)<\/li>\n<li class=\"attachment-19551 file_application file_pdf \"><a href=\"https:\/\/www.hs-nordhausen.de\/wp-content\/uploads\/sites\/8\/2024\/09\/Jahresbericht_2016.pdf\" rel=\"nofollow\" download>Jahresbericht 2016<\/a> (486 KB)<\/li>\n<li class=\"attachment-19550 file_application file_pdf \"><a href=\"https:\/\/www.hs-nordhausen.de\/wp-content\/uploads\/sites\/8\/2024\/09\/Jahresbericht_2015.pdf\" rel=\"nofollow\" download>Jahresbericht 2015<\/a> (727 KB)<\/li>\n<li class=\"attachment-19549 file_application file_pdf \"><a href=\"https:\/\/www.hs-nordhausen.de\/wp-content\/uploads\/sites\/8\/2024\/09\/Jahresbericht_2014.pdf\" rel=\"nofollow\" download>Jahresbericht 2014<\/a> (597 KB)<\/li>\n<li class=\"attachment-19548 file_application file_pdf \"><a href=\"https:\/\/www.hs-nordhausen.de\/wp-content\/uploads\/sites\/8\/2024\/09\/Jahresbericht_2013.pdf\" rel=\"nofollow\" download>Jahresbericht 2013<\/a> (1 MB)<\/li>\n<\/ul><\/div>\n<\/div>\n<\/div>\n\n\n\n<div class=\"wp-block-column hidden-xs hidden-sm col-12 col-md-6 is-layout-flow wp-block-column-is-layout-flow\" style=\"flex-basis:50%;width:50%\">\n<div class=\"wp-block-group is-vertical is-content-justification-center is-layout-flex wp-container-core-group-is-layout-c2938561 wp-block-group-is-layout-flex\" style=\"padding-top:var(--wp--preset--spacing--50);padding-right:var(--wp--preset--spacing--50);padding-bottom:var(--wp--preset--spacing--50);padding-left:var(--wp--preset--spacing--50)\">\n<p class=\"has-text-align-center\"><a class=\"_df_thumb  df-has-ridge \"  href=\"#\"  data-slug=\"isrv_jahresbericht_2024\" data-_slug=\"isrv_jahresbericht_2024\" _slug=\"isrv_jahresbericht_2024\" data-title=\"jahresbericht-2024\" id=\"df_33574\" data-df-option=\"df_option_33574\" thumb=\"https:\/\/www.hs-nordhausen.de\/wp-content\/uploads\/sites\/8\/dflip-thumbs\/33574.jpeg?1751273855\"  >Jahresbericht 2024<\/a><script class=\"df-shortcode-script\" nowprocket type=\"application\/javascript\">window.df_option_33574 = {\"source\":\"https:\\\/\\\/www.hs-nordhausen.de\\\/wp-content\\\/uploads\\\/sites\\\/8\\\/2025\\\/06\\\/ISRV_Jahresbericht_2024.pdf\",\"outline\":[],\"overwritePDFOutline\":false,\"pageSize\":\"0\",\"slug\":\"isrv_jahresbericht_2024\",\"wpOptions\":\"true\",\"id\":33574}; if(window.DFLIP && window.DFLIP.parseBooks){window.DFLIP.parseBooks();}<\/script><\/p>\n<\/div>\n<\/div>\n<\/div>\n<\/div>\n\n\n<h2 class=\"wp-block-heading\" id=\"h-flyer-und-prasentationen\">Flyer und Pr\u00e4sentationen<\/h2>\n\n\n\n<div id=\"greyd-69f2d3d8334f9\" class=\"wp-block-greyd-box gs_Nvub7D greyd-content-box gs_Nvub7D\"><div class=\"wp-block-downloadlist-list\"><ul class=\"downloadlist-list wp-block-downloadlist-list iconset-fontawesome\">\n<li class=\"attachment-19568 file_application file_pdf \"><a href=\"https:\/\/www.hs-nordhausen.de\/wp-content\/uploads\/sites\/8\/2024\/09\/Kindliche-Resilienz_Vortrag_Carsten_Noethling.pdf\" rel=\"nofollow\" download>Was Kinder st\u00e4rkt &#8211; Kindliche Resilienz im Alltag f\u00f6rdern<\/a> (796 KB)<br>C. N\u00f6thling_Kinderschutzkonferenz 2022<\/li>\n<li class=\"attachment-19567 file_application file_pdf \"><a href=\"https:\/\/www.hs-nordhausen.de\/wp-content\/uploads\/sites\/8\/2024\/09\/Kinderschutzkonferenz-_Vortrag_Carolin_Roth.pdf\" rel=\"nofollow\" download>Bindungsorientierte Beziehungsgestaltung im professionellen Kontext<\/a> (120 KB)<br>C. Roth_Kinderschutzkonferenz 2022<\/li>\n<li class=\"attachment-19569 file_application file_pdf \"><a href=\"https:\/\/www.hs-nordhausen.de\/wp-content\/uploads\/sites\/8\/2024\/09\/Zukunft_der_Fruehfoerderung_-_Sohns.pdf\" rel=\"nofollow\" download>Inklusive Fr\u00fchf\u00f6rderung<\/a> (730 KB)<br>Prof. Dr. A. Sohns_Kinderschutzkonferenz 2022<\/li>\n<li class=\"attachment-19566 file_application file_pdf \"><a href=\"https:\/\/www.hs-nordhausen.de\/wp-content\/uploads\/sites\/8\/2024\/09\/Intersektionalitaet_Symbosium_Flyer.pdf\" rel=\"nofollow\" download>Intersektionalit\u00e4t begreifenHandlungsoptionen finden<\/a> (215 KB)<br>Flyer Symposium 2019<\/li>\n<li class=\"attachment-19565 file_application file_pdf \"><a href=\"https:\/\/www.hs-nordhausen.de\/wp-content\/uploads\/sites\/8\/2024\/09\/20160218_Nordfriesland_Sozialraum.pdf\" rel=\"nofollow\" download>Zukunft der Fr\u00fchf\u00f6rderung<\/a> (6 MB)<br>D. Thomsen_Fachtag 2016<\/li>\n<\/ul><\/div>\n<\/div>\n\n\n\n<div id=\"tagungsbaende-symposien\" class=\"wp-block-group\" style=\"padding-top:var(--wp--preset--spacing--50);padding-bottom:var(--wp--preset--spacing--50)\"><div class=\"wp-block-group__inner-container is-layout-constrained wp-block-group-is-layout-constrained\">\n<h2 class=\"wp-block-heading\" id=\"h-tagungsbande-zu-den-symposien-des-isrv\">Tagungsb\u00e4nde zu den Symposien des ISRV<\/h2>\n\n\n\n<ul class=\"wp-block-list\">\n<li><strong>Band 1:<\/strong><br>Bassler, M. \/ Steffens, M. (Hrsg.) (2015): Depression \u2013 Familie und Arbeit. Gesellschaftliche und individuelle Ausl\u00f6ser und Auswirkungen einer der h\u00e4ufigsten psychischen Erkrankungen. Frankfurt a. M.: Referenz-Verlag.<\/li>\n\n\n\n<li><strong>Band 2:<\/strong><br>Steffens, M. \/ Borbe, C. \/ Jendricke, V. (Hrsg.) (2016): Familie und psychische Gesundheit &#8211; Anspruch und Wirklichkeit. Ambivalenzen zwischen St\u00e4rkung und Entkr\u00e4ftigung. Frankfurt a. M.: Referenz-Verlag.<\/li>\n\n\n\n<li><strong>Band 3:<\/strong><br>Borbe, C. \/ Seidel, A. \/ M\u00f6ller-Dreischer, S. (Hrsg.) (2016): Inklusion! Was? Wie? Perspektiven auf einen komplexen Gegenstand.&nbsp; Frankfurt a.M.: Referenz-Verlag.<\/li>\n<\/ul>\n<\/div><\/div>\n\n\n\n<div id=\"icf-sessions\" class=\"wp-block-group\" style=\"padding-top:var(--wp--preset--spacing--50);padding-bottom:var(--wp--preset--spacing--50)\"><div class=\"wp-block-group__inner-container is-layout-constrained wp-block-group-is-layout-constrained\">\n<h2 class=\"wp-block-heading\" id=\"sessions-der-icf-anwender-innen-konferenz\">Sessions der ICF-Anwender(innen)konferenz<\/h2>\n\n\n<div class=\"wp-block-downloadlist-list\"><ul class=\"downloadlist-list wp-block-downloadlist-list iconset-fontawesome\">\n<li class=\"attachment-27081 file_application file_pdf \"><a href=\"https:\/\/www.hs-nordhausen.de\/wp-content\/uploads\/sites\/8\/2024\/12\/Eroeffnung-ICF-AWK-2024.pdf\" rel=\"nofollow\" download>Eroeffnung ICF AWK 2024<\/a> (974 KB)<\/li>\n<li class=\"attachment-27082 file_application file_pdf \"><a href=\"https:\/\/www.hs-nordhausen.de\/wp-content\/uploads\/sites\/8\/2024\/12\/Session-1-Simon-A-Seidel.pdf\" rel=\"nofollow\" download>Session 1 Simon A Seidel<\/a> (2 MB)<\/li>\n<li class=\"attachment-27083 file_application file_pdf \"><a href=\"https:\/\/www.hs-nordhausen.de\/wp-content\/uploads\/sites\/8\/2024\/12\/Session-2-Keller.pdf\" rel=\"nofollow\" download>Session 2 Keller<\/a> (2 MB)<\/li>\n<li class=\"attachment-27084 file_application file_pdf \"><a href=\"https:\/\/www.hs-nordhausen.de\/wp-content\/uploads\/sites\/8\/2024\/12\/Session-3-Pretis.pdf\" rel=\"nofollow\" download>Session 3 Pretis<\/a> (2 MB)<\/li>\n<li class=\"attachment-27085 file_application file_pdf \"><a href=\"https:\/\/www.hs-nordhausen.de\/wp-content\/uploads\/sites\/8\/2024\/12\/Session-4-A-Seidel.pdf\" rel=\"nofollow\" download>Session 4 A Seidel<\/a> (2 MB)<\/li>\n<li class=\"attachment-27086 file_application file_pdf \"><a href=\"https:\/\/www.hs-nordhausen.de\/wp-content\/uploads\/sites\/8\/2024\/12\/Session-5-Transfer.pdf\" rel=\"nofollow\" download>Session 5 Transfer<\/a> (389 KB)<\/li>\n<li class=\"attachment-27087 file_application file_pdf \"><a href=\"https:\/\/www.hs-nordhausen.de\/wp-content\/uploads\/sites\/8\/2024\/12\/Session-6-Schmidt.pdf\" rel=\"nofollow\" download>Session 6 Schmidt<\/a> (691 KB)<\/li>\n<li class=\"attachment-27088 file_application file_pdf \"><a href=\"https:\/\/www.hs-nordhausen.de\/wp-content\/uploads\/sites\/8\/2024\/12\/Session-7-Dawal.pdf\" rel=\"nofollow\" download>Session 7 Dawal<\/a> (2 MB)<\/li>\n<li class=\"attachment-27089 file_application file_pdf \"><a href=\"https:\/\/www.hs-nordhausen.de\/wp-content\/uploads\/sites\/8\/2024\/12\/Session-7-Vehse.pdf\" rel=\"nofollow\" download>Session 7 Vehse<\/a> (2 MB)<\/li>\n<li class=\"attachment-27246 file_application file_pdf \"><a href=\"https:\/\/www.hs-nordhausen.de\/wp-content\/uploads\/sites\/8\/2025\/01\/Session-9a-ICF-Bedarfsermittung-im-Sozialraum-Schindler-Varch.pdf\" rel=\"nofollow\" download>Session 9a Schindler Varch<\/a> (722 KB)<\/li>\n<li class=\"attachment-27090 file_application file_pdf \"><a href=\"https:\/\/www.hs-nordhausen.de\/wp-content\/uploads\/sites\/8\/2024\/12\/Session-10-von-Raison.pdf\" rel=\"nofollow\" download>Session 10 von Raison<\/a> (689 KB)<\/li>\n<li class=\"attachment-27091 file_application file_pdf \"><a href=\"https:\/\/www.hs-nordhausen.de\/wp-content\/uploads\/sites\/8\/2024\/12\/Session-11-Hermans-et-al.pdf\" rel=\"nofollow\" download>Session 11 Hermans et al<\/a> (900 KB)<\/li>\n<li class=\"attachment-27092 file_application file_pdf \"><a href=\"https:\/\/www.hs-nordhausen.de\/wp-content\/uploads\/sites\/8\/2024\/12\/Session-11-Schmidt.pdf\" rel=\"nofollow\" download>Session 11 Schmidt<\/a> (820 KB)<\/li>\n<li class=\"attachment-27093 file_application file_pdf \"><a href=\"https:\/\/www.hs-nordhausen.de\/wp-content\/uploads\/sites\/8\/2024\/12\/Session-12-Fuchs.pdf\" rel=\"nofollow\" download>Session 12 Fuchs<\/a> (2 MB)<\/li>\n<li class=\"attachment-27094 file_application file_pdf \"><a href=\"https:\/\/www.hs-nordhausen.de\/wp-content\/uploads\/sites\/8\/2024\/12\/Session-12-M-Seidel.pdf\" rel=\"nofollow\" download>Session 12 M Seidel<\/a> (7 MB)<\/li>\n<li class=\"attachment-27095 file_application file_pdf \"><a href=\"https:\/\/www.hs-nordhausen.de\/wp-content\/uploads\/sites\/8\/2024\/12\/Session-13-Mayer-Huber.pdf\" rel=\"nofollow\" download>Session 13 Mayer-Huber<\/a> (4 MB)<\/li>\n<li class=\"attachment-27096 file_application file_pdf \"><a href=\"https:\/\/www.hs-nordhausen.de\/wp-content\/uploads\/sites\/8\/2024\/12\/Session-14-von-Gilsa.pdf\" rel=\"nofollow\" download>Session 14 von Gilsa<\/a> (2 MB)<\/li>\n<li class=\"attachment-27097 file_application file_pdf \"><a href=\"https:\/\/www.hs-nordhausen.de\/wp-content\/uploads\/sites\/8\/2024\/12\/Session-15-Coenen-Kirschneck.pdf\" rel=\"nofollow\" download>Session 15 Coenen Kirschneck<\/a> (2 MB)<\/li>\n<li class=\"attachment-27098 file_application file_pdf \"><a href=\"https:\/\/www.hs-nordhausen.de\/wp-content\/uploads\/sites\/8\/2024\/12\/Session-16-Gerdemann-et-al.pdf\" rel=\"nofollow\" download>Session 16 Gerdemann et al<\/a> (549 KB)<\/li>\n<li class=\"attachment-27099 file_application file_pdf \"><a href=\"https:\/\/www.hs-nordhausen.de\/wp-content\/uploads\/sites\/8\/2024\/12\/Session-17-Roeckel.pdf\" rel=\"nofollow\" download>Session 17 Roeckel<\/a> (5 MB)<\/li>\n<li class=\"attachment-27100 file_application file_pdf \"><a href=\"https:\/\/www.hs-nordhausen.de\/wp-content\/uploads\/sites\/8\/2024\/12\/Session-18-Penstorf.pdf\" rel=\"nofollow\" download>Session 18 Penstorf<\/a> (1 MB)<\/li>\n<li class=\"attachment-27101 file_application file_pdf \"><a href=\"https:\/\/www.hs-nordhausen.de\/wp-content\/uploads\/sites\/8\/2024\/12\/Session-19-Pretis.pdf\" rel=\"nofollow\" download>Session 19 Pretis<\/a> (1 MB)<\/li>\n<li class=\"attachment-27102 file_application file_pdf \"><a href=\"https:\/\/www.hs-nordhausen.de\/wp-content\/uploads\/sites\/8\/2024\/12\/Session-20-Goers.pdf\" rel=\"nofollow\" download>Session 20 Goers<\/a> (556 KB)<\/li>\n<li class=\"attachment-27103 file_application file_pdf \"><a href=\"https:\/\/www.hs-nordhausen.de\/wp-content\/uploads\/sites\/8\/2024\/12\/Session-21-von-Raison.pdf\" rel=\"nofollow\" download>Session 21 von Raison<\/a> (689 KB)<\/li>\n<li class=\"attachment-27104 file_application file_pdf \"><a href=\"https:\/\/www.hs-nordhausen.de\/wp-content\/uploads\/sites\/8\/2024\/12\/Session-22-Espei-Keller.pdf\" rel=\"nofollow\" download>Session 22 Espei Keller<\/a> (4 MB)<\/li>\n<li class=\"attachment-27105 file_application file_pdf \"><a href=\"https:\/\/www.hs-nordhausen.de\/wp-content\/uploads\/sites\/8\/2024\/12\/Session-23-Langemeyer.pdf\" rel=\"nofollow\" download>Session 23 Langemeyer<\/a> (2 MB)<\/li>\n<li class=\"attachment-27106 file_application file_pdf \"><a href=\"https:\/\/www.hs-nordhausen.de\/wp-content\/uploads\/sites\/8\/2024\/12\/Session-24-Philippi.pdf\" rel=\"nofollow\" download>Session 24 Philippi<\/a> (2 MB)<\/li>\n<li class=\"attachment-27107 file_application file_pdf \"><a href=\"https:\/\/www.hs-nordhausen.de\/wp-content\/uploads\/sites\/8\/2024\/12\/Session-24-Pretis.pdf\" rel=\"nofollow\" download>Session 24 Pretis<\/a> (2 MB)<\/li>\n<li class=\"attachment-27108 file_application file_pdf \"><a href=\"https:\/\/www.hs-nordhausen.de\/wp-content\/uploads\/sites\/8\/2024\/12\/Session-25-Coenen-Morfeld.pdf\" rel=\"nofollow\" download>Session 25 Coenen Morfeld<\/a> (1,022 KB)<\/li>\n<li class=\"attachment-27109 file_application file_pdf \"><a href=\"https:\/\/www.hs-nordhausen.de\/wp-content\/uploads\/sites\/8\/2024\/12\/Session-25-Espei.pdf\" rel=\"nofollow\" download>Session 25 Espei<\/a> (11 MB)<\/li>\n<li class=\"attachment-27110 file_application file_pdf \"><a href=\"https:\/\/www.hs-nordhausen.de\/wp-content\/uploads\/sites\/8\/2024\/12\/Session-26-Jaeger.pdf\" rel=\"nofollow\" download>Session 26 Jaeger<\/a> (3 MB)<\/li>\n<\/ul><\/div>\n<\/div><\/div>\n<\/div>\n\n\n\n<div class=\"wp-block-column col-12 col-sm-12 col-md-3 col-lg-3 offset-md-1 offset-lg-1 is-layout-flow wp-block-column-is-layout-flow\" style=\"flex-basis:33.33%;width:33.33%\">\n<h3 class=\"wp-block-heading\" id=\"h-kontakt\">Kontakt<\/h3>\n\n\n\n<div class=\"wp-block-query is-layout-flow wp-block-query-is-layout-flow\"><div id='post-results-69f2d3d8413f8'  class=\"greyd-posts-slider wp-block-post-template js\" data-currentpage=\"1\" data-query-id=\"2\" data-height=\"max\"><div class='query-pages-wrapper results_wrapper' data-ppp='2'><div class='query-page result_wrapper is-current' data-page='1'><article class='query-post wp-block-post post-11800 kontaktverzeichnis type-kontaktverzeichnis status-publish hentry kontaktverzeichnis_category-person kontaktverzeichnis_tag-ansprechperson kontaktverzeichnis_tag-ansprechperson-institut kontaktverzeichnis_bereich-n-a kontaktverzeichnis_position-professor kontaktverzeichnis_position-seniorprofessur kontaktverzeichnis_sortierung-b cluster-_n-a kontakt-zuordnung-bassler projekt-mbor-p projekt-mbor-prime studienbereich-gesundheits-und-sozialwesen institut-oder-einric-isrv-institut-fuer-sozialmedizin institut-oder-einric-krw stg-zuordnung-gus fachbereich-fb-wirtschafts-und-sozialwissenschaften search_result' data-post='11800'data-title='bassler markus prof dr'data-date='2024-05-22 12:07:22'data-postviews='2658'data-index='1'>\n<div class=\"wp-block-group has-trigger group_wrap\"><div class=\"wp-block-group__inner-container is-layout-constrained wp-block-group-is-layout-constrained\"><a class=\"hidden-trigger-link\" href=\"https:\/\/www.hs-nordhausen.de\/en\/kontaktverzeichnis\/b\/bassler-markus-prof-dr\/\" title=\"Bassler, Markus, Prof. Dr.\"><\/a>\n<div id=\"greyd-69f2d3d842c6b\" class=\"wp-block-greyd-box aligncenter dyn gs_LvI53R greyd-content-box gs_LvI53R flex-justify-flex-start\">\n<div id=\"greyd-69f2d3d8425ac\" class=\"wp-block-greyd-box aligncenter dyn gs_nVZwZR greyd-content-box gs_nVZwZR flex-justify-flex-start\">\n<div class=\"wp-block-group is-horizontal is-content-justification-space-between is-nowrap is-layout-flex wp-container-core-group-is-layout-b493c794 wp-block-group-is-layout-flex gs_EAw9o9 group_wrap\"><\/div>\n<\/div>\n\n\n\n<div class=\"wp-block-group is-nowrap is-layout-flex wp-container-core-group-is-layout-ad2f72ca wp-block-group-is-layout-flex\">\n<h3 class=\"wp-block-heading has-text-align-center is-style-rounded dyn has-color-21-color has-text-color has-link-color wp-elements-f226b2d958720b588819b40f07f6d536 gs_ms6cea\" id=\"name\" style=\"font-style:normal;font-weight:600\"><span data-tag=\"bezeichnung-abteilung\" data-params=\"\" class=\"is-tag\">Bezeichnung der Abteilung<\/span><span data-tag=\"titel\" data-params=\"\" class=\"is-tag\">Titel (Prof.\/Dr.\/&#8230;)<\/span> <span data-tag=\"vorname\" data-params=\"\" class=\"is-tag\">Vorname<\/span> <span data-tag=\"nachname\" data-params=\"\" class=\"is-tag\">Nachname<\/span><\/h3>\n<\/div>\n\n\n\n\n\n\n\n<hr id=\"greyd-69f2d3d842aa1\" style='  border-style: dotted !important; opacity: 100% !important; height: 1px !important;   ' class=\"wp-block-separator has-text-color has-color-22-color has-alpha-channel-opacity has-color-22-background-color has-background is-style-wide\"\/>\n\n\n\n<ul id=\"list_69f2d3d842bb5\" class=\"wp-block-greyd-list\" style=\"padding-top:var(--wp--preset--spacing--50);padding-bottom:0\">\n<li><span class=\"list_icon icon_profile\" aria-hidden=\"true\"><\/span><span class=\"list_content\"><p><span class=\"is-button link\" data-type=\"dynamic\" data-params=\"{&quot;tag&quot;:&quot;post&quot;}\">Profil<\/span><\/p><\/span><\/li>\n\n\n\n<li><span class=\"list_icon icon_phone\" aria-hidden=\"true\"><\/span><span class=\"list_content\"><p><span data-tag=\"telefon\" data-params=\"\" class=\"is-tag\">Telefon<\/span><\/p><\/span><\/li>\n\n\n\n<li><span class=\"list_icon icon_search_alt\" aria-hidden=\"true\"><\/span><span class=\"list_content\"><p><span data-tag=\"fax\" data-params=\"\" class=\"is-tag\">Fax<\/span><\/p><\/span><\/li>\n\n\n\n<li><span class=\"list_icon icon_mail\" aria-hidden=\"true\"><\/span><span class=\"list_content\"><p><span data-tag=\"e-mail\" data-params=\"\" class=\"is-tag\">E-Mail<\/span><\/p><\/span><\/li>\n\n\n\n<li><span class=\"list_icon icon_house\" aria-hidden=\"true\"><\/span><span class=\"list_content\"><p><span data-tag=\"buero\" data-params=\"&quot;&quot;\" class=\"is-tag\">B\u00fcro<\/span><\/p><\/span><\/li>\n<\/ul>\n<\/div>\n<\/div><\/div>\n<\/article><article class='query-post wp-block-post post-17191 kontaktverzeichnis type-kontaktverzeichnis status-publish hentry kontaktverzeichnis_category-person kontaktverzeichnis_tag-ansprechperson-institut kontaktverzeichnis_bereich-n-a kontaktverzeichnis_position-wissenschaftliche-mitarbeiterin kontaktverzeichnis_sortierung-j cluster-_n-a projekt-n-a studienbereich-gesundheits-und-sozialwesen institut-oder-einric-isrv-institut-fuer-sozialmedizin stg-zuordnung-gus fachbereich-fb-wirtschafts-und-sozialwissenschaften search_result' data-post='17191'data-title='jendricke victoria dr'data-date='2024-08-09 13:55:38'data-postviews='1983'data-index='2'>\n<div class=\"wp-block-group has-trigger group_wrap\"><div class=\"wp-block-group__inner-container is-layout-constrained wp-block-group-is-layout-constrained\"><a class=\"hidden-trigger-link\" href=\"https:\/\/www.hs-nordhausen.de\/en\/kontaktverzeichnis\/j\/jendricke-victoria-dr\/\" title=\"Jendricke, Victoria, Dr.\"><\/a>\n<div id=\"greyd-69f2d3d845d9d\" class=\"wp-block-greyd-box aligncenter dyn gs_LvI53R greyd-content-box gs_LvI53R flex-justify-flex-start\">\n<div id=\"greyd-69f2d3d845803\" class=\"wp-block-greyd-box aligncenter dyn gs_nVZwZR greyd-content-box gs_nVZwZR flex-justify-flex-start\">\n<div class=\"wp-block-group is-horizontal is-content-justification-space-between is-nowrap is-layout-flex wp-container-core-group-is-layout-b493c794 wp-block-group-is-layout-flex gs_EAw9o9 group_wrap\"><\/div>\n<\/div>\n\n\n\n<div class=\"wp-block-group is-nowrap is-layout-flex wp-container-core-group-is-layout-ad2f72ca wp-block-group-is-layout-flex\">\n<h3 class=\"wp-block-heading has-text-align-center is-style-rounded dyn has-color-21-color has-text-color has-link-color wp-elements-f226b2d958720b588819b40f07f6d536 gs_ms6cea\" id=\"name\" style=\"font-style:normal;font-weight:600\"><span data-tag=\"bezeichnung-abteilung\" data-params=\"\" class=\"is-tag\">Bezeichnung der Abteilung<\/span><span data-tag=\"titel\" data-params=\"\" class=\"is-tag\">Titel (Prof.\/Dr.\/&#8230;)<\/span> <span data-tag=\"vorname\" data-params=\"\" class=\"is-tag\">Vorname<\/span> <span data-tag=\"nachname\" data-params=\"\" class=\"is-tag\">Nachname<\/span><\/h3>\n<\/div>\n\n\n\n\n\n\n\n<hr id=\"greyd-69f2d3d845c7c\" style='  border-style: dotted !important; opacity: 100% !important; height: 1px !important;   ' class=\"wp-block-separator has-text-color has-color-22-color has-alpha-channel-opacity has-color-22-background-color has-background is-style-wide\"\/>\n\n\n\n<ul id=\"list_69f2d3d845d4a\" class=\"wp-block-greyd-list\" style=\"padding-top:var(--wp--preset--spacing--50);padding-bottom:0\">\n<li><span class=\"list_icon icon_profile\" aria-hidden=\"true\"><\/span><span class=\"list_content\"><p><span class=\"is-button link\" data-type=\"dynamic\" data-params=\"{&quot;tag&quot;:&quot;post&quot;}\">Profil<\/span><\/p><\/span><\/li>\n\n\n\n<li><span class=\"list_icon icon_phone\" aria-hidden=\"true\"><\/span><span class=\"list_content\"><p><span data-tag=\"telefon\" data-params=\"\" class=\"is-tag\">Telefon<\/span><\/p><\/span><\/li>\n\n\n\n<li><span class=\"list_icon icon_search_alt\" aria-hidden=\"true\"><\/span><span class=\"list_content\"><p><span data-tag=\"fax\" data-params=\"\" class=\"is-tag\">Fax<\/span><\/p><\/span><\/li>\n\n\n\n<li><span class=\"list_icon icon_mail\" aria-hidden=\"true\"><\/span><span class=\"list_content\"><p><span data-tag=\"e-mail\" data-params=\"\" class=\"is-tag\">E-Mail<\/span><\/p><\/span><\/li>\n\n\n\n<li><span class=\"list_icon icon_house\" aria-hidden=\"true\"><\/span><span class=\"list_content\"><p><span data-tag=\"buero\" data-params=\"&quot;&quot;\" class=\"is-tag\">B\u00fcro<\/span><\/p><\/span><\/li>\n<\/ul>\n<\/div>\n<\/div><\/div>\n<\/article><\/div><\/div><\/div><div class='loading_spinner_wrapper' style='display:none;'>\n\t\t\t<div class='loading_spinner'>\n\t\t\t\t<div><\/div> <div><\/div> <div><\/div> <div><\/div>\n\t\t\t<\/div>\n\t\t<\/div><\/div>\n<\/div>\n<\/div>\n<\/div>","protected":false},"excerpt":{"rendered":"<p>Monographs, book contributions, journal (articles) Annual reports of the ISRV Flyers and presentations Conference proceedings of the ISRV symposia Sessions of the ICF User Conference Contact<\/p>","protected":false},"author":1,"featured_media":0,"parent":3674,"menu_order":0,"comment_status":"closed","ping_status":"closed","template":"","meta":{"_piecal_is_recurring":false,"_piecal_recurring_interval":1,"_piecal_recurring_frequency":"","_piecal_recurring_exact_position":false,"_piecal_recurring_end":"","_piecal_color":"","_piecal_text_color":"","_piecal_global_color_master":false,"_piecal_rsets":"[]","_piecal_is_event":false,"_piecal_start_date":"","_piecal_end_date":"","_piecal_is_allday":false,"greyd_block_editor_preview":[],"pgc_sgb_lightbox_settings":"","footnotes":""},"page_category":[],"page_tag":[],"page_redaktion":[],"zielgruppen":[],"kontakt-zuordnung":[],"institut-oder-einric":[],"stg-zuordnung":[],"fachbereich":[],"wf_page_folders":[1322],"ppma_author":[1400],"class_list":["post-19535","page","type-page","status-publish","hentry"],"publishpress_future_action":{"enabled":false,"date":"2026-05-07 06:00:24","action":"change-status","newStatus":"draft","terms":[],"taxonomy":"page_category","extraData":[]},"publishpress_future_workflow_manual_trigger":{"enabledWorkflows":[]},"_links":{"self":[{"href":"https:\/\/www.hs-nordhausen.de\/en\/wp-json\/wp\/v2\/pages\/19535","targetHints":{"allow":["GET"]}}],"collection":[{"href":"https:\/\/www.hs-nordhausen.de\/en\/wp-json\/wp\/v2\/pages"}],"about":[{"href":"https:\/\/www.hs-nordhausen.de\/en\/wp-json\/wp\/v2\/types\/page"}],"author":[{"embeddable":true,"href":"https:\/\/www.hs-nordhausen.de\/en\/wp-json\/wp\/v2\/users\/1"}],"replies":[{"embeddable":true,"href":"https:\/\/www.hs-nordhausen.de\/en\/wp-json\/wp\/v2\/comments?post=19535"}],"version-history":[{"count":4,"href":"https:\/\/www.hs-nordhausen.de\/en\/wp-json\/wp\/v2\/pages\/19535\/revisions"}],"predecessor-version":[{"id":36455,"href":"https:\/\/www.hs-nordhausen.de\/en\/wp-json\/wp\/v2\/pages\/19535\/revisions\/36455"}],"up":[{"embeddable":true,"href":"https:\/\/www.hs-nordhausen.de\/en\/wp-json\/wp\/v2\/pages\/3674"}],"wp:attachment":[{"href":"https:\/\/www.hs-nordhausen.de\/en\/wp-json\/wp\/v2\/media?parent=19535"}],"wp:term":[{"taxonomy":"page_category","embeddable":true,"href":"https:\/\/www.hs-nordhausen.de\/en\/wp-json\/wp\/v2\/page_category?post=19535"},{"taxonomy":"page_tag","embeddable":true,"href":"https:\/\/www.hs-nordhausen.de\/en\/wp-json\/wp\/v2\/page_tag?post=19535"},{"taxonomy":"page_redaktion","embeddable":true,"href":"https:\/\/www.hs-nordhausen.de\/en\/wp-json\/wp\/v2\/page_redaktion?post=19535"},{"taxonomy":"zielgruppen","embeddable":true,"href":"https:\/\/www.hs-nordhausen.de\/en\/wp-json\/wp\/v2\/zielgruppen?post=19535"},{"taxonomy":"kontakt-zuordnung","embeddable":true,"href":"https:\/\/www.hs-nordhausen.de\/en\/wp-json\/wp\/v2\/kontakt-zuordnung?post=19535"},{"taxonomy":"institut-oder-einric","embeddable":true,"href":"https:\/\/www.hs-nordhausen.de\/en\/wp-json\/wp\/v2\/institut-oder-einric?post=19535"},{"taxonomy":"stg-zuordnung","embeddable":true,"href":"https:\/\/www.hs-nordhausen.de\/en\/wp-json\/wp\/v2\/stg-zuordnung?post=19535"},{"taxonomy":"fachbereich","embeddable":true,"href":"https:\/\/www.hs-nordhausen.de\/en\/wp-json\/wp\/v2\/fachbereich?post=19535"},{"taxonomy":"wf_page_folders","embeddable":true,"href":"https:\/\/www.hs-nordhausen.de\/en\/wp-json\/wp\/v2\/wf_page_folders?post=19535"},{"taxonomy":"author","embeddable":true,"href":"https:\/\/www.hs-nordhausen.de\/en\/wp-json\/wp\/v2\/ppma_author?post=19535"}],"curies":[{"name":"wp","href":"https:\/\/api.w.org\/{rel}","templated":true}]}}