{"id":3674,"date":"2023-08-03T11:00:35","date_gmt":"2023-08-03T09:00:35","guid":{"rendered":"https:\/\/hsnordhausen.artemis.wpspace.me\/hsn\/?page_id=3674&#038;preview_id=3674"},"modified":"2026-03-17T14:28:32","modified_gmt":"2026-03-17T13:28:32","slug":"isrv-institute-for-social-medicine-rehabilitation-sciences-and-health-services-research","status":"publish","type":"page","link":"https:\/\/www.hs-nordhausen.de\/en\/forschung\/isrv-institut-fuer-sozialmedizin-rehabilitationswissenschaften-und-versorgungsforschung\/","title":{"rendered":"ISRV - Institute for Social Medicine, Rehabilitation Sciences and Health Services Research"},"content":{"rendered":"<div  class=\"spacer_wrap \" aria-hidden=\"true\"><div class=\"wp-block-spacer inner-sm\" style=\"height:calc(2em * 0.4)\" aria-hidden=\"true\"><\/div><div class=\"wp-block-spacer inner-md\" style=\"height:calc(2em * 0.6)\" aria-hidden=\"true\"><\/div><div class=\"wp-block-spacer inner-lg\" style=\"height:calc(2em * 0.8)\" aria-hidden=\"true\"><\/div><div class=\"wp-block-spacer inner-xl\" style=\"height:2em\" aria-hidden=\"true\"><\/div><\/div>\n\n\n<nav aria-label=\"breadcrumbs\" class=\"rank-math-breadcrumb\"><p><span class=\"last\">Home<\/span><\/p><\/nav>\n\n\n<div  class=\"spacer_wrap \" aria-hidden=\"true\"><div class=\"wp-block-spacer inner-sm\" style=\"height:calc(2em * 0.4)\" aria-hidden=\"true\"><\/div><div class=\"wp-block-spacer inner-md\" style=\"height:calc(2em * 0.6)\" aria-hidden=\"true\"><\/div><div class=\"wp-block-spacer inner-lg\" style=\"height:calc(2em * 0.8)\" aria-hidden=\"true\"><\/div><div class=\"wp-block-spacer inner-xl\" style=\"height:2em\" aria-hidden=\"true\"><\/div><\/div>\n\n\n<div id=\"greyd-69f4436c2fb59\" class=\"wp-block-greyd-box aligncenter gs_H5cLJW greyd-content-box gs_H5cLJW\">\n<div class=\"wp-block-group hidden-xs is-content-justification-center is-nowrap is-layout-flex wp-container-core-group-is-layout-5228e7ad wp-block-group-is-layout-flex gs_nOiOoy group_wrap\" style=\"padding-top:var(--wp--preset--spacing--30);padding-right:var(--wp--preset--spacing--30);padding-bottom:var(--wp--preset--spacing--30);padding-left:var(--wp--preset--spacing--30)\"><figure style=\"padding-right:var(--wp--preset--spacing--50);padding-bottom:0;padding-left:var(--wp--preset--spacing--50);\" class=\"wp-block-image greyd-image   gs_0Nd0Ek\"><img decoding=\"async\" src=\"https:\/\/www.hs-nordhausen.de\/wp-content\/uploads\/sites\/8\/2024\/06\/Logo-ISRV.svg\" class=\"wp-image-14762\" alt=\"Logo ISRV - Institut f\u00fcr Sozialmedizin, Rehabilitationswissenschaften und Versorgungsforschung\" title=\"\"><\/figure>\n\n\n<h1 class=\"wp-block-heading gs_EyWWQM\" id=\"h-post-titel\"><span data-tag=\"title\" data-params=\"\" class=\"is-tag\">Post Titel<\/span><\/h1>\n<\/div>\n\n\n\n<div class=\"wp-block-group hidden-lg hidden-md hidden-sm is-vertical is-content-justification-center is-layout-flex wp-container-core-group-is-layout-4a04943e wp-block-group-is-layout-flex\" style=\"padding-top:0;padding-right:var(--wp--preset--spacing--30);padding-bottom:0;padding-left:var(--wp--preset--spacing--30)\"><figure style=\"padding-right:var(--wp--preset--spacing--50);\" class=\"wp-block-image greyd-image   gs_QbzMF0\"><img decoding=\"async\" src=\"https:\/\/www.hs-nordhausen.de\/wp-content\/uploads\/sites\/8\/2024\/06\/Logo-ISRV.svg\" class=\"wp-image-14762\" alt=\"Logo ISRV - Institut f\u00fcr Sozialmedizin, Rehabilitationswissenschaften und Versorgungsforschung\" title=\"\"><\/figure>\n\n\n<h1 class=\"wp-block-heading gs_Hv7Xq7\" id=\"h-post-titel-0\"><span data-tag=\"title\" data-params=\"\" class=\"is-tag\">Post Titel<\/span><\/h1>\n<\/div>\n<\/div>\n\n\n\n<div class=\"wp-block-group is-content-justification-space-between is-nowrap is-layout-flex wp-container-core-group-is-layout-0dfbf163 wp-block-group-is-layout-flex gs_kAWPzr group_wrap\">\n<hr style='  height: 4px !important;   ' class=\"wp-block-separator has-text-color has-color-11-color has-alpha-channel-opacity has-color-11-background-color has-background is-style-wide\"\/>\n<\/div>\n\n\n\n<div class=\"wp-block-greyd-box aligncenter gs_KCEkg6 greyd-content-box gs_KCEkg6 flex-justify-center  is-position-sticky\" id=\"sticky-btn\"><nav data-anchoractive=\"{&quot;start&quot;:&quot;0%&quot;,&quot;end&quot;:&quot;100%&quot;,&quot;multiple&quot;:&quot;closest&quot;,&quot;none&quot;:&quot;closest&quot;,&quot;enable&quot;:true}\" class=\"is-anchor-active-style gs_HgDI4L is-responsive items-justified-center open-on-hover-click wp-block-navigation is-content-justification-center is-layout-flex wp-container-core-navigation-is-layout-5590e8cb wp-block-navigation-is-layout-flex\" aria-label=\"ISRV 1\" \n\t\t data-wp-interactive=\"core\/navigation\" data-wp-context='{\"overlayOpenedBy\":{\"click\":false,\"hover\":false,\"focus\":false},\"type\":\"overlay\",\"roleAttribute\":\"\",\"ariaLabel\":\"Menu\"}'><button aria-haspopup=\"dialog\" aria-label=\"Open menu\" class=\"wp-block-navigation__responsive-container-open\" \n\t\t\t\tdata-wp-on--click=\"actions.openMenuOnClick\"\n\t\t\t\tdata-wp-on--keydown=\"actions.handleMenuKeydown\"\n\t\t\t><svg width=\"24\" height=\"24\" xmlns=\"http:\/\/www.w3.org\/2000\/svg\" viewBox=\"0 0 24 24\"><path d=\"M5 5v1.5h14V5H5z\"><\/path><path d=\"M5 12.8h14v-1.5H5v1.5z\"><\/path><path d=\"M5 19h14v-1.5H5V19z\"><\/path><\/svg><\/button>\n\t\t\t\t<div class=\"wp-block-navigation__responsive-container\"  id=\"modal-1\" \n\t\t\t\tdata-wp-class--has-modal-open=\"state.isMenuOpen\"\n\t\t\t\tdata-wp-class--is-menu-open=\"state.isMenuOpen\"\n\t\t\t\tdata-wp-watch=\"callbacks.initMenu\"\n\t\t\t\tdata-wp-on--keydown=\"actions.handleMenuKeydown\"\n\t\t\t\tdata-wp-on--focusout=\"actions.handleMenuFocusout\"\n\t\t\t\ttabindex=\"-1\"\n\t\t\t>\n\t\t\t\t\t<div class=\"wp-block-navigation__responsive-close\" tabindex=\"-1\">\n\t\t\t\t\t\t<div class=\"wp-block-navigation__responsive-dialog\" \n\t\t\t\tdata-wp-bind--aria-modal=\"state.ariaModal\"\n\t\t\t\tdata-wp-bind--aria-label=\"state.ariaLabel\"\n\t\t\t\tdata-wp-bind--role=\"state.roleAttribute\"\n\t\t\t>\n\t\t\t\t\t\t\t<button aria-label=\"Close menu\" class=\"wp-block-navigation__responsive-container-close\" \n\t\t\t\tdata-wp-on--click=\"actions.closeMenuOnClick\"\n\t\t\t><svg xmlns=\"http:\/\/www.w3.org\/2000\/svg\" viewBox=\"0 0 24 24\" width=\"24\" height=\"24\" aria-hidden=\"true\" focusable=\"false\"><path d=\"m13.06 12 6.47-6.47-1.06-1.06L12 10.94 5.53 4.47 4.47 5.53 10.94 12l-6.47 6.47 1.06 1.06L12 13.06l6.47 6.47 1.06-1.06L13.06 12Z\"><\/path><\/svg><\/button>\n\t\t\t\t\t\t\t<div class=\"wp-block-navigation__responsive-container-content\" \n\t\t\t\tdata-wp-watch=\"callbacks.focusFirstElement\"\n\t\t\t id=\"modal-1-content\">\n\t\t\t\t\t\t\t\t<ul class=\"wp-block-navigation__container is-responsive items-justified-center open-on-hover-click wp-block-navigation\"><li class=\"gs_8JqIef  wp-block-navigation-item wp-block-navigation-link\"><a class=\"wp-block-navigation-item__content\"  href=\"https:\/\/www.hs-nordhausen.de\/forschung\/isrv-institut-fuer-sozialmedizin-rehabilitationswissenschaften-und-versorgungsforschung\/\"><span class=\"wp-block-navigation-item__label\"><strong>ISRV<\/strong><\/span><\/a><\/li><li data-wp-context=\"{ &quot;submenuOpenedBy&quot;: { &quot;click&quot;: false, &quot;hover&quot;: false, &quot;focus&quot;: false }, &quot;type&quot;: &quot;submenu&quot;, &quot;modal&quot;: null, &quot;previousFocus&quot;: null }\" data-wp-interactive=\"core\/navigation\" data-wp-on--focusout=\"actions.handleMenuFocusout\" data-wp-on--keydown=\"actions.handleMenuKeydown\" data-wp-on--mouseenter=\"actions.openMenuOnHover\" data-wp-on--mouseleave=\"actions.closeMenuOnHover\" data-wp-watch=\"callbacks.initMenu\" tabindex=\"-1\" class=\"gs_pR1IYZ wp-block-navigation-item has-child open-on-hover-click wp-block-navigation-submenu\"><a class=\"wp-block-navigation-item__content\"><span class=\"wp-block-navigation-item__label\">Kompetenzzentren<\/span><\/a><button data-wp-bind--aria-expanded=\"state.isMenuOpen\" data-wp-on--click=\"actions.toggleMenuOnClick\" aria-label=\"Kompetenzzentren submenu\" class=\"wp-block-navigation__submenu-icon wp-block-navigation-submenu__toggle\" ><svg xmlns=\"http:\/\/www.w3.org\/2000\/svg\" width=\"12\" height=\"12\" viewBox=\"0 0 12 12\" fill=\"none\" aria-hidden=\"true\" focusable=\"false\"><path d=\"M1.50002 4L6.00002 8L10.5 4\" stroke-width=\"1.5\"><\/path><\/svg><\/button><ul data-wp-on--focus=\"actions.openMenuOnFocus\" class=\"wp-block-navigation__submenu-container wp-block-navigation-submenu\"><li class=\"gs_Tglk50  wp-block-navigation-item wp-block-navigation-link\"><a class=\"wp-block-navigation-item__content\"  href=\"https:\/\/www.hs-nordhausen.de\/forschung\/isrv-institut-fuer-sozialmedizin-rehabilitationswissenschaften-und-versorgungsforschung\/isrv-kfk\/\"><span class=\"wp-block-navigation-item__label\">KFK \u2013 Kompetenzzentrum Fr\u00fche Kindheit<\/span><\/a><\/li><li class=\"gs_38cVuS  wp-block-navigation-item wp-block-navigation-link\"><a class=\"wp-block-navigation-item__content\"  href=\"https:\/\/www.hs-nordhausen.de\/forschung\/isrv-institut-fuer-sozialmedizin-rehabilitationswissenschaften-und-versorgungsforschung\/isrv-kig\/\"><span class=\"wp-block-navigation-item__label\">KIG \u2013 Kompetenzzentrum Intersektionalit\u00e4t und Gesundheit<\/span><\/a><\/li><li class=\"gs_2Gn6wE  wp-block-navigation-item wp-block-navigation-link\"><a class=\"wp-block-navigation-item__content\"  href=\"https:\/\/www.hs-nordhausen.de\/forschung\/isrv-institut-fuer-sozialmedizin-rehabilitationswissenschaften-und-versorgungsforschung\/isrv-krw\/\"><span class=\"wp-block-navigation-item__label\">KRW \u2013 Kompetenzzentrum Rehabilitationswissenschaft<\/span><\/a><\/li><\/ul><\/li><li class=\"gs_FaRBbj  wp-block-navigation-item wp-block-navigation-link\"><a class=\"wp-block-navigation-item__content\"  href=\"https:\/\/www.hs-nordhausen.de\/forschung\/isrv-institut-fuer-sozialmedizin-rehabilitationswissenschaften-und-versorgungsforschung\/mitglieder\/\"><span class=\"wp-block-navigation-item__label\">Mitglieder<\/span><\/a><\/li><li data-wp-context=\"{ &quot;submenuOpenedBy&quot;: { &quot;click&quot;: false, &quot;hover&quot;: false, &quot;focus&quot;: false }, &quot;type&quot;: &quot;submenu&quot;, &quot;modal&quot;: null, &quot;previousFocus&quot;: null }\" data-wp-interactive=\"core\/navigation\" data-wp-on--focusout=\"actions.handleMenuFocusout\" data-wp-on--keydown=\"actions.handleMenuKeydown\" data-wp-on--mouseenter=\"actions.openMenuOnHover\" data-wp-on--mouseleave=\"actions.closeMenuOnHover\" data-wp-watch=\"callbacks.initMenu\" tabindex=\"-1\" class=\"gs_yyIyxp wp-block-navigation-item has-child open-on-hover-click wp-block-navigation-submenu\"><a class=\"wp-block-navigation-item__content\" href=\"https:\/\/www.hs-nordhausen.de\/forschung\/isrv-institut-fuer-sozialmedizin-rehabilitationswissenschaften-und-versorgungsforschung\/forschung-und-lehre\/\"><span class=\"wp-block-navigation-item__label\">Forschung und Lehre<\/span><\/a><button data-wp-bind--aria-expanded=\"state.isMenuOpen\" data-wp-on--click=\"actions.toggleMenuOnClick\" aria-label=\"Forschung und Lehre submenu\" class=\"wp-block-navigation__submenu-icon wp-block-navigation-submenu__toggle\" ><svg xmlns=\"http:\/\/www.w3.org\/2000\/svg\" width=\"12\" height=\"12\" viewBox=\"0 0 12 12\" fill=\"none\" aria-hidden=\"true\" focusable=\"false\"><path d=\"M1.50002 4L6.00002 8L10.5 4\" stroke-width=\"1.5\"><\/path><\/svg><\/button><ul data-wp-on--focus=\"actions.openMenuOnFocus\" class=\"wp-block-navigation__submenu-container wp-block-navigation-submenu\"><li class=\" wp-block-navigation-item wp-block-navigation-link\"><a class=\"wp-block-navigation-item__content\"  href=\"https:\/\/www.hs-nordhausen.de\/forschung\/isrv-institut-fuer-sozialmedizin-rehabilitationswissenschaften-und-versorgungsforschung\/studierendenforschung-und-abschlussarbeiten\/\"><span class=\"wp-block-navigation-item__label\">Studierendenforschung und Abschlussarbeiten<\/span><\/a><\/li><\/ul><\/li><li class=\"gs_1LdHDP  wp-block-navigation-item wp-block-navigation-link\"><a class=\"wp-block-navigation-item__content\"  href=\"https:\/\/www.hs-nordhausen.de\/forschung\/isrv-institut-fuer-sozialmedizin-rehabilitationswissenschaften-und-versorgungsforschung\/publikationen-isrv\/\"><span class=\"wp-block-navigation-item__label\">Publikationen<\/span><\/a><\/li><\/ul>\n\t\t\t\t\t\t\t<\/div>\n\t\t\t\t\t\t<\/div>\n\t\t\t\t\t<\/div>\n\t\t\t\t<\/div><\/nav><\/div>\n\n\n<div  class=\"row_wrap\">\n<div class=\"wp-block-columns row_xxl is-layout-flex wp-container-core-columns-is-layout-9d6595d7 wp-block-columns-is-layout-flex\">\n<div class=\"wp-block-column col-12 col-md-8 is-layout-flow wp-block-column-is-layout-flow\" style=\"flex-basis:66.66%;width:66.66%\">\n<h2 class=\"wp-block-heading\">Das Institut<\/h2>\n\n\n\n<p>Das seit 2013 existierende Institut ist gepr\u00e4gt durch ein breitgef\u00e4chertes Forschungs- und Weiterbildungsspektrum sowie interdisziplin\u00e4re Zusammenarbeit. Ein spezialisiertes Expert:innenwissen aller mitarbeitenden Professor:innen und wissenschaftlichen Mitarbeiter:innen wird in der Lehre, den durchgef\u00fchrten Forschungsprojekten sowie vielf\u00e4ltigen Praxiskooperationen gelebt. &nbsp;&nbsp;&nbsp;&nbsp;&nbsp;<\/p>\n\n\n\n<p><br>Die spezifischen Arbeitsbereiche des ISRV zeigen sich in den Kompetenzzentren.<\/p>\n\n\n\n<h2 class=\"wp-block-heading\">Aufgaben und Leistungen des Instituts<\/h2>\n\n\n\n<ul class=\"wp-block-list\">\n<li>grundlagen- und anwendungsorientierte Forschung auf den Gebieten der Sozialmedizin, Rehabilitationswissenschaften und Versorgungsforschung<\/li>\n\n\n\n<li>wissenschaftliche Begleitung von Projekten<\/li>\n\n\n\n<li>Beratung und Begleitung von Einrichtungen des Gesundheits-, Rehabilitations- und Sozialwesens sowie von Unternehmen<\/li>\n\n\n\n<li>Aus-, Fort- und Weiterbildungsangebote f\u00fcr MitarbeiterInnen des Gesundheits-, Sozial- und Rehabilitationswesens<\/li>\n\n\n\n<li>gutachterliche Stellungnahmen zu sozialmedizinischen und rehabilitationswissenschaftlichen Fragen sowie zu Versorgungsfragen<\/li>\n\n\n\n<li>Organisation und Durchf\u00fchrung wissenschaftlicher Veranstaltungen<\/li>\n\n\n\n<li>interdisziplin\u00e4re Zusammenarbeit mit Hochschulen und Forschungseinrichtungen<\/li>\n<\/ul>\n\n\n\n<div class=\"wp-block-group\" style=\"padding-top:var(--wp--preset--spacing--50);padding-bottom:var(--wp--preset--spacing--50)\"><div class=\"wp-block-group__inner-container is-layout-constrained wp-block-group-is-layout-constrained\"><figure style=\"\" class=\"wp-block-image greyd-image   gs_5DrsUQ\"><img decoding=\"async\" width=\"800\" height=\"422\" src=\"https:\/\/www.hs-nordhausen.de\/wp-content\/uploads\/sites\/8\/2024\/08\/csm_ISRV_gesamt_hochladen_2d21cac3a0.png\" class=\"wp-image-18710\" alt=\"Die Grafik zeigt die Kernkompetenzen des Instituts ISRV. Im Zentrum steht der Begriff &quot;ISRV Kernkompetenzen&quot;, umgeben von sechs Bereichen: &quot;Fr\u00fchf\u00f6rderung, Heilp\u00e4dagogik&quot;, &quot;Soziale Arbeit, Sozialp\u00e4dagogik&quot;, &quot;Rehabilitation, Sozialmedizin&quot;, &quot;Systemische Konzepte und Methoden&quot;, &quot;Gesundheitswissenschaften&quot;, und &quot;Psychiatrie, Psychosomatik, Psychologie&quot;. Dar\u00fcber hinaus sind die Kompetenzen &quot;Kompetenzzentrum Fr\u00fche Kindheit&quot;, &quot;Kompetenzzentrum Rehabilitationswissenschaften&quot; und &quot;Kompetenzzentrum Intersektionalit\u00e4t und Gesundheit&quot; hervorgehoben.\" srcset=\"https:\/\/www.hs-nordhausen.de\/wp-content\/uploads\/sites\/8\/2024\/08\/csm_ISRV_gesamt_hochladen_2d21cac3a0.png 800w, https:\/\/www.hs-nordhausen.de\/wp-content\/uploads\/sites\/8\/2024\/08\/csm_ISRV_gesamt_hochladen_2d21cac3a0-300x158.png 300w, https:\/\/www.hs-nordhausen.de\/wp-content\/uploads\/sites\/8\/2024\/08\/csm_ISRV_gesamt_hochladen_2d21cac3a0-150x79.png 150w, https:\/\/www.hs-nordhausen.de\/wp-content\/uploads\/sites\/8\/2024\/08\/csm_ISRV_gesamt_hochladen_2d21cac3a0-768x405.png 768w, https:\/\/www.hs-nordhausen.de\/wp-content\/uploads\/sites\/8\/2024\/08\/csm_ISRV_gesamt_hochladen_2d21cac3a0-18x9.png 18w, https:\/\/www.hs-nordhausen.de\/wp-content\/uploads\/sites\/8\/2024\/08\/csm_ISRV_gesamt_hochladen_2d21cac3a0-24x13.png 24w\" sizes=\"(max-width: 800px) 100vw, 800px\" title=\"\"><\/figure><\/div><\/div>\n\n\n<div  class=\"row_wrap\">\n<div class=\"wp-block-columns row_xxl is-layout-flex wp-container-core-columns-is-layout-9d6595d7 wp-block-columns-is-layout-flex\">\n<div class=\"wp-block-column col-12 is-layout-flow wp-block-column-is-layout-flow\">\n<h2 class=\"wp-block-heading\" id=\"h-aktuelles-aus-dem-isrv\">Aktuelles aus dem ISRV<\/h2>\n<\/div>\n\n\n\n<div class=\"wp-block-column col-12 col-sm-auto col-md-4 is-layout-flow wp-block-column-is-layout-flow\">\n<div id=\"greyd-69f4436c3cfc6\" class=\"wp-block-greyd-box gs_ia4Zpz greyd-content-box gs_ia4Zpz\">\n<div class=\"wp-block-group has-color-23-background-color has-background\" style=\"padding-right:0px;padding-left:0px\"><div class=\"wp-block-group__inner-container is-layout-constrained wp-container-core-group-is-layout-77f41268 wp-block-group-is-layout-constrained\">\n<h3 class=\"wp-block-heading\" id=\"h-presse\" style=\"padding-right:var(--wp--preset--spacing--20);padding-left:var(--wp--preset--spacing--20)\">Presse<\/h3>\n<\/div><\/div>\n\n\n\n<div class=\"wp-block-query is-layout-flow wp-block-query-is-layout-flow\"><div id='post-results-69f4436c39afb'  class=\"greyd-posts-slider wp-block-post-template js\" data-currentpage=\"1\" data-query-id=\"3\" data-height=\"max\"><div class='query-pages-wrapper results_wrapper' data-ppp='3'><div class='query-page result_wrapper is-current' data-page='1'><article class='query-post wp-block-post post-33351 pressemitteilungen type-pressemitteilungen status-publish has-post-thumbnail hentry pressemitteilungen_category-pm-aktuell pressemitteilungen_tag-brzank pressemitteilungen_tag-elsa zielgruppen-alle-interessierten kontakt-zuordnung-pbrzank projekt-elsa projekt-elsa-vg studienbereich-n-a institut-oder-einric-isrv-institut-fuer-sozialmedizin stg-zuordnung-n-a fachbereich-fb-wirtschafts-und-sozialwissenschaften search_result' data-post='33351'data-title='elsavgfachtag an der hochschule nordhausen partnergewalt als risikofaktor fr ungewollte schwangerschaften im fokus'data-date='2025-06-24 08:32:32'data-postviews='1428'data-index='1'>\n<div class=\"wp-block-group has-color-23-background-color has-background is-vertical is-layout-flex wp-container-core-group-is-layout-be89f44f wp-block-group-is-layout-flex gs_IXVtki group_wrap\" style=\"padding-top:var(--wp--preset--spacing--30);padding-right:var(--wp--preset--spacing--30);padding-bottom:var(--wp--preset--spacing--30);padding-left:var(--wp--preset--spacing--30)\">\n<h4 class=\"wp-block-heading\" id=\"h-post-titel-0\"><span data-tag=\"title\" data-params=\"{&quot;isLink&quot;:true}\" class=\"is-tag\">Post Titel<\/span><\/h4>\n\n\n\n<p><span data-tag=\"pm-teaser\" data-params=\"\" class=\"is-tag\">Teaser<\/span><\/p>\n\n\n\n<hr class=\"wp-block-separator has-text-color has-color-22-color has-alpha-channel-opacity has-color-22-background-color has-background is-style-wide\"\/>\n\n\n\n<p style=\"font-size:0.9rem\">ver\u00f6ffentlicht am: <span data-tag=\"date\" data-params=\"\" class=\"is-tag\">Post Datum<\/span><\/p>\n<\/div>\n<\/article><article class='query-post wp-block-post post-27395 pressemitteilungen type-pressemitteilungen status-publish has-post-thumbnail hentry pressemitteilungen_category-pm-aktuell zielgruppen-alle-interessierten kontakt-zuordnung-pbrzank projekt-n-a studienbereich-gesundheits-und-sozialwesen institut-oder-einric-isrv-institut-fuer-sozialmedizin institut-oder-einric-kig stg-zuordnung-n-a fachbereich-fb-wirtschafts-und-sozialwissenschaften search_result' data-post='27395'data-title='interdisziplinres symposium an der hochschule nordhausen kritische auseinandersetzung mit toxischer mnnlichkeit'data-date='2025-01-13 10:43:56'data-postviews='2006'data-index='2'>\n<div class=\"wp-block-group has-color-23-background-color has-background is-vertical is-layout-flex wp-container-core-group-is-layout-be89f44f wp-block-group-is-layout-flex gs_IXVtki group_wrap\" style=\"padding-top:var(--wp--preset--spacing--30);padding-right:var(--wp--preset--spacing--30);padding-bottom:var(--wp--preset--spacing--30);padding-left:var(--wp--preset--spacing--30)\">\n<h4 class=\"wp-block-heading\" id=\"h-post-titel-0\"><span data-tag=\"title\" data-params=\"{&quot;isLink&quot;:true}\" class=\"is-tag\">Post Titel<\/span><\/h4>\n\n\n\n<p><span data-tag=\"pm-teaser\" data-params=\"\" class=\"is-tag\">Teaser<\/span><\/p>\n\n\n\n<hr class=\"wp-block-separator has-text-color has-color-22-color has-alpha-channel-opacity has-color-22-background-color has-background is-style-wide\"\/>\n\n\n\n<p style=\"font-size:0.9rem\">ver\u00f6ffentlicht am: <span data-tag=\"date\" data-params=\"\" class=\"is-tag\">Post Datum<\/span><\/p>\n<\/div>\n<\/article><article class='query-post wp-block-post post-26835 pressemitteilungen type-pressemitteilungen status-publish has-post-thumbnail hentry pressemitteilungen_category-pm-aktuell pressemitteilungen_category-pm-archiv pressemitteilungen_tag-icf kontakt-zuordnung-aseidel projekt-anzeigen studienbereich-gesundheits-und-sozialwesen institut-oder-einric-isrv-institut-fuer-sozialmedizin stg-zuordnung-n-a search_result' data-post='26835'data-title='erfolgreiche icfanwenderinnenkonferenz 2024 ber 500 teilnehmende diskutierten im onlineformat innovative anstze'data-date='2024-12-03 11:46:40'data-postviews='1782'data-index='3'>\n<div class=\"wp-block-group has-color-23-background-color has-background is-vertical is-layout-flex wp-container-core-group-is-layout-be89f44f wp-block-group-is-layout-flex gs_IXVtki group_wrap\" style=\"padding-top:var(--wp--preset--spacing--30);padding-right:var(--wp--preset--spacing--30);padding-bottom:var(--wp--preset--spacing--30);padding-left:var(--wp--preset--spacing--30)\">\n<h4 class=\"wp-block-heading\" id=\"h-post-titel-0\"><span data-tag=\"title\" data-params=\"{&quot;isLink&quot;:true}\" class=\"is-tag\">Post Titel<\/span><\/h4>\n\n\n\n<p><span data-tag=\"pm-teaser\" data-params=\"\" class=\"is-tag\">Teaser<\/span><\/p>\n\n\n\n<hr class=\"wp-block-separator has-text-color has-color-22-color has-alpha-channel-opacity has-color-22-background-color has-background is-style-wide\"\/>\n\n\n\n<p style=\"font-size:0.9rem\">ver\u00f6ffentlicht am: <span data-tag=\"date\" data-params=\"\" class=\"is-tag\">Post Datum<\/span><\/p>\n<\/div>\n<\/article><article class='query-post wp-block-post post-18708 pressemitteilungen type-pressemitteilungen status-publish has-post-thumbnail hentry pressemitteilungen_category-pm-archiv projekt-n-a studienbereich-gesundheits-und-sozialwesen institut-oder-einric-isrv-institut-fuer-sozialmedizin institut-oder-einric-kfk stg-zuordnung-n-a fachbereich-fb-wirtschafts-und-sozialwissenschaften search_result' data-post='18708'data-title='deutscher frhfrderpreis 2023 fr hochschule nordhausen'data-date='2023-09-22 17:57:00'data-postviews='1951'data-index='4'>\n<div class=\"wp-block-group has-color-23-background-color has-background is-vertical is-layout-flex wp-container-core-group-is-layout-be89f44f wp-block-group-is-layout-flex gs_IXVtki group_wrap\" style=\"padding-top:var(--wp--preset--spacing--30);padding-right:var(--wp--preset--spacing--30);padding-bottom:var(--wp--preset--spacing--30);padding-left:var(--wp--preset--spacing--30)\">\n<h4 class=\"wp-block-heading\" id=\"h-post-titel-0\"><span data-tag=\"title\" data-params=\"{&quot;isLink&quot;:true}\" class=\"is-tag\">Post Titel<\/span><\/h4>\n\n\n\n<p><span data-tag=\"pm-teaser\" data-params=\"\" class=\"is-tag\">Teaser<\/span><\/p>\n\n\n\n<hr class=\"wp-block-separator has-text-color has-color-22-color has-alpha-channel-opacity has-color-22-background-color has-background is-style-wide\"\/>\n\n\n\n<p style=\"font-size:0.9rem\">ver\u00f6ffentlicht am: <span data-tag=\"date\" data-params=\"\" class=\"is-tag\">Post Datum<\/span><\/p>\n<\/div>\n<\/article><\/div><\/div><\/div><div class='loading_spinner_wrapper' style='display:none;'>\n\t\t\t<div class='loading_spinner'>\n\t\t\t\t<div><\/div> <div><\/div> <div><\/div> <div><\/div>\n\t\t\t<\/div>\n\t\t<\/div><\/div>\n<\/div>\n<\/div>\n\n\n\n<div class=\"wp-block-column col-12 col-sm-auto col-md-4 is-layout-flow wp-block-column-is-layout-flow\">\n<div id=\"greyd-69f4436c40d9f\" class=\"wp-block-greyd-box gs_9BUSXi greyd-content-box gs_9BUSXi\">\n<div class=\"wp-block-group has-color-23-background-color has-background\" style=\"padding-right:0px;padding-left:0px\"><div class=\"wp-block-group__inner-container is-layout-constrained wp-container-core-group-is-layout-77f41268 wp-block-group-is-layout-constrained\">\n<h3 class=\"wp-block-heading\" id=\"h-veranstaltungen\" style=\"padding-right:var(--wp--preset--spacing--20);padding-left:var(--wp--preset--spacing--20)\">Veranstaltungen<\/h3>\n<\/div><\/div>\n\n\n\n<div class=\"wp-block-query is-layout-flow wp-block-query-is-layout-flow\"><div id='post-results-69f4436c3d1ec'  class=\"greyd-posts-slider wp-block-post-template js\" data-currentpage=\"1\" data-query-id=\"4\" data-height=\"max\"><div class='query-pages-wrapper results_wrapper' data-ppp='3'><div class='query-page result_wrapper is-current' data-page='1'><article class='query-post wp-block-post post-38758 veranstaltungen type-veranstaltungen status-publish hentry veranstaltungen_category-archiv veranstaltungen_category-konferenz veranstaltungsort-haus-19 veranstaltungsort-hoersaal-1 veranstaltungen_veranstalter-hochschule-nordhausen veranstaltungen_veranstalter-isrv zielgruppen-alle-interessierten kontakt-zuordnung-n-a projekt-n-a institut-oder-einric-isrv-institut-fuer-sozialmedizin institut-oder-einric-kfk stg-zuordnung-n-a search_result' data-post='38758'data-title='abschlussveranstaltung modellprojekt inklusive frhfrderung'data-date='2026-02-17 12:05:42'data-postviews='251'data-index='1'>\n<div class=\"wp-block-group has-color-23-background-color has-background is-vertical is-layout-flex wp-container-core-group-is-layout-be89f44f wp-block-group-is-layout-flex gs_fXDKuI group_wrap\" style=\"padding-top:var(--wp--preset--spacing--30);padding-right:var(--wp--preset--spacing--30);padding-bottom:var(--wp--preset--spacing--30);padding-left:var(--wp--preset--spacing--30)\">\n<p><span data-tag=\"v-datum-start\" data-params=\"&quot;&quot;\" class=\"is-tag\">Start-Datum<\/span><\/p>\n\n\n\n<h4 class=\"wp-block-heading\" id=\"h-post-titel-1\"><span data-tag=\"title\" data-params=\"{&quot;isLink&quot;:true}\" class=\"is-tag\">Post Titel<\/span><\/h4>\n\n\n\n<p><span data-tag=\"v-untertitel\" data-params=\"&quot;&quot;\" class=\"is-tag\">Untertitel<\/span><\/p>\n\n\n\n<p class=\"gs_8bEgJz\"><span data-tag=\"excerpt\" data-params=\"&quot;&quot;\" class=\"is-tag\">Beschreibung<\/span><\/p>\n\n\n<div class=\"wp-block-post-excerpt\"><p class=\"wp-block-post-excerpt__excerpt\">Programm Zeit Programmpunkt 09:00 Come Together 09:30 Begr\u00fc\u00dfung:Prof. Dr. J\u00f6rg Wagner (Pr\u00e4sident der Hochschule Nordhausen) Moderation:Christina Lenitschek (Landkreis G\u00f6ttingen, Fachdienst Inklusion) Jana Urbanek (Projektkoordination, Hochschule Nordhausen) 09:50 Darstellung der aktuellen Erfahrungen aus dem Modellprojekt Phase II aus politischer SichtLandrat Riethig (angefragt) und Dezernent Finger 10:15 Vortrag und Diskussion:Netzwerke Fr\u00fche Hilfen &#8211; Standortbestimmung von InklusionJ\u00f6rg Backes&hellip; <\/p><\/div><\/div>\n<\/article><article class='query-post wp-block-post post-31971 veranstaltungen type-veranstaltungen status-publish has-post-thumbnail hentry veranstaltungen_category-archiv veranstaltungen_category-fachtag veranstaltungsort-haus-32-isrv veranstaltungsort-hochschule-nordhausen veranstaltungen_veranstalter-hochschule-nordhausen zielgruppen-aerztinnen zielgruppen-beratungsfachkraefte zielgruppen-hebammen zielgruppen-mitarbeitende-im-gesundheitswesen zielgruppen-sozialarbeitende zielgruppen-studierende kontakt-zuordnung-pbrzank projekt-elsa-vg institut-oder-einric-isrv-institut-fuer-sozialmedizin search_result' data-post='31971'data-title='elsavg fachtag'data-date='2025-05-14 15:49:13'data-postviews='1690'data-index='2'>\n<div class=\"wp-block-group has-color-23-background-color has-background is-vertical is-layout-flex wp-container-core-group-is-layout-be89f44f wp-block-group-is-layout-flex gs_fXDKuI group_wrap\" style=\"padding-top:var(--wp--preset--spacing--30);padding-right:var(--wp--preset--spacing--30);padding-bottom:var(--wp--preset--spacing--30);padding-left:var(--wp--preset--spacing--30)\">\n<p><span data-tag=\"v-datum-start\" data-params=\"&quot;&quot;\" class=\"is-tag\">Start-Datum<\/span><\/p>\n\n\n\n<h4 class=\"wp-block-heading\" id=\"h-post-titel-1\"><span data-tag=\"title\" data-params=\"{&quot;isLink&quot;:true}\" class=\"is-tag\">Post Titel<\/span><\/h4>\n\n\n\n<p><span data-tag=\"v-untertitel\" data-params=\"&quot;&quot;\" class=\"is-tag\">Untertitel<\/span><\/p>\n\n\n\n<p class=\"gs_8bEgJz\"><span data-tag=\"excerpt\" data-params=\"&quot;&quot;\" class=\"is-tag\">Beschreibung<\/span><\/p>\n\n\n<div class=\"wp-block-post-excerpt\"><p class=\"wp-block-post-excerpt__excerpt\">Der Fachtag pr\u00e4sentiert hybrid vormittags zentrale Ergebnisse und Handlungsempfehlungen des Teilprojektes zentriert auf die vulnerable Gruppe der von Partnergewalt betroffenen Frauen. Nachmittags werden Probleme aus der Praxis mit Expertinnen in Workshops vertieft diskutiert sowie Empfehlungen f\u00fcr Erkennen, Ansprechen und Versorgen vorgestellt. <\/p><\/div><\/div>\n<\/article><article class='query-post wp-block-post post-26682 veranstaltungen type-veranstaltungen status-publish has-post-thumbnail hentry veranstaltungen_category-archiv veranstaltungen_category-symposium veranstaltungen_tag-toxische-maennlichkeit veranstaltungsort-online veranstaltungsort-ratssaal veranstaltungen_veranstalter-hochschule-nordhausen zielgruppen-alle-interessierten kontakt-zuordnung-n-a projekt-n-a institut-oder-einric-isrv-institut-fuer-sozialmedizin stg-zuordnung-n-a search_result' data-post='26682'data-title='toxische mnnlichkeit'data-date='2024-11-24 12:56:36'data-postviews='2287'data-index='3'>\n<div class=\"wp-block-group has-color-23-background-color has-background is-vertical is-layout-flex wp-container-core-group-is-layout-be89f44f wp-block-group-is-layout-flex gs_fXDKuI group_wrap\" style=\"padding-top:var(--wp--preset--spacing--30);padding-right:var(--wp--preset--spacing--30);padding-bottom:var(--wp--preset--spacing--30);padding-left:var(--wp--preset--spacing--30)\">\n<p><span data-tag=\"v-datum-start\" data-params=\"&quot;&quot;\" class=\"is-tag\">Start-Datum<\/span><\/p>\n\n\n\n<h4 class=\"wp-block-heading\" id=\"h-post-titel-1\"><span data-tag=\"title\" data-params=\"{&quot;isLink&quot;:true}\" class=\"is-tag\">Post Titel<\/span><\/h4>\n\n\n\n<p><span data-tag=\"v-untertitel\" data-params=\"&quot;&quot;\" class=\"is-tag\">Untertitel<\/span><\/p>\n\n\n\n<p class=\"gs_8bEgJz\"><span data-tag=\"excerpt\" data-params=\"&quot;&quot;\" class=\"is-tag\">Beschreibung<\/span><\/p>\n\n\n<div class=\"wp-block-post-excerpt\"><p class=\"wp-block-post-excerpt__excerpt\"> <\/p><\/div><\/div>\n<\/article><article class='query-post wp-block-post post-18036 veranstaltungen type-veranstaltungen status-publish has-post-thumbnail hentry veranstaltungen_category-archiv veranstaltungen_category-konferenz veranstaltungen_tag-icf veranstaltungsort-hochschule-nordhausen veranstaltungsort-online veranstaltungen_veranstalter-isrv zielgruppen-absolventinnen zielgruppen-alle-interessierten zielgruppen-studieninteressierte zielgruppen-studierende kontakt-zuordnung-aseidel projekt-n-a institut-oder-einric-isrv-institut-fuer-sozialmedizin stg-zuordnung-tsa stg-zuordnung-tff search_result' data-post='18036'data-title='icfanwenderinnenkonferenz 2024 online'data-date='2024-08-21 16:00:08'data-postviews='3271'data-index='4'>\n<div class=\"wp-block-group has-color-23-background-color has-background is-vertical is-layout-flex wp-container-core-group-is-layout-be89f44f wp-block-group-is-layout-flex gs_fXDKuI group_wrap\" style=\"padding-top:var(--wp--preset--spacing--30);padding-right:var(--wp--preset--spacing--30);padding-bottom:var(--wp--preset--spacing--30);padding-left:var(--wp--preset--spacing--30)\">\n<p><span data-tag=\"v-datum-start\" data-params=\"&quot;&quot;\" class=\"is-tag\">Start-Datum<\/span><\/p>\n\n\n\n<h4 class=\"wp-block-heading\" id=\"h-post-titel-1\"><span data-tag=\"title\" data-params=\"{&quot;isLink&quot;:true}\" class=\"is-tag\">Post Titel<\/span><\/h4>\n\n\n\n<p><span data-tag=\"v-untertitel\" data-params=\"&quot;&quot;\" class=\"is-tag\">Untertitel<\/span><\/p>\n\n\n\n<p class=\"gs_8bEgJz\"><span data-tag=\"excerpt\" data-params=\"&quot;&quot;\" class=\"is-tag\">Beschreibung<\/span><\/p>\n\n\n<div class=\"wp-block-post-excerpt\"><p class=\"wp-block-post-excerpt__excerpt\"> <\/p><\/div><\/div>\n<\/article><\/div><\/div><\/div><div class='loading_spinner_wrapper' style='display:none;'>\n\t\t\t<div class='loading_spinner'>\n\t\t\t\t<div><\/div> <div><\/div> <div><\/div> <div><\/div>\n\t\t\t<\/div>\n\t\t<\/div><\/div>\n<\/div>\n<\/div>\n\n\n\n<div class=\"wp-block-column col-12 col-sm-auto col-md-4 is-layout-flow wp-block-column-is-layout-flow\">\n<div id=\"greyd-69f4436c45336\" class=\"wp-block-greyd-box gs_Y8OPzE greyd-content-box gs_Y8OPzE\">\n<div class=\"wp-block-group has-color-23-background-color has-background\" style=\"padding-right:0px;padding-left:0px\"><div class=\"wp-block-group__inner-container is-layout-constrained wp-container-core-group-is-layout-77f41268 wp-block-group-is-layout-constrained\">\n<h3 class=\"wp-block-heading\" id=\"h-projekte\" style=\"padding-right:var(--wp--preset--spacing--20);padding-left:var(--wp--preset--spacing--20)\">Projekte<\/h3>\n<\/div><\/div>\n\n\n\n<div class=\"wp-block-query is-layout-flow wp-block-query-is-layout-flow\"><div id='post-results-69f4436c40fc1'  class=\"greyd-posts-slider wp-block-post-template js\" data-currentpage=\"1\" data-query-id=\"1\" data-height=\"max\"><div class='query-pages-wrapper results_wrapper' data-ppp='3'><div class='query-page result_wrapper is-current' data-page='1'><article class='query-post wp-block-post post-19433 forschungsprojekt type-forschungsprojekt status-publish hentry forschungsprojekt_category-1776 forschungsprojekt_category-abgeschlossene-projekte forschungsprojekt_category-angezeigte-projekte forschungsgebiet-relational-mind kontakt-zuordnung-borcsa projekt-anzeigen studienbereich-gesundheits-und-sozialwesen institut-oder-einric-isrv-institut-fuer-sozialmedizin fachbereich-fb-wirtschafts-und-sozialwissenschaften search_result' data-post='19433'data-title='relational mind in events of change in multiactor therapeutic dialogues  relationales selbst und momente der therapeutischen vernderung in systemischer paartherapie'data-date='2024-09-04 17:55:02'data-postviews='2297'data-index='1'>\n<div class=\"wp-block-group has-color-23-background-color has-background is-vertical is-layout-flex wp-container-core-group-is-layout-be89f44f wp-block-group-is-layout-flex gs_BV7bEt group_wrap\" style=\"padding-top:var(--wp--preset--spacing--30);padding-right:var(--wp--preset--spacing--30);padding-bottom:var(--wp--preset--spacing--30);padding-left:var(--wp--preset--spacing--30)\">\n<h4 class=\"wp-block-heading has-h-6-font-size\" id=\"h-post-titel-2\"><span data-tag=\"title\" data-params=\"{&quot;isLink&quot;:true}\" class=\"is-tag\">Post Titel<\/span><\/h4>\n<\/div>\n<\/article><article class='query-post wp-block-post post-19384 forschungsprojekt type-forschungsprojekt status-publish hentry forschungsprojekt_category-angezeigte-projekte forschungsprojekt_category-laufende-projekte forschungsgebiet-n-a kontakt-zuordnung-borcsa projekt-n-a studienbereich-gesundheits-und-sozialwesen institut-oder-einric-isrv-institut-fuer-sozialmedizin institut-oder-einric-krw fachbereich-fb-wirtschafts-und-sozialwissenschaften search_result' data-post='19384'data-title='transgenerationale effekte auf familien nach zwangsmigration resilienz frdernde narrationen teil 2'data-date='2024-09-04 14:48:31'data-postviews='2139'data-index='2'>\n<div class=\"wp-block-group has-color-23-background-color has-background is-vertical is-layout-flex wp-container-core-group-is-layout-be89f44f wp-block-group-is-layout-flex gs_BV7bEt group_wrap\" style=\"padding-top:var(--wp--preset--spacing--30);padding-right:var(--wp--preset--spacing--30);padding-bottom:var(--wp--preset--spacing--30);padding-left:var(--wp--preset--spacing--30)\">\n<h4 class=\"wp-block-heading has-h-6-font-size\" id=\"h-post-titel-2\"><span data-tag=\"title\" data-params=\"{&quot;isLink&quot;:true}\" class=\"is-tag\">Post Titel<\/span><\/h4>\n<\/div>\n<\/article><article class='query-post wp-block-post post-19383 forschungsprojekt type-forschungsprojekt status-publish hentry forschungsprojekt_category-angezeigte-projekte forschungsprojekt_category-laufende-projekte forschungsgebiet-n-a kontakt-zuordnung-borcsa projekt-n-a studienbereich-gesundheits-und-sozialwesen institut-oder-einric-isrv-institut-fuer-sozialmedizin institut-oder-einric-krw fachbereich-fb-wirtschafts-und-sozialwissenschaften search_result' data-post='19383'data-title='transgenerationale effekte auf familien nach zwangsmigration was lsst sich aus geschichten lernen teil 1'data-date='2024-09-04 14:43:04'data-postviews='2232'data-index='3'>\n<div class=\"wp-block-group has-color-23-background-color has-background is-vertical is-layout-flex wp-container-core-group-is-layout-be89f44f wp-block-group-is-layout-flex gs_BV7bEt group_wrap\" style=\"padding-top:var(--wp--preset--spacing--30);padding-right:var(--wp--preset--spacing--30);padding-bottom:var(--wp--preset--spacing--30);padding-left:var(--wp--preset--spacing--30)\">\n<h4 class=\"wp-block-heading has-h-6-font-size\" id=\"h-post-titel-2\"><span data-tag=\"title\" data-params=\"{&quot;isLink&quot;:true}\" class=\"is-tag\">Post Titel<\/span><\/h4>\n<\/div>\n<\/article><article class='query-post wp-block-post post-19379 forschungsprojekt type-forschungsprojekt status-publish hentry forschungsprojekt_category-angezeigte-projekte forschungsprojekt_category-laufende-projekte forschungsgebiet-n-a kontakt-zuordnung-bassler projekt-mbor-prime studienbereich-gesundheits-und-sozialwesen institut-oder-einric-isrv-institut-fuer-sozialmedizin institut-oder-einric-krw fachbereich-fb-wirtschafts-und-sozialwissenschaften search_result' data-post='19379'data-title='implementierung von praxisempfehlungen fr die medizinischberuflich orientierte rehabilitation'data-date='2024-09-04 14:33:21'data-postviews='2162'data-index='4'>\n<div class=\"wp-block-group has-color-23-background-color has-background is-vertical is-layout-flex wp-container-core-group-is-layout-be89f44f wp-block-group-is-layout-flex gs_BV7bEt group_wrap\" style=\"padding-top:var(--wp--preset--spacing--30);padding-right:var(--wp--preset--spacing--30);padding-bottom:var(--wp--preset--spacing--30);padding-left:var(--wp--preset--spacing--30)\">\n<h4 class=\"wp-block-heading has-h-6-font-size\" id=\"h-post-titel-2\"><span data-tag=\"title\" data-params=\"{&quot;isLink&quot;:true}\" class=\"is-tag\">Post Titel<\/span><\/h4>\n<\/div>\n<\/article><article class='query-post wp-block-post post-18946 forschungsprojekt type-forschungsprojekt status-publish hentry forschungsprojekt_category-1769 forschungsprojekt_category-abgeschlossene-projekte forschungsprojekt_category-angezeigte-projekte forschungsgebiet-n-a kontakt-zuordnung-bassler projekt-n-a studienbereich-gesundheits-und-sozialwesen institut-oder-einric-isrv-institut-fuer-sozialmedizin institut-oder-einric-krw fachbereich-fb-wirtschafts-und-sozialwissenschaften search_result' data-post='18946'data-title='effekt von biomediatoren auf verlauf und ergebnis von interdisziplinrer orthopdischpsychosomatischer rehabilitation von chronischen multilokulren schmerzsyndromen'data-date='2024-09-02 14:58:25'data-postviews='2203'data-index='5'>\n<div class=\"wp-block-group has-color-23-background-color has-background is-vertical is-layout-flex wp-container-core-group-is-layout-be89f44f wp-block-group-is-layout-flex gs_BV7bEt group_wrap\" style=\"padding-top:var(--wp--preset--spacing--30);padding-right:var(--wp--preset--spacing--30);padding-bottom:var(--wp--preset--spacing--30);padding-left:var(--wp--preset--spacing--30)\">\n<h4 class=\"wp-block-heading has-h-6-font-size\" id=\"h-post-titel-2\"><span data-tag=\"title\" data-params=\"{&quot;isLink&quot;:true}\" class=\"is-tag\">Post Titel<\/span><\/h4>\n<\/div>\n<\/article><article class='query-post wp-block-post post-18725 forschungsprojekt type-forschungsprojekt status-publish hentry forschungsprojekt_category-1767 forschungsprojekt_category-abgeschlossene-projekte forschungsprojekt_category-angezeigte-projekte forschungsgebiet-n-a kontakt-zuordnung-schramme projekt-n-a studienbereich-gesundheits-und-sozialwesen institut-oder-einric-isrv-institut-fuer-sozialmedizin institut-oder-einric-kig fachbereich-fb-wirtschafts-und-sozialwissenschaften search_result' data-post='18725'data-title='studie zum beratungsbedarf queerer jugendlicherjunger erwachsener im raum nordhausen'data-date='2024-08-29 18:41:01'data-postviews='2228'data-index='6'>\n<div class=\"wp-block-group has-color-23-background-color has-background is-vertical is-layout-flex wp-container-core-group-is-layout-be89f44f wp-block-group-is-layout-flex gs_BV7bEt group_wrap\" style=\"padding-top:var(--wp--preset--spacing--30);padding-right:var(--wp--preset--spacing--30);padding-bottom:var(--wp--preset--spacing--30);padding-left:var(--wp--preset--spacing--30)\">\n<h4 class=\"wp-block-heading has-h-6-font-size\" id=\"h-post-titel-2\"><span data-tag=\"title\" data-params=\"{&quot;isLink&quot;:true}\" class=\"is-tag\">Post Titel<\/span><\/h4>\n<\/div>\n<\/article><\/div><\/div><\/div><div class='loading_spinner_wrapper' style='display:none;'>\n\t\t\t<div class='loading_spinner'>\n\t\t\t\t<div><\/div> <div><\/div> <div><\/div> <div><\/div>\n\t\t\t<\/div>\n\t\t<\/div><\/div>\n\n\n\n<div class=\"wp-block-greyd-buttons\" style=\"padding-top:var(--wp--preset--spacing--30);padding-right:var(--wp--preset--spacing--30);padding-bottom:var(--wp--preset--spacing--30);padding-left:var(--wp--preset--spacing--30)\">\n<a  href=\"https:\/\/www.hs-nordhausen.de\/forschung\/isrv-institut-fuer-sozialmedizin-rehabilitationswissenschaften-und-versorgungsforschung\/forschung-und-lehre\/\" class=\"button is-style-trd _hover gs_1IiXaQ is-size-small\"><span style=\"flex:1\">Alle Forschungsprojekte<\/span><span class=\"arrow_right\" style=\"vertical-align:middle;font-size:100%;margin-left:10px\" aria-hidden=\"true\"><\/span><\/a><style class=\"greyd-styles\">.gs_1IiXaQ { background: var(--wp--preset--color--color-23) !important; color: var(--wp--preset--color--color-21) !important; border-top: 1px solid var(--wp--preset--color--color-22) !important; border-right: 1px solid var(--wp--preset--color--color-22) !important; border-bottom: 1px solid var(--wp--preset--color--color-22) !important; border-left: 1px solid var(--wp--preset--color--color-22) !important; } .gs_1IiXaQ:hover { color: var(--wp--preset--color--color-11) !important; border-top: 1px solid var(--wp--preset--color--color-62) !important; border-right: 1px solid var(--wp--preset--color--color-62) !important; border-bottom: 1px solid var(--wp--preset--color--color-62) !important; border-left: 1px solid var(--wp--preset--color--color-62) !important; } <\/style>\n<\/div>\n<\/div>\n<\/div>\n<\/div>\n<\/div><\/div>\n\n\n\n<div class=\"wp-block-column col-12 col-md-3 offset-md-1 is-layout-flow wp-block-column-is-layout-flow\" style=\"flex-basis:33.33%;width:33.33%\">\n<h3 class=\"wp-block-heading\" id=\"h-kontakt\">Kontakt<\/h3>\n\n\n\n<div class=\"wp-block-query is-layout-flow wp-block-query-is-layout-flow\"><div id='post-results-69f4436c455d7'  class=\"greyd-posts-slider wp-block-post-template js\" data-currentpage=\"1\" data-query-id=\"2\" data-height=\"max\"><div class='query-pages-wrapper results_wrapper' data-ppp='2'><div class='query-page result_wrapper is-current' data-page='1'><article class='query-post wp-block-post post-11800 kontaktverzeichnis type-kontaktverzeichnis status-publish hentry kontaktverzeichnis_category-person kontaktverzeichnis_tag-ansprechperson kontaktverzeichnis_tag-ansprechperson-institut kontaktverzeichnis_bereich-n-a kontaktverzeichnis_position-professor kontaktverzeichnis_position-seniorprofessur kontaktverzeichnis_sortierung-b cluster-_n-a kontakt-zuordnung-bassler projekt-mbor-p projekt-mbor-prime studienbereich-gesundheits-und-sozialwesen institut-oder-einric-isrv-institut-fuer-sozialmedizin institut-oder-einric-krw stg-zuordnung-gus fachbereich-fb-wirtschafts-und-sozialwissenschaften search_result' data-post='11800'data-title='bassler markus prof dr'data-date='2024-05-22 12:07:22'data-postviews='2669'data-index='1'>\n<div id=\"greyd-69f4436c46a28\" class=\"wp-block-greyd-box aligncenter dyn gs_LvI53R greyd-content-box gs_LvI53R flex-justify-flex-start\">\n<div id=\"greyd-69f4436c463b3\" class=\"wp-block-greyd-box aligncenter dyn gs_nVZwZR greyd-content-box gs_nVZwZR flex-justify-flex-start\">\n<div class=\"wp-block-group is-horizontal is-content-justification-space-between is-nowrap is-layout-flex wp-container-core-group-is-layout-b493c794 wp-block-group-is-layout-flex gs_EAw9o9 group_wrap\"><\/div>\n<\/div>\n\n\n\n<div class=\"wp-block-group is-nowrap is-layout-flex wp-container-core-group-is-layout-ad2f72ca wp-block-group-is-layout-flex\">\n<h3 class=\"wp-block-heading has-text-align-center is-style-rounded dyn has-color-21-color has-text-color has-link-color wp-elements-f226b2d958720b588819b40f07f6d536 gs_ms6cea\" id=\"name\" style=\"font-style:normal;font-weight:600\"><span data-tag=\"bezeichnung-abteilung\" data-params=\"\" class=\"is-tag\">Bezeichnung der Abteilung<\/span><span data-tag=\"titel\" data-params=\"\" class=\"is-tag\">Titel (Prof.\/Dr.\/&#8230;)<\/span> <span data-tag=\"vorname\" data-params=\"\" class=\"is-tag\">Vorname<\/span> <span data-tag=\"nachname\" data-params=\"\" class=\"is-tag\">Nachname<\/span><\/h3>\n<\/div>\n\n\n\n\n\n\n\n<hr id=\"greyd-69f4436c468aa\" style='  border-style: dotted !important; opacity: 100% !important; height: 1px !important;   ' class=\"wp-block-separator has-text-color has-color-22-color has-alpha-channel-opacity has-color-22-background-color has-background is-style-wide\"\/>\n\n\n\n<ul id=\"list_69f4436c46982\" class=\"wp-block-greyd-list\" style=\"padding-top:var(--wp--preset--spacing--50);padding-bottom:0\">\n<li><span class=\"list_icon icon_profile\" aria-hidden=\"true\"><\/span><span class=\"list_content\"><p><span class=\"is-button link\" data-type=\"dynamic\" data-params=\"{&quot;tag&quot;:&quot;post&quot;}\">Profil<\/span><\/p><\/span><\/li>\n\n\n\n<li><span class=\"list_icon icon_phone\" aria-hidden=\"true\"><\/span><span class=\"list_content\"><p><span data-tag=\"telefon\" data-params=\"\" class=\"is-tag\">Telefon<\/span><\/p><\/span><\/li>\n\n\n\n<li><span class=\"list_icon icon_search_alt\" aria-hidden=\"true\"><\/span><span class=\"list_content\"><p><span data-tag=\"fax\" data-params=\"\" class=\"is-tag\">Fax<\/span><\/p><\/span><\/li>\n\n\n\n<li><span class=\"list_icon icon_mail\" aria-hidden=\"true\"><\/span><span class=\"list_content\"><p><span data-tag=\"e-mail\" data-params=\"\" class=\"is-tag\">E-Mail<\/span><\/p><\/span><\/li>\n\n\n\n<li><span class=\"list_icon icon_house\" aria-hidden=\"true\"><\/span><span class=\"list_content\"><p><span data-tag=\"buero\" data-params=\"&quot;&quot;\" class=\"is-tag\">B\u00fcro<\/span><\/p><\/span><\/li>\n<\/ul>\n<\/div>\n<\/article><article class='query-post wp-block-post post-17191 kontaktverzeichnis type-kontaktverzeichnis status-publish hentry kontaktverzeichnis_category-person kontaktverzeichnis_tag-ansprechperson-institut kontaktverzeichnis_bereich-n-a kontaktverzeichnis_position-wissenschaftliche-mitarbeiterin kontaktverzeichnis_sortierung-j cluster-_n-a projekt-n-a studienbereich-gesundheits-und-sozialwesen institut-oder-einric-isrv-institut-fuer-sozialmedizin stg-zuordnung-gus fachbereich-fb-wirtschafts-und-sozialwissenschaften search_result' data-post='17191'data-title='jendricke victoria dr'data-date='2024-08-09 13:55:38'data-postviews='1991'data-index='2'>\n<div id=\"greyd-69f4436c47a50\" class=\"wp-block-greyd-box aligncenter dyn gs_LvI53R greyd-content-box gs_LvI53R flex-justify-flex-start\">\n<div id=\"greyd-69f4436c47487\" class=\"wp-block-greyd-box aligncenter dyn gs_nVZwZR greyd-content-box gs_nVZwZR flex-justify-flex-start\">\n<div class=\"wp-block-group is-horizontal is-content-justification-space-between is-nowrap is-layout-flex wp-container-core-group-is-layout-b493c794 wp-block-group-is-layout-flex gs_EAw9o9 group_wrap\"><\/div>\n<\/div>\n\n\n\n<div class=\"wp-block-group is-nowrap is-layout-flex wp-container-core-group-is-layout-ad2f72ca wp-block-group-is-layout-flex\">\n<h3 class=\"wp-block-heading has-text-align-center is-style-rounded dyn has-color-21-color has-text-color has-link-color wp-elements-f226b2d958720b588819b40f07f6d536 gs_ms6cea\" id=\"name\" style=\"font-style:normal;font-weight:600\"><span data-tag=\"bezeichnung-abteilung\" data-params=\"\" class=\"is-tag\">Bezeichnung der Abteilung<\/span><span data-tag=\"titel\" data-params=\"\" class=\"is-tag\">Titel (Prof.\/Dr.\/&#8230;)<\/span> <span data-tag=\"vorname\" data-params=\"\" class=\"is-tag\">Vorname<\/span> <span data-tag=\"nachname\" data-params=\"\" class=\"is-tag\">Nachname<\/span><\/h3>\n<\/div>\n\n\n\n\n\n\n\n<hr id=\"greyd-69f4436c4793c\" style='  border-style: dotted !important; opacity: 100% !important; height: 1px !important;   ' class=\"wp-block-separator has-text-color has-color-22-color has-alpha-channel-opacity has-color-22-background-color has-background is-style-wide\"\/>\n\n\n\n<ul id=\"list_69f4436c47a06\" class=\"wp-block-greyd-list\" style=\"padding-top:var(--wp--preset--spacing--50);padding-bottom:0\">\n<li><span class=\"list_icon icon_profile\" aria-hidden=\"true\"><\/span><span class=\"list_content\"><p><span class=\"is-button link\" data-type=\"dynamic\" data-params=\"{&quot;tag&quot;:&quot;post&quot;}\">Profil<\/span><\/p><\/span><\/li>\n\n\n\n<li><span class=\"list_icon icon_phone\" aria-hidden=\"true\"><\/span><span class=\"list_content\"><p><span data-tag=\"telefon\" data-params=\"\" class=\"is-tag\">Telefon<\/span><\/p><\/span><\/li>\n\n\n\n<li><span class=\"list_icon icon_search_alt\" aria-hidden=\"true\"><\/span><span class=\"list_content\"><p><span data-tag=\"fax\" data-params=\"\" class=\"is-tag\">Fax<\/span><\/p><\/span><\/li>\n\n\n\n<li><span class=\"list_icon icon_mail\" aria-hidden=\"true\"><\/span><span class=\"list_content\"><p><span data-tag=\"e-mail\" data-params=\"\" class=\"is-tag\">E-Mail<\/span><\/p><\/span><\/li>\n\n\n\n<li><span class=\"list_icon icon_house\" aria-hidden=\"true\"><\/span><span class=\"list_content\"><p><span data-tag=\"buero\" data-params=\"&quot;&quot;\" class=\"is-tag\">B\u00fcro<\/span><\/p><\/span><\/li>\n<\/ul>\n<\/div>\n<\/article><\/div><\/div><\/div><div class='loading_spinner_wrapper' style='display:none;'>\n\t\t\t<div class='loading_spinner'>\n\t\t\t\t<div><\/div> <div><\/div> <div><\/div> <div><\/div>\n\t\t\t<\/div>\n\t\t<\/div><\/div>\n\n\n\n<div id=\"page-list-box\" class=\"wp-block-greyd-box hidden-lg hidden-md hidden-sm hidden-xs gs_gsuUAh greyd-content-box gs_gsuUAh\">\n<h3 class=\"wp-block-heading\">Weitere Informationen<\/h3>\n\n\n<div class=\"wp-block-template-part\">\n<p>[subpages depth=&#8220;1&#8243; sort_order=&#8220;desc&#8220;  sort_order=&#8220;desc&#8220;]<\/p>\n<\/div>\n\n\n<hr class=\"wp-block-separator has-text-color has-color-22-color has-alpha-channel-opacity has-color-22-background-color has-background is-style-wide\"\/>\n\n\n<div class=\"wp-block-template-part\">\n<p>[siblings depth=&#8220;1&#8243; exclude=&#8220;current&#8220;]<\/p>\n<\/div><\/div>\n<\/div>\n<\/div>\n<\/div>","protected":false},"excerpt":{"rendered":"<p>Das Institut Das seit 2013 existierende Institut ist gepr\u00e4gt durch ein breitgef\u00e4chertes Forschungs- und Weiterbildungsspektrum sowie interdisziplin\u00e4re Zusammenarbeit. Ein spezialisiertes Expert:innenwissen aller mitarbeitenden Professor:innen und wissenschaftlichen Mitarbeiter:innen wird in der Lehre, den durchgef\u00fchrten Forschungsprojekten sowie vielf\u00e4ltigen Praxiskooperationen gelebt. &nbsp;&nbsp;&nbsp;&nbsp;&nbsp; Die spezifischen Arbeitsbereiche des ISRV zeigen sich in den Kompetenzzentren. Aufgaben und Leistungen des Instituts Aktuelles [&hellip;]<\/p>\n","protected":false},"author":1,"featured_media":19261,"parent":401,"menu_order":0,"comment_status":"closed","ping_status":"closed","template":"","meta":{"_piecal_is_recurring":false,"_piecal_recurring_interval":1,"_piecal_recurring_frequency":"","_piecal_recurring_exact_position":false,"_piecal_recurring_end":"","_piecal_color":"","_piecal_text_color":"","_piecal_global_color_master":false,"_piecal_rsets":"[]","_piecal_is_event":false,"_piecal_start_date":"","_piecal_end_date":"","_piecal_is_allday":false,"greyd_block_editor_preview":[],"pgc_sgb_lightbox_settings":"","footnotes":""},"page_category":[1583],"page_tag":[],"page_redaktion":[],"zielgruppen":[],"kontakt-zuordnung":[2602],"institut-oder-einric":[680],"stg-zuordnung":[647,646,658,659,660],"fachbereich":[591],"wf_page_folders":[1322],"ppma_author":[1400],"class_list":["post-3674","page","type-page","status-publish","has-post-thumbnail","hentry","page_category-institut","kontakt-zuordnung-vjendricke","institut-oder-einric-isrv-institut-fuer-sozialmedizin","stg-zuordnung-hpma","stg-zuordnung-hp","stg-zuordnung-syb","stg-zuordnung-tsa","stg-zuordnung-tff","fachbereich-fb-wirtschafts-und-sozialwissenschaften"],"publishpress_future_action":{"enabled":false,"date":"2026-05-08 08:08:44","action":"change-status","newStatus":"draft","terms":[],"taxonomy":"page_category","extraData":[]},"publishpress_future_workflow_manual_trigger":{"enabledWorkflows":[]},"_links":{"self":[{"href":"https:\/\/www.hs-nordhausen.de\/en\/wp-json\/wp\/v2\/pages\/3674","targetHints":{"allow":["GET"]}}],"collection":[{"href":"https:\/\/www.hs-nordhausen.de\/en\/wp-json\/wp\/v2\/pages"}],"about":[{"href":"https:\/\/www.hs-nordhausen.de\/en\/wp-json\/wp\/v2\/types\/page"}],"author":[{"embeddable":true,"href":"https:\/\/www.hs-nordhausen.de\/en\/wp-json\/wp\/v2\/users\/1"}],"replies":[{"embeddable":true,"href":"https:\/\/www.hs-nordhausen.de\/en\/wp-json\/wp\/v2\/comments?post=3674"}],"version-history":[{"count":3,"href":"https:\/\/www.hs-nordhausen.de\/en\/wp-json\/wp\/v2\/pages\/3674\/revisions"}],"predecessor-version":[{"id":39587,"href":"https:\/\/www.hs-nordhausen.de\/en\/wp-json\/wp\/v2\/pages\/3674\/revisions\/39587"}],"up":[{"embeddable":true,"href":"https:\/\/www.hs-nordhausen.de\/en\/wp-json\/wp\/v2\/pages\/401"}],"wp:featuredmedia":[{"embeddable":true,"href":"https:\/\/www.hs-nordhausen.de\/en\/wp-json\/wp\/v2\/media\/19261"}],"wp:attachment":[{"href":"https:\/\/www.hs-nordhausen.de\/en\/wp-json\/wp\/v2\/media?parent=3674"}],"wp:term":[{"taxonomy":"page_category","embeddable":true,"href":"https:\/\/www.hs-nordhausen.de\/en\/wp-json\/wp\/v2\/page_category?post=3674"},{"taxonomy":"page_tag","embeddable":true,"href":"https:\/\/www.hs-nordhausen.de\/en\/wp-json\/wp\/v2\/page_tag?post=3674"},{"taxonomy":"page_redaktion","embeddable":true,"href":"https:\/\/www.hs-nordhausen.de\/en\/wp-json\/wp\/v2\/page_redaktion?post=3674"},{"taxonomy":"zielgruppen","embeddable":true,"href":"https:\/\/www.hs-nordhausen.de\/en\/wp-json\/wp\/v2\/zielgruppen?post=3674"},{"taxonomy":"kontakt-zuordnung","embeddable":true,"href":"https:\/\/www.hs-nordhausen.de\/en\/wp-json\/wp\/v2\/kontakt-zuordnung?post=3674"},{"taxonomy":"institut-oder-einric","embeddable":true,"href":"https:\/\/www.hs-nordhausen.de\/en\/wp-json\/wp\/v2\/institut-oder-einric?post=3674"},{"taxonomy":"stg-zuordnung","embeddable":true,"href":"https:\/\/www.hs-nordhausen.de\/en\/wp-json\/wp\/v2\/stg-zuordnung?post=3674"},{"taxonomy":"fachbereich","embeddable":true,"href":"https:\/\/www.hs-nordhausen.de\/en\/wp-json\/wp\/v2\/fachbereich?post=3674"},{"taxonomy":"wf_page_folders","embeddable":true,"href":"https:\/\/www.hs-nordhausen.de\/en\/wp-json\/wp\/v2\/wf_page_folders?post=3674"},{"taxonomy":"author","embeddable":true,"href":"https:\/\/www.hs-nordhausen.de\/en\/wp-json\/wp\/v2\/ppma_author?post=3674"}],"curies":[{"name":"wp","href":"https:\/\/api.w.org\/{rel}","templated":true}]}}